{"id":330,"date":"2025-10-29T10:49:31","date_gmt":"2025-10-29T09:49:31","guid":{"rendered":"https:\/\/frw-pcdr.be\/onhaye\/?page_id=330"},"modified":"2026-04-03T11:21:27","modified_gmt":"2026-04-03T09:21:27","slug":"actualites","status":"publish","type":"page","link":"https:\/\/frw-pcdr.be\/yvoir\/actualites\/","title":{"rendered":"Actualit\u00e9s"},"content":{"rendered":"\n<h1 class=\"wp-block-heading has-text-align-left has-ast-global-color-0-color has-text-color has-link-color wp-elements-ff25509b74f96beea3f6c7c7a6c5f991\" style=\"margin-top:3rem;padding-top:0;padding-right:1.5vh;padding-bottom:0;padding-left:1.5vh;font-size:3.5vh;letter-spacing:0px\">ACTUALIT\u00c9S<\/h1>\n\n\n\n<h2 class=\"wp-block-heading has-text-align-left has-ast-global-color-1-color has-text-color has-link-color wp-elements-e7fc701d86b844b4b561ce584127c025\" style=\"margin-top:var(--wp--preset--spacing--50);margin-right:0;margin-bottom:0;margin-left:0;padding-top:0;padding-right:2vh;padding-bottom:0;padding-left:2vh\">Les derni\u00e8res infos relatives au PCDR de votre commune<\/h2>\n\n\n\n<p style=\"margin-top:var(--wp--preset--spacing--40);margin-bottom:var(--wp--preset--spacing--40);padding-right:2vh;padding-left:2vh\">Projets en cours, inaugurations, r\u00e9unions&#8230;<\/p>\n\n\n\n<div class=\"wp-block-group alignfull is-layout-constrained wp-container-core-group-is-layout-9b0b7f94 wp-block-group-is-layout-constrained\" style=\"margin-top:0;margin-bottom:0;padding-top:var(--wp--preset--spacing--40);padding-bottom:var(--wp--preset--spacing--40)\">\n<div class=\"wp-block-columns has-background is-layout-flex wp-container-core-columns-is-layout-2097dcb0 wp-block-columns-is-layout-flex\" style=\"border-radius:5px;background:linear-gradient(135deg,rgb(68,85,79) 0%,rgb(111,148,135) 100%);padding-top:var(--wp--preset--spacing--30);padding-right:var(--wp--preset--spacing--30);padding-bottom:var(--wp--preset--spacing--60);padding-left:var(--wp--preset--spacing--30)\">\n<div class=\"wp-block-column is-vertically-aligned-center is-layout-flow wp-block-column-is-layout-flow\" style=\"padding-right:0;padding-left:0\">\n<figure class=\"wp-block-image aligncenter size-large is-resized has-custom-border\"><img loading=\"lazy\" decoding=\"async\" width=\"768\" height=\"1024\" src=\"http:\/\/frw-pcdr.be\/yvoir\/wp-content\/uploads\/ER3\/Yvoir\/Img\/sites\/10\/Hackathon-Experts-2-768x1024.webp\" alt=\"\" class=\"wp-image-1104\" style=\"border-top-left-radius:9px;border-top-right-radius:9px;border-bottom-left-radius:9px;border-bottom-right-radius:9px;aspect-ratio:3\/4;object-fit:cover;width:422px;height:auto\" srcset=\"https:\/\/frw-pcdr.be\/yvoir\/wp-content\/uploads\/ER3\/Yvoir\/Img\/sites\/10\/Hackathon-Experts-2-768x1024.webp 768w, https:\/\/frw-pcdr.be\/yvoir\/wp-content\/uploads\/ER3\/Yvoir\/Img\/sites\/10\/Hackathon-Experts-2-225x300.webp 225w, https:\/\/frw-pcdr.be\/yvoir\/wp-content\/uploads\/ER3\/Yvoir\/Img\/sites\/10\/Hackathon-Experts-2-1152x1536.webp 1152w, https:\/\/frw-pcdr.be\/yvoir\/wp-content\/uploads\/ER3\/Yvoir\/Img\/sites\/10\/Hackathon-Experts-2-1536x2048.webp 1536w, https:\/\/frw-pcdr.be\/yvoir\/wp-content\/uploads\/ER3\/Yvoir\/Img\/sites\/10\/Hackathon-Experts-2-scaled.webp 1920w\" sizes=\"auto, (max-width: 768px) 100vw, 768px\" \/><\/figure>\n<\/div>\n\n\n\n<div class=\"wp-block-column is-layout-flow wp-block-column-is-layout-flow\" style=\"padding-left:0\">\n<h2 class=\"wp-block-heading has-ast-global-color-3-color has-text-color has-link-color wp-elements-36f224f9f431295989232d2b3146f2a7\" style=\"padding-top:var(--wp--preset--spacing--40);padding-right:1.5vh;padding-left:1.5vh\">Un coup d&rsquo;acc\u00e9l\u00e9rateur dans l&rsquo;\u00e9laboration du PCDR<\/h2>\n\n\n\n<h6 class=\"wp-block-heading has-ast-global-color-3-color has-text-color has-link-color wp-elements-6bf8dc49bbe21d0872c05755954113f1\" style=\"padding-right:1.5vh;padding-left:1.5vh\"><strong>Novembre 2025<\/strong><\/h6>\n\n\n\n<hr class=\"wp-block-separator has-text-color has-ast-global-color-1-color has-alpha-channel-opacity has-ast-global-color-1-background-color has-background is-style-wide\" \/>\n\n\n\n<p class=\"has-ast-global-color-3-color has-text-color has-link-color wp-elements-98cf9356987c505d6421b5510496170d\" style=\"padding-right:1.5vh;padding-left:1.5vh\">Apr\u00e8s avoir r\u00e9alis\u00e9 un diagnostic du d\u00e9veloppement rural et consult\u00e9 la population ainsi que les acteurs cl\u00e9s, il \u00e9tait d\u00e9sormais temps de r\u00e9fl\u00e9chir \u00e0 des projets concrets \u00e0 int\u00e9grer dans le PCDR. Pour optimiser les r\u00e9flexions et garantir une productivit\u00e9 maximale, un v\u00e9ritable marathon s&rsquo;est d\u00e9roul\u00e9 ces 20, 21 et 22 novembre 2025.<\/p>\n\n\n\n<p class=\"has-ast-global-color-3-color has-text-color has-link-color wp-elements-77128aac8b55b723d9f5dbd5d9661cae\" style=\"padding-right:1.5vh;padding-left:1.5vh\">Au <strong>programme <\/strong>de ces <strong>trois journ\u00e9es<\/strong> :<\/p>\n\n\n\n<ul style=\"margin-left:var(--wp--preset--spacing--40)\" class=\"wp-block-list has-ast-global-color-3-color has-text-color has-link-color wp-elements-b150a7496cd92d29d49562c1504427f7\">\n<li style=\"margin-top:0;margin-bottom:0;padding-top:0;padding-bottom:0\">Rencontre avec des experts (environnement, social, culture, ain\u00e9s, sant\u00e9, mobilit\u00e9, \u00e9conomie, &#8230; )<\/li>\n<\/ul>\n\n\n\n<ul style=\"margin-left:var(--wp--preset--spacing--40)\" class=\"wp-block-list has-ast-global-color-3-color has-text-color has-link-color wp-elements-2ec601572c06314d22eea9e53a88cd8b\">\n<li style=\"margin-top:0;margin-bottom:0;padding-top:0;padding-bottom:0\">Pr\u00e9sentation &amp; r\u00e9flexion avec le personnel communal<\/li>\n<\/ul>\n\n\n\n<ul style=\"margin-left:var(--wp--preset--spacing--40)\" class=\"wp-block-list has-ast-global-color-3-color has-text-color has-link-color wp-elements-683cbcebe1feb7a672bd67d6b1896405\">\n<li style=\"margin-top:0;margin-bottom:0;padding-top:0;padding-bottom:0\">Pr\u00e9sentation &amp; R\u00e9flexion avec les mandataires politiques<\/li>\n<\/ul>\n\n\n\n<ul style=\"margin-left:var(--wp--preset--spacing--40)\" class=\"wp-block-list has-ast-global-color-3-color has-text-color has-link-color wp-elements-0c714e8826f470020907bceab3bb6660\">\n<li style=\"margin-top:0;margin-bottom:0;padding-top:0;padding-bottom:0\">Pr\u00e9sentation et r\u00e9coltes des avis des citoyens dans le cadre de la journ\u00e9e de l\u2019arbre (samedi matin)<\/li>\n<\/ul>\n\n\n\n<p class=\"has-ast-global-color-3-color has-text-color has-link-color wp-elements-9b10859886c303bc00b3f1232b86d831\" style=\"padding-right:1.5vh;padding-left:1.5vh\">Trois jours de travail intensifs qui ont permis de mettre un r\u00e9el coup d&rsquo;acc\u00e9l\u00e9rateur dans la r\u00e9flexion des projets \u00e0 mettre en \u0153uvre dans le cadre du futur PCDR en cours d&rsquo;\u00e9laboration.<\/p>\n<\/div>\n<\/div>\n<\/div>\n\n\n\n<div class=\"wp-block-group alignfull is-layout-constrained wp-container-core-group-is-layout-9b0b7f94 wp-block-group-is-layout-constrained\" style=\"margin-top:0;margin-bottom:0;padding-top:var(--wp--preset--spacing--40);padding-bottom:var(--wp--preset--spacing--40)\">\n<div class=\"wp-block-columns has-background is-layout-flex wp-container-core-columns-is-layout-2097dcb0 wp-block-columns-is-layout-flex\" style=\"border-radius:5px;background:linear-gradient(135deg,rgb(68,85,79) 0%,rgb(111,148,135) 100%);padding-top:var(--wp--preset--spacing--30);padding-right:var(--wp--preset--spacing--30);padding-bottom:var(--wp--preset--spacing--60);padding-left:var(--wp--preset--spacing--30)\">\n<div class=\"wp-block-column is-vertically-aligned-center is-layout-flow wp-block-column-is-layout-flow\" style=\"padding-right:0;padding-left:0\">\n<figure class=\"wp-block-image aligncenter size-full is-resized has-custom-border\" style=\"margin-top:0;margin-right:var(--wp--preset--spacing--40);margin-bottom:var(--wp--preset--spacing--20);margin-left:var(--wp--preset--spacing--40)\"><img loading=\"lazy\" decoding=\"async\" width=\"2500\" height=\"1875\" src=\"https:\/\/frw-pcdr.be\/yvoir\/wp-content\/uploads\/ER3\/Yvoir\/Img\/sites\/10\/2505_Installation_CLDR_Yvoir.webp\" alt=\"\" class=\"wp-image-1061\" style=\"border-top-left-radius:9px;border-top-right-radius:9px;border-bottom-left-radius:9px;border-bottom-right-radius:9px;aspect-ratio:1.7777777777777777;object-fit:cover;width:535px;height:auto\" srcset=\"https:\/\/frw-pcdr.be\/yvoir\/wp-content\/uploads\/ER3\/Yvoir\/Img\/sites\/10\/2505_Installation_CLDR_Yvoir.webp 2500w, https:\/\/frw-pcdr.be\/yvoir\/wp-content\/uploads\/ER3\/Yvoir\/Img\/sites\/10\/2505_Installation_CLDR_Yvoir-300x225.webp 300w, https:\/\/frw-pcdr.be\/yvoir\/wp-content\/uploads\/ER3\/Yvoir\/Img\/sites\/10\/2505_Installation_CLDR_Yvoir-1024x768.webp 1024w, https:\/\/frw-pcdr.be\/yvoir\/wp-content\/uploads\/ER3\/Yvoir\/Img\/sites\/10\/2505_Installation_CLDR_Yvoir-768x576.webp 768w, https:\/\/frw-pcdr.be\/yvoir\/wp-content\/uploads\/ER3\/Yvoir\/Img\/sites\/10\/2505_Installation_CLDR_Yvoir-1536x1152.webp 1536w, https:\/\/frw-pcdr.be\/yvoir\/wp-content\/uploads\/ER3\/Yvoir\/Img\/sites\/10\/2505_Installation_CLDR_Yvoir-2048x1536.webp 2048w\" sizes=\"auto, (max-width: 2500px) 100vw, 2500px\" \/><\/figure>\n<\/div>\n\n\n\n<div class=\"wp-block-column is-layout-flow wp-block-column-is-layout-flow\" style=\"padding-left:0\">\n<h2 class=\"wp-block-heading has-ast-global-color-3-color has-text-color has-link-color wp-elements-0f0a96e4e1b34aaf15c79a48a79ab72f\" style=\"padding-top:var(--wp--preset--spacing--40);padding-right:1.5vh;padding-left:1.5vh\">Installation de la CLDR<\/h2>\n\n\n\n<h6 class=\"wp-block-heading has-ast-global-color-3-color has-text-color has-link-color wp-elements-bd0789ed933fabdda5c1935d54141dc4\" style=\"padding-right:1.5vh;padding-left:1.5vh\"><strong>Mai 2025<\/strong><\/h6>\n\n\n\n<hr class=\"wp-block-separator has-text-color has-ast-global-color-1-color has-alpha-channel-opacity has-ast-global-color-1-background-color has-background is-style-wide\" \/>\n\n\n\n<p class=\"has-ast-global-color-3-color has-text-color has-link-color wp-elements-934ecaffc8971529d183ec64b47fb30d\" style=\"padding-right:1.5vh;padding-left:1.5vh\">La Commission Locale de D\u00e9veloppement Rural est install\u00e9e depuis ce mois de mai 2025. Les membres ont eu l\u2019occasion de se familiariser avec le fonctionnement de base de l\u2019Op\u00e9ration de D\u00e9veloppement Rural. C\u2019est donc un nouveau chapitre qui s\u2019entame dans l\u2019\u00e9laboration du 2e&nbsp;Programme Communal de D\u00e9veloppement Rural. Bravo aux membres pour cette belle entr\u00e9e en mati\u00e8re !<\/p>\n\n\n\n<p class=\"has-ast-global-color-3-color has-text-color has-link-color wp-elements-ad1fd191de872d54451936e5c210f05d\" style=\"padding-right:1.5vh;padding-left:1.5vh\"><strong>La CLDR recrute&nbsp;encore des membres issus des&nbsp;villages de Dorinne, Mont ou Yvoir&nbsp;pour compl\u00e9ter la repr\u00e9sentativit\u00e9.<\/strong><\/p>\n\n\n\n<div class=\"wp-block-buttons is-layout-flex wp-block-buttons-is-layout-flex\" style=\"padding-right:2vh;padding-left:2vh\">\n<div class=\"wp-block-button\"><a class=\"wp-block-button__link wp-element-button\" href=\"https:\/\/frw-pcdr.be\/yvoir\/comment-participer\/\">Comment m&rsquo;impliquer ?<\/a><\/div>\n<\/div>\n<\/div>\n<\/div>\n<\/div>\n\n\n\n<div class=\"wp-block-group alignfull is-layout-constrained wp-container-core-group-is-layout-9b0b7f94 wp-block-group-is-layout-constrained\" style=\"margin-top:0;margin-bottom:0;padding-top:var(--wp--preset--spacing--40);padding-bottom:var(--wp--preset--spacing--40)\">\n<div class=\"wp-block-columns has-background is-layout-flex wp-container-core-columns-is-layout-2097dcb0 wp-block-columns-is-layout-flex\" style=\"border-radius:5px;background:linear-gradient(135deg,rgb(68,85,79) 0%,rgb(111,148,135) 100%);padding-top:var(--wp--preset--spacing--30);padding-right:var(--wp--preset--spacing--30);padding-bottom:var(--wp--preset--spacing--60);padding-left:var(--wp--preset--spacing--30)\">\n<div class=\"wp-block-column is-vertically-aligned-center is-layout-flow wp-block-column-is-layout-flow\" style=\"padding-right:0;padding-left:0\">\n<figure class=\"wp-block-image aligncenter size-large is-resized has-custom-border\" style=\"margin-top:var(--wp--preset--spacing--30);margin-right:0;margin-bottom:var(--wp--preset--spacing--30);margin-left:0\"><img loading=\"lazy\" decoding=\"async\" width=\"1024\" height=\"768\" src=\"http:\/\/frw-pcdr.be\/yvoir\/wp-content\/uploads\/ER3\/Yvoir\/Img\/sites\/10\/IC-Godinne-1-1024x768.webp\" alt=\"R\u00e9union participative avec plusieurs groupes de citoyens discutant des projets pour le d\u00e9veloppement rural.\" class=\"wp-image-1113\" style=\"border-top-left-radius:9px;border-top-right-radius:9px;border-bottom-left-radius:9px;border-bottom-right-radius:9px;aspect-ratio:0.75;object-fit:cover;width:409px;height:auto\" srcset=\"https:\/\/frw-pcdr.be\/yvoir\/wp-content\/uploads\/ER3\/Yvoir\/Img\/sites\/10\/IC-Godinne-1-1024x768.webp 1024w, https:\/\/frw-pcdr.be\/yvoir\/wp-content\/uploads\/ER3\/Yvoir\/Img\/sites\/10\/IC-Godinne-1-300x225.webp 300w, https:\/\/frw-pcdr.be\/yvoir\/wp-content\/uploads\/ER3\/Yvoir\/Img\/sites\/10\/IC-Godinne-1-768x576.webp 768w, https:\/\/frw-pcdr.be\/yvoir\/wp-content\/uploads\/ER3\/Yvoir\/Img\/sites\/10\/IC-Godinne-1.webp 1067w\" sizes=\"auto, (max-width: 1024px) 100vw, 1024px\" \/><\/figure>\n<\/div>\n\n\n\n<div class=\"wp-block-column is-layout-flow wp-block-column-is-layout-flow\" style=\"padding-left:0\">\n<h2 class=\"wp-block-heading has-text-align-left has-ast-global-color-3-color has-text-color has-link-color wp-elements-770588ee82a4e1b91448a902219726b4\" style=\"padding-top:var(--wp--preset--spacing--40);padding-right:1.5vh;padding-left:1.5vh\">Fin des informations &#8211; consultations  <\/h2>\n\n\n\n<h6 class=\"wp-block-heading has-ast-global-color-3-color has-text-color has-link-color wp-elements-bd0789ed933fabdda5c1935d54141dc4\" style=\"padding-right:1.5vh;padding-left:1.5vh\"><strong>Mai 2025<\/strong><\/h6>\n\n\n\n<hr class=\"wp-block-separator has-text-color has-ast-global-color-1-color has-alpha-channel-opacity has-ast-global-color-1-background-color has-background is-style-wide\" \/>\n\n\n\n<p class=\"has-ast-global-color-3-color has-text-color has-link-color wp-elements-f17f20813a189ed2e1e86c91d63782c0\" style=\"padding-right:1.5vh;padding-left:1.5vh\">\u200bLa nouvelle op\u00e9ration de d\u00e9veloppement rural a d\u00e9marr\u00e9 et les s\u00e9ances d&rsquo;informations et de consultation citoyennes sont maintenant termin\u00e9es. Vous \u00eates nombreux \u00e0 y avoir particip\u00e9.  dans chaque village de la Commune, pr\u00e8s de 250 personnes ont \u00e9chang\u00e9 leurs points de vue. Merci \u00e0 toutes celles et ceux qui se sont d\u00e9plac\u00e9s, parfois \u00e0 plusieurs reprises !<br>&nbsp;<br>Atouts et faiblesses du territoire ont ainsi \u00e9t\u00e9 list\u00e9s, autour de trois th\u00e9matiques (habiter, travailler, se divertir \u00e0 Yvoir) propos\u00e9es par la Fondation Rurale de Wallonie. <\/p>\n\n\n\n<p class=\"has-ast-global-color-3-color has-text-color has-link-color wp-elements-19a25829c468eb38708dc3c44626c412\" style=\"padding-right:1.5vh;padding-left:1.5vh\">Cet organisme d\u2019accompagnement, sp\u00e9cialis\u00e9 dans les ODR depuis plus de 40 ans, cheminera \u00e0 nos c\u00f4t\u00e9s pendant les 10 prochaines ann\u00e9es encore pour animer nos rencontres.<\/p>\n\n\n\n<p class=\"has-ast-global-color-3-color has-text-color\" style=\"padding-right:2vh;padding-left:2vh\">Les points n\u00e9gatifs le plus souvent cit\u00e9s concernent la mobilit\u00e9 (vitesses excessive, desserte insuffisante), la communication et la convivialit\u00e9 (manque de lieux ou d\u2019occasions d\u2019\u00e9change). En revanche, les points positifs concernent notamment la qualit\u00e9 du cadre de vie, l\u2019offre sportive, et \u2026la communication &amp; la convivialit\u00e9 ! Ce diagnostic subjectif sera crois\u00e9 avec le diagnostic objectif, r\u00e9alis\u00e9 par la Commune, pour aboutir d\u2019ici avril 2024 \u00e0 un diagnostic partag\u00e9 qui servira de base \u00e0 l\u2019\u00e9laboration des projets.<\/p>\n<\/div>\n<\/div>\n<\/div>\n\n\n\n<div class=\"wp-block-group alignfull is-layout-constrained wp-container-core-group-is-layout-9b0b7f94 wp-block-group-is-layout-constrained\" style=\"margin-top:0;margin-bottom:0;padding-top:var(--wp--preset--spacing--40);padding-bottom:var(--wp--preset--spacing--40)\">\n<div class=\"wp-block-columns has-background is-layout-flex wp-container-core-columns-is-layout-2097dcb0 wp-block-columns-is-layout-flex\" style=\"border-radius:5px;background:linear-gradient(135deg,rgb(68,85,79) 0%,rgb(111,148,135) 100%);padding-top:var(--wp--preset--spacing--30);padding-right:var(--wp--preset--spacing--30);padding-bottom:var(--wp--preset--spacing--60);padding-left:var(--wp--preset--spacing--30)\">\n<div class=\"wp-block-column is-vertically-aligned-center is-layout-flow wp-block-column-is-layout-flow\" style=\"padding-right:0;padding-left:0\">\n<figure class=\"wp-block-image aligncenter size-full is-resized has-custom-border\" style=\"margin-top:var(--wp--preset--spacing--40);margin-right:var(--wp--preset--spacing--40);margin-bottom:var(--wp--preset--spacing--20);margin-left:var(--wp--preset--spacing--40)\"><img loading=\"lazy\" decoding=\"async\" width=\"566\" height=\"800\" src=\"http:\/\/frw-pcdr.be\/yvoir\/wp-content\/uploads\/ER3\/Yvoir\/Img\/sites\/10\/calendrier-ic-yvoir_orig-1.webp\" alt=\" Affiche annon\u00e7ant les dates et lieux des r\u00e9unions villageoises pour partager id\u00e9es et projets dans la commune d\u2019Yvoir.\" class=\"wp-image-1102\" style=\"border-top-left-radius:9px;border-top-right-radius:9px;border-bottom-left-radius:9px;border-bottom-right-radius:9px;width:344px;height:auto\" srcset=\"https:\/\/frw-pcdr.be\/yvoir\/wp-content\/uploads\/ER3\/Yvoir\/Img\/sites\/10\/calendrier-ic-yvoir_orig-1.webp 566w, https:\/\/frw-pcdr.be\/yvoir\/wp-content\/uploads\/ER3\/Yvoir\/Img\/sites\/10\/calendrier-ic-yvoir_orig-1-212x300.webp 212w\" sizes=\"auto, (max-width: 566px) 100vw, 566px\" \/><\/figure>\n<\/div>\n\n\n\n<div class=\"wp-block-column is-layout-flow wp-block-column-is-layout-flow\" style=\"padding-left:0\">\n<h2 class=\"wp-block-heading has-ast-global-color-3-color has-text-color has-link-color wp-elements-a828191d79001a5163cb2c145046fea4\" style=\"padding-top:var(--wp--preset--spacing--40);padding-right:1.5vh;padding-left:1.5vh\">Invitation aux informations &#8211; consultations <\/h2>\n\n\n\n<h6 class=\"wp-block-heading has-ast-global-color-3-color has-text-color has-link-color wp-elements-0948147198fe376398966455f52f2c40\" style=\"padding-right:1.5vh;padding-left:1.5vh\"><strong>Septembre 2023<\/strong><\/h6>\n\n\n\n<hr class=\"wp-block-separator has-text-color has-ast-global-color-1-color has-alpha-channel-opacity has-ast-global-color-1-background-color has-background is-style-wide\" \/>\n\n\n\n<p class=\"has-ast-global-color-3-color has-text-color has-link-color wp-elements-0a97583adae574e1ae3813b6a5dce11e\" style=\"padding-right:1.5vh;padding-left:1.5vh\">Dans le cadre de la nouvelle op\u00e9ration de d\u00e9veloppement rural sur la Commune d&rsquo;Yvoir, la Fondation Rurale de Wallonie et la Commune d&rsquo;Yvoir lancent conjointement des r\u00e9unions d&rsquo;informations et de consultation citoyennes dans chaque village de l&rsquo;entit\u00e9.<\/p>\n\n\n\n<p class=\"has-ast-global-color-3-color has-text-color has-link-color wp-elements-5383ebc8652a765e3d21763c6bb8e2af\" style=\"padding-right:1.5vh;padding-left:1.5vh\">Rejoignez-nous pour donner votre avis sur les futurs projets \u00e0 d\u00e9velopper dans les villages durant les prochaines ann\u00e9es.<br><br>Les consultations s&rsquo;\u00e9tendront par village de septembre \u00e0 novembre (voir visuel).<\/p>\n<\/div>\n<\/div>\n<\/div>\n\n\n\n<hr class=\"wp-block-separator has-text-color has-ast-global-color-1-color has-alpha-channel-opacity has-ast-global-color-1-background-color has-background is-style-wide\" \/>\n\n\n\n<h2 class=\"wp-block-heading has-text-align-center has-ast-global-color-0-color has-text-color has-link-color wp-elements-99fdbc3231a10b6963708073756842ea\" style=\"padding-top:var(--wp--preset--spacing--40);padding-right:1.5vh;padding-bottom:0;padding-left:1.5vh\">Lancement d&rsquo;une nouvelle ODR ! <\/h2>\n\n\n\n<h6 class=\"wp-block-heading has-text-align-center has-ast-global-color-1-color has-text-color has-link-color wp-elements-3b85c6da5695de9e0b5285d648c7353e\" style=\"margin-top:0;padding-top:0;padding-right:1.5vh;padding-bottom:0;padding-left:1.5vh\"><strong>Octobre 2023<\/strong><\/h6>\n\n\n\n<p class=\"has-text-align-center has-ast-global-color-6-color has-text-color has-link-color wp-elements-8a73750d016b358f9b205cb8ae3c2819\" style=\"margin-bottom:var(--wp--preset--spacing--20);padding-right:1.5vh;padding-left:1.5vh\">Suite \u00e0 la premi\u00e8re Op\u00e9ration de D\u00e9veloppement Rural (2012 &#8211; 2022), la Commune a d\u00e9cid\u00e9 de relancer une nouvelle ODR. <\/p>\n\n\n\n<p class=\"has-text-align-center has-black-color has-text-color has-link-color wp-elements-502ea1a4ad9044af7b20655c7084fdb8\" style=\"margin-top:0;margin-bottom:var(--wp--preset--spacing--30);padding-right:1.5vh;padding-left:1.5vh\"><strong>Suivez-en l&rsquo;actualit\u00e9 ici ! <\/strong><\/p>\n\n\n\n<div style=\"height:40px\" aria-hidden=\"true\" class=\"wp-block-spacer\"><\/div>\n","protected":false},"excerpt":{"rendered":"<p>ACTUALIT\u00c9S Les derni\u00e8res infos relatives au PCDR de votre commune Projets en cours, inaugurations, r\u00e9unions&#8230; Un coup d&rsquo;acc\u00e9l\u00e9rateur dans l&rsquo;\u00e9laboration [&hellip;]<\/p>\n","protected":false},"author":1,"featured_media":974,"parent":0,"menu_order":1,"comment_status":"closed","ping_status":"closed","template":"","meta":{"site-sidebar-layout":"default","site-content-layout":"","ast-site-content-layout":"default","site-content-style":"default","site-sidebar-style":"default","ast-global-header-display":"","ast-banner-title-visibility":"","ast-main-header-display":"","ast-hfb-above-header-display":"","ast-hfb-below-header-display":"","ast-hfb-mobile-header-display":"","site-post-title":"disabled","ast-breadcrumbs-content":"","ast-featured-img":"disabled","footer-sml-layout":"","ast-disable-related-posts":"","theme-transparent-header-meta":"","adv-header-id-meta":"","stick-header-meta":"","header-above-stick-meta":"","header-main-stick-meta":"","header-below-stick-meta":"","astra-migrate-meta-layouts":"default","ast-page-background-enabled":"default","ast-page-background-meta":{"desktop":{"background-color":"var(--ast-global-color-5)","background-image":"","background-repeat":"repeat","background-position":"center center","background-size":"auto","background-attachment":"scroll","background-type":"","background-media":"","overlay-type":"","overlay-color":"","overlay-opacity":"","overlay-gradient":""},"tablet":{"background-color":"","background-image":"","background-repeat":"repeat","background-position":"center center","background-size":"auto","background-attachment":"scroll","background-type":"","background-media":"","overlay-type":"","overlay-color":"","overlay-opacity":"","overlay-gradient":""},"mobile":{"background-color":"","background-image":"","background-repeat":"repeat","background-position":"center center","background-size":"auto","background-attachment":"scroll","background-type":"","background-media":"","overlay-type":"","overlay-color":"","overlay-opacity":"","overlay-gradient":""}},"ast-content-background-meta":{"desktop":{"background-color":"var(--ast-global-color-4)","background-image":"","background-repeat":"repeat","background-position":"center center","background-size":"auto","background-attachment":"scroll","background-type":"","background-media":"","overlay-type":"","overlay-color":"","overlay-opacity":"","overlay-gradient":""},"tablet":{"background-color":"var(--ast-global-color-4)","background-image":"","background-repeat":"repeat","background-position":"center center","background-size":"auto","background-attachment":"scroll","background-type":"","background-media":"","overlay-type":"","overlay-color":"","overlay-opacity":"","overlay-gradient":""},"mobile":{"background-color":"var(--ast-global-color-4)","background-image":"","background-repeat":"repeat","background-position":"center center","background-size":"auto","background-attachment":"scroll","background-type":"","background-media":"","overlay-type":"","overlay-color":"","overlay-opacity":"","overlay-gradient":""}},"footnotes":""},"class_list":["post-330","page","type-page","status-publish","has-post-thumbnail","hentry"],"_links":{"self":[{"href":"https:\/\/frw-pcdr.be\/yvoir\/wp-json\/wp\/v2\/pages\/330","targetHints":{"allow":["GET"]}}],"collection":[{"href":"https:\/\/frw-pcdr.be\/yvoir\/wp-json\/wp\/v2\/pages"}],"about":[{"href":"https:\/\/frw-pcdr.be\/yvoir\/wp-json\/wp\/v2\/types\/page"}],"author":[{"embeddable":true,"href":"https:\/\/frw-pcdr.be\/yvoir\/wp-json\/wp\/v2\/users\/1"}],"replies":[{"embeddable":true,"href":"https:\/\/frw-pcdr.be\/yvoir\/wp-json\/wp\/v2\/comments?post=330"}],"version-history":[{"count":88,"href":"https:\/\/frw-pcdr.be\/yvoir\/wp-json\/wp\/v2\/pages\/330\/revisions"}],"predecessor-version":[{"id":1228,"href":"https:\/\/frw-pcdr.be\/yvoir\/wp-json\/wp\/v2\/pages\/330\/revisions\/1228"}],"wp:featuredmedia":[{"embeddable":true,"href":"https:\/\/frw-pcdr.be\/yvoir\/wp-json\/wp\/v2\/media\/974"}],"wp:attachment":[{"href":"https:\/\/frw-pcdr.be\/yvoir\/wp-json\/wp\/v2\/media?parent=330"}],"curies":[{"name":"wp","href":"https:\/\/api.w.org\/{rel}","templated":true}]}}