{"id":7,"date":"2025-10-21T17:15:29","date_gmt":"2025-10-21T15:15:29","guid":{"rendered":"https:\/\/frw-pcdr.be\/onhaye\/?page_id=7"},"modified":"2026-01-09T15:06:01","modified_gmt":"2026-01-09T14:06:01","slug":"le-pcdr","status":"publish","type":"page","link":"https:\/\/frw-pcdr.be\/vresse-sur-semois\/le-pcdr\/","title":{"rendered":"Le PCDR"},"content":{"rendered":"\n<div class=\"wp-block-group alignfull has-background is-layout-constrained wp-container-core-group-is-layout-31881a4c wp-block-group-is-layout-constrained\" style=\"background:linear-gradient(181deg,rgb(68,85,79) 0%,rgb(111,148,135) 100%);padding-top:3rem;padding-right:3vw;padding-bottom:3rem;padding-left:3vw\">\n<p class=\"has-text-align-center has-ast-global-color-3-color has-text-color has-link-color wp-elements-86cfaa0649fcfd895b63f61fb56e776e\" style=\"margin-top:0;margin-bottom:0.5vw;padding-top:0;padding-right:3vh;padding-bottom:0;padding-left:3vh\"><strong>Le PCDR<\/strong> de votre commune a \u00e9t\u00e9 approuv\u00e9 par le Gouvernement wallon le <em>15 mai 2025<\/em>.<\/p>\n\n\n\n<p class=\"has-text-align-center has-ast-global-color-3-color has-text-color has-link-color wp-elements-a0fd1160041e7cb1d23ebe7558cc9c47\" style=\"margin-top:0;margin-bottom:0.5vw;padding-top:var(--wp--preset--spacing--30);padding-right:3vh;padding-bottom:var(--wp--preset--spacing--50);padding-left:3vh\">Retrouvez une synth\u00e8se du document ci-dessus, explorez la rubrique <a href=\"https:\/\/frw-pcdr.be\/vresse-sur-semois\/les-realisations\/\" data-type=\"page\" data-id=\"776\"><strong>Les r\u00e9alisations<\/strong><\/a> pour d\u00e9couvrir les projets en cours ou achev\u00e9s, ou consultez le document complet ci-bas.<\/p>\n<\/div>\n\n\n\n<div class=\"wp-block-group alignfull is-layout-constrained wp-container-core-group-is-layout-3900bf58 wp-block-group-is-layout-constrained\" style=\"padding-top:3rem;padding-right:3vw;padding-bottom:0rem;padding-left:3vw\">\n<h1 class=\"wp-block-heading has-text-align-left has-ast-global-color-0-color has-text-color has-link-color wp-elements-1a76909b788c9902184f807d2fc8fb77\" style=\"padding-top:0;padding-right:1.5vh;padding-bottom:0;padding-left:1.5vh;font-size:3.5vh;letter-spacing:0px\">LE DOCUMENT<\/h1>\n\n\n\n<div style=\"height:24px\" aria-hidden=\"true\" class=\"wp-block-spacer\"><\/div>\n\n\n\n<p class=\"has-black-color has-text-color has-link-color wp-elements-75bb7dd7636ae34f6422b9f2207a953e\" style=\"padding-right:2vh;padding-left:2vh\">Le Programme Communal de D\u00e9veloppement Rural est un <strong>document <\/strong>divis\u00e9 en <strong>six parties<\/strong>, consultable en cliquant sur les liens ci-dessous :<\/p>\n\n\n\n<p class=\"has-black-color has-text-color has-link-color wp-elements-400b8289a4c6453f176eeb7d93c49381\" style=\"padding-top:0;padding-right:2vh;padding-bottom:0;padding-left:2vh\"><a href=\"https:\/\/frw-pcdr.be\/vresse-sur-semois\/wp-content\/uploads\/ER6\/Vresse-sur-Semois\/Doc\/PCDR\/Vresse_Partie1.pdf\" target=\"_blank\" rel=\"noreferrer noopener\"><em><strong>Partie I<\/strong>.<\/em> <strong>Analyse des caract\u00e9ristiques de la Commune<\/strong><\/a><\/p>\n\n\n\n<p class=\"has-black-color has-text-color has-link-color wp-elements-21ad24febe25250fc03fc5807bcfa297\" style=\"padding-top:0;padding-right:2vh;padding-bottom:0;padding-left:2vh\"><a href=\"https:\/\/frw-pcdr.be\/vresse-sur-semois\/wp-content\/uploads\/ER6\/Vresse-sur-Semois\/Doc\/PCDR\/Vresse_Partie2.pdf\" target=\"_blank\" rel=\"noreferrer noopener\"><strong><em>Partie II<\/em><\/strong>. <strong>R\u00e9sultats de la consultation de la population<\/strong><\/a><\/p>\n\n\n\n<p class=\"has-black-color has-text-color has-link-color wp-elements-a7674ad1b2163a527fc577a1e5054904\" style=\"padding-top:0;padding-right:2vh;padding-bottom:0;padding-left:2vh\"><a href=\"https:\/\/frw-pcdr.be\/vresse-sur-semois\/wp-content\/uploads\/ER6\/Vresse-sur-Semois\/Doc\/PCDR\/Vresse_Partie3.pdf\" target=\"_blank\" rel=\"noreferrer noopener\"><em><strong>Partie III<\/strong>.<\/em> <strong>Diagnostic partag\u00e9 r\u00e9sultant de la confrontation de la partie 1 et de la partie 2<\/strong><\/a><\/p>\n\n\n\n<p class=\"has-black-color has-text-color has-link-color wp-elements-6c3efbe4f9b77e8dcc4b3fea5c2df277\" style=\"padding-top:0;padding-right:2vh;padding-bottom:0;padding-left:2vh\"><strong><a href=\"https:\/\/frw-pcdr.be\/vresse-sur-semois\/wp-content\/uploads\/ER6\/Vresse-sur-Semois\/Doc\/PCDR\/Vresse_Partie4.pdf\" target=\"_blank\" rel=\"noreferrer noopener\"><em>Partie IV. <\/em>Strat\u00e9gie de d\u00e9veloppement sous forme d&rsquo;objectifs sp\u00e9cifiques<\/a><\/strong><\/p>\n\n\n\n<p class=\"has-black-color has-text-color has-link-color wp-elements-a185f33419cd952263736c70373fa83a\" style=\"padding-top:0;padding-right:2vh;padding-bottom:0;padding-left:2vh\"><a href=\"https:\/\/frw-pcdr.be\/vresse-sur-semois\/wp-content\/uploads\/ER6\/Vresse-sur-Semois\/Doc\/PCDR\/Vresse_Partie5.pdf\" target=\"_blank\" rel=\"noreferrer noopener\"><strong><em>Partie V<\/em><\/strong>. <strong>&nbsp;Projets visant \u00e0 atteindre les objectifs<\/strong><\/a><\/p>\n\n\n\n<p class=\"has-black-color has-text-color has-link-color wp-elements-c0d4e8723bcaf6c021c2aaefbc57a232\" style=\"padding-top:0;padding-right:2vh;padding-bottom:0;padding-left:2vh\"><em><a href=\"https:\/\/frw-pcdr.be\/vresse-sur-semois\/wp-content\/uploads\/ER6\/Vresse-sur-Semois\/Doc\/PCDR\/Vresse_Partie6.pdf\" target=\"_blank\" rel=\"noreferrer noopener\"><strong>Partie VI<\/strong>. <\/a><\/em><strong><a href=\"https:\/\/frw-pcdr.be\/vresse-sur-semois\/wp-content\/uploads\/ER6\/Vresse-sur-Semois\/Doc\/PCDR\/Vresse_Partie6.pdf\" target=\"_blank\" rel=\"noreferrer noopener\">Tableau r\u00e9capitulatif d\u00e9taillant les diff\u00e9rents projets, la planification temporelle, les intervenants financiers et les objectifs poursuivis<\/a><\/strong><\/p>\n\n\n\n<p class=\"has-black-color has-text-color has-link-color wp-elements-2ab28bdac30c7b2189ef7ca055863404\" style=\"padding-top:0;padding-right:2vh;padding-bottom:0;padding-left:2vh\"><em><strong><a href=\"https:\/\/frw-pcdr.be\/vresse-sur-semois\/wp-content\/uploads\/ER6\/Vresse-sur-Semois\/Doc\/PCDR\/Cartographie_Vresse.zip\" target=\"_blank\" rel=\"noreferrer noopener\">Annexes cartographiques<\/a><\/strong><\/em><\/p>\n\n\n\n<p class=\"has-black-color has-text-color has-link-color wp-elements-a7e5a3786d4d6d9864555b309f7839ca\" style=\"padding-top:0;padding-right:2vh;padding-bottom:0;padding-left:2vh\"><em><strong><a href=\"https:\/\/frw-pcdr.be\/vresse-sur-semois\/wp-content\/uploads\/ER6\/Vresse-sur-Semois\/Doc\/PCDR\/Vresse_ Annexes.pdf\" target=\"_blank\" rel=\"noreferrer noopener\">Annexes \u00e0 la partie II<\/a><\/strong><\/em><\/p>\n\n\n\n<div style=\"height:18px\" aria-hidden=\"true\" class=\"wp-block-spacer\"><\/div>\n\n\n\n<hr class=\"wp-block-separator has-text-color has-ast-global-color-1-color has-alpha-channel-opacity has-ast-global-color-1-background-color has-background is-style-wide\"\/>\n<\/div>\n\n\n\n<div style=\"height:50px\" aria-hidden=\"true\" class=\"wp-block-spacer\"><\/div>\n\n\n\n<div class=\"wp-block-group is-layout-constrained wp-block-group-is-layout-constrained\" style=\"margin-top:0;margin-bottom:0;padding-top:0;padding-bottom:0\">\n<p class=\"has-text-align-center has-ast-global-color-0-color has-text-color has-link-color wp-elements-68c2c325f8968e21a913a29f535db207\" style=\"padding-left:2vw\"><strong>Envie d\u2019en savoir plus sur les Op\u00e9rations de D\u00e9veloppement Rural et r\u00f4le de la FRW ? Rendez-vous sur&#8230;<\/strong><\/p>\n\n\n\n<div class=\"wp-block-buttons is-content-justification-center is-layout-flex wp-container-core-buttons-is-layout-a89b3969 wp-block-buttons-is-layout-flex\">\n<div class=\"wp-block-button\"><a class=\"wp-block-button__link wp-element-button\" href=\"https:\/\/www.frw.be\/nos-missions\/#ODR\" target=\"_blank\" rel=\"noreferrer noopener\"><strong>FRW &#8211; Nos missions<\/strong><\/a><\/div>\n<\/div>\n<\/div>\n\n\n\n<div style=\"height:50px\" aria-hidden=\"true\" class=\"wp-block-spacer\"><\/div>\n","protected":false},"excerpt":{"rendered":"<p>Le PCDR de votre commune a \u00e9t\u00e9 approuv\u00e9 par le Gouvernement wallon le 15 mai 2025. Retrouvez une synth\u00e8se du [&hellip;]<\/p>\n","protected":false},"author":1,"featured_media":1083,"parent":0,"menu_order":2,"comment_status":"closed","ping_status":"closed","template":"","meta":{"site-sidebar-layout":"default","site-content-layout":"","ast-site-content-layout":"default","site-content-style":"default","site-sidebar-style":"default","ast-global-header-display":"","ast-banner-title-visibility":"","ast-main-header-display":"","ast-hfb-above-header-display":"","ast-hfb-below-header-display":"","ast-hfb-mobile-header-display":"","site-post-title":"disabled","ast-breadcrumbs-content":"","ast-featured-img":"disabled","footer-sml-layout":"","ast-disable-related-posts":"","theme-transparent-header-meta":"","adv-header-id-meta":"","stick-header-meta":"","header-above-stick-meta":"","header-main-stick-meta":"","header-below-stick-meta":"","astra-migrate-meta-layouts":"default","ast-page-background-enabled":"default","ast-page-background-meta":{"desktop":{"background-color":"var(--ast-global-color-5)","background-image":"","background-repeat":"repeat","background-position":"center center","background-size":"auto","background-attachment":"scroll","background-type":"","background-media":"","overlay-type":"","overlay-color":"","overlay-opacity":"","overlay-gradient":""},"tablet":{"background-color":"","background-image":"","background-repeat":"repeat","background-position":"center center","background-size":"auto","background-attachment":"scroll","background-type":"","background-media":"","overlay-type":"","overlay-color":"","overlay-opacity":"","overlay-gradient":""},"mobile":{"background-color":"","background-image":"","background-repeat":"repeat","background-position":"center center","background-size":"auto","background-attachment":"scroll","background-type":"","background-media":"","overlay-type":"","overlay-color":"","overlay-opacity":"","overlay-gradient":""}},"ast-content-background-meta":{"desktop":{"background-color":"var(--ast-global-color-4)","background-image":"","background-repeat":"repeat","background-position":"center center","background-size":"auto","background-attachment":"scroll","background-type":"","background-media":"","overlay-type":"","overlay-color":"","overlay-opacity":"","overlay-gradient":""},"tablet":{"background-color":"var(--ast-global-color-4)","background-image":"","background-repeat":"repeat","background-position":"center center","background-size":"auto","background-attachment":"scroll","background-type":"","background-media":"","overlay-type":"","overlay-color":"","overlay-opacity":"","overlay-gradient":""},"mobile":{"background-color":"var(--ast-global-color-4)","background-image":"","background-repeat":"repeat","background-position":"center center","background-size":"auto","background-attachment":"scroll","background-type":"","background-media":"","overlay-type":"","overlay-color":"","overlay-opacity":"","overlay-gradient":""}},"footnotes":""},"class_list":["post-7","page","type-page","status-publish","has-post-thumbnail","hentry"],"_links":{"self":[{"href":"https:\/\/frw-pcdr.be\/vresse-sur-semois\/wp-json\/wp\/v2\/pages\/7","targetHints":{"allow":["GET"]}}],"collection":[{"href":"https:\/\/frw-pcdr.be\/vresse-sur-semois\/wp-json\/wp\/v2\/pages"}],"about":[{"href":"https:\/\/frw-pcdr.be\/vresse-sur-semois\/wp-json\/wp\/v2\/types\/page"}],"author":[{"embeddable":true,"href":"https:\/\/frw-pcdr.be\/vresse-sur-semois\/wp-json\/wp\/v2\/users\/1"}],"replies":[{"embeddable":true,"href":"https:\/\/frw-pcdr.be\/vresse-sur-semois\/wp-json\/wp\/v2\/comments?post=7"}],"version-history":[{"count":10,"href":"https:\/\/frw-pcdr.be\/vresse-sur-semois\/wp-json\/wp\/v2\/pages\/7\/revisions"}],"predecessor-version":[{"id":1124,"href":"https:\/\/frw-pcdr.be\/vresse-sur-semois\/wp-json\/wp\/v2\/pages\/7\/revisions\/1124"}],"wp:featuredmedia":[{"embeddable":true,"href":"https:\/\/frw-pcdr.be\/vresse-sur-semois\/wp-json\/wp\/v2\/media\/1083"}],"wp:attachment":[{"href":"https:\/\/frw-pcdr.be\/vresse-sur-semois\/wp-json\/wp\/v2\/media?parent=7"}],"curies":[{"name":"wp","href":"https:\/\/api.w.org\/{rel}","templated":true}]}}