{"id":9,"date":"2025-10-21T17:16:36","date_gmt":"2025-10-21T15:16:36","guid":{"rendered":"https:\/\/frw-pcdr.be\/onhaye\/?page_id=9"},"modified":"2025-12-23T08:47:31","modified_gmt":"2025-12-23T07:47:31","slug":"les-realisations","status":"publish","type":"page","link":"https:\/\/frw-pcdr.be\/sivry-rance\/les-realisations\/","title":{"rendered":"Les r\u00e9alisations"},"content":{"rendered":"\n<div class=\"wp-block-group alignfull has-ast-global-color-3-background-color has-background is-layout-constrained wp-container-core-group-is-layout-c7ccc7fa wp-block-group-is-layout-constrained\" style=\"margin-top:0;margin-bottom:0;padding-top:var(--wp--preset--spacing--60);padding-right:3vw;padding-bottom:var(--wp--preset--spacing--50);padding-left:3vw\">\n<h1 class=\"wp-block-heading has-ast-global-color-0-color has-text-color has-link-color wp-elements-14a7137f7fcb5b615cd65c93dd7455c9\" style=\"padding-top:0;padding-right:1.5vh;padding-bottom:0;padding-left:1.5vh;font-size:3.5vh;letter-spacing:0px\">En cours<\/h1>\n\n\n\n<hr class=\"wp-block-separator has-text-color has-ast-global-color-1-color has-alpha-channel-opacity has-ast-global-color-1-background-color has-background is-style-wide\"\/>\n\n\n\n<div class=\"wp-block-columns is-layout-flex wp-container-core-columns-is-layout-a531a0f7 wp-block-columns-is-layout-flex\" style=\"padding-right:0;padding-left:0\">\n<div class=\"wp-block-column is-layout-flow wp-block-column-is-layout-flow\">\n<h2 class=\"wp-block-heading\" style=\"margin-right:1.5vh;margin-left:1.5vh\">Sivry- Grand&rsquo;place<\/h2>\n\n\n\n<p style=\"margin-top:0.5rem;margin-right:1.5vh;margin-bottom:0.5rem;margin-left:1.5vh\">Am\u00e9nagement de la jonction entre l\u2019H\u00f4tel de Ville et le Centre culturel de Sivry.<\/p>\n\n\n\n<div class=\"wp-block-buttons is-content-justification-left is-layout-flex wp-container-core-buttons-is-layout-4395d7bd wp-block-buttons-is-layout-flex\" style=\"padding-right:1.5vh;padding-left:1.5vh\">\n<div class=\"wp-block-button\"><a class=\"wp-block-button__link wp-element-button\" href=\"https:\/\/frw-pcdr.be\/dour\/wp-content\/uploads\/ER1\/Dour\/Doc\/PCDR\/Partie_4_table_des_matieres_cliquable.pdf\" target=\"_blank\" rel=\"noreferrer noopener\">Vers la partie IV<\/a><\/div>\n<\/div>\n\n\n\n<figure class=\"wp-block-image size-full\"><img loading=\"lazy\" decoding=\"async\" width=\"1000\" height=\"563\" src=\"https:\/\/frw-pcdr.be\/sivry-rance\/wp-content\/uploads\/ER4\/Sivry-Rance\/Img\/sites\/20\/Sivry_grand-place.webp\" alt=\"Vue du centre du village de Sautin avant r\u00e9am\u00e9nagement. L\u2019image montre un carrefour bord\u00e9 de maisons en briques et d\u2019arbres d\u00e9nud\u00e9s en hiver. Au premier plan, un panneau de signalisation indique les directions vers \u00c9ppe-Sauvage, Rance et Montbliart. Le soleil se couche \u00e0 l\u2019horizon, cr\u00e9ant une lumi\u00e8re douce sur la sc\u00e8ne. Cet espace, actuellement marqu\u00e9 par des zones de gravier et des murets en briques, sera prochainement repens\u00e9 pour offrir un cadre plus convivial et s\u00e9curis\u00e9 aux habitants.\" class=\"wp-image-1149\" srcset=\"https:\/\/frw-pcdr.be\/sivry-rance\/wp-content\/uploads\/ER4\/Sivry-Rance\/Img\/sites\/20\/Sivry_grand-place.webp 1000w, https:\/\/frw-pcdr.be\/sivry-rance\/wp-content\/uploads\/ER4\/Sivry-Rance\/Img\/sites\/20\/Sivry_grand-place-300x169.webp 300w, https:\/\/frw-pcdr.be\/sivry-rance\/wp-content\/uploads\/ER4\/Sivry-Rance\/Img\/sites\/20\/Sivry_grand-place-768x432.webp 768w\" sizes=\"auto, (max-width: 1000px) 100vw, 1000px\" \/><\/figure>\n<\/div>\n\n\n\n<div class=\"wp-block-column is-layout-flow wp-block-column-is-layout-flow\">\n<h2 class=\"wp-block-heading\" style=\"margin-right:1.5vh;margin-left:1.5vh\">Grandrieu &#8211; Place Albert 1er<\/h2>\n\n\n\n<p style=\"margin-top:0.5rem;margin-right:1.5vh;margin-bottom:0.5rem;margin-left:1.5vh\">Am\u00e9nagement du c\u0153ur de village de Grandrieu.<\/p>\n\n\n\n<div class=\"wp-block-buttons is-content-justification-left is-layout-flex wp-container-core-buttons-is-layout-4395d7bd wp-block-buttons-is-layout-flex\" style=\"padding-right:1.5vh;padding-left:1.5vh\">\n<div class=\"wp-block-button\"><a class=\"wp-block-button__link wp-element-button\" href=\"https:\/\/frw-pcdr.be\/sivry-rance\/wp-content\/uploads\/ER4\/Sivry-Rance\/Doc\/Realisations\/202310_Actualisation_FP_Grandrieu_Espace_Partage.pdf\" target=\"_blank\" rel=\"noreferrer noopener\">Fiche-projet actualis\u00e9e<\/a><\/div>\n<\/div>\n\n\n\n<figure class=\"wp-block-image size-full\"><img loading=\"lazy\" decoding=\"async\" width=\"1200\" height=\"675\" src=\"https:\/\/frw-pcdr.be\/sivry-rance\/wp-content\/uploads\/ER4\/Sivry-Rance\/Img\/sites\/20\/Schema-damenagement-Centre-Grandrieu.webp\" alt=\" Sch\u00e9ma d\u2019am\u00e9nagement du futur centre de Grandrieu, montrant les zones vertes, l\u2019espace partag\u00e9 \u00e0 rev\u00eatement continu et la valorisation du Monument aux Morts.\" class=\"wp-image-1130\" srcset=\"https:\/\/frw-pcdr.be\/sivry-rance\/wp-content\/uploads\/ER4\/Sivry-Rance\/Img\/sites\/20\/Schema-damenagement-Centre-Grandrieu.webp 1200w, https:\/\/frw-pcdr.be\/sivry-rance\/wp-content\/uploads\/ER4\/Sivry-Rance\/Img\/sites\/20\/Schema-damenagement-Centre-Grandrieu-300x169.webp 300w, https:\/\/frw-pcdr.be\/sivry-rance\/wp-content\/uploads\/ER4\/Sivry-Rance\/Img\/sites\/20\/Schema-damenagement-Centre-Grandrieu-1024x576.webp 1024w, https:\/\/frw-pcdr.be\/sivry-rance\/wp-content\/uploads\/ER4\/Sivry-Rance\/Img\/sites\/20\/Schema-damenagement-Centre-Grandrieu-768x432.webp 768w\" sizes=\"auto, (max-width: 1200px) 100vw, 1200px\" \/><\/figure>\n<\/div>\n\n\n\n<div class=\"wp-block-column is-layout-flow wp-block-column-is-layout-flow\" style=\"padding-right:0;padding-left:0\">\n<h2 class=\"wp-block-heading\" style=\"margin-right:1.5vh;margin-left:1.5vh\">Sautin &#8211; C\u0153ur de village<\/h2>\n\n\n\n<p style=\"margin-top:0.5rem;margin-right:1.5vh;margin-bottom:0.5rem;margin-left:1.5vh\">Am\u00e9nagement et valorisation du c\u0153ur du village et des entr\u00e9es de Sautin.<\/p>\n\n\n\n<div class=\"wp-block-buttons is-content-justification-left is-layout-flex wp-container-core-buttons-is-layout-4395d7bd wp-block-buttons-is-layout-flex\" style=\"padding-right:1.5vh;padding-left:1.5vh\">\n<div class=\"wp-block-button\"><a class=\"wp-block-button__link wp-element-button\" href=\"https:\/\/frw-pcdr.be\/dour\/wp-content\/uploads\/ER1\/Dour\/Doc\/PCDR\/Partie_4_table_des_matieres_cliquable.pdf\" target=\"_blank\" rel=\"noreferrer noopener\">Vers la partie IV<\/a><\/div>\n<\/div>\n\n\n\n<figure class=\"wp-block-image size-full\"><img loading=\"lazy\" decoding=\"async\" width=\"900\" height=\"506\" src=\"http:\/\/frw-pcdr.be\/sivry-rance\/wp-content\/uploads\/ER4\/Sivry-Rance\/Img\/sites\/20\/Coeur-de-sautin.webp\" alt=\"Vue du centre du village de Sautin avant r\u00e9am\u00e9nagement. L\u2019image montre un carrefour bord\u00e9 de maisons en briques et d\u2019arbres d\u00e9nud\u00e9s en hiver. Au premier plan, un panneau de signalisation indique les directions vers \u00c9ppe-Sauvage, Rance et Montbliart. \" class=\"wp-image-1147\" srcset=\"https:\/\/frw-pcdr.be\/sivry-rance\/wp-content\/uploads\/ER4\/Sivry-Rance\/Img\/sites\/20\/Coeur-de-sautin.webp 900w, https:\/\/frw-pcdr.be\/sivry-rance\/wp-content\/uploads\/ER4\/Sivry-Rance\/Img\/sites\/20\/Coeur-de-sautin-300x169.webp 300w, https:\/\/frw-pcdr.be\/sivry-rance\/wp-content\/uploads\/ER4\/Sivry-Rance\/Img\/sites\/20\/Coeur-de-sautin-768x432.webp 768w\" sizes=\"auto, (max-width: 900px) 100vw, 900px\" \/><\/figure>\n<\/div>\n<\/div>\n\n\n\n<div style=\"height:20px\" aria-hidden=\"true\" class=\"wp-block-spacer\"><\/div>\n<\/div>\n\n\n\n<div class=\"wp-block-group alignfull has-background is-layout-constrained wp-container-core-group-is-layout-b1a27b7e wp-block-group-is-layout-constrained\" style=\"background:linear-gradient(181deg,rgb(68,85,79) 0%,rgb(111,148,135) 100%);padding-top:var(--wp--preset--spacing--60);padding-right:3vw;padding-bottom:var(--wp--preset--spacing--50);padding-left:3vw\">\n<h1 class=\"wp-block-heading has-ast-global-color-3-color has-text-color has-link-color wp-elements-007cadb0cffd688496fe49ffde4a8e37\" style=\"padding-top:0;padding-right:1.5vh;padding-bottom:0;padding-left:1.5vh;font-size:3.5vh;letter-spacing:0px\">Termin\u00e9es<\/h1>\n\n\n\n<hr class=\"wp-block-separator has-text-color has-ast-global-color-1-color has-alpha-channel-opacity has-ast-global-color-1-background-color has-background is-style-wide\"\/>\n\n\n\n<div class=\"wp-block-columns is-layout-flex wp-container-core-columns-is-layout-a531a0f7 wp-block-columns-is-layout-flex\" style=\"padding-right:0;padding-left:0\">\n<div class=\"wp-block-column is-layout-flow wp-block-column-is-layout-flow\">\n<h2 class=\"wp-block-heading has-ast-global-color-3-color has-text-color has-link-color wp-elements-e08a6f6f62edc690a961bcb59e3e1c09\" style=\"margin-top:0;margin-right:1.5vh;margin-bottom:0;margin-left:1.5vh\">Sivry- Grand&rsquo;place<\/h2>\n\n\n\n<p class=\"has-ast-global-color-3-color has-text-color has-link-color wp-elements-ee24d00a9d64940fcf792991cd1bd2c7\" style=\"margin-top:0.5rem;margin-right:1.5vh;margin-bottom:0.5rem;margin-left:1.5vh\">Extension des am\u00e9nagements du centre urbain de Sivry (Grand\u2019Place) et valorisation des entr\u00e9es de villages.<\/p>\n\n\n\n<div class=\"wp-block-buttons is-content-justification-left is-layout-flex wp-container-core-buttons-is-layout-4395d7bd wp-block-buttons-is-layout-flex\" style=\"padding-right:1.5vh;padding-left:1.5vh\">\n<div class=\"wp-block-button\"><a class=\"wp-block-button__link wp-element-button\" href=\"https:\/\/frw-pcdr.be\/dour\/wp-content\/uploads\/ER1\/Dour\/Doc\/PCDR\/Partie_4_table_des_matieres_cliquable.pdf\" target=\"_blank\" rel=\"noreferrer noopener\">Vers la partie IV<\/a><\/div>\n<\/div>\n\n\n\n<figure class=\"wp-block-image size-full\"><img loading=\"lazy\" decoding=\"async\" width=\"900\" height=\"652\" src=\"http:\/\/frw-pcdr.be\/sivry-rance\/wp-content\/uploads\/ER4\/Sivry-Rance\/Img\/sites\/20\/Centre-de-Sivry.webp\" alt=\"Nouveau centre de Sivry inaugur\u00e9 le 20 juillet 2025, avec la place am\u00e9nag\u00e9e, statue centrale et \u00e9glise en arri\u00e8re-plan sous un ciel partiellement nuageux.\" class=\"wp-image-1127\" style=\"aspect-ratio:16\/9;object-fit:cover\" srcset=\"https:\/\/frw-pcdr.be\/sivry-rance\/wp-content\/uploads\/ER4\/Sivry-Rance\/Img\/sites\/20\/Centre-de-Sivry.webp 900w, https:\/\/frw-pcdr.be\/sivry-rance\/wp-content\/uploads\/ER4\/Sivry-Rance\/Img\/sites\/20\/Centre-de-Sivry-300x217.webp 300w, https:\/\/frw-pcdr.be\/sivry-rance\/wp-content\/uploads\/ER4\/Sivry-Rance\/Img\/sites\/20\/Centre-de-Sivry-768x556.webp 768w\" sizes=\"auto, (max-width: 900px) 100vw, 900px\" \/><\/figure>\n<\/div>\n\n\n\n<div class=\"wp-block-column is-layout-flow wp-block-column-is-layout-flow\">\n<h2 class=\"wp-block-heading has-ast-global-color-3-color has-text-color has-link-color wp-elements-a1980e285a6f7b3f25faccfe07febaa4\" style=\"margin-right:1.5vh;margin-left:1.5vh\">Sivry-Rance &#8211; Voie lente<\/h2>\n\n\n\n<p class=\"has-ast-global-color-3-color has-text-color has-link-color wp-elements-63e992f8b89847ac1d320e140ee4795a\" style=\"margin-top:0.5rem;margin-right:1.5vh;margin-bottom:0.5rem;margin-left:1.5vh\">Am\u00e9nagement d&rsquo;une liaison lente sur la Rue de Martinsart, entre le centre de Sivry et l\u2019ancienne gare.<\/p>\n\n\n\n<div class=\"wp-block-buttons is-content-justification-left is-layout-flex wp-container-core-buttons-is-layout-4395d7bd wp-block-buttons-is-layout-flex\" style=\"padding-right:1.5vh;padding-left:1.5vh\">\n<div class=\"wp-block-button\"><a class=\"wp-block-button__link wp-element-button\" href=\"https:\/\/frw-pcdr.be\/dour\/wp-content\/uploads\/ER1\/Dour\/Doc\/PCDR\/Partie_4_table_des_matieres_cliquable.pdf\" target=\"_blank\" rel=\"noreferrer noopener\">Vers la partie IV<\/a><\/div>\n<\/div>\n\n\n\n<figure class=\"wp-block-image size-full\"><img loading=\"lazy\" decoding=\"async\" width=\"700\" height=\"560\" src=\"http:\/\/frw-pcdr.be\/sivry-rance\/wp-content\/uploads\/ER4\/Sivry-Rance\/Img\/sites\/20\/Voie-lente-sivry.webp\" alt=\"Nouvelle piste cyclable am\u00e9nag\u00e9e rue Martinsart \u00e0 Sivry-Rance, longeant la route avec rambarde m\u00e9tallique et entour\u00e9e de v\u00e9g\u00e9tation. \" class=\"wp-image-1128\" style=\"aspect-ratio:16\/9;object-fit:cover\" srcset=\"https:\/\/frw-pcdr.be\/sivry-rance\/wp-content\/uploads\/ER4\/Sivry-Rance\/Img\/sites\/20\/Voie-lente-sivry.webp 700w, https:\/\/frw-pcdr.be\/sivry-rance\/wp-content\/uploads\/ER4\/Sivry-Rance\/Img\/sites\/20\/Voie-lente-sivry-300x240.webp 300w\" sizes=\"auto, (max-width: 700px) 100vw, 700px\" \/><\/figure>\n<\/div>\n\n\n\n<div class=\"wp-block-column is-layout-flow wp-block-column-is-layout-flow\" style=\"padding-right:0;padding-left:0\">\n<h2 class=\"wp-block-heading has-ast-global-color-3-color has-text-color has-link-color wp-elements-9efe7c2db8fd1ecaa8c3386be83d1165\" style=\"margin-right:1.5vh;margin-left:1.5vh\">Sivry-Rance &#8211; Am\u00e9nagement routier <\/h2>\n\n\n\n<p class=\"has-ast-global-color-3-color has-text-color has-link-color wp-elements-0b34e2ce8ad7f6133c2acf72a475c70d\" style=\"margin-top:0.5rem;margin-right:1.5vh;margin-bottom:0.5rem;margin-left:1.5vh\">Am\u00e9nagement d&rsquo;une infrastructure de franchissement s\u00e9curis\u00e9e pour la travers\u00e9e de la RN53 pour les usagers lents.<\/p>\n\n\n\n<div class=\"wp-block-buttons is-content-justification-left is-layout-flex wp-container-core-buttons-is-layout-4395d7bd wp-block-buttons-is-layout-flex\" style=\"padding-right:1.5vh;padding-left:1.5vh\">\n<div class=\"wp-block-button\"><a class=\"wp-block-button__link wp-element-button\" href=\"https:\/\/frw-pcdr.be\/dour\/wp-content\/uploads\/ER1\/Dour\/Doc\/PCDR\/Partie_4_table_des_matieres_cliquable.pdf\" target=\"_blank\" rel=\"noreferrer noopener\">Vers la partie IV<\/a><\/div>\n<\/div>\n\n\n\n<figure class=\"wp-block-image size-full\"><img loading=\"lazy\" decoding=\"async\" width=\"1000\" height=\"562\" src=\"http:\/\/frw-pcdr.be\/sivry-rance\/wp-content\/uploads\/ER4\/Sivry-Rance\/Img\/sites\/20\/Sivry-RN53-amenagement-routier-franchissement.webp\" alt=\"Vue du rond-point de Sivry-Rance apr\u00e8s l\u2019installation d\u2019une infrastructure de franchissement. Au centre, une sculpture de coq tr\u00f4ne sur un massif de pierres, entour\u00e9e de routes et de maisons en briques.\" class=\"wp-image-1152\" srcset=\"https:\/\/frw-pcdr.be\/sivry-rance\/wp-content\/uploads\/ER4\/Sivry-Rance\/Img\/sites\/20\/Sivry-RN53-amenagement-routier-franchissement.webp 1000w, https:\/\/frw-pcdr.be\/sivry-rance\/wp-content\/uploads\/ER4\/Sivry-Rance\/Img\/sites\/20\/Sivry-RN53-amenagement-routier-franchissement-300x169.webp 300w, https:\/\/frw-pcdr.be\/sivry-rance\/wp-content\/uploads\/ER4\/Sivry-Rance\/Img\/sites\/20\/Sivry-RN53-amenagement-routier-franchissement-768x432.webp 768w\" sizes=\"auto, (max-width: 1000px) 100vw, 1000px\" \/><\/figure>\n<\/div>\n<\/div>\n\n\n\n<hr class=\"wp-block-separator has-text-color has-ast-global-color-1-color has-alpha-channel-opacity has-ast-global-color-1-background-color has-background is-style-wide\" style=\"margin-bottom:50px\"\/>\n\n\n\n<div class=\"wp-block-columns is-layout-flex wp-container-core-columns-is-layout-a531a0f7 wp-block-columns-is-layout-flex\" style=\"padding-right:0;padding-left:0\">\n<div class=\"wp-block-column is-layout-flow wp-block-column-is-layout-flow\">\n<h2 class=\"wp-block-heading has-ast-global-color-3-color has-text-color has-link-color wp-elements-6e3f4ba31bbb0981d4a3e87cd73415fb\" style=\"margin-top:0;margin-right:1.5vh;margin-bottom:0;margin-left:1.5vh\">Grandrieu &#8211; Maison de village<\/h2>\n\n\n\n<p class=\"has-ast-global-color-3-color has-text-color has-link-color wp-elements-e8397da4791fc60125c50676e80e9db7\" style=\"margin-top:0.5rem;margin-right:1.5vh;margin-bottom:0.5rem;margin-left:1.5vh\">Transformation de la salle communale de Grandrieu en Maison de village et am\u00e9nagement de ses abords.<\/p>\n\n\n\n<div class=\"wp-block-buttons is-content-justification-left is-layout-flex wp-container-core-buttons-is-layout-4395d7bd wp-block-buttons-is-layout-flex\" style=\"padding-right:1.5vh;padding-left:1.5vh\">\n<div class=\"wp-block-button\"><a class=\"wp-block-button__link wp-element-button\" href=\"https:\/\/frw-pcdr.be\/dour\/wp-content\/uploads\/ER1\/Dour\/Doc\/PCDR\/Partie_4_table_des_matieres_cliquable.pdf\" target=\"_blank\" rel=\"noreferrer noopener\">Vers la partie IV<\/a><\/div>\n<\/div>\n\n\n\n<figure class=\"wp-block-image size-full\"><img loading=\"lazy\" decoding=\"async\" width=\"1000\" height=\"563\" src=\"http:\/\/frw-pcdr.be\/sivry-rance\/wp-content\/uploads\/ER4\/Sivry-Rance\/Img\/sites\/20\/MV-Grandreiu.webp\" alt=\"Nouvelle Maison de Village de Grandrieu avec fa\u00e7ade en bois et briques, parking am\u00e9nag\u00e9 et b\u00e2timent ancien en arri\u00e8re-plan sous ciel gris.\" class=\"wp-image-1129\" srcset=\"https:\/\/frw-pcdr.be\/sivry-rance\/wp-content\/uploads\/ER4\/Sivry-Rance\/Img\/sites\/20\/MV-Grandreiu.webp 1000w, https:\/\/frw-pcdr.be\/sivry-rance\/wp-content\/uploads\/ER4\/Sivry-Rance\/Img\/sites\/20\/MV-Grandreiu-300x169.webp 300w, https:\/\/frw-pcdr.be\/sivry-rance\/wp-content\/uploads\/ER4\/Sivry-Rance\/Img\/sites\/20\/MV-Grandreiu-768x432.webp 768w\" sizes=\"auto, (max-width: 1000px) 100vw, 1000px\" \/><\/figure>\n<\/div>\n\n\n\n<div class=\"wp-block-column is-layout-flow wp-block-column-is-layout-flow\">\n<h2 class=\"wp-block-heading has-ast-global-color-3-color has-text-color has-link-color wp-elements-2f89109de1990a07679437de817e38d5\" style=\"margin-right:1.5vh;margin-left:1.5vh\">Rance &#8211; Coeur de village<\/h2>\n\n\n\n<p class=\"has-ast-global-color-3-color has-text-color has-link-color wp-elements-1f3813719dd0112988b441bebe84a3ed\" style=\"margin-top:0.5rem;margin-right:1.5vh;margin-bottom:0.5rem;margin-left:1.5vh\">Am\u00e9nagement et valorisation du c\u0153ur du village et des entr\u00e9es de Rance.<\/p>\n\n\n\n<div class=\"wp-block-buttons is-content-justification-left is-layout-flex wp-container-core-buttons-is-layout-4395d7bd wp-block-buttons-is-layout-flex\" style=\"padding-right:1.5vh;padding-left:1.5vh\">\n<div class=\"wp-block-button\"><a class=\"wp-block-button__link wp-element-button\" href=\"https:\/\/frw-pcdr.be\/dour\/wp-content\/uploads\/ER1\/Dour\/Doc\/PCDR\/Partie_4_table_des_matieres_cliquable.pdf\" target=\"_blank\" rel=\"noreferrer noopener\">Vers la partie IV<\/a><\/div>\n<\/div>\n\n\n\n<figure class=\"wp-block-image size-full\"><img loading=\"lazy\" decoding=\"async\" width=\"900\" height=\"506\" src=\"http:\/\/frw-pcdr.be\/sivry-rance\/wp-content\/uploads\/ER4\/Sivry-Rance\/Img\/sites\/20\/amenagement-entrees-de-rance.webp\" alt=\"Vue des ronds-points de Rance dont les am\u00e9nagements sont termin\u00e9s, avec sculptures et espaces verts. Ces r\u00e9alisations s\u2019inscrivent dans le projet global de valorisation du c\u0153ur du village et des entr\u00e9es de village.\" class=\"wp-image-1154\" srcset=\"https:\/\/frw-pcdr.be\/sivry-rance\/wp-content\/uploads\/ER4\/Sivry-Rance\/Img\/sites\/20\/amenagement-entrees-de-rance.webp 900w, https:\/\/frw-pcdr.be\/sivry-rance\/wp-content\/uploads\/ER4\/Sivry-Rance\/Img\/sites\/20\/amenagement-entrees-de-rance-300x169.webp 300w, https:\/\/frw-pcdr.be\/sivry-rance\/wp-content\/uploads\/ER4\/Sivry-Rance\/Img\/sites\/20\/amenagement-entrees-de-rance-768x432.webp 768w\" sizes=\"auto, (max-width: 900px) 100vw, 900px\" \/><\/figure>\n<\/div>\n\n\n\n<div class=\"wp-block-column is-layout-flow wp-block-column-is-layout-flow\" style=\"padding-right:0;padding-left:0\">\n<h2 class=\"wp-block-heading has-ast-global-color-3-color has-text-color has-link-color wp-elements-104b9b4960cfc380e70d8471a0f4697e\" style=\"margin-right:1.5vh;margin-left:1.5vh\">Sivry-Rance<\/h2>\n\n\n\n<p class=\"has-ast-global-color-3-color has-text-color has-link-color wp-elements-d07bb2227b9cb318a98441890ae08995\" style=\"margin-top:0.5rem;margin-right:1.5vh;margin-bottom:0.5rem;margin-left:1.5vh\">Extension des am\u00e9nagement de s\u00e9curisation de la RN53.<\/p>\n\n\n\n<div class=\"wp-block-buttons is-content-justification-left is-layout-flex wp-container-core-buttons-is-layout-4395d7bd wp-block-buttons-is-layout-flex\" style=\"padding-right:1.5vh;padding-left:1.5vh\">\n<div class=\"wp-block-button\"><a class=\"wp-block-button__link wp-element-button\" href=\"https:\/\/frw-pcdr.be\/dour\/wp-content\/uploads\/ER1\/Dour\/Doc\/PCDR\/Partie_4_table_des_matieres_cliquable.pdf\" target=\"_blank\" rel=\"noreferrer noopener\">Vers la partie IV<\/a><\/div>\n<\/div>\n\n\n\n<figure class=\"wp-block-image size-full\"><img loading=\"lazy\" decoding=\"async\" width=\"900\" height=\"506\" src=\"http:\/\/frw-pcdr.be\/sivry-rance\/wp-content\/uploads\/ER4\/Sivry-Rance\/Img\/sites\/20\/sivry-rance_Securasation-RN53.webp\" alt=\"Vue de la double voie \u00e0 Sivry-Rance apr\u00e8s les travaux de s\u00e9curisation. L\u2019image montre une route bord\u00e9e d\u2019une glissi\u00e8re m\u00e9tallique et d\u2019un chemin en b\u00e9ton, entour\u00e9e de v\u00e9g\u00e9tation hivernale.\" class=\"wp-image-1153\" srcset=\"https:\/\/frw-pcdr.be\/sivry-rance\/wp-content\/uploads\/ER4\/Sivry-Rance\/Img\/sites\/20\/sivry-rance_Securasation-RN53.webp 900w, https:\/\/frw-pcdr.be\/sivry-rance\/wp-content\/uploads\/ER4\/Sivry-Rance\/Img\/sites\/20\/sivry-rance_Securasation-RN53-300x169.webp 300w, https:\/\/frw-pcdr.be\/sivry-rance\/wp-content\/uploads\/ER4\/Sivry-Rance\/Img\/sites\/20\/sivry-rance_Securasation-RN53-768x432.webp 768w\" sizes=\"auto, (max-width: 900px) 100vw, 900px\" \/><\/figure>\n<\/div>\n<\/div>\n<\/div>\n\n\n\n<div style=\"height:50px\" aria-hidden=\"true\" class=\"wp-block-spacer\"><\/div>\n\n\n\n<p class=\"has-text-align-center has-ast-global-color-2-color has-text-color has-link-color wp-elements-557f917ff42630a8877ee262e7df4b06\" style=\"padding-right:3vh;padding-left:3vh\"><strong>Envie de d\u00e9couvrir d\u2019autres projets et mesurer l\u2019\u00e9tendue des champs d\u2019action du d\u00e9veloppement rural ? Rendez-vous sur&#8230;<\/strong><\/p>\n\n\n\n<div class=\"wp-block-buttons is-content-justification-center is-layout-flex wp-container-core-buttons-is-layout-a89b3969 wp-block-buttons-is-layout-flex\">\n<div class=\"wp-block-button\"><a class=\"wp-block-button__link wp-element-button\" href=\"https:\/\/www.frw.be\/des-projets-pour\/\" target=\"_blank\" rel=\"noreferrer noopener\"><strong>FRW &#8211; Des projets pour&#8230;<\/strong><\/a><\/div>\n<\/div>\n\n\n\n<div style=\"height:50px\" aria-hidden=\"true\" class=\"wp-block-spacer\"><\/div>\n","protected":false},"excerpt":{"rendered":"<p>En cours Sivry- Grand&rsquo;place Am\u00e9nagement de la jonction entre l\u2019H\u00f4tel de Ville et le Centre culturel de Sivry. Grandrieu &#8211; [&hellip;]<\/p>\n","protected":false},"author":1,"featured_media":1094,"parent":0,"menu_order":3,"comment_status":"closed","ping_status":"closed","template":"","meta":{"site-sidebar-layout":"default","site-content-layout":"","ast-site-content-layout":"default","site-content-style":"default","site-sidebar-style":"default","ast-global-header-display":"","ast-banner-title-visibility":"","ast-main-header-display":"","ast-hfb-above-header-display":"","ast-hfb-below-header-display":"","ast-hfb-mobile-header-display":"","site-post-title":"disabled","ast-breadcrumbs-content":"","ast-featured-img":"disabled","footer-sml-layout":"","ast-disable-related-posts":"","theme-transparent-header-meta":"","adv-header-id-meta":"","stick-header-meta":"","header-above-stick-meta":"","header-main-stick-meta":"","header-below-stick-meta":"","astra-migrate-meta-layouts":"default","ast-page-background-enabled":"default","ast-page-background-meta":{"desktop":{"background-color":"var(--ast-global-color-5)","background-image":"","background-repeat":"repeat","background-position":"center center","background-size":"auto","background-attachment":"scroll","background-type":"","background-media":"","overlay-type":"","overlay-color":"","overlay-opacity":"","overlay-gradient":""},"tablet":{"background-color":"","background-image":"","background-repeat":"repeat","background-position":"center center","background-size":"auto","background-attachment":"scroll","background-type":"","background-media":"","overlay-type":"","overlay-color":"","overlay-opacity":"","overlay-gradient":""},"mobile":{"background-color":"","background-image":"","background-repeat":"repeat","background-position":"center center","background-size":"auto","background-attachment":"scroll","background-type":"","background-media":"","overlay-type":"","overlay-color":"","overlay-opacity":"","overlay-gradient":""}},"ast-content-background-meta":{"desktop":{"background-color":"var(--ast-global-color-4)","background-image":"","background-repeat":"repeat","background-position":"center center","background-size":"auto","background-attachment":"scroll","background-type":"","background-media":"","overlay-type":"","overlay-color":"","overlay-opacity":"","overlay-gradient":""},"tablet":{"background-color":"var(--ast-global-color-4)","background-image":"","background-repeat":"repeat","background-position":"center center","background-size":"auto","background-attachment":"scroll","background-type":"","background-media":"","overlay-type":"","overlay-color":"","overlay-opacity":"","overlay-gradient":""},"mobile":{"background-color":"var(--ast-global-color-4)","background-image":"","background-repeat":"repeat","background-position":"center center","background-size":"auto","background-attachment":"scroll","background-type":"","background-media":"","overlay-type":"","overlay-color":"","overlay-opacity":"","overlay-gradient":""}},"footnotes":""},"class_list":["post-9","page","type-page","status-publish","has-post-thumbnail","hentry"],"_links":{"self":[{"href":"https:\/\/frw-pcdr.be\/sivry-rance\/wp-json\/wp\/v2\/pages\/9","targetHints":{"allow":["GET"]}}],"collection":[{"href":"https:\/\/frw-pcdr.be\/sivry-rance\/wp-json\/wp\/v2\/pages"}],"about":[{"href":"https:\/\/frw-pcdr.be\/sivry-rance\/wp-json\/wp\/v2\/types\/page"}],"author":[{"embeddable":true,"href":"https:\/\/frw-pcdr.be\/sivry-rance\/wp-json\/wp\/v2\/users\/1"}],"replies":[{"embeddable":true,"href":"https:\/\/frw-pcdr.be\/sivry-rance\/wp-json\/wp\/v2\/comments?post=9"}],"version-history":[{"count":16,"href":"https:\/\/frw-pcdr.be\/sivry-rance\/wp-json\/wp\/v2\/pages\/9\/revisions"}],"predecessor-version":[{"id":1165,"href":"https:\/\/frw-pcdr.be\/sivry-rance\/wp-json\/wp\/v2\/pages\/9\/revisions\/1165"}],"wp:featuredmedia":[{"embeddable":true,"href":"https:\/\/frw-pcdr.be\/sivry-rance\/wp-json\/wp\/v2\/media\/1094"}],"wp:attachment":[{"href":"https:\/\/frw-pcdr.be\/sivry-rance\/wp-json\/wp\/v2\/media?parent=9"}],"curies":[{"name":"wp","href":"https:\/\/api.w.org\/{rel}","templated":true}]}}