{"id":330,"date":"2025-10-29T10:49:31","date_gmt":"2025-10-29T09:49:31","guid":{"rendered":"https:\/\/frw-pcdr.be\/onhaye\/?page_id=330"},"modified":"2026-03-02T15:37:10","modified_gmt":"2026-03-02T14:37:10","slug":"actualites","status":"publish","type":"page","link":"https:\/\/frw-pcdr.be\/sivry-rance\/actualites\/","title":{"rendered":"Actualit\u00e9s"},"content":{"rendered":"\n<div class=\"wp-block-group alignfull is-layout-constrained wp-container-core-group-is-layout-ce46af0e wp-block-group-is-layout-constrained\" style=\"padding-top:0;padding-right:3vw;padding-bottom:3vw;padding-left:3vw\">\n<h1 class=\"wp-block-heading has-text-align-left has-ast-global-color-0-color has-text-color has-link-color wp-elements-4a5e537b25b355149cbbd5be494b8a72\" style=\"margin-top:3rem;padding-top:0;padding-right:1.5vh;padding-bottom:0;padding-left:1.5vh;font-size:3.5vh;letter-spacing:0px\">ACTUALIT\u00c9S<\/h1>\n\n\n\n<h2 class=\"wp-block-heading has-text-align-left has-ast-global-color-1-color has-text-color has-link-color wp-elements-dbd4d0fac0b27ddf9730ade8dcde6000\" style=\"margin-top:var(--wp--preset--spacing--50);margin-right:0;margin-bottom:0;margin-left:0;padding-top:0;padding-right:2vh;padding-bottom:0;padding-left:2vh\">Les derni\u00e8res infos relatives au PCDR de votre commune<\/h2>\n\n\n\n<p style=\"margin-top:var(--wp--preset--spacing--40);margin-bottom:var(--wp--preset--spacing--40);padding-right:2vh;padding-left:2vh\">Projets en cours, inaugurations, r\u00e9unions&#8230;<\/p>\n<\/div>\n\n\n\n<div class=\"wp-block-group alignfull is-layout-constrained wp-block-group-is-layout-constrained\" style=\"margin-bottom:0;padding-top:0rem;padding-bottom:0rem\">\n<div class=\"wp-block-columns has-background is-layout-flex wp-container-core-columns-is-layout-2097dcb0 wp-block-columns-is-layout-flex\" style=\"border-radius:5px;background:linear-gradient(135deg,rgb(68,85,79) 0%,rgb(111,148,135) 100%);padding-top:var(--wp--preset--spacing--30);padding-right:var(--wp--preset--spacing--30);padding-bottom:var(--wp--preset--spacing--60);padding-left:var(--wp--preset--spacing--30)\">\n<div class=\"wp-block-column is-vertically-aligned-center is-layout-flow wp-block-column-is-layout-flow\" style=\"padding-right:0;padding-left:0\">\n<figure class=\"wp-block-image size-full\"><img loading=\"lazy\" decoding=\"async\" width=\"1920\" height=\"1080\" src=\"http:\/\/frw-pcdr.be\/sivry-rance\/wp-content\/uploads\/ER4\/Sivry-Rance\/Img\/sites\/20\/Actu-Sivry-02-03-26.webp\" alt=\"Main tenant un document administratif pos\u00e9 sur une table en bois, \u00e0 c\u00f4t\u00e9 d\u2019une tasse de caf\u00e9.\" class=\"wp-image-1183\" style=\"aspect-ratio:16\/9;object-fit:contain\" srcset=\"https:\/\/frw-pcdr.be\/sivry-rance\/wp-content\/uploads\/ER4\/Sivry-Rance\/Img\/sites\/20\/Actu-Sivry-02-03-26.webp 1920w, https:\/\/frw-pcdr.be\/sivry-rance\/wp-content\/uploads\/ER4\/Sivry-Rance\/Img\/sites\/20\/Actu-Sivry-02-03-26-300x169.webp 300w, https:\/\/frw-pcdr.be\/sivry-rance\/wp-content\/uploads\/ER4\/Sivry-Rance\/Img\/sites\/20\/Actu-Sivry-02-03-26-1024x576.webp 1024w, https:\/\/frw-pcdr.be\/sivry-rance\/wp-content\/uploads\/ER4\/Sivry-Rance\/Img\/sites\/20\/Actu-Sivry-02-03-26-768x432.webp 768w, https:\/\/frw-pcdr.be\/sivry-rance\/wp-content\/uploads\/ER4\/Sivry-Rance\/Img\/sites\/20\/Actu-Sivry-02-03-26-1536x864.webp 1536w\" sizes=\"auto, (max-width: 1920px) 100vw, 1920px\" \/><\/figure>\n<\/div>\n\n\n\n<div class=\"wp-block-column is-layout-flow wp-block-column-is-layout-flow\" style=\"padding-left:0\">\n<h2 class=\"wp-block-heading has-ast-global-color-3-color has-text-color has-link-color wp-elements-c7af499450a4c1a9ece9c4f2a3601be8\" style=\"padding-top:var(--wp--preset--spacing--40);padding-right:1.5vh;padding-left:1.5vh\">R\u00e9union de la CLDR<\/h2>\n\n\n\n<h6 class=\"wp-block-heading has-ast-global-color-3-color has-text-color has-link-color wp-elements-6445f25050578b051a5e56ecb4164716\" style=\"padding-right:1.5vh;padding-left:1.5vh\">02.03.2026<\/h6>\n\n\n\n<hr class=\"wp-block-separator has-text-color has-ast-global-color-1-color has-alpha-channel-opacity has-ast-global-color-1-background-color has-background is-style-wide\"\/>\n\n\n\n<p class=\"has-ast-global-color-3-color has-text-color has-link-color wp-elements-278362f3a8ad928d33c1c3a4a6417d54\" style=\"padding-right:1.5vh;padding-left:1.5vh\">La CLDR s&rsquo;est r\u00e9unie le 17 f\u00e9vrier dernier. Lors de cette r\u00e9union, le rapport annuel 2024 de l&rsquo;ODR a notamment \u00e9t\u00e9 pr\u00e9sent\u00e9 ainsi que l&rsquo;\u00e9tat d&rsquo;avancement des diff\u00e9rents projets du PCDR.<br><br>Pour d\u00e9couvrir le compte-rendu de cette rencontre, cliquez sur le bouton ci-dessous et rendez-vous dans la rubrique \u00ab\u00a0La CLDR\u00a0\u00bb :<\/p>\n\n\n\n<div class=\"wp-block-buttons is-layout-flex wp-block-buttons-is-layout-flex\" style=\"margin-top:var(--wp--preset--spacing--20);margin-bottom:var(--wp--preset--spacing--20);padding-right:2vh;padding-left:2vh\">\n<div class=\"wp-block-button\"><a class=\"wp-block-button__link wp-element-button\" href=\"https:\/\/frw-pcdr.be\/sivry-rance\/comment-participer\/\"><strong>Comment participer ?<\/strong><\/a><\/div>\n<\/div>\n<\/div>\n<\/div>\n<\/div>\n\n\n\n<div class=\"wp-block-group alignfull is-layout-constrained wp-block-group-is-layout-constrained\" style=\"margin-bottom:0;padding-top:0rem;padding-bottom:0rem\">\n<div class=\"wp-block-columns has-background is-layout-flex wp-container-core-columns-is-layout-2097dcb0 wp-block-columns-is-layout-flex\" style=\"border-radius:5px;background:linear-gradient(135deg,rgb(68,85,79) 0%,rgb(111,148,135) 100%);padding-top:var(--wp--preset--spacing--30);padding-right:var(--wp--preset--spacing--30);padding-bottom:var(--wp--preset--spacing--60);padding-left:var(--wp--preset--spacing--30)\">\n<div class=\"wp-block-column is-vertically-aligned-center is-layout-flow wp-block-column-is-layout-flow\" style=\"padding-right:0;padding-left:0\">\n<figure class=\"wp-block-image size-full\"><img loading=\"lazy\" decoding=\"async\" width=\"800\" height=\"800\" src=\"http:\/\/frw-pcdr.be\/sivry-rance\/wp-content\/uploads\/ER4\/Sivry-Rance\/Img\/sites\/20\/actu_sivry-centre.webp\" alt=\"Nouveau centre de Sivry inaugur\u00e9 le 20 juillet 2025, avec la place am\u00e9nag\u00e9e, statue centrale et \u00e9glise en arri\u00e8re-plan sous un ciel partiellement nuageux.\" class=\"wp-image-1110\" style=\"aspect-ratio:16\/9;object-fit:contain\" srcset=\"https:\/\/frw-pcdr.be\/sivry-rance\/wp-content\/uploads\/ER4\/Sivry-Rance\/Img\/sites\/20\/actu_sivry-centre.webp 800w, https:\/\/frw-pcdr.be\/sivry-rance\/wp-content\/uploads\/ER4\/Sivry-Rance\/Img\/sites\/20\/actu_sivry-centre-300x300.webp 300w, https:\/\/frw-pcdr.be\/sivry-rance\/wp-content\/uploads\/ER4\/Sivry-Rance\/Img\/sites\/20\/actu_sivry-centre-150x150.webp 150w, https:\/\/frw-pcdr.be\/sivry-rance\/wp-content\/uploads\/ER4\/Sivry-Rance\/Img\/sites\/20\/actu_sivry-centre-768x768.webp 768w\" sizes=\"auto, (max-width: 800px) 100vw, 800px\" \/><\/figure>\n<\/div>\n\n\n\n<div class=\"wp-block-column is-layout-flow wp-block-column-is-layout-flow\" style=\"padding-left:0\">\n<h2 class=\"wp-block-heading has-ast-global-color-3-color has-text-color has-link-color wp-elements-da10da16fb1db96a5ae3066ab4ba1db8\" style=\"padding-top:var(--wp--preset--spacing--40);padding-right:1.5vh;padding-left:1.5vh\">Inauguration du nouveau centre de Sivry-Rance <\/h2>\n\n\n\n<h6 class=\"wp-block-heading has-ast-global-color-3-color has-text-color has-link-color wp-elements-2e160086295d0ecf9464df515ab468cd\" style=\"padding-right:1.5vh;padding-left:1.5vh\">20.07.2025<\/h6>\n\n\n\n<hr class=\"wp-block-separator has-text-color has-ast-global-color-1-color has-alpha-channel-opacity has-ast-global-color-1-background-color has-background is-style-wide\"\/>\n\n\n\n<p class=\"has-ast-global-color-3-color has-text-color has-link-color wp-elements-90d4d502d8932af0feecbacb1189450e\" style=\"padding-right:1.5vh;padding-left:1.5vh\">Le nouveau centre de Sivry a \u00e9t\u00e9 inaugur\u00e9 le 20 juillet 2025.<br>Ce fut l&rsquo;occasion pour les personnes pr\u00e9sentes, dont les membres de la CLDR, de d\u00e9couvrir ce projet, fruit de la r\u00e9flexion collective men\u00e9e lors de l&rsquo;\u00e9laboration du Programme Communal de D\u00e9veloppement Rural.<\/p>\n\n\n\n<p class=\"has-ast-global-color-3-color has-text-color has-link-color wp-elements-11468649e03b6cec7ef76a0635176f73\" style=\"padding-right:1.5vh;padding-left:1.5vh\"><strong>Historique du projet :<\/strong> Apr\u00e8s diff\u00e9rentes r\u00e9unions citoyennes, apr\u00e8s une Commission Locale de D\u00e9veloppement Rural \u00e9largie aux riverains, et un avis favorable unanime de cette CLDR, le projet de r\u00e9am\u00e9nagement de la Place de Sivry a \u00e9t\u00e9 approuv\u00e9 par le Conseil Communal et par l&rsquo;administration Wallonne en juin 2023.<br>La d\u00e9signation de la future entreprise en charge des travaux aura lieu en d\u00e9cembre 2023.<br>Ce projet, de&nbsp; +\/- 1.620.000, euros TVAC, b\u00e9n\u00e9ficie de plusieurs financements :&nbsp;<br>&#8211; \u00ab\u00a0C\u0153ur de Village\u00a0\u00bb<br>&#8211; \u00ab\u00a0Plan d&rsquo;Investissement Communal \u00ab\u00a0<br>&#8211; \u00ab\u00a0Plan d&rsquo;Investissement Mobilit\u00e9 Active Communal et Intermodalit\u00e9 \u00ab\u00a0<\/p>\n\n\n\n<ul class=\"wp-block-list has-ast-global-color-3-color has-text-color has-link-color wp-elements-2c70380d9a57479e8e3170dc7ddcdfca\">\n<li>Pour plus d&rsquo;infos :<\/li>\n<\/ul>\n\n\n\n<div class=\"wp-block-buttons is-layout-flex wp-block-buttons-is-layout-flex\" style=\"margin-top:var(--wp--preset--spacing--20);margin-bottom:var(--wp--preset--spacing--20);padding-right:2vh;padding-left:2vh\">\n<div class=\"wp-block-button\"><a class=\"wp-block-button__link wp-element-button\" href=\"https:\/\/frw-pcdr.be\/sivry-rance\/les-realisations\/\"><strong>Les r\u00e9alisations<\/strong><\/a><\/div>\n<\/div>\n<\/div>\n<\/div>\n<\/div>\n\n\n\n<div class=\"wp-block-group alignfull is-layout-constrained wp-block-group-is-layout-constrained\" style=\"margin-bottom:0;padding-top:0rem;padding-bottom:0rem\">\n<div style=\"height:40px\" aria-hidden=\"true\" class=\"wp-block-spacer\"><\/div>\n\n\n\n<div class=\"wp-block-columns has-background is-layout-flex wp-container-core-columns-is-layout-2097dcb0 wp-block-columns-is-layout-flex\" style=\"border-radius:5px;background:linear-gradient(135deg,rgb(68,85,79) 0%,rgb(111,148,135) 100%);padding-top:var(--wp--preset--spacing--30);padding-right:var(--wp--preset--spacing--30);padding-bottom:var(--wp--preset--spacing--60);padding-left:var(--wp--preset--spacing--30)\">\n<div class=\"wp-block-column is-vertically-aligned-center is-layout-flow wp-block-column-is-layout-flow\" style=\"padding-right:0;padding-left:0\">\n<figure class=\"wp-block-image size-full\"><img loading=\"lazy\" decoding=\"async\" width=\"864\" height=\"486\" src=\"http:\/\/frw-pcdr.be\/sivry-rance\/wp-content\/uploads\/ER4\/Sivry-Rance\/Img\/sites\/20\/actu_grandrieu.webp\" alt=\"Maison de Village de Grandrieu, b\u00e2timent moderne en bois et briques inaugur\u00e9 le 22 septembre 2024, sous un ciel d\u00e9gag\u00e9.\" class=\"wp-image-1108\" style=\"aspect-ratio:16\/9;object-fit:cover\" srcset=\"https:\/\/frw-pcdr.be\/sivry-rance\/wp-content\/uploads\/ER4\/Sivry-Rance\/Img\/sites\/20\/actu_grandrieu.webp 864w, https:\/\/frw-pcdr.be\/sivry-rance\/wp-content\/uploads\/ER4\/Sivry-Rance\/Img\/sites\/20\/actu_grandrieu-300x169.webp 300w, https:\/\/frw-pcdr.be\/sivry-rance\/wp-content\/uploads\/ER4\/Sivry-Rance\/Img\/sites\/20\/actu_grandrieu-768x432.webp 768w\" sizes=\"auto, (max-width: 864px) 100vw, 864px\" \/><\/figure>\n<\/div>\n\n\n\n<div class=\"wp-block-column is-layout-flow wp-block-column-is-layout-flow\" style=\"padding-left:0\">\n<h2 class=\"wp-block-heading has-ast-global-color-3-color has-text-color has-link-color wp-elements-71df6631e0fd5b9a660c745d65fa1a96\" style=\"padding-top:var(--wp--preset--spacing--40);padding-right:1.5vh;padding-left:1.5vh\"><strong>Inauguration de la Maison de Village de Grandrieu et ses abords<\/strong><\/h2>\n\n\n\n<h6 class=\"wp-block-heading has-ast-global-color-3-color has-text-color has-link-color wp-elements-21f0fe04afaa3482e71c4c6d323cbea5\" style=\"padding-right:1.5vh;padding-left:1.5vh\">22.09.2024<\/h6>\n\n\n\n<hr class=\"wp-block-separator has-text-color has-ast-global-color-1-color has-alpha-channel-opacity has-ast-global-color-1-background-color has-background is-style-wide\"\/>\n\n\n\n<p class=\"has-ast-global-color-3-color has-text-color has-link-color wp-elements-1cad95bcf716c592c5eddbd794e66c8b\" style=\"padding-right:1.5vh;padding-left:1.5vh\">La Maison de Village de Grandrieu a \u00e9t\u00e9 inaugur\u00e9e le 22 septembre 2024.<br>Ce fut l&rsquo;occasion pour les personnes pr\u00e9sentes, dont les membres de la CLDR, de d\u00e9couvrir ce projet, fruit de la r\u00e9flexion collective men\u00e9e lors de l&rsquo;\u00e9laboration du Programme Communal de D\u00e9veloppement Rural.<\/p>\n\n\n\n<p class=\"has-ast-global-color-3-color has-text-color has-link-color wp-elements-79b3d77be79f7c99c73975f6b42f3f17\" style=\"padding-right:1.5vh;padding-left:1.5vh\"><strong>Historique du projet :<\/strong> Apr\u00e8s la signature par la Ministre Tellier de la CONVENTION-REALISATION le 14 juin 2021, permettant d&rsquo;entamer les phases administratives (notamment la d\u00e9signation de l&rsquo;entreprise en charge des travaux), La phase travaux \u00e0 d\u00e9but\u00e9 \u00e0 la fin du mois de janvier 2023 par la d\u00e9molition du b\u00e2timent. La construction de la nouvelle Maison de Village a, quant \u00e0 elle, commenc\u00e9 en f\u00e9vrier 2023.&nbsp;<\/p>\n\n\n\n<ul class=\"wp-block-list\">\n<li class=\"has-ast-global-color-3-color has-text-color has-link-color wp-elements-c70ad61cf56c929b42da988feb566663\" style=\"margin-top:0;margin-bottom:0;padding-top:0;padding-bottom:0\">Pour plus d&rsquo;infos :<\/li>\n<\/ul>\n\n\n\n<div class=\"wp-block-buttons is-layout-flex wp-container-core-buttons-is-layout-c85574e8 wp-block-buttons-is-layout-flex\" style=\"margin-top:var(--wp--preset--spacing--20);margin-bottom:var(--wp--preset--spacing--20);padding-top:0;padding-right:2vh;padding-bottom:0;padding-left:2vh\">\n<div class=\"wp-block-button\"><a class=\"wp-block-button__link wp-element-button\" href=\"https:\/\/frw-pcdr.be\/sivry-rance\/les-realisations\/\"><strong>Les r\u00e9alisations<\/strong><\/a><\/div>\n<\/div>\n<\/div>\n<\/div>\n<\/div>\n\n\n\n<div style=\"height:40px\" aria-hidden=\"true\" class=\"wp-block-spacer\"><\/div>\n\n\n\n<div style=\"height:40px\" aria-hidden=\"true\" class=\"wp-block-spacer\"><\/div>\n\n\n\n<p><\/p>\n","protected":false},"excerpt":{"rendered":"<p>ACTUALIT\u00c9S Les derni\u00e8res infos relatives au PCDR de votre commune Projets en cours, inaugurations, r\u00e9unions&#8230; R\u00e9union de la CLDR 02.03.2026 [&hellip;]<\/p>\n","protected":false},"author":1,"featured_media":1094,"parent":0,"menu_order":1,"comment_status":"closed","ping_status":"closed","template":"","meta":{"site-sidebar-layout":"default","site-content-layout":"","ast-site-content-layout":"default","site-content-style":"default","site-sidebar-style":"default","ast-global-header-display":"","ast-banner-title-visibility":"","ast-main-header-display":"","ast-hfb-above-header-display":"","ast-hfb-below-header-display":"","ast-hfb-mobile-header-display":"","site-post-title":"disabled","ast-breadcrumbs-content":"","ast-featured-img":"disabled","footer-sml-layout":"","ast-disable-related-posts":"","theme-transparent-header-meta":"","adv-header-id-meta":"","stick-header-meta":"","header-above-stick-meta":"","header-main-stick-meta":"","header-below-stick-meta":"","astra-migrate-meta-layouts":"default","ast-page-background-enabled":"default","ast-page-background-meta":{"desktop":{"background-color":"var(--ast-global-color-5)","background-image":"","background-repeat":"repeat","background-position":"center center","background-size":"auto","background-attachment":"scroll","background-type":"","background-media":"","overlay-type":"","overlay-color":"","overlay-opacity":"","overlay-gradient":""},"tablet":{"background-color":"","background-image":"","background-repeat":"repeat","background-position":"center center","background-size":"auto","background-attachment":"scroll","background-type":"","background-media":"","overlay-type":"","overlay-color":"","overlay-opacity":"","overlay-gradient":""},"mobile":{"background-color":"","background-image":"","background-repeat":"repeat","background-position":"center center","background-size":"auto","background-attachment":"scroll","background-type":"","background-media":"","overlay-type":"","overlay-color":"","overlay-opacity":"","overlay-gradient":""}},"ast-content-background-meta":{"desktop":{"background-color":"var(--ast-global-color-4)","background-image":"","background-repeat":"repeat","background-position":"center center","background-size":"auto","background-attachment":"scroll","background-type":"","background-media":"","overlay-type":"","overlay-color":"","overlay-opacity":"","overlay-gradient":""},"tablet":{"background-color":"var(--ast-global-color-4)","background-image":"","background-repeat":"repeat","background-position":"center center","background-size":"auto","background-attachment":"scroll","background-type":"","background-media":"","overlay-type":"","overlay-color":"","overlay-opacity":"","overlay-gradient":""},"mobile":{"background-color":"var(--ast-global-color-4)","background-image":"","background-repeat":"repeat","background-position":"center center","background-size":"auto","background-attachment":"scroll","background-type":"","background-media":"","overlay-type":"","overlay-color":"","overlay-opacity":"","overlay-gradient":""}},"footnotes":""},"class_list":["post-330","page","type-page","status-publish","has-post-thumbnail","hentry"],"_links":{"self":[{"href":"https:\/\/frw-pcdr.be\/sivry-rance\/wp-json\/wp\/v2\/pages\/330","targetHints":{"allow":["GET"]}}],"collection":[{"href":"https:\/\/frw-pcdr.be\/sivry-rance\/wp-json\/wp\/v2\/pages"}],"about":[{"href":"https:\/\/frw-pcdr.be\/sivry-rance\/wp-json\/wp\/v2\/types\/page"}],"author":[{"embeddable":true,"href":"https:\/\/frw-pcdr.be\/sivry-rance\/wp-json\/wp\/v2\/users\/1"}],"replies":[{"embeddable":true,"href":"https:\/\/frw-pcdr.be\/sivry-rance\/wp-json\/wp\/v2\/comments?post=330"}],"version-history":[{"count":6,"href":"https:\/\/frw-pcdr.be\/sivry-rance\/wp-json\/wp\/v2\/pages\/330\/revisions"}],"predecessor-version":[{"id":1184,"href":"https:\/\/frw-pcdr.be\/sivry-rance\/wp-json\/wp\/v2\/pages\/330\/revisions\/1184"}],"wp:featuredmedia":[{"embeddable":true,"href":"https:\/\/frw-pcdr.be\/sivry-rance\/wp-json\/wp\/v2\/media\/1094"}],"wp:attachment":[{"href":"https:\/\/frw-pcdr.be\/sivry-rance\/wp-json\/wp\/v2\/media?parent=330"}],"curies":[{"name":"wp","href":"https:\/\/api.w.org\/{rel}","templated":true}]}}