{"id":330,"date":"2025-10-29T10:49:31","date_gmt":"2025-10-29T09:49:31","guid":{"rendered":"https:\/\/frw-pcdr.be\/onhaye\/?page_id=330"},"modified":"2026-03-30T16:14:20","modified_gmt":"2026-03-30T14:14:20","slug":"actualites","status":"publish","type":"page","link":"https:\/\/frw-pcdr.be\/onhaye\/actualites\/","title":{"rendered":"Actualit\u00e9s"},"content":{"rendered":"\n<div class=\"wp-block-group alignfull has-ast-global-color-3-background-color has-background is-layout-constrained wp-container-core-group-is-layout-ce46af0e wp-block-group-is-layout-constrained\" style=\"padding-top:0;padding-right:3vw;padding-bottom:3vw;padding-left:3vw\">\n<h1 class=\"wp-block-heading has-text-align-left has-ast-global-color-0-color has-text-color has-link-color wp-elements-4a5e537b25b355149cbbd5be494b8a72\" style=\"margin-top:3rem;padding-top:0;padding-right:1.5vh;padding-bottom:0;padding-left:1.5vh;font-size:3.5vh;letter-spacing:0px\">ACTUALIT\u00c9S<\/h1>\n\n\n\n<h2 class=\"wp-block-heading has-text-align-left has-ast-global-color-1-color has-text-color has-link-color wp-elements-dbd4d0fac0b27ddf9730ade8dcde6000\" style=\"margin-top:var(--wp--preset--spacing--50);margin-right:0;margin-bottom:0;margin-left:0;padding-top:0;padding-right:2vh;padding-bottom:0;padding-left:2vh\">Les derni\u00e8res infos relatives au PCDR de votre commune<\/h2>\n\n\n\n<p style=\"margin-top:var(--wp--preset--spacing--40);margin-bottom:var(--wp--preset--spacing--40);padding-right:2vh;padding-left:2vh\">Projets en cours, inaugurations, r\u00e9unions&#8230;<\/p>\n<\/div>\n\n\n\n<div class=\"wp-block-group alignfull has-ast-global-color-3-background-color has-background is-layout-constrained wp-block-group-is-layout-constrained\" style=\"margin-bottom:0;padding-top:0rem;padding-bottom:0rem\">\n<div class=\"wp-block-columns has-background is-layout-flex wp-container-core-columns-is-layout-2097dcb0 wp-block-columns-is-layout-flex\" style=\"border-radius:5px;background:linear-gradient(135deg,rgb(68,85,79) 0%,rgb(111,148,135) 100%);padding-top:var(--wp--preset--spacing--30);padding-right:var(--wp--preset--spacing--30);padding-bottom:var(--wp--preset--spacing--60);padding-left:var(--wp--preset--spacing--30)\">\n<div class=\"wp-block-column is-vertically-aligned-center is-layout-flow wp-block-column-is-layout-flow\" style=\"padding-right:0;padding-left:0\">\n<figure class=\"wp-block-image alignwide size-full\"><img loading=\"lazy\" decoding=\"async\" width=\"1920\" height=\"1080\" src=\"http:\/\/frw-pcdr.be\/onhaye\/wp-content\/uploads\/ER4\/Onhaye\/Img\/sites\/4\/Actu-salle-de-Falaen-.webp\" alt=\"Collage de deux photos prises lors de l\u2019inauguration de la Maison de village de Falaen. La premi\u00e8re image montre une grande salle r\u00e9nov\u00e9e avec des murs en pierre, une mezzanine et plusieurs tables hautes autour desquelles se rassemblent des personnes. La seconde image montre un groupe de personnes assises face \u00e0 un espace de prise de parole o\u00f9 plusieurs intervenants se tiennent debout lors du discours officiel.\" class=\"wp-image-1006\" srcset=\"https:\/\/frw-pcdr.be\/onhaye\/wp-content\/uploads\/ER4\/Onhaye\/Img\/sites\/4\/Actu-salle-de-Falaen-.webp 1920w, https:\/\/frw-pcdr.be\/onhaye\/wp-content\/uploads\/ER4\/Onhaye\/Img\/sites\/4\/Actu-salle-de-Falaen--300x169.webp 300w, https:\/\/frw-pcdr.be\/onhaye\/wp-content\/uploads\/ER4\/Onhaye\/Img\/sites\/4\/Actu-salle-de-Falaen--1024x576.webp 1024w, https:\/\/frw-pcdr.be\/onhaye\/wp-content\/uploads\/ER4\/Onhaye\/Img\/sites\/4\/Actu-salle-de-Falaen--768x432.webp 768w, https:\/\/frw-pcdr.be\/onhaye\/wp-content\/uploads\/ER4\/Onhaye\/Img\/sites\/4\/Actu-salle-de-Falaen--1536x864.webp 1536w\" sizes=\"auto, (max-width: 1920px) 100vw, 1920px\" \/><\/figure>\n<\/div>\n\n\n\n<div class=\"wp-block-column is-layout-flow wp-block-column-is-layout-flow\" style=\"padding-left:0\">\n<h2 class=\"wp-block-heading has-ast-global-color-3-color has-text-color has-link-color wp-elements-bf9cddc529f0c0cb562bccc698f858a3\" style=\"padding-top:var(--wp--preset--spacing--40);padding-right:1.5vh;padding-left:1.5vh\">Inauguration de la salle de Fala\u00ebn<\/h2>\n\n\n\n<h6 class=\"wp-block-heading has-ast-global-color-3-color has-text-color has-link-color wp-elements-e9ba10fb1eefc4aac3f7deaf5bb8f343\" style=\"padding-right:1.5vh;padding-left:1.5vh\"><em>16 mars 2026<\/em><\/h6>\n\n\n\n<hr class=\"wp-block-separator has-text-color has-ast-global-color-1-color has-alpha-channel-opacity has-ast-global-color-1-background-color has-background is-style-wide\"\/>\n\n\n\n<p class=\"has-ast-global-color-3-color has-text-color has-link-color wp-elements-96f677aff0e1d3c43bba76aba9051a70\" style=\"padding-right:1.5vh;padding-left:1.5vh\">Les vendredi 13 et samedi 14 mars, la commune d&rsquo;Onhaye a eu le plaisir d&rsquo;inaugurer la salle de Fala\u00ebn, un lieu r\u00e9nov\u00e9 en Maison de village gr\u00e2ce au d\u00e9veloppement rural et pr\u00eat \u00e0 accueillir de nombreux moments de rencontre, de convivialit\u00e9 et de vie associative.<br><br>Un grand merci aux nombreux citoyens pr\u00e9sents lors de l&rsquo;inauguration. Leur pr\u00e9sence t\u00e9moigne de l&rsquo;importance de ce lieu pour la vie de village.<br><br>Nous nous r\u00e9jouissons de voir cette salle vivre au rythme des activit\u00e9s, des \u00e9v\u00e9nements et des rencontres qui feront battre le c\u0153ur de Fala\u00ebn dans les ann\u00e9es \u00e0 venir.<\/p>\n<\/div>\n<\/div>\n<\/div>\n\n\n\n<div style=\"height:40px\" aria-hidden=\"true\" class=\"wp-block-spacer\"><\/div>\n\n\n\n<div class=\"wp-block-group alignfull has-ast-global-color-3-background-color has-background is-layout-constrained wp-block-group-is-layout-constrained\" style=\"margin-bottom:0;padding-top:0rem;padding-bottom:0rem\">\n<div class=\"wp-block-columns has-background is-layout-flex wp-container-core-columns-is-layout-2097dcb0 wp-block-columns-is-layout-flex\" style=\"border-radius:5px;background:linear-gradient(135deg,rgb(68,85,79) 0%,rgb(111,148,135) 100%);padding-top:var(--wp--preset--spacing--30);padding-right:var(--wp--preset--spacing--30);padding-bottom:var(--wp--preset--spacing--60);padding-left:var(--wp--preset--spacing--30)\">\n<div class=\"wp-block-column is-vertically-aligned-center is-layout-flow wp-block-column-is-layout-flow\" style=\"padding-right:0;padding-left:0\">\n<figure class=\"wp-block-image alignwide size-full\"><img loading=\"lazy\" decoding=\"async\" width=\"1000\" height=\"573\" src=\"http:\/\/frw-pcdr.be\/onhaye\/wp-content\/uploads\/ER4\/Onhaye\/Img\/sites\/4\/reunion-cldr-floutee-bis.webp\" alt=\"Une vingtaine de personne assise autour de tables dispos\u00e9es en un grand rectangle qui regardent une pr\u00e9sentation projet\u00e9e sur un mur en arri\u00e8re plan de l'image\" class=\"wp-image-440\" srcset=\"https:\/\/frw-pcdr.be\/onhaye\/wp-content\/uploads\/ER4\/Onhaye\/Img\/sites\/4\/reunion-cldr-floutee-bis.webp 1000w, https:\/\/frw-pcdr.be\/onhaye\/wp-content\/uploads\/ER4\/Onhaye\/Img\/sites\/4\/reunion-cldr-floutee-bis-300x172.webp 300w, https:\/\/frw-pcdr.be\/onhaye\/wp-content\/uploads\/ER4\/Onhaye\/Img\/sites\/4\/reunion-cldr-floutee-bis-768x440.webp 768w\" sizes=\"auto, (max-width: 1000px) 100vw, 1000px\" \/><\/figure>\n<\/div>\n\n\n\n<div class=\"wp-block-column is-layout-flow wp-block-column-is-layout-flow\" style=\"padding-left:0\">\n<h2 class=\"wp-block-heading has-ast-global-color-3-color has-text-color has-link-color wp-elements-ecb8d8ed851ba4da206b9caf91716c3c\" style=\"padding-top:var(--wp--preset--spacing--40);padding-right:1.5vh;padding-left:1.5vh\">Composition de la CLDR<\/h2>\n\n\n\n<h6 class=\"wp-block-heading has-ast-global-color-3-color has-text-color has-link-color wp-elements-72e9f3f8860b974635003860f0fd9b97\" style=\"padding-right:1.5vh;padding-left:1.5vh\"><em>25 septembre 2025<\/em><\/h6>\n\n\n\n<hr class=\"wp-block-separator has-text-color has-ast-global-color-1-color has-alpha-channel-opacity has-ast-global-color-1-background-color has-background is-style-wide\"\/>\n\n\n\n<p class=\"has-ast-global-color-3-color has-text-color has-link-color wp-elements-5edd6204e98379175fbe48d440a301c4\" style=\"padding-right:1.5vh;padding-left:1.5vh\">Le Conseil communal a approuv\u00e9 la nouvelle composition de la CLDR. <br>Celle-ci se r\u00e9unira le 27 novembre.<\/p>\n\n\n\n<div class=\"wp-block-buttons is-layout-flex wp-block-buttons-is-layout-flex\" style=\"padding-right:2vh;padding-left:2vh\">\n<div class=\"wp-block-button\"><a class=\"wp-block-button__link wp-element-button\" href=\"https:\/\/frw-pcdr.be\/onhaye\/comment-participer\/\">La CLDR<\/a><\/div>\n<\/div>\n<\/div>\n<\/div>\n<\/div>\n\n\n\n<div style=\"height:40px\" aria-hidden=\"true\" class=\"wp-block-spacer\"><\/div>\n\n\n\n<div class=\"wp-block-group alignfull has-ast-global-color-3-background-color has-background is-layout-constrained wp-block-group-is-layout-constrained\" style=\"padding-top:0rem;padding-bottom:0rem\">\n<div class=\"wp-block-columns has-background is-layout-flex wp-container-core-columns-is-layout-2097dcb0 wp-block-columns-is-layout-flex\" style=\"border-radius:5px;background:linear-gradient(135deg,rgb(68,85,79) 0%,rgb(111,148,135) 100%);padding-top:var(--wp--preset--spacing--30);padding-right:var(--wp--preset--spacing--30);padding-bottom:var(--wp--preset--spacing--60);padding-left:var(--wp--preset--spacing--30)\">\n<div class=\"wp-block-column is-vertically-aligned-center is-layout-flow wp-block-column-is-layout-flow\" style=\"padding-left:0\">\n<figure class=\"wp-block-image alignwide size-full\"><img loading=\"lazy\" decoding=\"async\" width=\"2560\" height=\"1589\" src=\"http:\/\/frw-pcdr.be\/onhaye\/wp-content\/uploads\/ER4\/Onhaye\/Img\/sites\/4\/Reunion-CLDR-floutee-scaled.jpg\" alt=\"Lors d'une r\u00e9union de CLDR dans une salle, une trentaine de personnes assises sur des chaises au premier plan qui assistent \u00e0 une pr\u00e9sentation\" class=\"wp-image-439\" srcset=\"https:\/\/frw-pcdr.be\/onhaye\/wp-content\/uploads\/ER4\/Onhaye\/Img\/sites\/4\/Reunion-CLDR-floutee-scaled.jpg 2560w, https:\/\/frw-pcdr.be\/onhaye\/wp-content\/uploads\/ER4\/Onhaye\/Img\/sites\/4\/Reunion-CLDR-floutee-300x186.jpg 300w, https:\/\/frw-pcdr.be\/onhaye\/wp-content\/uploads\/ER4\/Onhaye\/Img\/sites\/4\/Reunion-CLDR-floutee-1024x636.jpg 1024w, https:\/\/frw-pcdr.be\/onhaye\/wp-content\/uploads\/ER4\/Onhaye\/Img\/sites\/4\/Reunion-CLDR-floutee-768x477.jpg 768w, https:\/\/frw-pcdr.be\/onhaye\/wp-content\/uploads\/ER4\/Onhaye\/Img\/sites\/4\/Reunion-CLDR-floutee-1536x954.jpg 1536w, https:\/\/frw-pcdr.be\/onhaye\/wp-content\/uploads\/ER4\/Onhaye\/Img\/sites\/4\/Reunion-CLDR-floutee-2048x1272.jpg 2048w\" sizes=\"auto, (max-width: 2560px) 100vw, 2560px\" \/><\/figure>\n<\/div>\n\n\n\n<div class=\"wp-block-column is-layout-flow wp-block-column-is-layout-flow\" style=\"padding-right:0;padding-left:0\">\n<h2 class=\"wp-block-heading has-ast-global-color-3-color has-text-color has-link-color wp-elements-b8991ba96c921636743202dd1d4af9b1\" style=\"padding-top:var(--wp--preset--spacing--40);padding-right:1.5vh;padding-bottom:0;padding-left:1.5vh\">De nouveaux candidats !<\/h2>\n\n\n\n<h6 class=\"wp-block-heading has-ast-global-color-3-color has-text-color has-link-color wp-elements-65c0a8511bb10ecf437c775a7957580c\" style=\"padding-right:1.5vh;padding-left:1.5vh\"><em>27 mai 2025<\/em><\/h6>\n\n\n\n<hr class=\"wp-block-separator has-text-color has-ast-global-color-1-color has-alpha-channel-opacity has-ast-global-color-1-background-color has-background is-style-wide\"\/>\n\n\n\n<p class=\"has-ast-global-color-3-color has-text-color has-link-color wp-elements-f7ad22c64fec4878bdeb64748b95da36\" style=\"padding-right:1.5vh;padding-left:1.5vh\">Une soir\u00e9e citoyenne pour r\u00e9colter des nouvelles candidatures pour la CLDR, la CCATM (<em><strong>c<\/strong>ommission <strong>c<\/strong>ommunale d&rsquo;<strong>a<\/strong>m\u00e9nagement du <strong>t<\/strong>erritoire et de <strong>m<\/strong>obilit\u00e9<\/em>), le comit\u00e9 POLLEC (<em><strong>pol<\/strong>itique <strong>l<\/strong>ocale <strong>\u00e9<\/strong>nergie <strong>c<\/strong>limat<\/em>) et la CCCA (<em><strong>c<\/strong>onseil <strong>c<\/strong>onsultatif <strong>c<\/strong>ommunal des <strong>a<\/strong>\u00een\u00e9s<\/em>) a eu lieu. Merci aux participants pour leur pr\u00e9sence et leur implication !<\/p>\n\n\n\n<div class=\"wp-block-buttons is-layout-flex wp-block-buttons-is-layout-flex\" style=\"padding-right:2vh;padding-left:2vh\"><\/div>\n<\/div>\n<\/div>\n<\/div>\n\n\n\n<div style=\"height:40px\" aria-hidden=\"true\" class=\"wp-block-spacer\"><\/div>\n\n\n\n<div class=\"wp-block-group alignfull has-ast-global-color-3-background-color has-background is-layout-constrained wp-block-group-is-layout-constrained\" style=\"padding-top:0rem;padding-bottom:0rem\">\n<div class=\"wp-block-columns has-background is-layout-flex wp-container-core-columns-is-layout-2097dcb0 wp-block-columns-is-layout-flex\" style=\"border-radius:5px;background:linear-gradient(135deg,rgb(68,85,79) 0%,rgb(111,148,135) 100%);padding-top:var(--wp--preset--spacing--30);padding-right:var(--wp--preset--spacing--30);padding-bottom:var(--wp--preset--spacing--60);padding-left:var(--wp--preset--spacing--30)\">\n<div class=\"wp-block-column is-vertically-aligned-center is-layout-flow wp-block-column-is-layout-flow\" style=\"padding-right:0;padding-left:0\">\n<figure class=\"wp-block-image alignwide size-full\"><img loading=\"lazy\" decoding=\"async\" width=\"1000\" height=\"500\" src=\"http:\/\/frw-pcdr.be\/onhaye\/wp-content\/uploads\/ER4\/Onhaye\/Img\/sites\/4\/pcdr-approuve.webp\" alt=\"deux mains tiennent le pcdr de Onhaye en avant plan et une vue de Onhaye en arri\u00e8re-plan\" class=\"wp-image-442\" srcset=\"https:\/\/frw-pcdr.be\/onhaye\/wp-content\/uploads\/ER4\/Onhaye\/Img\/sites\/4\/pcdr-approuve.webp 1000w, https:\/\/frw-pcdr.be\/onhaye\/wp-content\/uploads\/ER4\/Onhaye\/Img\/sites\/4\/pcdr-approuve-300x150.webp 300w, https:\/\/frw-pcdr.be\/onhaye\/wp-content\/uploads\/ER4\/Onhaye\/Img\/sites\/4\/pcdr-approuve-768x384.webp 768w\" sizes=\"auto, (max-width: 1000px) 100vw, 1000px\" \/><\/figure>\n<\/div>\n\n\n\n<div class=\"wp-block-column is-layout-flow wp-block-column-is-layout-flow\" style=\"padding-left:0\">\n<h2 class=\"wp-block-heading has-ast-global-color-3-color has-text-color has-link-color wp-elements-85f4d58d77073c8cc47e5b41d28f87a9\" style=\"padding-top:var(--wp--preset--spacing--40);padding-right:1.5vh;padding-left:1.5vh\">Approbation du PCDR<\/h2>\n\n\n\n<h6 class=\"wp-block-heading has-ast-global-color-3-color has-text-color has-link-color wp-elements-31988fd8029599b959d55c5bfde721e3\" style=\"padding-right:1.5vh;padding-left:1.5vh\"><em>15 mai 2025<\/em><\/h6>\n\n\n\n<hr class=\"wp-block-separator has-text-color has-ast-global-color-1-color has-alpha-channel-opacity has-ast-global-color-1-background-color has-background is-style-wide\"\/>\n\n\n\n<p class=\"has-ast-global-color-3-color has-text-color has-link-color wp-elements-9dcd673f45a60119f7eb44997798cdef\" style=\"padding-right:1.5vh;padding-left:1.5vh\">Le Gouvernement wallon a approuv\u00e9 le PCDR de la commune d&rsquo;Onhaye reprenant les projets pouvant \u00eatre r\u00e9alis\u00e9s dans les 10 ann\u00e9es \u00e0 venir. <\/p>\n\n\n\n<div class=\"wp-block-buttons is-layout-flex wp-block-buttons-is-layout-flex\" style=\"padding-right:2vh;padding-left:2vh\">\n<div class=\"wp-block-button\"><a class=\"wp-block-button__link wp-element-button\" href=\"https:\/\/frw-pcdr.be\/onhaye\/le-pcdr\/\">Le PCDR<\/a><\/div>\n<\/div>\n<\/div>\n<\/div>\n<\/div>\n\n\n\n<div style=\"height:40px\" aria-hidden=\"true\" class=\"wp-block-spacer\"><\/div>\n","protected":false},"excerpt":{"rendered":"<p>ACTUALIT\u00c9S Les derni\u00e8res infos relatives au PCDR de votre commune Projets en cours, inaugurations, r\u00e9unions&#8230; Inauguration de la salle de [&hellip;]<\/p>\n","protected":false},"author":2,"featured_media":0,"parent":0,"menu_order":1,"comment_status":"closed","ping_status":"closed","template":"","meta":{"site-sidebar-layout":"default","site-content-layout":"","ast-site-content-layout":"default","site-content-style":"default","site-sidebar-style":"default","ast-global-header-display":"","ast-banner-title-visibility":"","ast-main-header-display":"","ast-hfb-above-header-display":"","ast-hfb-below-header-display":"","ast-hfb-mobile-header-display":"","site-post-title":"disabled","ast-breadcrumbs-content":"","ast-featured-img":"disabled","footer-sml-layout":"","ast-disable-related-posts":"","theme-transparent-header-meta":"","adv-header-id-meta":"","stick-header-meta":"","header-above-stick-meta":"","header-main-stick-meta":"","header-below-stick-meta":"","astra-migrate-meta-layouts":"default","ast-page-background-enabled":"default","ast-page-background-meta":{"desktop":{"background-color":"var(--ast-global-color-5)","background-image":"","background-repeat":"repeat","background-position":"center center","background-size":"auto","background-attachment":"scroll","background-type":"","background-media":"","overlay-type":"","overlay-color":"","overlay-opacity":"","overlay-gradient":""},"tablet":{"background-color":"","background-image":"","background-repeat":"repeat","background-position":"center center","background-size":"auto","background-attachment":"scroll","background-type":"","background-media":"","overlay-type":"","overlay-color":"","overlay-opacity":"","overlay-gradient":""},"mobile":{"background-color":"","background-image":"","background-repeat":"repeat","background-position":"center center","background-size":"auto","background-attachment":"scroll","background-type":"","background-media":"","overlay-type":"","overlay-color":"","overlay-opacity":"","overlay-gradient":""}},"ast-content-background-meta":{"desktop":{"background-color":"var(--ast-global-color-4)","background-image":"","background-repeat":"repeat","background-position":"center center","background-size":"auto","background-attachment":"scroll","background-type":"","background-media":"","overlay-type":"","overlay-color":"","overlay-opacity":"","overlay-gradient":""},"tablet":{"background-color":"var(--ast-global-color-4)","background-image":"","background-repeat":"repeat","background-position":"center center","background-size":"auto","background-attachment":"scroll","background-type":"","background-media":"","overlay-type":"","overlay-color":"","overlay-opacity":"","overlay-gradient":""},"mobile":{"background-color":"var(--ast-global-color-4)","background-image":"","background-repeat":"repeat","background-position":"center center","background-size":"auto","background-attachment":"scroll","background-type":"","background-media":"","overlay-type":"","overlay-color":"","overlay-opacity":"","overlay-gradient":""}},"footnotes":""},"class_list":["post-330","page","type-page","status-publish","hentry"],"_links":{"self":[{"href":"https:\/\/frw-pcdr.be\/onhaye\/wp-json\/wp\/v2\/pages\/330","targetHints":{"allow":["GET"]}}],"collection":[{"href":"https:\/\/frw-pcdr.be\/onhaye\/wp-json\/wp\/v2\/pages"}],"about":[{"href":"https:\/\/frw-pcdr.be\/onhaye\/wp-json\/wp\/v2\/types\/page"}],"author":[{"embeddable":true,"href":"https:\/\/frw-pcdr.be\/onhaye\/wp-json\/wp\/v2\/users\/2"}],"replies":[{"embeddable":true,"href":"https:\/\/frw-pcdr.be\/onhaye\/wp-json\/wp\/v2\/comments?post=330"}],"version-history":[{"count":109,"href":"https:\/\/frw-pcdr.be\/onhaye\/wp-json\/wp\/v2\/pages\/330\/revisions"}],"predecessor-version":[{"id":1008,"href":"https:\/\/frw-pcdr.be\/onhaye\/wp-json\/wp\/v2\/pages\/330\/revisions\/1008"}],"wp:attachment":[{"href":"https:\/\/frw-pcdr.be\/onhaye\/wp-json\/wp\/v2\/media?parent=330"}],"curies":[{"name":"wp","href":"https:\/\/api.w.org\/{rel}","templated":true}]}}