{"id":9,"date":"2025-10-21T17:16:36","date_gmt":"2025-10-21T15:16:36","guid":{"rendered":"https:\/\/frw-pcdr.be\/onhaye\/?page_id=9"},"modified":"2026-02-13T12:11:36","modified_gmt":"2026-02-13T11:11:36","slug":"les-realisations","status":"publish","type":"page","link":"https:\/\/frw-pcdr.be\/mont-de-l-enclus\/les-realisations\/","title":{"rendered":"Les r\u00e9alisations"},"content":{"rendered":"\n<div class=\"wp-block-group alignfull has-ast-global-color-3-background-color has-background is-layout-constrained wp-container-core-group-is-layout-c7ccc7fa wp-block-group-is-layout-constrained\" style=\"margin-top:0;margin-bottom:0;padding-top:var(--wp--preset--spacing--60);padding-right:3vw;padding-bottom:var(--wp--preset--spacing--50);padding-left:3vw\">\n<h1 class=\"wp-block-heading has-ast-global-color-0-color has-text-color has-link-color wp-elements-14a7137f7fcb5b615cd65c93dd7455c9\" style=\"padding-top:0;padding-right:1.5vh;padding-bottom:0;padding-left:1.5vh;font-size:3.5vh;letter-spacing:0px\">En cours<\/h1>\n\n\n\n<hr class=\"wp-block-separator has-text-color has-ast-global-color-1-color has-alpha-channel-opacity has-ast-global-color-1-background-color has-background is-style-wide\" \/>\n\n\n\n<div class=\"wp-block-columns is-layout-flex wp-container-core-columns-is-layout-a531a0f7 wp-block-columns-is-layout-flex\" style=\"padding-right:0;padding-left:0\">\n<div class=\"wp-block-column is-layout-flow wp-block-column-is-layout-flow\">\n<h2 class=\"wp-block-heading\" style=\"margin-right:1.5vh;margin-left:1.5vh\">Amougies &#8211; Cr\u00e9er des logements seniors avec service<\/h2>\n\n\n\n<p style=\"margin-top:0.5rem;margin-right:1.5vh;margin-bottom:0.5rem;margin-left:1.5vh\">Le projet pr\u00e9voit de cr\u00e9er un ensemble de trois logements pour personnes \u00e2g\u00e9es autonomes, capables de<br>vivre en logement individuel, ainsi qu&rsquo;\u200bun espace commun regroupant des services accessibles aux r\u00e9sidents.<\/p>\n\n\n\n<div class=\"wp-block-buttons is-content-justification-left is-layout-flex wp-container-core-buttons-is-layout-4395d7bd wp-block-buttons-is-layout-flex\" style=\"padding-right:1.5vh;padding-left:1.5vh\">\n<div class=\"wp-block-button\"><a class=\"wp-block-button__link wp-element-button\" href=\"https:\/\/frw-pcdr.be\/mont-de-l-enclus\/wp-content\/uploads\/ER1\/Mont-de-l-Enclus\/Doc\/PCDR\/MDE_PCDR_P5.pdf#Page=33\" target=\"_blank\" rel=\"noreferrer noopener\">Vers la partie V<\/a><\/div>\n<\/div>\n\n\n\n<figure class=\"wp-block-image size-large\"><img loading=\"lazy\" decoding=\"async\" width=\"1024\" height=\"683\" src=\"http:\/\/frw-pcdr.be\/mont-de-l-enclus\/wp-content\/uploads\/ER1\/Mont-de-l-Enclus\/Img\/sites\/40\/MDE-logements-seniors-1024x683.webp\" alt=\"\" class=\"wp-image-1093\" srcset=\"https:\/\/frw-pcdr.be\/mont-de-l-enclus\/wp-content\/uploads\/ER1\/Mont-de-l-Enclus\/Img\/sites\/40\/MDE-logements-seniors-1024x683.webp 1024w, https:\/\/frw-pcdr.be\/mont-de-l-enclus\/wp-content\/uploads\/ER1\/Mont-de-l-Enclus\/Img\/sites\/40\/MDE-logements-seniors-300x200.webp 300w, https:\/\/frw-pcdr.be\/mont-de-l-enclus\/wp-content\/uploads\/ER1\/Mont-de-l-Enclus\/Img\/sites\/40\/MDE-logements-seniors-768x512.webp 768w, https:\/\/frw-pcdr.be\/mont-de-l-enclus\/wp-content\/uploads\/ER1\/Mont-de-l-Enclus\/Img\/sites\/40\/MDE-logements-seniors.webp 1385w\" sizes=\"auto, (max-width: 1024px) 100vw, 1024px\" \/><\/figure>\n<\/div>\n\n\n\n<div class=\"wp-block-column is-layout-flow wp-block-column-is-layout-flow\">\n<h2 class=\"wp-block-heading\" style=\"margin-right:1.5vh;margin-left:1.5vh\">Amougies &#8211; Cr\u00e9er une maison-multi-services<\/h2>\n\n\n\n<p style=\"margin-top:0.5rem;margin-right:1.5vh;margin-bottom:0.5rem;margin-left:1.5vh\">Le projet pr\u00e9voyait la construction d&rsquo;une infrastructure polyvalente accueillant 4 espaces distinct. En raison d&rsquo;une hausse des couts, 2 espaces seront construits : la salle polyvante d\u00e9di\u00e9e aux \u00e9changes et l&rsquo;espace \u00ab\u00a0jeunes\u00a0\u00bb<\/p>\n\n\n\n<div class=\"wp-block-buttons is-content-justification-left is-layout-flex wp-container-core-buttons-is-layout-4395d7bd wp-block-buttons-is-layout-flex\" style=\"padding-right:1.5vh;padding-left:1.5vh\">\n<div class=\"wp-block-button\"><a class=\"wp-block-button__link wp-element-button\" href=\"https:\/\/frw-pcdr.be\/mont-de-l-enclus\/wp-content\/uploads\/ER1\/Mont-de-l-Enclus\/Doc\/PCDR\/MDE_PCDR_P5.pdf#Page=43\" target=\"_blank\" rel=\"noreferrer noopener\">Vers la partie V<\/a><\/div>\n<\/div>\n\n\n\n<figure class=\"wp-block-image size-large\"><img loading=\"lazy\" decoding=\"async\" width=\"1024\" height=\"576\" src=\"http:\/\/frw-pcdr.be\/mont-de-l-enclus\/wp-content\/uploads\/ER1\/Mont-de-l-Enclus\/Img\/sites\/40\/Image-MDE-3-1024x576.webp\" alt=\"\" class=\"wp-image-1090\" srcset=\"https:\/\/frw-pcdr.be\/mont-de-l-enclus\/wp-content\/uploads\/ER1\/Mont-de-l-Enclus\/Img\/sites\/40\/Image-MDE-3-1024x576.webp 1024w, https:\/\/frw-pcdr.be\/mont-de-l-enclus\/wp-content\/uploads\/ER1\/Mont-de-l-Enclus\/Img\/sites\/40\/Image-MDE-3-300x169.webp 300w, https:\/\/frw-pcdr.be\/mont-de-l-enclus\/wp-content\/uploads\/ER1\/Mont-de-l-Enclus\/Img\/sites\/40\/Image-MDE-3-768x432.webp 768w, https:\/\/frw-pcdr.be\/mont-de-l-enclus\/wp-content\/uploads\/ER1\/Mont-de-l-Enclus\/Img\/sites\/40\/Image-MDE-3-1536x864.webp 1536w, https:\/\/frw-pcdr.be\/mont-de-l-enclus\/wp-content\/uploads\/ER1\/Mont-de-l-Enclus\/Img\/sites\/40\/Image-MDE-3.webp 1920w\" sizes=\"auto, (max-width: 1024px) 100vw, 1024px\" \/><\/figure>\n<\/div>\n\n\n\n<div class=\"wp-block-column is-layout-flow wp-block-column-is-layout-flow\" style=\"padding-right:0;padding-left:0\">\n<h2 class=\"wp-block-heading\" style=\"margin-right:1.5vh;margin-left:1.5vh\">Anseroeul &#8211; Am\u00e9nager un espace de cr\u00e8che<\/h2>\n\n\n\n<p style=\"margin-top:0.5rem;margin-right:1.5vh;margin-bottom:0.5rem;margin-left:1.5vh\">Ce projet devait occuper un des espaces de la maison multi-services, suite au modification du projet, l&rsquo;espace cr\u00e8che sera cr\u00e9\u00e9 dans l&rsquo;atelier rural d&rsquo;Anseroeul<\/p>\n\n\n\n<div class=\"wp-block-buttons is-content-justification-left is-layout-flex wp-container-core-buttons-is-layout-4395d7bd wp-block-buttons-is-layout-flex\" style=\"padding-right:1.5vh;padding-left:1.5vh\">\n<div class=\"wp-block-button\"><a class=\"wp-block-button__link wp-element-button\" href=\"https:\/\/frw-pcdr.be\/mont-de-l-enclus\/wp-content\/uploads\/ER1\/Mont-de-l-Enclus\/Doc\/PCDR\/MDE_PCDR_P5.pdf#Page=53\" target=\"_blank\" rel=\"noreferrer noopener\">Vers la partie V<\/a><\/div>\n<\/div>\n\n\n\n<figure class=\"wp-block-image size-large\"><img loading=\"lazy\" decoding=\"async\" width=\"1024\" height=\"768\" src=\"http:\/\/frw-pcdr.be\/mont-de-l-enclus\/wp-content\/uploads\/ER1\/Mont-de-l-Enclus\/Img\/sites\/40\/AR-anseroeul-1024x768.webp\" alt=\"\" class=\"wp-image-1094\" srcset=\"https:\/\/frw-pcdr.be\/mont-de-l-enclus\/wp-content\/uploads\/ER1\/Mont-de-l-Enclus\/Img\/sites\/40\/AR-anseroeul-1024x768.webp 1024w, https:\/\/frw-pcdr.be\/mont-de-l-enclus\/wp-content\/uploads\/ER1\/Mont-de-l-Enclus\/Img\/sites\/40\/AR-anseroeul-300x225.webp 300w, https:\/\/frw-pcdr.be\/mont-de-l-enclus\/wp-content\/uploads\/ER1\/Mont-de-l-Enclus\/Img\/sites\/40\/AR-anseroeul-768x576.webp 768w, https:\/\/frw-pcdr.be\/mont-de-l-enclus\/wp-content\/uploads\/ER1\/Mont-de-l-Enclus\/Img\/sites\/40\/AR-anseroeul-1536x1152.webp 1536w, https:\/\/frw-pcdr.be\/mont-de-l-enclus\/wp-content\/uploads\/ER1\/Mont-de-l-Enclus\/Img\/sites\/40\/AR-anseroeul-2048x1536.webp 2048w\" sizes=\"auto, (max-width: 1024px) 100vw, 1024px\" \/><\/figure>\n<\/div>\n<\/div>\n\n\n\n<hr class=\"wp-block-separator has-text-color has-ast-global-color-1-color has-alpha-channel-opacity has-ast-global-color-1-background-color has-background is-style-wide\" \/>\n\n\n\n<div class=\"wp-block-columns is-layout-flex wp-container-core-columns-is-layout-a531a0f7 wp-block-columns-is-layout-flex\" style=\"padding-right:0;padding-left:0\">\n<div class=\"wp-block-column is-layout-flow wp-block-column-is-layout-flow\">\n<h2 class=\"wp-block-heading\" style=\"margin-right:1.5vh;margin-left:1.5vh\">Am\u00e9nager et baliser des sentiers intra et inter villages<\/h2>\n\n\n\n<p style=\"margin-top:0.5rem;margin-right:1.5vh;margin-bottom:0.5rem;margin-left:1.5vh\">Le projet consiste \u00e0 mettre en place, sur base de l\u2019Atlas des sentiers et des chemins vicinaux, un balisage et un entretien coh\u00e9rent, int\u00e9gr\u00e9 et hi\u00e9rarchis\u00e9 des sentiers.<\/p>\n\n\n\n<div class=\"wp-block-buttons is-content-justification-left is-layout-flex wp-container-core-buttons-is-layout-4395d7bd wp-block-buttons-is-layout-flex\" style=\"padding-right:1.5vh;padding-left:1.5vh\">\n<div class=\"wp-block-button\"><a class=\"wp-block-button__link wp-element-button\" href=\"https:\/\/frw-pcdr.be\/mont-de-l-enclus\/wp-content\/uploads\/ER1\/Mont-de-l-Enclus\/Doc\/PCDR\/MDE_PCDR_P5.pdf#Page=65\" target=\"_blank\" rel=\"noreferrer noopener\">Vers la partie V<\/a><\/div>\n<\/div>\n\n\n\n<figure class=\"wp-block-image size-large\"><img loading=\"lazy\" decoding=\"async\" width=\"1024\" height=\"768\" src=\"http:\/\/frw-pcdr.be\/mont-de-l-enclus\/wp-content\/uploads\/ER1\/Mont-de-l-Enclus\/Img\/sites\/40\/Baliser-sentiers-1024x768.webp\" alt=\"\" class=\"wp-image-1083\" srcset=\"https:\/\/frw-pcdr.be\/mont-de-l-enclus\/wp-content\/uploads\/ER1\/Mont-de-l-Enclus\/Img\/sites\/40\/Baliser-sentiers-1024x768.webp 1024w, https:\/\/frw-pcdr.be\/mont-de-l-enclus\/wp-content\/uploads\/ER1\/Mont-de-l-Enclus\/Img\/sites\/40\/Baliser-sentiers-300x225.webp 300w, https:\/\/frw-pcdr.be\/mont-de-l-enclus\/wp-content\/uploads\/ER1\/Mont-de-l-Enclus\/Img\/sites\/40\/Baliser-sentiers-768x576.webp 768w, https:\/\/frw-pcdr.be\/mont-de-l-enclus\/wp-content\/uploads\/ER1\/Mont-de-l-Enclus\/Img\/sites\/40\/Baliser-sentiers-1536x1152.webp 1536w, https:\/\/frw-pcdr.be\/mont-de-l-enclus\/wp-content\/uploads\/ER1\/Mont-de-l-Enclus\/Img\/sites\/40\/Baliser-sentiers-2048x1536.webp 2048w\" sizes=\"auto, (max-width: 1024px) 100vw, 1024px\" \/><\/figure>\n<\/div>\n\n\n\n<div class=\"wp-block-column is-layout-flow wp-block-column-is-layout-flow\">\n<h2 class=\"wp-block-heading\" style=\"margin-right:1.5vh;margin-left:1.5vh\">Cr\u00e9er un rucher didactique<\/h2>\n\n\n\n<p style=\"margin-top:0.5rem;margin-right:1.5vh;margin-bottom:0.5rem;margin-left:1.5vh\">Dans la lign\u00e9e des actions du Plan MAYA d\u00e9j\u00e0 men\u00e9es sur le territoire de Mont-de-l&rsquo;Enclus, le projet consiste \u00e0 am\u00e9nager un espace didactique centr\u00e9 sur les abeilles. Il se situe le long du Ravel et sera inaugur\u00e9 dans le courant 2026<\/p>\n\n\n\n<div class=\"wp-block-buttons is-content-justification-left is-layout-flex wp-container-core-buttons-is-layout-4395d7bd wp-block-buttons-is-layout-flex\" style=\"padding-right:1.5vh;padding-left:1.5vh\">\n<div class=\"wp-block-button\"><a class=\"wp-block-button__link wp-element-button\" href=\"https:\/\/frw-pcdr.be\/mont-de-l-enclus\/wp-content\/uploads\/ER1\/Mont-de-l-Enclus\/Doc\/PCDR\/MDE_PCDR_P5.pdf#Page=73\" target=\"_blank\" rel=\"noreferrer noopener\">Vers la partie V<\/a><\/div>\n<\/div>\n\n\n\n<figure class=\"wp-block-image size-large\"><img loading=\"lazy\" decoding=\"async\" width=\"1024\" height=\"768\" src=\"http:\/\/frw-pcdr.be\/mont-de-l-enclus\/wp-content\/uploads\/ER1\/Mont-de-l-Enclus\/Img\/sites\/40\/1000005100-1024x768.webp\" alt=\"\" class=\"wp-image-1082\" srcset=\"https:\/\/frw-pcdr.be\/mont-de-l-enclus\/wp-content\/uploads\/ER1\/Mont-de-l-Enclus\/Img\/sites\/40\/1000005100-1024x768.webp 1024w, https:\/\/frw-pcdr.be\/mont-de-l-enclus\/wp-content\/uploads\/ER1\/Mont-de-l-Enclus\/Img\/sites\/40\/1000005100-300x225.webp 300w, https:\/\/frw-pcdr.be\/mont-de-l-enclus\/wp-content\/uploads\/ER1\/Mont-de-l-Enclus\/Img\/sites\/40\/1000005100-768x576.webp 768w, https:\/\/frw-pcdr.be\/mont-de-l-enclus\/wp-content\/uploads\/ER1\/Mont-de-l-Enclus\/Img\/sites\/40\/1000005100-1536x1152.webp 1536w, https:\/\/frw-pcdr.be\/mont-de-l-enclus\/wp-content\/uploads\/ER1\/Mont-de-l-Enclus\/Img\/sites\/40\/1000005100.webp 2000w\" sizes=\"auto, (max-width: 1024px) 100vw, 1024px\" \/><\/figure>\n<\/div>\n\n\n\n<div class=\"wp-block-column is-layout-flow wp-block-column-is-layout-flow\" style=\"padding-right:0;padding-left:0\">\n<h2 class=\"wp-block-heading\" style=\"margin-right:1.5vh;margin-left:1.5vh\">Adopter un plan de communication<\/h2>\n\n\n\n<p style=\"margin-top:0.5rem;margin-right:1.5vh;margin-bottom:0.5rem;margin-left:1.5vh\">Le projet consiste \u00e0 structurer la communication communale afin de toucher un maximum de citoyens. Mont-de-l&rsquo;Enclus poss\u00e8de d\u00e9sormais un groupe Facebook, un nouveau site web communal, un bulletin communal, etc.&nbsp;<\/p>\n\n\n\n<div class=\"wp-block-buttons is-content-justification-left is-layout-flex wp-container-core-buttons-is-layout-4395d7bd wp-block-buttons-is-layout-flex\" style=\"padding-right:1.5vh;padding-left:1.5vh\">\n<div class=\"wp-block-button\"><a class=\"wp-block-button__link wp-element-button\" href=\"https:\/\/frw-pcdr.be\/mont-de-l-enclus\/wp-content\/uploads\/ER1\/Mont-de-l-Enclus\/Doc\/PCDR\/MDE_PCDR_P5.pdf#Page=7\" target=\"_blank\" rel=\"noreferrer noopener\">Vers la partie V<\/a><\/div>\n<\/div>\n\n\n\n<figure class=\"wp-block-image size-full\"><img loading=\"lazy\" decoding=\"async\" width=\"720\" height=\"480\" src=\"http:\/\/frw-pcdr.be\/mont-de-l-enclus\/wp-content\/uploads\/ER1\/Mont-de-l-Enclus\/Img\/sites\/40\/FP1.jpg\" alt=\"\" class=\"wp-image-1086\" srcset=\"https:\/\/frw-pcdr.be\/mont-de-l-enclus\/wp-content\/uploads\/ER1\/Mont-de-l-Enclus\/Img\/sites\/40\/FP1.jpg 720w, https:\/\/frw-pcdr.be\/mont-de-l-enclus\/wp-content\/uploads\/ER1\/Mont-de-l-Enclus\/Img\/sites\/40\/FP1-300x200.jpg 300w\" sizes=\"auto, (max-width: 720px) 100vw, 720px\" \/><\/figure>\n<\/div>\n<\/div>\n\n\n\n<hr class=\"wp-block-separator has-text-color has-ast-global-color-1-color has-alpha-channel-opacity has-ast-global-color-1-background-color has-background is-style-wide\" \/>\n\n\n\n<div class=\"wp-block-columns is-layout-flex wp-container-core-columns-is-layout-a531a0f7 wp-block-columns-is-layout-flex\" style=\"padding-right:0;padding-left:0\">\n<div class=\"wp-block-column is-layout-flow wp-block-column-is-layout-flow\">\n<h2 class=\"wp-block-heading\" style=\"margin-right:1.5vh;margin-left:1.5vh\">Cr\u00e9er un espace citoyen en s\u2019appuyant sur le patrimoine cultuel local<\/h2>\n\n\n\n<p style=\"margin-top:0.5rem;margin-right:1.5vh;margin-bottom:0.5rem;margin-left:1.5vh\">Il s\u2019agit de compl\u00e9ter le r\u00e9seau des espaces publics  accessibles au milieu associatif enclusien en s\u2019appuyant sur des b\u00e2timents de patrimoine local. Par exemple, des conf\u00e9rences sont organis\u00e9s dans les \u00e9glises.<\/p>\n\n\n\n<div class=\"wp-block-buttons is-content-justification-left is-layout-flex wp-container-core-buttons-is-layout-4395d7bd wp-block-buttons-is-layout-flex\" style=\"padding-right:1.5vh;padding-left:1.5vh\">\n<div class=\"wp-block-button\"><a class=\"wp-block-button__link wp-element-button\" href=\"https:\/\/frw-pcdr.be\/mont-de-l-enclus\/wp-content\/uploads\/ER1\/Mont-de-l-Enclus\/Doc\/PCDR\/MDE_PCDR_P5.pdf#Page=94\" target=\"_blank\" rel=\"noreferrer noopener\">Vers la partie V<\/a><\/div>\n<\/div>\n\n\n\n<figure class=\"wp-block-image size-large\"><img loading=\"lazy\" decoding=\"async\" width=\"1024\" height=\"768\" src=\"http:\/\/frw-pcdr.be\/mont-de-l-enclus\/wp-content\/uploads\/ER1\/Mont-de-l-Enclus\/Img\/sites\/40\/eglise_russeignies-1024x768.webp\" alt=\"\" class=\"wp-image-1085\" srcset=\"https:\/\/frw-pcdr.be\/mont-de-l-enclus\/wp-content\/uploads\/ER1\/Mont-de-l-Enclus\/Img\/sites\/40\/eglise_russeignies-1024x768.webp 1024w, https:\/\/frw-pcdr.be\/mont-de-l-enclus\/wp-content\/uploads\/ER1\/Mont-de-l-Enclus\/Img\/sites\/40\/eglise_russeignies-300x225.webp 300w, https:\/\/frw-pcdr.be\/mont-de-l-enclus\/wp-content\/uploads\/ER1\/Mont-de-l-Enclus\/Img\/sites\/40\/eglise_russeignies-768x576.webp 768w, https:\/\/frw-pcdr.be\/mont-de-l-enclus\/wp-content\/uploads\/ER1\/Mont-de-l-Enclus\/Img\/sites\/40\/eglise_russeignies-1536x1152.webp 1536w, https:\/\/frw-pcdr.be\/mont-de-l-enclus\/wp-content\/uploads\/ER1\/Mont-de-l-Enclus\/Img\/sites\/40\/eglise_russeignies-2048x1536.webp 2048w\" sizes=\"auto, (max-width: 1024px) 100vw, 1024px\" \/><\/figure>\n<\/div>\n\n\n\n<div class=\"wp-block-column is-layout-flow wp-block-column-is-layout-flow\">\n<h2 class=\"wp-block-heading\" style=\"margin-right:1.5vh;margin-left:1.5vh\">Cr\u00e9er un p\u00f4le de loisirs actifs<\/h2>\n\n\n\n<p style=\"margin-top:0.5rem;margin-right:1.5vh;margin-bottom:0.5rem;margin-left:1.5vh\">Ce projet men\u00e9 avec IDETA pr\u00e9voit 4 phases :<br>\u2022 La cr\u00e9ation d\u2019un circuit d\u2019interpr\u00e9tation (r\u00e9alis\u00e9)<br>\u2022 La cr\u00e9ation de circuit de randonn\u00e9e et VTT pour les familles<br>\u2022 La cr\u00e9ation d\u2019un circuit accrobranche dans le bois communal<br>\u2022 La cr\u00e9ation d\u2019un parking \u00e0 la rue du Renard<\/p>\n\n\n\n<div class=\"wp-block-buttons is-content-justification-left is-layout-flex wp-container-core-buttons-is-layout-4395d7bd wp-block-buttons-is-layout-flex\" style=\"padding-right:1.5vh;padding-left:1.5vh\">\n<div class=\"wp-block-button\"><a class=\"wp-block-button__link wp-element-button\" href=\"https:\/\/frw-pcdr.be\/mont-de-l-enclus\/wp-content\/uploads\/ER1\/Mont-de-l-Enclus\/Doc\/PCDR\/MDE_PCDR_P5.pdf#Page=113\" target=\"_blank\" rel=\"noreferrer noopener\">Vers la partie V<\/a><\/div>\n<\/div>\n\n\n\n<figure class=\"wp-block-image size-large\"><img loading=\"lazy\" decoding=\"async\" width=\"1024\" height=\"684\" src=\"http:\/\/frw-pcdr.be\/mont-de-l-enclus\/wp-content\/uploads\/ER1\/Mont-de-l-Enclus\/Img\/sites\/40\/maison_randonneurs-1024x684.webp\" alt=\"\" class=\"wp-image-1092\" srcset=\"https:\/\/frw-pcdr.be\/mont-de-l-enclus\/wp-content\/uploads\/ER1\/Mont-de-l-Enclus\/Img\/sites\/40\/maison_randonneurs-1024x684.webp 1024w, https:\/\/frw-pcdr.be\/mont-de-l-enclus\/wp-content\/uploads\/ER1\/Mont-de-l-Enclus\/Img\/sites\/40\/maison_randonneurs-300x201.webp 300w, https:\/\/frw-pcdr.be\/mont-de-l-enclus\/wp-content\/uploads\/ER1\/Mont-de-l-Enclus\/Img\/sites\/40\/maison_randonneurs-768x513.webp 768w, https:\/\/frw-pcdr.be\/mont-de-l-enclus\/wp-content\/uploads\/ER1\/Mont-de-l-Enclus\/Img\/sites\/40\/maison_randonneurs-1536x1027.webp 1536w, https:\/\/frw-pcdr.be\/mont-de-l-enclus\/wp-content\/uploads\/ER1\/Mont-de-l-Enclus\/Img\/sites\/40\/maison_randonneurs-2048x1369.webp 2048w\" sizes=\"auto, (max-width: 1024px) 100vw, 1024px\" \/><\/figure>\n<\/div>\n\n\n\n<div class=\"wp-block-column is-layout-flow wp-block-column-is-layout-flow\" style=\"padding-right:0;padding-left:0\">\n<h2 class=\"wp-block-heading\" style=\"margin-right:1.5vh;margin-left:1.5vh\">Valoriser le terrain communal de la rue du Renard<\/h2>\n\n\n\n<p style=\"margin-top:0.5rem;margin-right:1.5vh;margin-bottom:0.5rem;margin-left:1.5vh\">Le projet vise \u00e0 valoriser un terrain compris dans un ensemble dont la vocation historique est tourn\u00e9e vers le tourisme. Ce terrain est repris dans un projet global de valorisation touristique de l\u2019Enclus du haut.<\/p>\n\n\n\n<div class=\"wp-block-buttons is-content-justification-left is-layout-flex wp-container-core-buttons-is-layout-4395d7bd wp-block-buttons-is-layout-flex\" style=\"padding-right:1.5vh;padding-left:1.5vh\">\n<div class=\"wp-block-button\"><a class=\"wp-block-button__link wp-element-button\" href=\"https:\/\/frw-pcdr.be\/mont-de-l-enclus\/wp-content\/uploads\/ER1\/Mont-de-l-Enclus\/Doc\/PCDR\/MDE_PCDR_P5.pdf#Page=109\" target=\"_blank\" rel=\"noreferrer noopener\">Vers la partie V<\/a><\/div>\n<\/div>\n\n\n\n<figure class=\"wp-block-image size-large\"><img loading=\"lazy\" decoding=\"async\" width=\"1024\" height=\"768\" src=\"http:\/\/frw-pcdr.be\/mont-de-l-enclus\/wp-content\/uploads\/ER1\/Mont-de-l-Enclus\/Img\/sites\/40\/2014-09-29-ORROIR-Terrain-communal-du-Renard-1-1024x768.webp\" alt=\"\" class=\"wp-image-1079\" srcset=\"https:\/\/frw-pcdr.be\/mont-de-l-enclus\/wp-content\/uploads\/ER1\/Mont-de-l-Enclus\/Img\/sites\/40\/2014-09-29-ORROIR-Terrain-communal-du-Renard-1-1024x768.webp 1024w, https:\/\/frw-pcdr.be\/mont-de-l-enclus\/wp-content\/uploads\/ER1\/Mont-de-l-Enclus\/Img\/sites\/40\/2014-09-29-ORROIR-Terrain-communal-du-Renard-1-300x225.webp 300w, https:\/\/frw-pcdr.be\/mont-de-l-enclus\/wp-content\/uploads\/ER1\/Mont-de-l-Enclus\/Img\/sites\/40\/2014-09-29-ORROIR-Terrain-communal-du-Renard-1-768x576.webp 768w, https:\/\/frw-pcdr.be\/mont-de-l-enclus\/wp-content\/uploads\/ER1\/Mont-de-l-Enclus\/Img\/sites\/40\/2014-09-29-ORROIR-Terrain-communal-du-Renard-1-1536x1152.webp 1536w, https:\/\/frw-pcdr.be\/mont-de-l-enclus\/wp-content\/uploads\/ER1\/Mont-de-l-Enclus\/Img\/sites\/40\/2014-09-29-ORROIR-Terrain-communal-du-Renard-1-2048x1536.webp 2048w\" sizes=\"auto, (max-width: 1024px) 100vw, 1024px\" \/><\/figure>\n<\/div>\n<\/div>\n\n\n\n<hr class=\"wp-block-separator has-text-color has-ast-global-color-1-color has-alpha-channel-opacity has-ast-global-color-1-background-color has-background is-style-wide\" \/>\n\n\n\n<div class=\"wp-block-columns is-layout-flex wp-container-core-columns-is-layout-a531a0f7 wp-block-columns-is-layout-flex\" style=\"padding-right:0;padding-left:0\">\n<div class=\"wp-block-column is-layout-flow wp-block-column-is-layout-flow\">\n<h2 class=\"wp-block-heading\" style=\"margin-right:1.5vh;margin-left:1.5vh\">Elaborer un sch\u00e9ma directeur du paysage et des am\u00e9nagements paysagers \u00e0 l&rsquo;Enclus du Haut<\/h2>\n\n\n\n<p style=\"margin-top:0.5rem;margin-right:1.5vh;margin-bottom:0.5rem;margin-left:1.5vh\">Le projet vise \u00e0 doter la Commune de Mont-de-l\u2019Enclus d\u2019un outil de valorisation de son cadre paysager. Cela passe notamment par la charte paysag\u00e8re du PNPC qui a \u00e9t\u00e9 approuv\u00e9 fin 2025.<\/p>\n\n\n\n<div class=\"wp-block-buttons is-content-justification-left is-layout-flex wp-container-core-buttons-is-layout-4395d7bd wp-block-buttons-is-layout-flex\" style=\"padding-right:1.5vh;padding-left:1.5vh\">\n<div class=\"wp-block-button\"><a class=\"wp-block-button__link wp-element-button\" href=\"https:\/\/frw-pcdr.be\/mont-de-l-enclus\/wp-content\/uploads\/ER1\/Mont-de-l-Enclus\/Doc\/PCDR\/MDE_PCDR_P5.pdf#Page=105\" target=\"_blank\" rel=\"noreferrer noopener\">Vers la partie V<\/a><\/div>\n<\/div>\n\n\n\n<figure class=\"wp-block-image size-large\"><img loading=\"lazy\" decoding=\"async\" width=\"1024\" height=\"768\" src=\"http:\/\/frw-pcdr.be\/mont-de-l-enclus\/wp-content\/uploads\/ER1\/Mont-de-l-Enclus\/Img\/sites\/40\/FP20-1024x768.webp\" alt=\"\" class=\"wp-image-1089\" srcset=\"https:\/\/frw-pcdr.be\/mont-de-l-enclus\/wp-content\/uploads\/ER1\/Mont-de-l-Enclus\/Img\/sites\/40\/FP20-1024x768.webp 1024w, https:\/\/frw-pcdr.be\/mont-de-l-enclus\/wp-content\/uploads\/ER1\/Mont-de-l-Enclus\/Img\/sites\/40\/FP20-300x225.webp 300w, https:\/\/frw-pcdr.be\/mont-de-l-enclus\/wp-content\/uploads\/ER1\/Mont-de-l-Enclus\/Img\/sites\/40\/FP20-768x576.webp 768w, https:\/\/frw-pcdr.be\/mont-de-l-enclus\/wp-content\/uploads\/ER1\/Mont-de-l-Enclus\/Img\/sites\/40\/FP20-1536x1152.webp 1536w, https:\/\/frw-pcdr.be\/mont-de-l-enclus\/wp-content\/uploads\/ER1\/Mont-de-l-Enclus\/Img\/sites\/40\/FP20-2048x1536.webp 2048w\" sizes=\"auto, (max-width: 1024px) 100vw, 1024px\" \/><\/figure>\n<\/div>\n\n\n\n<div class=\"wp-block-column is-layout-flow wp-block-column-is-layout-flow\">\n<div style=\"height:100px\" aria-hidden=\"true\" class=\"wp-block-spacer\"><\/div>\n<\/div>\n\n\n\n<div class=\"wp-block-column is-layout-flow wp-block-column-is-layout-flow\" style=\"padding-right:0;padding-left:0\">\n<div style=\"height:100px\" aria-hidden=\"true\" class=\"wp-block-spacer\"><\/div>\n<\/div>\n<\/div>\n\n\n\n<div style=\"height:20px\" aria-hidden=\"true\" class=\"wp-block-spacer\"><\/div>\n<\/div>\n\n\n\n<div class=\"wp-block-group alignfull has-background is-layout-constrained wp-container-core-group-is-layout-b1a27b7e wp-block-group-is-layout-constrained\" style=\"background:linear-gradient(181deg,rgb(68,85,79) 0%,rgb(111,148,135) 100%);padding-top:var(--wp--preset--spacing--60);padding-right:3vw;padding-bottom:var(--wp--preset--spacing--50);padding-left:3vw\">\n<h1 class=\"wp-block-heading has-ast-global-color-3-color has-text-color has-link-color wp-elements-007cadb0cffd688496fe49ffde4a8e37\" style=\"padding-top:0;padding-right:1.5vh;padding-bottom:0;padding-left:1.5vh;font-size:3.5vh;letter-spacing:0px\">Termin\u00e9es<\/h1>\n\n\n\n<hr class=\"wp-block-separator has-text-color has-ast-global-color-1-color has-alpha-channel-opacity has-ast-global-color-1-background-color has-background is-style-wide\" \/>\n\n\n\n<div class=\"wp-block-columns is-layout-flex wp-container-core-columns-is-layout-a531a0f7 wp-block-columns-is-layout-flex\" style=\"padding-right:0;padding-left:0\">\n<div class=\"wp-block-column is-layout-flow wp-block-column-is-layout-flow\">\n<h2 class=\"wp-block-heading has-ast-global-color-3-color has-text-color has-link-color wp-elements-26e3979f33e2f292ee34897bd52f04db\" style=\"margin-top:0;margin-right:1.5vh;margin-bottom:0;margin-left:1.5vh\">Cr\u00e9er un circuit d&rsquo;interpr\u00e9tation le long du RAVeL des Collines<\/h2>\n\n\n\n<p class=\"has-ast-global-color-3-color has-text-color has-link-color wp-elements-9d444c0a5e6a3f88184933cac0cde8e0\" style=\"margin-top:0.5rem;margin-right:1.5vh;margin-bottom:0.5rem;margin-left:1.5vh\">Le sentier des oiseaux se trouve \u00e0 proximit\u00e9 du RAvel et invite les promeneurs, au travers de panneaux didactique, \u00e0 d\u00e9couvrir l&rsquo;avifaune locale et \u00e0 apprendre plus sur la Rhosnes.&nbsp;<\/p>\n\n\n\n<div class=\"wp-block-buttons is-content-justification-left is-layout-flex wp-container-core-buttons-is-layout-4395d7bd wp-block-buttons-is-layout-flex\" style=\"padding-right:1.5vh;padding-left:1.5vh\">\n<div class=\"wp-block-button\"><a class=\"wp-block-button__link wp-element-button\" href=\"https:\/\/frw-pcdr.be\/mont-de-l-enclus\/wp-content\/uploads\/ER1\/Mont-de-l-Enclus\/Doc\/PCDR\/MDE_PCDR_P5.pdf#Page=77\" target=\"_blank\" rel=\"noreferrer noopener\">Vers la partie V<\/a><\/div>\n<\/div>\n\n\n\n<figure class=\"wp-block-image size-large\"><img decoding=\"async\" src=\"https:\/\/frw-pcdr.be\/mont-de-l-enclus\/wp-content\/uploads\/ER1\/Mont-de-l-Enclus\/Img\/sites\/40\/20250404_103352-edited.webp\" alt=\"\" class=\"wp-image-1095\" \/><\/figure>\n<\/div>\n\n\n\n<div class=\"wp-block-column is-layout-flow wp-block-column-is-layout-flow\">\n<h2 class=\"wp-block-heading has-ast-global-color-3-color has-text-color has-link-color wp-elements-9aa4d227689e7e18e0254d1df30bf1ca\" style=\"margin-right:1.5vh;margin-left:1.5vh\">Adh\u00e9rer \u00e0 une Agence immobili\u00e8re sociale<\/h2>\n\n\n\n<p class=\"has-ast-global-color-3-color has-text-color has-link-color wp-elements-32fc0cf296f4c7347858c2bbafb69f4e\" style=\"margin-top:0.5rem;margin-right:1.5vh;margin-bottom:0.5rem;margin-left:1.5vh\">Le projet vise l\u2019adh\u00e9sion de la commune de Mont-de-l\u2019Enclus \u00e0 une Agence Immobili\u00e8re Sociale (AIS) afin de permettre la mise sur le march\u00e9 locatif de logements actuellement inoccup\u00e9s. Depuis 2023, la commune a adh\u00e9r\u00e9 \u00e0 l\u2019ASBL Action Logement WAPI.<\/p>\n\n\n\n<div class=\"wp-block-buttons is-content-justification-left is-layout-flex wp-container-core-buttons-is-layout-4395d7bd wp-block-buttons-is-layout-flex\" style=\"padding-right:1.5vh;padding-left:1.5vh\">\n<div class=\"wp-block-button\"><a class=\"wp-block-button__link wp-element-button\" href=\"https:\/\/frw-pcdr.be\/mont-de-l-enclus\/wp-content\/uploads\/ER1\/Mont-de-l-Enclus\/Doc\/PCDR\/MDE_PCDR_P5.pdf#Page=29\" target=\"_blank\" rel=\"noreferrer noopener\">Vers la partie V<\/a><\/div>\n<\/div>\n\n\n\n<figure class=\"wp-block-image aligncenter size-full is-resized\"><img loading=\"lazy\" decoding=\"async\" width=\"186\" height=\"186\" src=\"http:\/\/frw-pcdr.be\/mont-de-l-enclus\/wp-content\/uploads\/ER1\/Mont-de-l-Enclus\/Img\/sites\/40\/logo-ais.png\" alt=\"\" class=\"wp-image-1091\" style=\"width:316px;height:auto\" srcset=\"https:\/\/frw-pcdr.be\/mont-de-l-enclus\/wp-content\/uploads\/ER1\/Mont-de-l-Enclus\/Img\/sites\/40\/logo-ais.png 186w, https:\/\/frw-pcdr.be\/mont-de-l-enclus\/wp-content\/uploads\/ER1\/Mont-de-l-Enclus\/Img\/sites\/40\/logo-ais-150x150.png 150w\" sizes=\"auto, (max-width: 186px) 100vw, 186px\" \/><\/figure>\n<\/div>\n\n\n\n<div class=\"wp-block-column is-layout-flow wp-block-column-is-layout-flow\" style=\"padding-right:0;padding-left:0\">\n<h2 class=\"wp-block-heading has-ast-global-color-3-color has-text-color has-link-color wp-elements-b4afb6a547987b833400ee75c960cc2e\" style=\"margin-right:1.5vh;margin-left:1.5vh\">Cr\u00e9er un service de transport \u00e0 la demande<\/h2>\n\n\n\n<p class=\"has-ast-global-color-3-color has-text-color has-link-color wp-elements-8714609391a3c1c5b778595c981b6114\" style=\"margin-top:0.5rem;margin-right:1.5vh;margin-bottom:0.5rem;margin-left:1.5vh\">Le projet consiste \u00e0 mobiliser des partenariats locaux qui permettront de proposer aux habitants<br>de Mont-de-l&rsquo;Enclus un service de transport \u00e0 la demande local. Au travers du CPAS, un taxi social est d\u00e9sormais \u00e0 disposition des enclusiens.<\/p>\n\n\n\n<div class=\"wp-block-buttons is-content-justification-left is-layout-flex wp-container-core-buttons-is-layout-4395d7bd wp-block-buttons-is-layout-flex\" style=\"padding-right:1.5vh;padding-left:1.5vh\">\n<div class=\"wp-block-button\"><a class=\"wp-block-button__link wp-element-button\" href=\"https:\/\/frw-pcdr.be\/mont-de-l-enclus\/wp-content\/uploads\/ER1\/Mont-de-l-Enclus\/Doc\/PCDR\/MDE_PCDR_P5.pdf#Page=70\" target=\"_blank\" rel=\"noreferrer noopener\">Vers la partie V<\/a><\/div>\n<\/div>\n\n\n\n<figure class=\"wp-block-image size-full\"><img loading=\"lazy\" decoding=\"async\" width=\"745\" height=\"480\" src=\"http:\/\/frw-pcdr.be\/mont-de-l-enclus\/wp-content\/uploads\/ER1\/Mont-de-l-Enclus\/Img\/sites\/40\/FP13.jpg\" alt=\"\" class=\"wp-image-1088\" srcset=\"https:\/\/frw-pcdr.be\/mont-de-l-enclus\/wp-content\/uploads\/ER1\/Mont-de-l-Enclus\/Img\/sites\/40\/FP13.jpg 745w, https:\/\/frw-pcdr.be\/mont-de-l-enclus\/wp-content\/uploads\/ER1\/Mont-de-l-Enclus\/Img\/sites\/40\/FP13-300x193.jpg 300w\" sizes=\"auto, (max-width: 745px) 100vw, 745px\" \/><\/figure>\n<\/div>\n<\/div>\n<\/div>\n\n\n\n<div style=\"height:50px\" aria-hidden=\"true\" class=\"wp-block-spacer\"><\/div>\n\n\n\n<p class=\"has-text-align-center has-ast-global-color-2-color has-text-color has-link-color wp-elements-557f917ff42630a8877ee262e7df4b06\" style=\"padding-right:3vh;padding-left:3vh\"><strong>Envie de d\u00e9couvrir d\u2019autres projets et mesurer l\u2019\u00e9tendue des champs d\u2019action du d\u00e9veloppement rural ? Rendez-vous sur&#8230;<\/strong><\/p>\n\n\n\n<div class=\"wp-block-buttons is-content-justification-center is-layout-flex wp-container-core-buttons-is-layout-a89b3969 wp-block-buttons-is-layout-flex\">\n<div class=\"wp-block-button\"><a class=\"wp-block-button__link wp-element-button\" href=\"https:\/\/www.frw.be\/des-projets-pour\/\" target=\"_blank\" rel=\"noreferrer noopener\"><strong>FRW &#8211; Des projets pour&#8230;<\/strong><\/a><\/div>\n<\/div>\n\n\n\n<div style=\"height:50px\" aria-hidden=\"true\" class=\"wp-block-spacer\"><\/div>\n","protected":false},"excerpt":{"rendered":"<p>En cours Amougies &#8211; Cr\u00e9er des logements seniors avec service Le projet pr\u00e9voit de cr\u00e9er un ensemble de trois logements [&hellip;]<\/p>\n","protected":false},"author":1,"featured_media":1101,"parent":0,"menu_order":3,"comment_status":"closed","ping_status":"closed","template":"","meta":{"site-sidebar-layout":"default","site-content-layout":"","ast-site-content-layout":"default","site-content-style":"default","site-sidebar-style":"default","ast-global-header-display":"","ast-banner-title-visibility":"","ast-main-header-display":"","ast-hfb-above-header-display":"","ast-hfb-below-header-display":"","ast-hfb-mobile-header-display":"","site-post-title":"disabled","ast-breadcrumbs-content":"","ast-featured-img":"disabled","footer-sml-layout":"","ast-disable-related-posts":"","theme-transparent-header-meta":"","adv-header-id-meta":"","stick-header-meta":"","header-above-stick-meta":"","header-main-stick-meta":"","header-below-stick-meta":"","astra-migrate-meta-layouts":"default","ast-page-background-enabled":"default","ast-page-background-meta":{"desktop":{"background-color":"var(--ast-global-color-5)","background-image":"","background-repeat":"repeat","background-position":"center center","background-size":"auto","background-attachment":"scroll","background-type":"","background-media":"","overlay-type":"","overlay-color":"","overlay-opacity":"","overlay-gradient":""},"tablet":{"background-color":"","background-image":"","background-repeat":"repeat","background-position":"center center","background-size":"auto","background-attachment":"scroll","background-type":"","background-media":"","overlay-type":"","overlay-color":"","overlay-opacity":"","overlay-gradient":""},"mobile":{"background-color":"","background-image":"","background-repeat":"repeat","background-position":"center center","background-size":"auto","background-attachment":"scroll","background-type":"","background-media":"","overlay-type":"","overlay-color":"","overlay-opacity":"","overlay-gradient":""}},"ast-content-background-meta":{"desktop":{"background-color":"var(--ast-global-color-4)","background-image":"","background-repeat":"repeat","background-position":"center center","background-size":"auto","background-attachment":"scroll","background-type":"","background-media":"","overlay-type":"","overlay-color":"","overlay-opacity":"","overlay-gradient":""},"tablet":{"background-color":"var(--ast-global-color-4)","background-image":"","background-repeat":"repeat","background-position":"center center","background-size":"auto","background-attachment":"scroll","background-type":"","background-media":"","overlay-type":"","overlay-color":"","overlay-opacity":"","overlay-gradient":""},"mobile":{"background-color":"var(--ast-global-color-4)","background-image":"","background-repeat":"repeat","background-position":"center center","background-size":"auto","background-attachment":"scroll","background-type":"","background-media":"","overlay-type":"","overlay-color":"","overlay-opacity":"","overlay-gradient":""}},"footnotes":""},"class_list":["post-9","page","type-page","status-publish","has-post-thumbnail","hentry"],"_links":{"self":[{"href":"https:\/\/frw-pcdr.be\/mont-de-l-enclus\/wp-json\/wp\/v2\/pages\/9","targetHints":{"allow":["GET"]}}],"collection":[{"href":"https:\/\/frw-pcdr.be\/mont-de-l-enclus\/wp-json\/wp\/v2\/pages"}],"about":[{"href":"https:\/\/frw-pcdr.be\/mont-de-l-enclus\/wp-json\/wp\/v2\/types\/page"}],"author":[{"embeddable":true,"href":"https:\/\/frw-pcdr.be\/mont-de-l-enclus\/wp-json\/wp\/v2\/users\/1"}],"replies":[{"embeddable":true,"href":"https:\/\/frw-pcdr.be\/mont-de-l-enclus\/wp-json\/wp\/v2\/comments?post=9"}],"version-history":[{"count":7,"href":"https:\/\/frw-pcdr.be\/mont-de-l-enclus\/wp-json\/wp\/v2\/pages\/9\/revisions"}],"predecessor-version":[{"id":1096,"href":"https:\/\/frw-pcdr.be\/mont-de-l-enclus\/wp-json\/wp\/v2\/pages\/9\/revisions\/1096"}],"wp:featuredmedia":[{"embeddable":true,"href":"https:\/\/frw-pcdr.be\/mont-de-l-enclus\/wp-json\/wp\/v2\/media\/1101"}],"wp:attachment":[{"href":"https:\/\/frw-pcdr.be\/mont-de-l-enclus\/wp-json\/wp\/v2\/media?parent=9"}],"curies":[{"name":"wp","href":"https:\/\/api.w.org\/{rel}","templated":true}]}}