{"id":330,"date":"2025-10-29T10:49:31","date_gmt":"2025-10-29T09:49:31","guid":{"rendered":"https:\/\/frw-pcdr.be\/onhaye\/?page_id=330"},"modified":"2026-03-30T14:23:55","modified_gmt":"2026-03-30T12:23:55","slug":"actualites","status":"publish","type":"page","link":"https:\/\/frw-pcdr.be\/mont-de-l-enclus\/actualites\/","title":{"rendered":"Actualit\u00e9s"},"content":{"rendered":"\n<div class=\"wp-block-group alignfull is-layout-constrained wp-container-core-group-is-layout-ce46af0e wp-block-group-is-layout-constrained\" style=\"padding-top:0;padding-right:3vw;padding-bottom:3vw;padding-left:3vw\">\n<h1 class=\"wp-block-heading has-text-align-left has-ast-global-color-0-color has-text-color has-link-color wp-elements-4a5e537b25b355149cbbd5be494b8a72\" style=\"margin-top:3rem;padding-top:0;padding-right:1.5vh;padding-bottom:0;padding-left:1.5vh;font-size:3.5vh;letter-spacing:0px\">ACTUALIT\u00c9S<\/h1>\n\n\n\n<h2 class=\"wp-block-heading has-text-align-left has-ast-global-color-1-color has-text-color has-link-color wp-elements-dbd4d0fac0b27ddf9730ade8dcde6000\" style=\"margin-top:var(--wp--preset--spacing--50);margin-right:0;margin-bottom:0;margin-left:0;padding-top:0;padding-right:2vh;padding-bottom:0;padding-left:2vh\">Les derni\u00e8res infos relatives au PCDR de votre commune<\/h2>\n\n\n\n<p style=\"margin-top:var(--wp--preset--spacing--40);margin-bottom:var(--wp--preset--spacing--40);padding-right:2vh;padding-left:2vh\">Projets en cours, inaugurations, r\u00e9unions&#8230;<\/p>\n<\/div>\n\n\n\n<div class=\"wp-block-group alignfull is-layout-constrained wp-block-group-is-layout-constrained\" style=\"margin-bottom:0;padding-top:0rem;padding-bottom:0rem\">\n<div class=\"wp-block-columns has-background is-layout-flex wp-container-core-columns-is-layout-2097dcb0 wp-block-columns-is-layout-flex\" style=\"border-radius:5px;background:linear-gradient(135deg,rgb(68,85,79) 0%,rgb(111,148,135) 100%);padding-top:var(--wp--preset--spacing--30);padding-right:var(--wp--preset--spacing--30);padding-bottom:var(--wp--preset--spacing--60);padding-left:var(--wp--preset--spacing--30)\">\n<div class=\"wp-block-column is-vertically-aligned-center is-layout-flow wp-block-column-is-layout-flow\" style=\"padding-right:0;padding-left:0\">\n<figure class=\"wp-block-image aligncenter size-full is-resized\"><img loading=\"lazy\" decoding=\"async\" width=\"940\" height=\"788\" src=\"http:\/\/frw-pcdr.be\/mont-de-l-enclus\/wp-content\/uploads\/ER1\/Mont-de-l-Enclus\/Img\/sites\/40\/Visuels-MDE-saisons-conference-JJH.webp\" alt=\"Invitation \u00e0 une conf\u00e9rence le dimanche 12 avril \u00e0 10h au Local Social d'Anseroeul (Place n\u00b05) Jean-Jospeh est de retour afin de vous proposer une nouvelle conf\u00e9rence au naturel. Cette fois, nous nous pencherons sur les plantes condimentaires et leurs divers usages. R\u00e9servation souhait\u00e9e au 069\/87.10.90 ou \u00e0 wallonie.picarde@frw.be\" class=\"wp-image-1142\" style=\"aspect-ratio:1.192891933561419;width:640px;height:auto\" srcset=\"https:\/\/frw-pcdr.be\/mont-de-l-enclus\/wp-content\/uploads\/ER1\/Mont-de-l-Enclus\/Img\/sites\/40\/Visuels-MDE-saisons-conference-JJH.webp 940w, https:\/\/frw-pcdr.be\/mont-de-l-enclus\/wp-content\/uploads\/ER1\/Mont-de-l-Enclus\/Img\/sites\/40\/Visuels-MDE-saisons-conference-JJH-300x251.webp 300w, https:\/\/frw-pcdr.be\/mont-de-l-enclus\/wp-content\/uploads\/ER1\/Mont-de-l-Enclus\/Img\/sites\/40\/Visuels-MDE-saisons-conference-JJH-768x644.webp 768w\" sizes=\"auto, (max-width: 940px) 100vw, 940px\" \/><\/figure>\n<\/div>\n\n\n\n<div class=\"wp-block-column is-layout-flow wp-block-column-is-layout-flow\" style=\"padding-left:0\">\n<h2 class=\"wp-block-heading has-ast-global-color-3-color has-text-color has-link-color wp-elements-8f4bd62ec57bad39826585d0c5bb5e47\" style=\"padding-top:var(--wp--preset--spacing--40);padding-right:1.5vh;padding-left:1.5vh\">Mont-de-l&rsquo;Enclus au fil des saisons<\/h2>\n\n\n\n<h6 class=\"wp-block-heading has-ast-global-color-3-color has-text-color has-link-color wp-elements-f95924e5139da4256181eeef610ba06b\" style=\"padding-right:1.5vh;padding-left:1.5vh\">Printemps 2026<\/h6>\n\n\n\n<hr class=\"wp-block-separator has-text-color has-ast-global-color-1-color has-alpha-channel-opacity has-ast-global-color-1-background-color has-background is-style-wide\" \/>\n\n\n\n<p class=\"has-ast-global-color-3-color has-text-color has-link-color wp-elements-404c7b063ba984a06c169e4fbef6b191\" style=\"padding-right:1.5vh;padding-left:1.5vh\">Le programme hivernal vient de se cl\u00f4turer et les activit\u00e9s printani\u00e8res arrivent d\u00e8s le week-end de Paques (04-05-06 Avril) au jardin de Liliane (route d&rsquo;Amougies 22, 7750 Anseroeul)\ud83d\udc30! L&rsquo;occasion de faire le plein de conseils et de graines (10h \u00e0 18h).<br>De plus, cette visite sera aussi la 1\u00e8re \u00e9tape des activit\u00e9s propos\u00e9es cette ann\u00e9e afin de vous permettre de repenser votre potager de \u00ab\u00a0la graine \u00e0 l&rsquo;assiette\u00a0\u00bb<\/p>\n\n\n\n<p class=\"has-ast-global-color-3-color has-text-color has-link-color wp-elements-f8ca48522198e3c2c7111fc446619e84\" style=\"padding-right:1.5vh;padding-left:1.5vh\">La seconde activit\u00e9 se d\u00e9roulera le week-end suivant, vous trouverez toutes les informations sur le visuel.<\/p>\n\n\n\n<p class=\"has-ast-global-color-3-color has-text-color has-link-color wp-elements-53cda7e35cd8f7ad981a661df1f576cd\" style=\"padding-right:1.5vh;padding-left:1.5vh\">Toutes les informations sur les diff\u00e9rentes activit\u00e9 propos\u00e9es sont \u00e0 retrouver sur  la page Facebook :\u00a0<a href=\"https:\/\/www.facebook.com\/mdeaufildessaisons\/\" target=\"_blank\" rel=\"noreferrer noopener\">Mont-de-l&rsquo;enclus au fil des saisons<\/a><\/p>\n<\/div>\n<\/div>\n\n\n\n<div style=\"height:40px\" aria-hidden=\"true\" class=\"wp-block-spacer\"><\/div>\n<\/div>\n\n\n\n<div class=\"wp-block-group alignfull is-layout-constrained wp-block-group-is-layout-constrained\" style=\"margin-bottom:0;padding-top:0rem;padding-bottom:0rem\">\n<div class=\"wp-block-columns has-background is-layout-flex wp-container-core-columns-is-layout-2097dcb0 wp-block-columns-is-layout-flex\" style=\"border-radius:5px;background:linear-gradient(135deg,rgb(68,85,79) 0%,rgb(111,148,135) 100%);padding-top:var(--wp--preset--spacing--30);padding-right:var(--wp--preset--spacing--30);padding-bottom:var(--wp--preset--spacing--60);padding-left:var(--wp--preset--spacing--30)\">\n<div class=\"wp-block-column is-vertically-aligned-center is-layout-flow wp-block-column-is-layout-flow\" style=\"padding-right:0;padding-left:0\">\n<figure class=\"wp-block-image aligncenter size-full is-resized\"><img loading=\"lazy\" decoding=\"async\" width=\"2000\" height=\"1600\" src=\"http:\/\/frw-pcdr.be\/mont-de-l-enclus\/wp-content\/uploads\/ER1\/Mont-de-l-Enclus\/Img\/sites\/40\/Medley-hiver.webp\" alt=\"Regroupement de plusieurs photos des activit\u00e9s hivernales : mare, conf\u00e9rence frelon et ORES\" class=\"wp-image-1143\" style=\"aspect-ratio:1.192891933561419;width:640px;height:auto\" srcset=\"https:\/\/frw-pcdr.be\/mont-de-l-enclus\/wp-content\/uploads\/ER1\/Mont-de-l-Enclus\/Img\/sites\/40\/Medley-hiver.webp 2000w, https:\/\/frw-pcdr.be\/mont-de-l-enclus\/wp-content\/uploads\/ER1\/Mont-de-l-Enclus\/Img\/sites\/40\/Medley-hiver-300x240.webp 300w, https:\/\/frw-pcdr.be\/mont-de-l-enclus\/wp-content\/uploads\/ER1\/Mont-de-l-Enclus\/Img\/sites\/40\/Medley-hiver-1024x819.webp 1024w, https:\/\/frw-pcdr.be\/mont-de-l-enclus\/wp-content\/uploads\/ER1\/Mont-de-l-Enclus\/Img\/sites\/40\/Medley-hiver-768x614.webp 768w, https:\/\/frw-pcdr.be\/mont-de-l-enclus\/wp-content\/uploads\/ER1\/Mont-de-l-Enclus\/Img\/sites\/40\/Medley-hiver-1536x1229.webp 1536w\" sizes=\"auto, (max-width: 2000px) 100vw, 2000px\" \/><\/figure>\n<\/div>\n\n\n\n<div class=\"wp-block-column is-layout-flow wp-block-column-is-layout-flow\" style=\"padding-left:0\">\n<h2 class=\"wp-block-heading has-ast-global-color-3-color has-text-color has-link-color wp-elements-8f4bd62ec57bad39826585d0c5bb5e47\" style=\"padding-top:var(--wp--preset--spacing--40);padding-right:1.5vh;padding-left:1.5vh\">Mont-de-l&rsquo;Enclus au fil des saisons<\/h2>\n\n\n\n<h6 class=\"wp-block-heading has-ast-global-color-3-color has-text-color has-link-color wp-elements-1390de04334d35c22fbf6ca34d592bdd\" style=\"padding-right:1.5vh;padding-left:1.5vh\">Hiver 2026<\/h6>\n\n\n\n<hr class=\"wp-block-separator has-text-color has-ast-global-color-1-color has-alpha-channel-opacity has-ast-global-color-1-background-color has-background is-style-wide\" \/>\n\n\n\n<p class=\"has-ast-global-color-3-color has-text-color has-link-color wp-elements-88902f740983c5b9546c170ab9734794\" style=\"padding-right:1.5vh;padding-left:1.5vh\">Merci pour votre participation aux activit\u00e9s hivernales. <\/p>\n\n\n\n<p class=\"has-ast-global-color-3-color has-text-color has-link-color wp-elements-0748ba4d75a18a8b37c2a3299822776e\" style=\"padding-right:1.5vh;padding-left:1.5vh\">Les activit\u00e9s printani\u00e8res d\u00e9butent prochainement,  toutes les informations peuvent \u00eatre trouv\u00e9es sur la page Facebook :\u00a0<a href=\"https:\/\/www.facebook.com\/mdeaufildessaisons\/\" target=\"_blank\" rel=\"noreferrer noopener\">Mont-de-l&rsquo;enclus au fil des saisons<\/a><\/p>\n<\/div>\n<\/div>\n\n\n\n<div style=\"height:40px\" aria-hidden=\"true\" class=\"wp-block-spacer\"><\/div>\n<\/div>\n\n\n\n<div class=\"wp-block-group alignfull is-layout-constrained wp-block-group-is-layout-constrained\" style=\"margin-bottom:0;padding-top:0rem;padding-bottom:0rem\">\n<div class=\"wp-block-columns has-background is-layout-flex wp-container-core-columns-is-layout-2097dcb0 wp-block-columns-is-layout-flex\" style=\"border-radius:5px;background:linear-gradient(135deg,rgb(68,85,79) 0%,rgb(111,148,135) 100%);padding-top:var(--wp--preset--spacing--30);padding-right:var(--wp--preset--spacing--30);padding-bottom:var(--wp--preset--spacing--60);padding-left:var(--wp--preset--spacing--30)\">\n<div class=\"wp-block-column is-vertically-aligned-center is-layout-flow wp-block-column-is-layout-flow\" style=\"padding-right:0;padding-left:0\">\n<figure class=\"wp-block-image size-large\"><img loading=\"lazy\" decoding=\"async\" width=\"1875\" height=\"1250\" src=\"https:\/\/frw-pcdr.be\/mont-de-l-enclus\/wp-content\/uploads\/ER1\/Mont-de-l-Enclus\/Img\/sites\/40\/20250404_103352-edited-1.webp\" alt=\"Panneau d'information en bois pr\u00e9sentant le \u201cCircuit des Oiseaux\u201d, install\u00e9 au bord d\u2019un chemin rural entour\u00e9 de champs et de v\u00e9g\u00e9tation, sous un ciel bleu l\u00e9g\u00e8rement nuageux.\" class=\"wp-image-1132\" srcset=\"https:\/\/frw-pcdr.be\/mont-de-l-enclus\/wp-content\/uploads\/ER1\/Mont-de-l-Enclus\/Img\/sites\/40\/20250404_103352-edited-1.webp 1875w, https:\/\/frw-pcdr.be\/mont-de-l-enclus\/wp-content\/uploads\/ER1\/Mont-de-l-Enclus\/Img\/sites\/40\/20250404_103352-edited-1-300x200.webp 300w, https:\/\/frw-pcdr.be\/mont-de-l-enclus\/wp-content\/uploads\/ER1\/Mont-de-l-Enclus\/Img\/sites\/40\/20250404_103352-edited-1-1024x683.webp 1024w, https:\/\/frw-pcdr.be\/mont-de-l-enclus\/wp-content\/uploads\/ER1\/Mont-de-l-Enclus\/Img\/sites\/40\/20250404_103352-edited-1-768x512.webp 768w, https:\/\/frw-pcdr.be\/mont-de-l-enclus\/wp-content\/uploads\/ER1\/Mont-de-l-Enclus\/Img\/sites\/40\/20250404_103352-edited-1-1536x1024.webp 1536w\" sizes=\"auto, (max-width: 1875px) 100vw, 1875px\" \/><\/figure>\n<\/div>\n\n\n\n<div class=\"wp-block-column is-layout-flow wp-block-column-is-layout-flow\" style=\"padding-left:0\">\n<h2 class=\"wp-block-heading has-ast-global-color-3-color has-text-color has-link-color wp-elements-1a25bf5dccc37c2840fd7551540ad70a\" style=\"padding-top:var(--wp--preset--spacing--40);padding-right:1.5vh;padding-left:1.5vh\">Le Sentier des Oiseaux<\/h2>\n\n\n\n<h6 class=\"wp-block-heading has-ast-global-color-3-color has-text-color has-link-color wp-elements-f95924e5139da4256181eeef610ba06b\" style=\"padding-right:1.5vh;padding-left:1.5vh\">Printemps 2026<\/h6>\n\n\n\n<hr class=\"wp-block-separator has-text-color has-ast-global-color-1-color has-alpha-channel-opacity has-ast-global-color-1-background-color has-background is-style-wide\" \/>\n\n\n\n<p class=\"has-ast-global-color-3-color has-text-color has-link-color wp-elements-53a00eeadafdb9722ba84f7d21dffe8e\" style=\"padding-right:1.5vh;padding-left:1.5vh\">Inaugur\u00e9e en 2025, cette balade de 4km le long de la Rhosnes vous invite \u00e0 la d\u00e9couverte de l&rsquo;avifaune locale et de diff\u00e9rents aspects paysagers de Mont-de-l&rsquo;Enclus.<\/p>\n\n\n\n<p class=\"has-ast-global-color-3-color has-text-color has-link-color wp-elements-bb46024fe80182d12fa5902e9c8d7898\" style=\"padding-right:1.5vh;padding-left:1.5vh\">Le d\u00e9part de cette boucle se trouve \u00e0 l&rsquo;ancienne gare d&rsquo;Orroir (rue Defli\u00e8re 16). <\/p>\n<\/div>\n<\/div>\n<\/div>\n\n\n\n<div style=\"height:40px\" aria-hidden=\"true\" class=\"wp-block-spacer\"><\/div>\n\n\n\n<div style=\"height:40px\" aria-hidden=\"true\" class=\"wp-block-spacer\"><\/div>\n","protected":false},"excerpt":{"rendered":"<p>ACTUALIT\u00c9S Les derni\u00e8res infos relatives au PCDR de votre commune Projets en cours, inaugurations, r\u00e9unions&#8230; Mont-de-l&rsquo;Enclus au fil des saisons [&hellip;]<\/p>\n","protected":false},"author":1,"featured_media":0,"parent":0,"menu_order":1,"comment_status":"closed","ping_status":"closed","template":"","meta":{"site-sidebar-layout":"default","site-content-layout":"","ast-site-content-layout":"default","site-content-style":"default","site-sidebar-style":"default","ast-global-header-display":"","ast-banner-title-visibility":"","ast-main-header-display":"","ast-hfb-above-header-display":"","ast-hfb-below-header-display":"","ast-hfb-mobile-header-display":"","site-post-title":"disabled","ast-breadcrumbs-content":"","ast-featured-img":"disabled","footer-sml-layout":"","ast-disable-related-posts":"","theme-transparent-header-meta":"","adv-header-id-meta":"","stick-header-meta":"","header-above-stick-meta":"","header-main-stick-meta":"","header-below-stick-meta":"","astra-migrate-meta-layouts":"default","ast-page-background-enabled":"default","ast-page-background-meta":{"desktop":{"background-color":"var(--ast-global-color-5)","background-image":"","background-repeat":"repeat","background-position":"center center","background-size":"auto","background-attachment":"scroll","background-type":"","background-media":"","overlay-type":"","overlay-color":"","overlay-opacity":"","overlay-gradient":""},"tablet":{"background-color":"","background-image":"","background-repeat":"repeat","background-position":"center center","background-size":"auto","background-attachment":"scroll","background-type":"","background-media":"","overlay-type":"","overlay-color":"","overlay-opacity":"","overlay-gradient":""},"mobile":{"background-color":"","background-image":"","background-repeat":"repeat","background-position":"center center","background-size":"auto","background-attachment":"scroll","background-type":"","background-media":"","overlay-type":"","overlay-color":"","overlay-opacity":"","overlay-gradient":""}},"ast-content-background-meta":{"desktop":{"background-color":"var(--ast-global-color-4)","background-image":"","background-repeat":"repeat","background-position":"center center","background-size":"auto","background-attachment":"scroll","background-type":"","background-media":"","overlay-type":"","overlay-color":"","overlay-opacity":"","overlay-gradient":""},"tablet":{"background-color":"var(--ast-global-color-4)","background-image":"","background-repeat":"repeat","background-position":"center center","background-size":"auto","background-attachment":"scroll","background-type":"","background-media":"","overlay-type":"","overlay-color":"","overlay-opacity":"","overlay-gradient":""},"mobile":{"background-color":"var(--ast-global-color-4)","background-image":"","background-repeat":"repeat","background-position":"center center","background-size":"auto","background-attachment":"scroll","background-type":"","background-media":"","overlay-type":"","overlay-color":"","overlay-opacity":"","overlay-gradient":""}},"footnotes":""},"class_list":["post-330","page","type-page","status-publish","hentry"],"_links":{"self":[{"href":"https:\/\/frw-pcdr.be\/mont-de-l-enclus\/wp-json\/wp\/v2\/pages\/330","targetHints":{"allow":["GET"]}}],"collection":[{"href":"https:\/\/frw-pcdr.be\/mont-de-l-enclus\/wp-json\/wp\/v2\/pages"}],"about":[{"href":"https:\/\/frw-pcdr.be\/mont-de-l-enclus\/wp-json\/wp\/v2\/types\/page"}],"author":[{"embeddable":true,"href":"https:\/\/frw-pcdr.be\/mont-de-l-enclus\/wp-json\/wp\/v2\/users\/1"}],"replies":[{"embeddable":true,"href":"https:\/\/frw-pcdr.be\/mont-de-l-enclus\/wp-json\/wp\/v2\/comments?post=330"}],"version-history":[{"count":9,"href":"https:\/\/frw-pcdr.be\/mont-de-l-enclus\/wp-json\/wp\/v2\/pages\/330\/revisions"}],"predecessor-version":[{"id":1144,"href":"https:\/\/frw-pcdr.be\/mont-de-l-enclus\/wp-json\/wp\/v2\/pages\/330\/revisions\/1144"}],"wp:attachment":[{"href":"https:\/\/frw-pcdr.be\/mont-de-l-enclus\/wp-json\/wp\/v2\/media?parent=330"}],"curies":[{"name":"wp","href":"https:\/\/api.w.org\/{rel}","templated":true}]}}