{"id":9,"date":"2025-10-21T17:16:36","date_gmt":"2025-10-21T15:16:36","guid":{"rendered":"https:\/\/frw-pcdr.be\/onhaye\/?page_id=9"},"modified":"2026-01-08T15:50:17","modified_gmt":"2026-01-08T14:50:17","slug":"les-realisations","status":"publish","type":"page","link":"https:\/\/frw-pcdr.be\/meix-devant-virton\/les-realisations\/","title":{"rendered":"Les r\u00e9alisations"},"content":{"rendered":"\n<div class=\"wp-block-group alignfull has-ast-global-color-3-background-color has-background is-layout-constrained wp-container-core-group-is-layout-c7ccc7fa wp-block-group-is-layout-constrained\" style=\"margin-top:0;margin-bottom:0;padding-top:var(--wp--preset--spacing--60);padding-right:3vw;padding-bottom:var(--wp--preset--spacing--50);padding-left:3vw\">\n<h1 class=\"wp-block-heading has-ast-global-color-0-color has-text-color has-link-color wp-elements-14a7137f7fcb5b615cd65c93dd7455c9\" style=\"padding-top:0;padding-right:1.5vh;padding-bottom:0;padding-left:1.5vh;font-size:3.5vh;letter-spacing:0px\">En cours<\/h1>\n\n\n\n<hr class=\"wp-block-separator has-text-color has-ast-global-color-1-color has-alpha-channel-opacity has-ast-global-color-1-background-color has-background is-style-wide\"\/>\n\n\n\n<div class=\"wp-block-columns is-layout-flex wp-container-core-columns-is-layout-a531a0f7 wp-block-columns-is-layout-flex\" style=\"padding-right:0;padding-left:0\">\n<div class=\"wp-block-column is-layout-flow wp-block-column-is-layout-flow\">\n<h2 class=\"wp-block-heading\" style=\"margin-right:1.5vh;margin-left:1.5vh\">Houdrigny &#8211; Am\u00e9nagement de l&rsquo;ancien magasin Elgey en atelier rural<\/h2>\n\n\n\n<p style=\"margin-top:0.5rem;margin-right:1.5vh;margin-bottom:0.5rem;margin-left:1.5vh\">Ce projet s\u2019inscrit dans l\u2019am\u00e9nagement global du site Elgey. Vu l\u2019\u00e9tat v\u00e9tuste du lieu, il a \u00e9t\u00e9 d\u00e9cid\u00e9 de d\u00e9molir le b\u00e2timent existant et de construire une infrastructure adapt\u00e9e \u00e0 l\u2019installation de diff\u00e9rentes entreprises. Afin de pouvoir \u00eatre adapt\u00e9 \u00e0 des demandes d\u2019entreprises diverses, la polyvalence du lieu fait partie int\u00e9grante du projet. Sont ainsi pr\u00e9vus un espace stockage, un espace bureaux et un espace de distribution. Les aspects d\u2019\u00e9conomie d\u2019\u00e9nergie ont pris une place pr\u00e9pond\u00e9rante dans les projets de r\u00e9alisation du b\u00e2ti.&nbsp;<br>Le permis d&rsquo;urbanisme a \u00e9t\u00e9 accord\u00e9 en novembre 2022 et la d\u00e9molition s&rsquo;est concr\u00e9tis\u00e9e en 2024<\/p>\n\n\n\n<div class=\"wp-block-buttons is-content-justification-left is-layout-flex wp-container-core-buttons-is-layout-4395d7bd wp-block-buttons-is-layout-flex\" style=\"padding-right:1.5vh;padding-left:1.5vh\">\n<div class=\"wp-block-button\"><a class=\"wp-block-button__link wp-element-button\" href=\"https:\/\/frw-pcdr.be\/meix-devant-virton\/wp-content\/uploads\/ER6\/Meix-devant-Virton\/Doc\/Realisations\/FP_Hourigny_atelierrural.pdf\" target=\"_blank\" rel=\"noreferrer noopener\">Fiche-projet actualis\u00e9e<\/a><\/div>\n<\/div>\n\n\n\n<figure class=\"wp-block-image size-large\"><img loading=\"lazy\" decoding=\"async\" width=\"1024\" height=\"474\" src=\"http:\/\/frw-pcdr.be\/meix-devant-virton\/wp-content\/uploads\/ER6\/Meix-devant-Virton\/Img\/sites\/29\/3D_site_Elgey-1024x474.webp\" alt=\"Simulation 3D de ce que sera l'atelier rural. Un b\u00e2timent en &quot;S&quot; constitu\u00e9 de 3 zones distinctes permettant de d\u00e9gager une place \u00e0 l'avant qui pourra servir pour installer un march\u00e9\" class=\"wp-image-1090\" style=\"aspect-ratio:16\/9;object-fit:cover\" srcset=\"https:\/\/frw-pcdr.be\/meix-devant-virton\/wp-content\/uploads\/ER6\/Meix-devant-Virton\/Img\/sites\/29\/3D_site_Elgey-1024x474.webp 1024w, https:\/\/frw-pcdr.be\/meix-devant-virton\/wp-content\/uploads\/ER6\/Meix-devant-Virton\/Img\/sites\/29\/3D_site_Elgey-300x139.webp 300w, https:\/\/frw-pcdr.be\/meix-devant-virton\/wp-content\/uploads\/ER6\/Meix-devant-Virton\/Img\/sites\/29\/3D_site_Elgey-768x355.webp 768w, https:\/\/frw-pcdr.be\/meix-devant-virton\/wp-content\/uploads\/ER6\/Meix-devant-Virton\/Img\/sites\/29\/3D_site_Elgey.webp 1124w\" sizes=\"auto, (max-width: 1024px) 100vw, 1024px\" \/><\/figure>\n<\/div>\n\n\n\n<div class=\"wp-block-column is-layout-flow wp-block-column-is-layout-flow\">\n<h2 class=\"wp-block-heading\" style=\"margin-right:1.5vh;margin-left:1.5vh\">Robelmont &#8211; Cr\u00e9ation d&rsquo;une maison de village sure le site de l&rsquo;actuelle maison Marmoy-Goffinet<\/h2>\n\n\n\n<p style=\"margin-top:0.5rem;margin-right:1.5vh;margin-bottom:0.5rem;margin-left:1.5vh\">Le projet consiste en la cr\u00e9ation d\u2019une maison de village destin\u00e9e aux habitants de Robelmont. L\u2019objectif de ce projet est de cr\u00e9er un espace polyvalent et adapt\u00e9 aux besoins des habitants et des associations pour y d\u00e9velopper diverses activit\u00e9s.<br><br><strong><em>Apr\u00e8s de nombreuses r\u00e9flexions, le projet devrait changer de localisation et \u00eatre remani\u00e9 pour op\u00e9rer une r\u00e9novation de la \u00ab\u00a0Vieille Cure\u00a0\u00bb, lieu de rassemblement embl\u00e9matique du village.<\/em><\/strong><\/p>\n\n\n\n<div class=\"wp-block-buttons is-content-justification-left is-layout-flex wp-container-core-buttons-is-layout-4395d7bd wp-block-buttons-is-layout-flex\" style=\"padding-right:1.5vh;padding-left:1.5vh\">\n<div class=\"wp-block-button\"><a class=\"wp-block-button__link wp-element-button\" href=\"https:\/\/frw-pcdr.be\/meix-devant-virton\/wp-content\/uploads\/ER6\/Meix-devant-Virton\/Doc\/Realisations\/FP_MV_Robelmont.pdf\" target=\"_blank\" rel=\"noreferrer noopener\">Fiche-projet initiale<\/a><\/div>\n<\/div>\n\n\n\n<figure class=\"wp-block-image size-full\"><img loading=\"lazy\" decoding=\"async\" width=\"681\" height=\"451\" src=\"http:\/\/frw-pcdr.be\/meix-devant-virton\/wp-content\/uploads\/ER6\/Meix-devant-Virton\/Img\/sites\/29\/Capture-decran-2026-01-08-122503.png\" alt=\"Photo repr\u00e9sentant la fa\u00e7ade de la Vieille Cure, salle bien connue des habitants. Fa\u00e7ade toute en pierre brute avec des ch\u00e2ssis en bois fonc\u00e9.\" class=\"wp-image-1091\" style=\"aspect-ratio:16\/9;object-fit:cover\" srcset=\"https:\/\/frw-pcdr.be\/meix-devant-virton\/wp-content\/uploads\/ER6\/Meix-devant-Virton\/Img\/sites\/29\/Capture-decran-2026-01-08-122503.png 681w, https:\/\/frw-pcdr.be\/meix-devant-virton\/wp-content\/uploads\/ER6\/Meix-devant-Virton\/Img\/sites\/29\/Capture-decran-2026-01-08-122503-300x199.png 300w\" sizes=\"auto, (max-width: 681px) 100vw, 681px\" \/><\/figure>\n<\/div>\n\n\n\n<div class=\"wp-block-column is-layout-flow wp-block-column-is-layout-flow\"><\/div>\n<\/div>\n\n\n\n<div style=\"height:20px\" aria-hidden=\"true\" class=\"wp-block-spacer\"><\/div>\n<\/div>\n\n\n\n<div class=\"wp-block-group alignfull has-background is-layout-constrained wp-container-core-group-is-layout-b1a27b7e wp-block-group-is-layout-constrained\" style=\"background:linear-gradient(181deg,rgb(68,85,79) 0%,rgb(111,148,135) 100%);padding-top:var(--wp--preset--spacing--60);padding-right:3vw;padding-bottom:var(--wp--preset--spacing--50);padding-left:3vw\">\n<h1 class=\"wp-block-heading has-ast-global-color-3-color has-text-color has-link-color wp-elements-007cadb0cffd688496fe49ffde4a8e37\" style=\"padding-top:0;padding-right:1.5vh;padding-bottom:0;padding-left:1.5vh;font-size:3.5vh;letter-spacing:0px\">Termin\u00e9es<\/h1>\n\n\n\n<hr class=\"wp-block-separator has-text-color has-ast-global-color-1-color has-alpha-channel-opacity has-ast-global-color-1-background-color has-background is-style-wide\"\/>\n\n\n\n<div class=\"wp-block-columns is-layout-flex wp-container-core-columns-is-layout-a531a0f7 wp-block-columns-is-layout-flex\" style=\"padding-right:0;padding-left:0\">\n<div class=\"wp-block-column is-layout-flow wp-block-column-is-layout-flow\">\n<h2 class=\"wp-block-heading has-ast-global-color-3-color has-text-color has-link-color wp-elements-7e14e54c5a0f9d829b9740eb2e46ec64\" style=\"margin-top:0;margin-right:1.5vh;margin-bottom:0;margin-left:1.5vh\">G\u00e9rouville &#8211; R\u00e9novation de l&rsquo;ancienne mairie en maison multiservices<\/h2>\n\n\n\n<p class=\"has-ast-global-color-3-color has-text-color has-link-color wp-elements-9e420a22a30f90a40d9255067b69548d\" style=\"margin-top:0.5rem;margin-right:1.5vh;margin-bottom:0.5rem;margin-left:1.5vh\">Le projet visait la r\u00e9novation de l\u2019ancienne mairie de G\u00e9rouville en maison rurale pour y cr\u00e9er un espace multifonctionnel, modulable et polyvalent au c\u0153ur du village, cela afin de<br>renforcer la qualit\u00e9 des services \u00e0 la population et encourager la coh\u00e9sion sociale. Le b\u00e2timent r\u00e9nov\u00e9 comprend une salle de village, une biblioth\u00e8que et l&rsquo;office du tourisme.<\/p>\n\n\n\n<div class=\"wp-block-buttons is-content-justification-left is-layout-flex wp-container-core-buttons-is-layout-4395d7bd wp-block-buttons-is-layout-flex\" style=\"padding-right:1.5vh;padding-left:1.5vh\">\n<div class=\"wp-block-button\"><a class=\"wp-block-button__link wp-element-button\" href=\"https:\/\/frw-pcdr.be\/meix-devant-virton\/wp-content\/uploads\/ER6\/Meix-devant-Virton\/Doc\/Realisations\/FP_MMS_G\u00e9rouville.pdf\" target=\"_blank\" rel=\"noreferrer noopener\">Fiche-projet actualis\u00e9e<\/a><\/div>\n<\/div>\n\n\n\n<figure class=\"wp-block-image size-large\"><img loading=\"lazy\" decoding=\"async\" width=\"1024\" height=\"575\" src=\"http:\/\/frw-pcdr.be\/meix-devant-virton\/wp-content\/uploads\/ER6\/Meix-devant-Virton\/Img\/sites\/29\/MMS_Gerouville-1024x575.webp\" alt=\"Entr\u00e9e de la maison multiservice de G\u00e9rouville.\" class=\"wp-image-1088\" style=\"aspect-ratio:16\/9;object-fit:cover\" srcset=\"https:\/\/frw-pcdr.be\/meix-devant-virton\/wp-content\/uploads\/ER6\/Meix-devant-Virton\/Img\/sites\/29\/MMS_Gerouville-1024x575.webp 1024w, https:\/\/frw-pcdr.be\/meix-devant-virton\/wp-content\/uploads\/ER6\/Meix-devant-Virton\/Img\/sites\/29\/MMS_Gerouville-300x169.webp 300w, https:\/\/frw-pcdr.be\/meix-devant-virton\/wp-content\/uploads\/ER6\/Meix-devant-Virton\/Img\/sites\/29\/MMS_Gerouville-768x432.webp 768w, https:\/\/frw-pcdr.be\/meix-devant-virton\/wp-content\/uploads\/ER6\/Meix-devant-Virton\/Img\/sites\/29\/MMS_Gerouville-1536x863.webp 1536w, https:\/\/frw-pcdr.be\/meix-devant-virton\/wp-content\/uploads\/ER6\/Meix-devant-Virton\/Img\/sites\/29\/MMS_Gerouville-2048x1151.webp 2048w\" sizes=\"auto, (max-width: 1024px) 100vw, 1024px\" \/><\/figure>\n<\/div>\n\n\n\n<div class=\"wp-block-column is-layout-flow wp-block-column-is-layout-flow\">\n<h2 class=\"wp-block-heading has-ast-global-color-3-color has-text-color has-link-color wp-elements-7186f014c3940007902b2be6479c3215\" style=\"margin-right:1.5vh;margin-left:1.5vh\">Charte des Usoirs<\/h2>\n\n\n\n<p class=\"has-ast-global-color-3-color has-text-color has-link-color wp-elements-cb2a31428bba434120dca3b6c59c3957\" style=\"margin-top:0.5rem;margin-right:1.5vh;margin-bottom:0.5rem;margin-left:1.5vh\">Cette action a \u00e9t\u00e9 d\u00e9velopp\u00e9e par la CLDR en d\u00e9but de PCDR pour mettre en valeur et pr\u00e9server cet aspect particulier des villages de la commune.<\/p>\n\n\n\n<div class=\"wp-block-buttons is-content-justification-left is-layout-flex wp-container-core-buttons-is-layout-4395d7bd wp-block-buttons-is-layout-flex\" style=\"padding-right:1.5vh;padding-left:1.5vh\">\n<div class=\"wp-block-button\"><a class=\"wp-block-button__link wp-element-button\" href=\"https:\/\/frw-pcdr.be\/meix-devant-virton\/wp-content\/uploads\/ER6\/Meix-devant-Virton\/Doc\/Realisations\/charte_usoirs_meix_version_finale.pdf\" target=\"_blank\" rel=\"noreferrer noopener\">Charte des Usoirs<\/a><\/div>\n<\/div>\n\n\n\n<figure class=\"wp-block-image size-large\"><img loading=\"lazy\" decoding=\"async\" width=\"1024\" height=\"680\" src=\"http:\/\/frw-pcdr.be\/meix-devant-virton\/wp-content\/uploads\/ER6\/Meix-devant-Virton\/Img\/sites\/29\/Usoirs-1024x680.webp\" alt=\"photo d'une rue et des devant de portes des maisons, les usoirs\" class=\"wp-image-1099\" style=\"aspect-ratio:16\/9;object-fit:cover\" srcset=\"https:\/\/frw-pcdr.be\/meix-devant-virton\/wp-content\/uploads\/ER6\/Meix-devant-Virton\/Img\/sites\/29\/Usoirs-1024x680.webp 1024w, https:\/\/frw-pcdr.be\/meix-devant-virton\/wp-content\/uploads\/ER6\/Meix-devant-Virton\/Img\/sites\/29\/Usoirs-300x199.webp 300w, https:\/\/frw-pcdr.be\/meix-devant-virton\/wp-content\/uploads\/ER6\/Meix-devant-Virton\/Img\/sites\/29\/Usoirs-768x510.webp 768w, https:\/\/frw-pcdr.be\/meix-devant-virton\/wp-content\/uploads\/ER6\/Meix-devant-Virton\/Img\/sites\/29\/Usoirs-1536x1020.webp 1536w, https:\/\/frw-pcdr.be\/meix-devant-virton\/wp-content\/uploads\/ER6\/Meix-devant-Virton\/Img\/sites\/29\/Usoirs-2048x1360.webp 2048w\" sizes=\"auto, (max-width: 1024px) 100vw, 1024px\" \/><\/figure>\n<\/div>\n\n\n\n<div class=\"wp-block-column is-layout-flow wp-block-column-is-layout-flow\" style=\"padding-right:0;padding-left:0\">\n<h2 class=\"wp-block-heading has-ast-global-color-3-color has-text-color has-link-color wp-elements-c4c749086e94b5aa2d77cd96bdbe85d0\" style=\"margin-right:1.5vh;margin-left:1.5vh\">Carte des produits locaux<\/h2>\n\n\n\n<p class=\"has-ast-global-color-3-color has-text-color has-link-color wp-elements-08bf8b014ed8cbe6c42a7778108d443c\" style=\"margin-top:0.5rem;margin-right:1.5vh;margin-bottom:0.5rem;margin-left:1.5vh\">Il tenait \u00e0 c\u0153ur de la CLDR de mettre en valeur les produits locaux. C&rsquo;est chose faite via une carte.<\/p>\n\n\n\n<div class=\"wp-block-buttons is-content-justification-left is-layout-flex wp-container-core-buttons-is-layout-4395d7bd wp-block-buttons-is-layout-flex\" style=\"padding-right:1.5vh;padding-left:1.5vh\">\n<div class=\"wp-block-button\"><a class=\"wp-block-button__link wp-element-button\" href=\"https:\/\/frw-pcdr.be\/meix-devant-virton\/wp-content\/uploads\/ER6\/Meix-devant-Virton\/Doc\/Realisations\/Produits_locaux.pdf\" target=\"_blank\" rel=\"noreferrer noopener\">Carte des produits locaux<\/a><\/div>\n<\/div>\n\n\n\n<figure class=\"wp-block-image size-full\"><img loading=\"lazy\" decoding=\"async\" width=\"840\" height=\"630\" src=\"http:\/\/frw-pcdr.be\/meix-devant-virton\/wp-content\/uploads\/ER6\/Meix-devant-Virton\/Img\/sites\/29\/carte-produits-locaux-Meix-2018.webp\" alt=\"Carte des produits locaux comprenant la carte de la Commune et la localisation via petites illustrations de tous les producteurs locaux\" class=\"wp-image-1102\" srcset=\"https:\/\/frw-pcdr.be\/meix-devant-virton\/wp-content\/uploads\/ER6\/Meix-devant-Virton\/Img\/sites\/29\/carte-produits-locaux-Meix-2018.webp 840w, https:\/\/frw-pcdr.be\/meix-devant-virton\/wp-content\/uploads\/ER6\/Meix-devant-Virton\/Img\/sites\/29\/carte-produits-locaux-Meix-2018-300x225.webp 300w, https:\/\/frw-pcdr.be\/meix-devant-virton\/wp-content\/uploads\/ER6\/Meix-devant-Virton\/Img\/sites\/29\/carte-produits-locaux-Meix-2018-768x576.webp 768w\" sizes=\"auto, (max-width: 840px) 100vw, 840px\" \/><\/figure>\n<\/div>\n<\/div>\n<\/div>\n\n\n\n<div style=\"height:50px\" aria-hidden=\"true\" class=\"wp-block-spacer\"><\/div>\n\n\n\n<p class=\"has-text-align-center has-ast-global-color-2-color has-text-color has-link-color wp-elements-557f917ff42630a8877ee262e7df4b06\" style=\"padding-right:3vh;padding-left:3vh\"><strong>Envie de d\u00e9couvrir d\u2019autres projets et mesurer l\u2019\u00e9tendue des champs d\u2019action du d\u00e9veloppement rural ? Rendez-vous sur&#8230;<\/strong><\/p>\n\n\n\n<div class=\"wp-block-buttons is-content-justification-center is-layout-flex wp-container-core-buttons-is-layout-a89b3969 wp-block-buttons-is-layout-flex\">\n<div class=\"wp-block-button\"><a class=\"wp-block-button__link wp-element-button\" href=\"https:\/\/www.frw.be\/des-projets-pour\/\" target=\"_blank\" rel=\"noreferrer noopener\"><strong>FRW &#8211; Des projets pour&#8230;<\/strong><\/a><\/div>\n<\/div>\n\n\n\n<div style=\"height:50px\" aria-hidden=\"true\" class=\"wp-block-spacer\"><\/div>\n","protected":false},"excerpt":{"rendered":"<p>En cours Houdrigny &#8211; Am\u00e9nagement de l&rsquo;ancien magasin Elgey en atelier rural Ce projet s\u2019inscrit dans l\u2019am\u00e9nagement global du site [&hellip;]<\/p>\n","protected":false},"author":1,"featured_media":0,"parent":0,"menu_order":3,"comment_status":"closed","ping_status":"closed","template":"","meta":{"site-sidebar-layout":"default","site-content-layout":"","ast-site-content-layout":"default","site-content-style":"default","site-sidebar-style":"default","ast-global-header-display":"","ast-banner-title-visibility":"","ast-main-header-display":"","ast-hfb-above-header-display":"","ast-hfb-below-header-display":"","ast-hfb-mobile-header-display":"","site-post-title":"disabled","ast-breadcrumbs-content":"","ast-featured-img":"disabled","footer-sml-layout":"","ast-disable-related-posts":"","theme-transparent-header-meta":"","adv-header-id-meta":"","stick-header-meta":"","header-above-stick-meta":"","header-main-stick-meta":"","header-below-stick-meta":"","astra-migrate-meta-layouts":"default","ast-page-background-enabled":"default","ast-page-background-meta":{"desktop":{"background-color":"var(--ast-global-color-5)","background-image":"","background-repeat":"repeat","background-position":"center center","background-size":"auto","background-attachment":"scroll","background-type":"","background-media":"","overlay-type":"","overlay-color":"","overlay-opacity":"","overlay-gradient":""},"tablet":{"background-color":"","background-image":"","background-repeat":"repeat","background-position":"center center","background-size":"auto","background-attachment":"scroll","background-type":"","background-media":"","overlay-type":"","overlay-color":"","overlay-opacity":"","overlay-gradient":""},"mobile":{"background-color":"","background-image":"","background-repeat":"repeat","background-position":"center center","background-size":"auto","background-attachment":"scroll","background-type":"","background-media":"","overlay-type":"","overlay-color":"","overlay-opacity":"","overlay-gradient":""}},"ast-content-background-meta":{"desktop":{"background-color":"var(--ast-global-color-4)","background-image":"","background-repeat":"repeat","background-position":"center center","background-size":"auto","background-attachment":"scroll","background-type":"","background-media":"","overlay-type":"","overlay-color":"","overlay-opacity":"","overlay-gradient":""},"tablet":{"background-color":"var(--ast-global-color-4)","background-image":"","background-repeat":"repeat","background-position":"center center","background-size":"auto","background-attachment":"scroll","background-type":"","background-media":"","overlay-type":"","overlay-color":"","overlay-opacity":"","overlay-gradient":""},"mobile":{"background-color":"var(--ast-global-color-4)","background-image":"","background-repeat":"repeat","background-position":"center center","background-size":"auto","background-attachment":"scroll","background-type":"","background-media":"","overlay-type":"","overlay-color":"","overlay-opacity":"","overlay-gradient":""}},"footnotes":""},"class_list":["post-9","page","type-page","status-publish","hentry"],"_links":{"self":[{"href":"https:\/\/frw-pcdr.be\/meix-devant-virton\/wp-json\/wp\/v2\/pages\/9","targetHints":{"allow":["GET"]}}],"collection":[{"href":"https:\/\/frw-pcdr.be\/meix-devant-virton\/wp-json\/wp\/v2\/pages"}],"about":[{"href":"https:\/\/frw-pcdr.be\/meix-devant-virton\/wp-json\/wp\/v2\/types\/page"}],"author":[{"embeddable":true,"href":"https:\/\/frw-pcdr.be\/meix-devant-virton\/wp-json\/wp\/v2\/users\/1"}],"replies":[{"embeddable":true,"href":"https:\/\/frw-pcdr.be\/meix-devant-virton\/wp-json\/wp\/v2\/comments?post=9"}],"version-history":[{"count":6,"href":"https:\/\/frw-pcdr.be\/meix-devant-virton\/wp-json\/wp\/v2\/pages\/9\/revisions"}],"predecessor-version":[{"id":1112,"href":"https:\/\/frw-pcdr.be\/meix-devant-virton\/wp-json\/wp\/v2\/pages\/9\/revisions\/1112"}],"wp:attachment":[{"href":"https:\/\/frw-pcdr.be\/meix-devant-virton\/wp-json\/wp\/v2\/media?parent=9"}],"curies":[{"name":"wp","href":"https:\/\/api.w.org\/{rel}","templated":true}]}}