{"id":330,"date":"2025-10-29T10:49:31","date_gmt":"2025-10-29T09:49:31","guid":{"rendered":"https:\/\/frw-pcdr.be\/onhaye\/?page_id=330"},"modified":"2026-01-08T15:47:27","modified_gmt":"2026-01-08T14:47:27","slug":"actualites","status":"publish","type":"page","link":"https:\/\/frw-pcdr.be\/meix-devant-virton\/actualites\/","title":{"rendered":"Actualit\u00e9s"},"content":{"rendered":"\n<div class=\"wp-block-group alignfull is-layout-constrained wp-container-core-group-is-layout-ce46af0e wp-block-group-is-layout-constrained\" style=\"padding-top:0;padding-right:3vw;padding-bottom:3vw;padding-left:3vw\">\n<h1 class=\"wp-block-heading has-text-align-left has-ast-global-color-0-color has-text-color has-link-color wp-elements-4a5e537b25b355149cbbd5be494b8a72\" style=\"margin-top:3rem;padding-top:0;padding-right:1.5vh;padding-bottom:0;padding-left:1.5vh;font-size:3.5vh;letter-spacing:0px\">ACTUALIT\u00c9S<\/h1>\n\n\n\n<h2 class=\"wp-block-heading has-text-align-left has-ast-global-color-1-color has-text-color has-link-color wp-elements-dbd4d0fac0b27ddf9730ade8dcde6000\" style=\"margin-top:var(--wp--preset--spacing--50);margin-right:0;margin-bottom:0;margin-left:0;padding-top:0;padding-right:2vh;padding-bottom:0;padding-left:2vh\">Les derni\u00e8res infos relatives au PCDR de votre commune<\/h2>\n\n\n\n<p style=\"margin-top:var(--wp--preset--spacing--40);margin-bottom:var(--wp--preset--spacing--40);padding-right:2vh;padding-left:2vh\">Projets en cours, inaugurations, r\u00e9unions&#8230;<\/p>\n<\/div>\n\n\n\n<div class=\"wp-block-group alignfull is-layout-constrained wp-block-group-is-layout-constrained\" style=\"margin-bottom:0;padding-top:0rem;padding-bottom:0rem\">\n<div class=\"wp-block-columns has-background is-layout-flex wp-container-core-columns-is-layout-2097dcb0 wp-block-columns-is-layout-flex\" style=\"border-radius:5px;background:linear-gradient(135deg,rgb(68,85,79) 0%,rgb(111,148,135) 100%);padding-top:var(--wp--preset--spacing--30);padding-right:var(--wp--preset--spacing--30);padding-bottom:var(--wp--preset--spacing--60);padding-left:var(--wp--preset--spacing--30)\">\n<div class=\"wp-block-column is-vertically-aligned-center is-layout-flow wp-block-column-is-layout-flow\" style=\"padding-right:0;padding-left:0\">\n<figure class=\"wp-block-image size-large\"><img loading=\"lazy\" decoding=\"async\" width=\"1024\" height=\"768\" src=\"http:\/\/frw-pcdr.be\/meix-devant-virton\/wp-content\/uploads\/ER6\/Meix-devant-Virton\/Img\/sites\/29\/Soye-1024x768.webp\" alt=\"Photo de l'\u00e9tang de la Soye \u00e0 Sommethonne\" class=\"wp-image-1082\" style=\"aspect-ratio:16\/9;object-fit:cover\" srcset=\"https:\/\/frw-pcdr.be\/meix-devant-virton\/wp-content\/uploads\/ER6\/Meix-devant-Virton\/Img\/sites\/29\/Soye-1024x768.webp 1024w, https:\/\/frw-pcdr.be\/meix-devant-virton\/wp-content\/uploads\/ER6\/Meix-devant-Virton\/Img\/sites\/29\/Soye-300x225.webp 300w, https:\/\/frw-pcdr.be\/meix-devant-virton\/wp-content\/uploads\/ER6\/Meix-devant-Virton\/Img\/sites\/29\/Soye-768x576.webp 768w, https:\/\/frw-pcdr.be\/meix-devant-virton\/wp-content\/uploads\/ER6\/Meix-devant-Virton\/Img\/sites\/29\/Soye-1536x1152.webp 1536w, https:\/\/frw-pcdr.be\/meix-devant-virton\/wp-content\/uploads\/ER6\/Meix-devant-Virton\/Img\/sites\/29\/Soye-2048x1536.webp 2048w\" sizes=\"auto, (max-width: 1024px) 100vw, 1024px\" \/><\/figure>\n<\/div>\n\n\n\n<div class=\"wp-block-column is-layout-flow wp-block-column-is-layout-flow\" style=\"padding-left:0\">\n<h2 class=\"wp-block-heading has-ast-global-color-3-color has-text-color has-link-color wp-elements-7cf278a21bd44e3af6e26f225e3266a6\" style=\"padding-top:var(--wp--preset--spacing--40);padding-right:1.5vh;padding-left:1.5vh\">La fin de l&rsquo;ODR mais pas la fin des activit\u00e9s !<\/h2>\n\n\n\n<h6 class=\"wp-block-heading has-ast-global-color-3-color has-text-color has-link-color wp-elements-36bd1f0f4d575d2415a91d725a5cfd59\" style=\"padding-right:1.5vh;padding-left:1.5vh\">8 Janvier 2026<\/h6>\n\n\n\n<hr class=\"wp-block-separator has-text-color has-ast-global-color-1-color has-alpha-channel-opacity has-ast-global-color-1-background-color has-background is-style-wide\"\/>\n\n\n\n<p class=\"has-ast-global-color-3-color has-text-color has-link-color wp-elements-2b66ce641d892c4dbc4f95efc1dd2b07\" style=\"padding-right:1.5vh;padding-left:1.5vh\">Comme le PCDR est hors de validit\u00e9 depuis le 25 janvier 2025, la Commune a introduit une demande aupr\u00e8s de la Ministre de la Ruralit\u00e9 afin d&rsquo;obtenir le feu vert pour se lancer dans l&rsquo;\u00e9laboration d&rsquo;un deuxi\u00e8me PCDR. Ce processus commencera par l&rsquo;information et la consultation des habitants des diff\u00e9rents villages.<br>\u200b<br>La CLDR s&rsquo;est r\u00e9unie ce 19 f\u00e9vrier 2025 pour le budget participatif communal, suite \u00e0 quoi le conseil communal a retenu deux actions locales : une dynamique \u00ab\u00a0four \u00e0 pizza\u00a0\u00bb \u00e0 l&rsquo;\u00e9picentre de Meix et l&rsquo;am\u00e9nagement du site de la Croix Jean de Paris entre G\u00e9rouville et Sommethonne.<br><br>N&rsquo;h\u00e9sitez pas \u00e0 visiter la page \u00ab\u00a0Les R\u00e9alisations\u00a0\u00bb pour voir l&rsquo;avanc\u00e9e des projets du PCDR.<\/p>\n\n\n\n<div class=\"wp-block-buttons is-layout-flex wp-block-buttons-is-layout-flex\" style=\"padding-right:2vh;padding-left:2vh\">\n<div class=\"wp-block-button\"><a class=\"wp-block-button__link wp-element-button\" href=\"https:\/\/frw-pcdr.be\/meix-devant-virton\/les-realisations\/\">Les r\u00e9alisations<\/a><\/div>\n<\/div>\n<\/div>\n<\/div>\n\n\n\n<div style=\"height:40px\" aria-hidden=\"true\" class=\"wp-block-spacer\"><\/div>\n<\/div>\n\n\n\n<div class=\"wp-block-group alignfull is-layout-constrained wp-block-group-is-layout-constrained\" style=\"margin-bottom:0;padding-top:0rem;padding-bottom:0rem\"><\/div>\n\n\n\n<div style=\"height:40px\" aria-hidden=\"true\" class=\"wp-block-spacer\"><\/div>\n\n\n\n<div style=\"height:40px\" aria-hidden=\"true\" class=\"wp-block-spacer\"><\/div>\n","protected":false},"excerpt":{"rendered":"<p>ACTUALIT\u00c9S Les derni\u00e8res infos relatives au PCDR de votre commune Projets en cours, inaugurations, r\u00e9unions&#8230; La fin de l&rsquo;ODR mais [&hellip;]<\/p>\n","protected":false},"author":1,"featured_media":0,"parent":0,"menu_order":1,"comment_status":"closed","ping_status":"closed","template":"","meta":{"site-sidebar-layout":"default","site-content-layout":"","ast-site-content-layout":"default","site-content-style":"default","site-sidebar-style":"default","ast-global-header-display":"","ast-banner-title-visibility":"","ast-main-header-display":"","ast-hfb-above-header-display":"","ast-hfb-below-header-display":"","ast-hfb-mobile-header-display":"","site-post-title":"disabled","ast-breadcrumbs-content":"","ast-featured-img":"disabled","footer-sml-layout":"","ast-disable-related-posts":"","theme-transparent-header-meta":"","adv-header-id-meta":"","stick-header-meta":"","header-above-stick-meta":"","header-main-stick-meta":"","header-below-stick-meta":"","astra-migrate-meta-layouts":"default","ast-page-background-enabled":"default","ast-page-background-meta":{"desktop":{"background-color":"var(--ast-global-color-5)","background-image":"","background-repeat":"repeat","background-position":"center center","background-size":"auto","background-attachment":"scroll","background-type":"","background-media":"","overlay-type":"","overlay-color":"","overlay-opacity":"","overlay-gradient":""},"tablet":{"background-color":"","background-image":"","background-repeat":"repeat","background-position":"center center","background-size":"auto","background-attachment":"scroll","background-type":"","background-media":"","overlay-type":"","overlay-color":"","overlay-opacity":"","overlay-gradient":""},"mobile":{"background-color":"","background-image":"","background-repeat":"repeat","background-position":"center center","background-size":"auto","background-attachment":"scroll","background-type":"","background-media":"","overlay-type":"","overlay-color":"","overlay-opacity":"","overlay-gradient":""}},"ast-content-background-meta":{"desktop":{"background-color":"var(--ast-global-color-4)","background-image":"","background-repeat":"repeat","background-position":"center center","background-size":"auto","background-attachment":"scroll","background-type":"","background-media":"","overlay-type":"","overlay-color":"","overlay-opacity":"","overlay-gradient":""},"tablet":{"background-color":"var(--ast-global-color-4)","background-image":"","background-repeat":"repeat","background-position":"center center","background-size":"auto","background-attachment":"scroll","background-type":"","background-media":"","overlay-type":"","overlay-color":"","overlay-opacity":"","overlay-gradient":""},"mobile":{"background-color":"var(--ast-global-color-4)","background-image":"","background-repeat":"repeat","background-position":"center center","background-size":"auto","background-attachment":"scroll","background-type":"","background-media":"","overlay-type":"","overlay-color":"","overlay-opacity":"","overlay-gradient":""}},"footnotes":""},"class_list":["post-330","page","type-page","status-publish","hentry"],"_links":{"self":[{"href":"https:\/\/frw-pcdr.be\/meix-devant-virton\/wp-json\/wp\/v2\/pages\/330","targetHints":{"allow":["GET"]}}],"collection":[{"href":"https:\/\/frw-pcdr.be\/meix-devant-virton\/wp-json\/wp\/v2\/pages"}],"about":[{"href":"https:\/\/frw-pcdr.be\/meix-devant-virton\/wp-json\/wp\/v2\/types\/page"}],"author":[{"embeddable":true,"href":"https:\/\/frw-pcdr.be\/meix-devant-virton\/wp-json\/wp\/v2\/users\/1"}],"replies":[{"embeddable":true,"href":"https:\/\/frw-pcdr.be\/meix-devant-virton\/wp-json\/wp\/v2\/comments?post=330"}],"version-history":[{"count":4,"href":"https:\/\/frw-pcdr.be\/meix-devant-virton\/wp-json\/wp\/v2\/pages\/330\/revisions"}],"predecessor-version":[{"id":1109,"href":"https:\/\/frw-pcdr.be\/meix-devant-virton\/wp-json\/wp\/v2\/pages\/330\/revisions\/1109"}],"wp:attachment":[{"href":"https:\/\/frw-pcdr.be\/meix-devant-virton\/wp-json\/wp\/v2\/media?parent=330"}],"curies":[{"name":"wp","href":"https:\/\/api.w.org\/{rel}","templated":true}]}}