{"id":330,"date":"2025-10-29T10:49:31","date_gmt":"2025-10-29T09:49:31","guid":{"rendered":"https:\/\/frw-pcdr.be\/onhaye\/?page_id=330"},"modified":"2026-04-03T10:33:51","modified_gmt":"2026-04-03T08:33:51","slug":"actualites","status":"publish","type":"page","link":"https:\/\/frw-pcdr.be\/houyet\/actualites\/","title":{"rendered":"Actualit\u00e9s"},"content":{"rendered":"\n<div class=\"wp-block-group alignfull is-layout-constrained wp-container-core-group-is-layout-ce46af0e wp-block-group-is-layout-constrained\" style=\"padding-top:0;padding-right:3vw;padding-bottom:3vw;padding-left:3vw\">\n<h1 class=\"wp-block-heading has-text-align-left has-ast-global-color-0-color has-text-color has-link-color wp-elements-4a5e537b25b355149cbbd5be494b8a72\" style=\"margin-top:3rem;padding-top:0;padding-right:1.5vh;padding-bottom:0;padding-left:1.5vh;font-size:3.5vh;letter-spacing:0px\">ACTUALIT\u00c9S<\/h1>\n\n\n\n<h2 class=\"wp-block-heading has-text-align-left has-ast-global-color-1-color has-text-color has-link-color wp-elements-dbd4d0fac0b27ddf9730ade8dcde6000\" style=\"margin-top:var(--wp--preset--spacing--50);margin-right:0;margin-bottom:0;margin-left:0;padding-top:0;padding-right:2vh;padding-bottom:0;padding-left:2vh\">Les derni\u00e8res infos relatives au PCDR de votre commune<\/h2>\n\n\n\n<p style=\"margin-top:var(--wp--preset--spacing--40);margin-bottom:var(--wp--preset--spacing--40);padding-right:2vh;padding-left:2vh\">Projets en cours, inaugurations, r\u00e9unions&#8230;<\/p>\n<\/div>\n\n\n\n<div class=\"wp-block-group alignfull is-layout-constrained wp-block-group-is-layout-constrained\" style=\"margin-bottom:0;padding-top:0rem;padding-bottom:0rem\">\n<div class=\"wp-block-columns has-background is-layout-flex wp-container-core-columns-is-layout-2097dcb0 wp-block-columns-is-layout-flex\" style=\"border-radius:5px;background:linear-gradient(135deg,rgb(68,85,79) 0%,rgb(111,148,135) 100%);padding-top:var(--wp--preset--spacing--30);padding-right:var(--wp--preset--spacing--30);padding-bottom:var(--wp--preset--spacing--60);padding-left:var(--wp--preset--spacing--30)\">\n<div class=\"wp-block-column is-vertically-aligned-center is-layout-flow wp-block-column-is-layout-flow\" style=\"padding-right:0;padding-left:0\">\n<figure class=\"wp-block-image aligncenter size-large is-resized has-custom-border\" style=\"margin-top:var(--wp--preset--spacing--50);margin-bottom:0\"><img loading=\"lazy\" decoding=\"async\" width=\"1024\" height=\"768\" src=\"http:\/\/frw-pcdr.be\/houyet\/wp-content\/uploads\/ER3\/Houyet\/Img\/sites\/35\/Patrimoine-Custinne-11-1024x768.webp\" alt=\"\" class=\"wp-image-1210\" style=\"border-top-left-radius:9px;border-top-right-radius:9px;border-bottom-left-radius:9px;border-bottom-right-radius:9px;aspect-ratio:1.7777777777777777;object-fit:cover;width:517px;height:auto\" srcset=\"https:\/\/frw-pcdr.be\/houyet\/wp-content\/uploads\/ER3\/Houyet\/Img\/sites\/35\/Patrimoine-Custinne-11-1024x768.webp 1024w, https:\/\/frw-pcdr.be\/houyet\/wp-content\/uploads\/ER3\/Houyet\/Img\/sites\/35\/Patrimoine-Custinne-11-300x225.webp 300w, https:\/\/frw-pcdr.be\/houyet\/wp-content\/uploads\/ER3\/Houyet\/Img\/sites\/35\/Patrimoine-Custinne-11-768x576.webp 768w, https:\/\/frw-pcdr.be\/houyet\/wp-content\/uploads\/ER3\/Houyet\/Img\/sites\/35\/Patrimoine-Custinne-11.webp 1440w\" sizes=\"auto, (max-width: 1024px) 100vw, 1024px\" \/><\/figure>\n<\/div>\n\n\n\n<div class=\"wp-block-column is-layout-flow wp-block-column-is-layout-flow\" style=\"padding-left:0\">\n<h2 class=\"wp-block-heading has-ast-global-color-3-color has-text-color has-link-color wp-elements-90e847bb80ab0442ab3c32afd159ca32\" style=\"padding-top:var(--wp--preset--spacing--40);padding-right:1.5vh;padding-left:1.5vh\">Le GT Patrimoine sur le terrain <\/h2>\n\n\n\n<h6 class=\"wp-block-heading has-ast-global-color-3-color has-text-color has-link-color wp-elements-91ec70d50eec866bc6163240b60e3563\" style=\"padding-right:1.5vh;padding-left:1.5vh\">F\u00e9vrier et mars 2026<\/h6>\n\n\n\n<hr class=\"wp-block-separator has-text-color has-ast-global-color-1-color has-alpha-channel-opacity has-ast-global-color-1-background-color has-background is-style-wide\" \/>\n\n\n\n<p class=\"has-ast-global-color-3-color has-text-color has-link-color wp-elements-f9f29262f89dbb5d14a505ee121c4545\" style=\"padding-right:1.5vh;padding-left:1.5vh\">Le groupe de travail patrimoine s\u2019est r\u00e9uni ces derni\u00e8res semaines dans les villages de Wanlin, Ver, Custinne et Finnevaux afin de poursuivre l\u2019inventaire du petit patrimoine de la commune. En parall\u00e8le, le groupe m\u00e8ne une r\u00e9flexion sur la valorisation du patrimoine recens\u00e9.<\/p>\n\n\n\n<div class=\"wp-block-buttons is-layout-flex wp-block-buttons-is-layout-flex\">\n<div class=\"wp-block-button\"><a class=\"wp-block-button__link wp-element-button\" href=\"https:\/\/frw-pcdr.be\/houyet\/les-realisations\/\">En savoir plus sur le groupe et ses activit\u00e9s <\/a><\/div>\n\n\n\n<div class=\"wp-block-button\"><a class=\"wp-block-button__link wp-element-button\" href=\"https:\/\/houyet-patrimoine.gogocarto.fr\/\" target=\"_blank\" rel=\"noreferrer noopener\">D\u00e9couvrir la carte du patrimoine \u00e0 Houyet et ses villages<\/a><\/div>\n<\/div>\n<\/div>\n<\/div>\n\n\n\n<div class=\"wp-block-columns has-background is-layout-flex wp-container-core-columns-is-layout-2097dcb0 wp-block-columns-is-layout-flex\" style=\"border-radius:5px;background:linear-gradient(135deg,rgb(68,85,79) 0%,rgb(111,148,135) 100%);padding-top:var(--wp--preset--spacing--30);padding-right:var(--wp--preset--spacing--30);padding-bottom:var(--wp--preset--spacing--60);padding-left:var(--wp--preset--spacing--30)\">\n<div class=\"wp-block-column is-vertically-aligned-center is-layout-flow wp-block-column-is-layout-flow\" style=\"padding-right:0;padding-left:0\">\n<figure class=\"wp-block-image aligncenter size-large is-resized has-custom-border\" style=\"margin-top:var(--wp--preset--spacing--40);margin-bottom:0\"><img loading=\"lazy\" decoding=\"async\" width=\"768\" height=\"1024\" src=\"http:\/\/frw-pcdr.be\/houyet\/wp-content\/uploads\/ER3\/Houyet\/Img\/sites\/35\/Jeunes-768x1024.webp\" alt=\"\" class=\"wp-image-1152\" style=\"border-top-left-radius:9px;border-top-right-radius:9px;border-bottom-left-radius:9px;border-bottom-right-radius:9px;aspect-ratio:1.7777777777777777;object-fit:cover;width:540px;height:auto\" srcset=\"https:\/\/frw-pcdr.be\/houyet\/wp-content\/uploads\/ER3\/Houyet\/Img\/sites\/35\/Jeunes-768x1024.webp 768w, https:\/\/frw-pcdr.be\/houyet\/wp-content\/uploads\/ER3\/Houyet\/Img\/sites\/35\/Jeunes-225x300.webp 225w, https:\/\/frw-pcdr.be\/houyet\/wp-content\/uploads\/ER3\/Houyet\/Img\/sites\/35\/Jeunes-1152x1536.webp 1152w, https:\/\/frw-pcdr.be\/houyet\/wp-content\/uploads\/ER3\/Houyet\/Img\/sites\/35\/Jeunes.webp 1400w\" sizes=\"auto, (max-width: 768px) 100vw, 768px\" \/><\/figure>\n<\/div>\n\n\n\n<div class=\"wp-block-column is-layout-flow wp-block-column-is-layout-flow\" style=\"padding-left:0\">\n<h2 class=\"wp-block-heading has-ast-global-color-3-color has-text-color has-link-color wp-elements-097d20b374214902c6600109834292dc\" style=\"padding-top:var(--wp--preset--spacing--40);padding-right:1.5vh;padding-left:1.5vh\">Premi\u00e8re activit\u00e9 du GT Jeunes <\/h2>\n\n\n\n<h6 class=\"wp-block-heading has-ast-global-color-3-color has-text-color has-link-color wp-elements-86fef206b4db37d2f153cce501c5e350\" style=\"padding-right:1.5vh;padding-left:1.5vh\">D\u00e9cembre 2025<\/h6>\n\n\n\n<hr class=\"wp-block-separator has-text-color has-ast-global-color-1-color has-alpha-channel-opacity has-ast-global-color-1-background-color has-background is-style-wide\" \/>\n\n\n\n<p class=\"has-ast-global-color-3-color has-text-color has-link-color wp-elements-f4f0c876f0363e0f17cc6ff75fce601f\" style=\"padding-right:1.5vh;padding-left:1.5vh\">Le groupe \u00ab\u00a0jeunes d&rsquo;Houyet\u00a0\u00bb a d\u00e9cid\u00e9 de participer au march\u00e9 de No\u00ebl comme premi\u00e8re activit\u00e9. Il s&rsquo;agissait notamment de trouver un moment pour pouvoir \u00e9changer avec les autres jeunes de la commune dans une ambiance festive. Pari r\u00e9ussi !&nbsp;<\/p>\n\n\n\n<div class=\"wp-block-buttons is-layout-flex wp-block-buttons-is-layout-flex\">\n<div class=\"wp-block-button\"><a class=\"wp-block-button__link wp-element-button\" href=\"https:\/\/frw-pcdr.be\/houyet\/les-realisations\/\">En savoir plus sur le groupe et ses activit\u00e9s <\/a><\/div>\n<\/div>\n<\/div>\n<\/div>\n\n\n\n<div class=\"wp-block-columns has-background is-layout-flex wp-container-core-columns-is-layout-2097dcb0 wp-block-columns-is-layout-flex\" style=\"border-radius:5px;background:linear-gradient(135deg,rgb(68,85,79) 0%,rgb(111,148,135) 100%);padding-top:var(--wp--preset--spacing--30);padding-right:var(--wp--preset--spacing--30);padding-bottom:var(--wp--preset--spacing--60);padding-left:var(--wp--preset--spacing--30)\">\n<div class=\"wp-block-column is-vertically-aligned-center is-layout-flow wp-block-column-is-layout-flow\" style=\"padding-right:0;padding-left:0\">\n<figure class=\"wp-block-image aligncenter size-large is-resized has-custom-border\" style=\"margin-top:var(--wp--preset--spacing--50)\"><img loading=\"lazy\" decoding=\"async\" width=\"1024\" height=\"768\" src=\"http:\/\/frw-pcdr.be\/houyet\/wp-content\/uploads\/ER3\/Houyet\/Img\/sites\/35\/2025_Journee-de-larbre-1024x768.webp\" alt=\"\" class=\"wp-image-1123\" style=\"border-top-left-radius:9px;border-top-right-radius:9px;border-bottom-left-radius:9px;border-bottom-right-radius:9px;aspect-ratio:1.7777777777777777;object-fit:cover;width:530px;height:auto\" srcset=\"https:\/\/frw-pcdr.be\/houyet\/wp-content\/uploads\/ER3\/Houyet\/Img\/sites\/35\/2025_Journee-de-larbre-1024x768.webp 1024w, https:\/\/frw-pcdr.be\/houyet\/wp-content\/uploads\/ER3\/Houyet\/Img\/sites\/35\/2025_Journee-de-larbre-300x225.webp 300w, https:\/\/frw-pcdr.be\/houyet\/wp-content\/uploads\/ER3\/Houyet\/Img\/sites\/35\/2025_Journee-de-larbre-768x576.webp 768w, https:\/\/frw-pcdr.be\/houyet\/wp-content\/uploads\/ER3\/Houyet\/Img\/sites\/35\/2025_Journee-de-larbre-1536x1152.webp 1536w, https:\/\/frw-pcdr.be\/houyet\/wp-content\/uploads\/ER3\/Houyet\/Img\/sites\/35\/2025_Journee-de-larbre.webp 2000w\" sizes=\"auto, (max-width: 1024px) 100vw, 1024px\" \/><\/figure>\n<\/div>\n\n\n\n<div class=\"wp-block-column is-layout-flow wp-block-column-is-layout-flow\" style=\"padding-left:0\">\n<h2 class=\"wp-block-heading has-ast-global-color-3-color has-text-color has-link-color wp-elements-164b93ed5991322ae1dd92ce402d5574\" style=\"padding-top:var(--wp--preset--spacing--40);padding-right:1.5vh;padding-left:1.5vh\">Semaine de l&rsquo;arbre 2025 ! <\/h2>\n\n\n\n<h6 class=\"wp-block-heading has-ast-global-color-3-color has-text-color has-link-color wp-elements-559a66322736ce247d2da875f360563f\" style=\"padding-right:1.5vh;padding-left:1.5vh\">22 Novembre 2025<\/h6>\n\n\n\n<hr class=\"wp-block-separator has-text-color has-ast-global-color-1-color has-alpha-channel-opacity has-ast-global-color-1-background-color has-background is-style-wide\" \/>\n\n\n\n<p class=\"has-ast-global-color-3-color has-text-color has-link-color wp-elements-ecb73e8442f0cdf9cfecb877e45862c2\" style=\"padding-right:1.5vh;padding-left:1.5vh\">Cette ann\u00e9e, la semaine de l&rsquo;arbre \u00e9tait organis\u00e9e sur le th\u00e8me de la Haie Fleurie et s&rsquo;est d\u00e9roul\u00e9e \u00e0 la buvette \u00ab\u00a0Le Maupas\u00a0\u00bb. <\/p>\n<\/div>\n<\/div>\n\n\n\n<div class=\"wp-block-columns has-background is-layout-flex wp-container-core-columns-is-layout-2097dcb0 wp-block-columns-is-layout-flex\" style=\"border-radius:5px;background:linear-gradient(135deg,rgb(68,85,79) 0%,rgb(111,148,135) 100%);padding-top:var(--wp--preset--spacing--30);padding-right:var(--wp--preset--spacing--30);padding-bottom:var(--wp--preset--spacing--60);padding-left:var(--wp--preset--spacing--30)\">\n<div class=\"wp-block-column is-vertically-aligned-center is-layout-flow wp-block-column-is-layout-flow\" style=\"padding-right:0;padding-left:0\">\n<figure class=\"wp-block-image aligncenter size-full is-resized has-custom-border\" style=\"margin-top:var(--wp--preset--spacing--40)\"><img loading=\"lazy\" decoding=\"async\" width=\"578\" height=\"827\" src=\"http:\/\/frw-pcdr.be\/houyet\/wp-content\/uploads\/ER3\/Houyet\/Img\/sites\/35\/PCDR-Houyet.webp\" alt=\"\" class=\"wp-image-1151\" style=\"border-top-left-radius:9px;border-top-right-radius:9px;border-bottom-left-radius:9px;border-bottom-right-radius:9px;aspect-ratio:0.75;object-fit:cover;width:296px;height:auto\" srcset=\"https:\/\/frw-pcdr.be\/houyet\/wp-content\/uploads\/ER3\/Houyet\/Img\/sites\/35\/PCDR-Houyet.webp 578w, https:\/\/frw-pcdr.be\/houyet\/wp-content\/uploads\/ER3\/Houyet\/Img\/sites\/35\/PCDR-Houyet-210x300.webp 210w\" sizes=\"auto, (max-width: 578px) 100vw, 578px\" \/><\/figure>\n<\/div>\n\n\n\n<div class=\"wp-block-column is-layout-flow wp-block-column-is-layout-flow\" style=\"padding-left:0\">\n<h2 class=\"wp-block-heading has-ast-global-color-3-color has-text-color has-link-color wp-elements-b8f884331f2ba636037db622e7a33c2f\" style=\"padding-top:var(--wp--preset--spacing--40);padding-right:1.5vh;padding-left:1.5vh\">Le PCDR a \u00e9t\u00e9 approuv\u00e9 par le Gouvernement Wallon !<\/h2>\n\n\n\n<h6 class=\"wp-block-heading has-ast-global-color-3-color has-text-color has-link-color wp-elements-6676661a2c75d058e5a742c861a4811b\" style=\"padding-right:1.5vh;padding-left:1.5vh\">15 mai 2025<\/h6>\n\n\n\n<hr class=\"wp-block-separator has-text-color has-ast-global-color-1-color has-alpha-channel-opacity has-ast-global-color-1-background-color has-background is-style-wide\" \/>\n\n\n\n<p class=\"has-ast-global-color-3-color has-text-color has-link-color wp-elements-b9b172a9610d4ffb74d82a440e2d2399\" style=\"padding-right:1.5vh;padding-left:1.5vh\">Lors de sa s\u00e9ance du 15 mai 2025, le gouvernement wallon a approuv\u00e9 le nouveau PCDR d&rsquo;Houyet pour une dur\u00e9e de 10 ans (ce qui est le maximum possible). Cela va permettre \u00e0 la commune de n\u00e9gocier des financements dans le cadre du d\u00e9veloppement rural mais aussi aux citoyens de d\u00e9velopper des projets.<\/p>\n\n\n\n<div class=\"wp-block-buttons is-layout-flex wp-block-buttons-is-layout-flex\">\n<div class=\"wp-block-button\"><a class=\"wp-block-button__link wp-element-button\" href=\"https:\/\/frw-pcdr.be\/houyet\/le-pcdr\/\">D\u00e9couvrir le PCDR <\/a><\/div>\n<\/div>\n<\/div>\n<\/div>\n\n\n\n<div class=\"wp-block-columns has-background is-layout-flex wp-container-core-columns-is-layout-2097dcb0 wp-block-columns-is-layout-flex\" style=\"border-radius:5px;background:linear-gradient(135deg,rgb(68,85,79) 0%,rgb(111,148,135) 100%);padding-top:var(--wp--preset--spacing--30);padding-right:var(--wp--preset--spacing--30);padding-bottom:var(--wp--preset--spacing--60);padding-left:var(--wp--preset--spacing--30)\">\n<div class=\"wp-block-column is-vertically-aligned-center is-layout-flow wp-block-column-is-layout-flow\" style=\"padding-right:0;padding-left:0\">\n<figure class=\"wp-block-image aligncenter size-large is-resized has-custom-border\" style=\"margin-top:var(--wp--preset--spacing--40)\"><img loading=\"lazy\" decoding=\"async\" width=\"1024\" height=\"768\" src=\"http:\/\/frw-pcdr.be\/houyet\/wp-content\/uploads\/ER3\/Houyet\/Img\/sites\/35\/GT-Patrimoine-1024x768.webp\" alt=\"\" class=\"wp-image-1127\" style=\"border-top-left-radius:9px;border-top-right-radius:9px;border-bottom-left-radius:9px;border-bottom-right-radius:9px;aspect-ratio:1.7777777777777777;object-fit:cover;width:556px;height:auto\" srcset=\"https:\/\/frw-pcdr.be\/houyet\/wp-content\/uploads\/ER3\/Houyet\/Img\/sites\/35\/GT-Patrimoine-1024x768.webp 1024w, https:\/\/frw-pcdr.be\/houyet\/wp-content\/uploads\/ER3\/Houyet\/Img\/sites\/35\/GT-Patrimoine-300x225.webp 300w, https:\/\/frw-pcdr.be\/houyet\/wp-content\/uploads\/ER3\/Houyet\/Img\/sites\/35\/GT-Patrimoine-768x576.webp 768w, https:\/\/frw-pcdr.be\/houyet\/wp-content\/uploads\/ER3\/Houyet\/Img\/sites\/35\/GT-Patrimoine.webp 1288w\" sizes=\"auto, (max-width: 1024px) 100vw, 1024px\" \/><\/figure>\n<\/div>\n\n\n\n<div class=\"wp-block-column is-layout-flow wp-block-column-is-layout-flow\" style=\"padding-left:0\">\n<h2 class=\"wp-block-heading has-ast-global-color-3-color has-text-color has-link-color wp-elements-54d03c2aa8696e6bd0afcbe43111dbc6\" style=\"padding-top:var(--wp--preset--spacing--40);padding-right:1.5vh;padding-left:1.5vh\">Cr\u00e9ation d&rsquo;un groupe de travail Patrimoine<\/h2>\n\n\n\n<h6 class=\"wp-block-heading has-ast-global-color-3-color has-text-color has-link-color wp-elements-ea12de355d8fc2eb8549cc03ccb3819c\" style=\"padding-right:1.5vh;padding-left:1.5vh\">Avril 2025<\/h6>\n\n\n\n<hr class=\"wp-block-separator has-text-color has-ast-global-color-1-color has-alpha-channel-opacity has-ast-global-color-1-background-color has-background is-style-wide\" \/>\n\n\n\n<p class=\"has-ast-global-color-3-color has-text-color has-link-color wp-elements-6acad436677fd612941ea8a6902a54bf\" style=\"padding-right:1.5vh;padding-left:1.5vh\">Le projet 1.7 du PCDR consiste en la pr\u00e9servation et la restauration du petit patrimoine. Un groupe de travail s\u2019est constitu\u00e9 dans ce cadre l\u00e0. A travers ce groupe, les citoyens volontaires seront form\u00e9s et un recensement participatif du petit patrimoine sera effectu\u00e9. Une r\u00e9flexion devrait \u00e9galement avoir lieu sur la valorisation du petit patrimoine.  <\/p>\n\n\n\n<div class=\"wp-block-buttons is-layout-flex wp-block-buttons-is-layout-flex\">\n<div class=\"wp-block-button\"><a class=\"wp-block-button__link wp-element-button\" href=\"https:\/\/frw-pcdr.be\/houyet\/le-pcdr\/\">D\u00e9couvrir la fiche 1.7 dans la partie 5 du PCDR<\/a><\/div>\n<\/div>\n<\/div>\n<\/div>\n\n\n\n<div class=\"wp-block-columns has-background is-layout-flex wp-container-core-columns-is-layout-2097dcb0 wp-block-columns-is-layout-flex\" style=\"border-radius:5px;background:linear-gradient(135deg,rgb(68,85,79) 0%,rgb(111,148,135) 100%);padding-top:var(--wp--preset--spacing--30);padding-right:var(--wp--preset--spacing--30);padding-bottom:var(--wp--preset--spacing--60);padding-left:var(--wp--preset--spacing--30)\">\n<div class=\"wp-block-column is-vertically-aligned-center is-layout-flow wp-block-column-is-layout-flow\" style=\"padding-right:0;padding-left:0\">\n<figure class=\"wp-block-image aligncenter size-full is-resized has-custom-border\" style=\"margin-top:var(--wp--preset--spacing--50)\"><img loading=\"lazy\" decoding=\"async\" width=\"800\" height=\"800\" src=\"http:\/\/frw-pcdr.be\/houyet\/wp-content\/uploads\/ER3\/Houyet\/Img\/sites\/35\/Semaine-arbre-2024.jpg\" alt=\"\" class=\"wp-image-1185\" style=\"border-top-left-radius:9px;border-top-right-radius:9px;border-bottom-left-radius:9px;border-bottom-right-radius:9px;aspect-ratio:1.7777777777777777;object-fit:cover;width:590px;height:auto\" srcset=\"https:\/\/frw-pcdr.be\/houyet\/wp-content\/uploads\/ER3\/Houyet\/Img\/sites\/35\/Semaine-arbre-2024.jpg 800w, https:\/\/frw-pcdr.be\/houyet\/wp-content\/uploads\/ER3\/Houyet\/Img\/sites\/35\/Semaine-arbre-2024-300x300.jpg 300w, https:\/\/frw-pcdr.be\/houyet\/wp-content\/uploads\/ER3\/Houyet\/Img\/sites\/35\/Semaine-arbre-2024-150x150.jpg 150w, https:\/\/frw-pcdr.be\/houyet\/wp-content\/uploads\/ER3\/Houyet\/Img\/sites\/35\/Semaine-arbre-2024-768x768.jpg 768w\" sizes=\"auto, (max-width: 800px) 100vw, 800px\" \/><\/figure>\n<\/div>\n\n\n\n<div class=\"wp-block-column is-layout-flow wp-block-column-is-layout-flow\" style=\"padding-left:0\">\n<h2 class=\"wp-block-heading has-ast-global-color-3-color has-text-color has-link-color wp-elements-9e2c43809702f9aedc3694d2f1cfa886\" style=\"padding-top:var(--wp--preset--spacing--40);padding-right:1.5vh;padding-left:1.5vh\">Beau succ\u00e8s pour la semaine de l&rsquo;arbre ! <\/h2>\n\n\n\n<h6 class=\"wp-block-heading has-ast-global-color-3-color has-text-color has-link-color wp-elements-6e8c043ab3d1183e09315dbdd3fc6af1\" style=\"padding-right:1.5vh;padding-left:1.5vh\">Novembre 2024<\/h6>\n\n\n\n<hr class=\"wp-block-separator has-text-color has-ast-global-color-1-color has-alpha-channel-opacity has-ast-global-color-1-background-color has-background is-style-wide\" \/>\n\n\n\n<p class=\"has-ast-global-color-3-color has-text-color has-link-color wp-elements-bd53fea12badbcc865efeb26510df6f6\" style=\"padding-right:1.5vh;padding-left:1.5vh\">Ce samedi 23 novembre, la journ\u00e9e de l&rsquo;arbre organis\u00e9e dans le cadre de l&rsquo;appel \u00e0 projet BiodiverCit\u00e9 a connu un beau succ\u00e8s. La distribution de plants d&rsquo;arbres, une balade nature ou encore une exposition des \u00e9coles \u00e9taient au programme de cette belle journ\u00e9e organis\u00e9e dans le quartier de la gare. <\/p>\n<\/div>\n<\/div>\n\n\n\n<div class=\"wp-block-columns has-background is-layout-flex wp-container-core-columns-is-layout-2097dcb0 wp-block-columns-is-layout-flex\" style=\"border-radius:5px;background:linear-gradient(135deg,rgb(68,85,79) 0%,rgb(111,148,135) 100%);padding-top:var(--wp--preset--spacing--30);padding-right:var(--wp--preset--spacing--30);padding-bottom:var(--wp--preset--spacing--60);padding-left:var(--wp--preset--spacing--30)\">\n<div class=\"wp-block-column is-vertically-aligned-center is-layout-flow wp-block-column-is-layout-flow\" style=\"padding-right:0;padding-left:0\">\n<figure class=\"wp-block-image aligncenter size-large is-resized has-custom-border\" style=\"margin-top:var(--wp--preset--spacing--50)\"><img loading=\"lazy\" decoding=\"async\" width=\"1024\" height=\"768\" src=\"http:\/\/frw-pcdr.be\/houyet\/wp-content\/uploads\/ER3\/Houyet\/Img\/sites\/35\/approb-pcdr-1024x768.webp\" alt=\"\" class=\"wp-image-1154\" style=\"border-top-left-radius:9px;border-top-right-radius:9px;border-bottom-left-radius:9px;border-bottom-right-radius:9px;aspect-ratio:1.7777777777777777;object-fit:cover;width:540px;height:auto\" srcset=\"https:\/\/frw-pcdr.be\/houyet\/wp-content\/uploads\/ER3\/Houyet\/Img\/sites\/35\/approb-pcdr-1024x768.webp 1024w, https:\/\/frw-pcdr.be\/houyet\/wp-content\/uploads\/ER3\/Houyet\/Img\/sites\/35\/approb-pcdr-300x225.webp 300w, https:\/\/frw-pcdr.be\/houyet\/wp-content\/uploads\/ER3\/Houyet\/Img\/sites\/35\/approb-pcdr-768x576.webp 768w, https:\/\/frw-pcdr.be\/houyet\/wp-content\/uploads\/ER3\/Houyet\/Img\/sites\/35\/approb-pcdr-1536x1152.webp 1536w, https:\/\/frw-pcdr.be\/houyet\/wp-content\/uploads\/ER3\/Houyet\/Img\/sites\/35\/approb-pcdr-2048x1536.webp 2048w\" sizes=\"auto, (max-width: 1024px) 100vw, 1024px\" \/><\/figure>\n<\/div>\n\n\n\n<div class=\"wp-block-column is-layout-flow wp-block-column-is-layout-flow\" style=\"padding-left:0\">\n<h2 class=\"wp-block-heading has-ast-global-color-3-color has-text-color has-link-color wp-elements-3c6f6f893b28f56628fc8e63cb1a9e04\" style=\"padding-top:var(--wp--preset--spacing--40);padding-right:1.5vh;padding-left:1.5vh\">La CLDR approuve l&rsquo;avant-projet de PCDR ! <\/h2>\n\n\n\n<h6 class=\"wp-block-heading has-ast-global-color-3-color has-text-color has-link-color wp-elements-3141ec7ba1efc70fdf3b100168911cf7\" style=\"padding-right:1.5vh;padding-left:1.5vh\">Mai 2024 <\/h6>\n\n\n\n<hr class=\"wp-block-separator has-text-color has-ast-global-color-1-color has-alpha-channel-opacity has-ast-global-color-1-background-color has-background is-style-wide\" \/>\n\n\n\n<p class=\"has-ast-global-color-3-color has-text-color has-link-color wp-elements-0157f2a6d050e5400ce0481f8b5ae349\" style=\"padding-right:1.5vh;padding-left:1.5vh\">C&rsquo;est \u00e0&nbsp;<strong>l&rsquo;unanimit\u00e9&nbsp;<\/strong>des membres pr\u00e9sents que la CLDR a approuv\u00e9 l&rsquo;avant-projet de PCDR de la commune d&rsquo;Houyet. D\u00e9sormais, le projet devra \u00eatre valid\u00e9 par l&rsquo;administration wallonne puis par le Conseil Communal.<\/p>\n\n\n\n<p class=\"has-ast-global-color-3-color has-text-color has-link-color wp-elements-2aa1b5ff5692ce7409a394785d9ce085\" style=\"padding-right:1.5vh;padding-left:1.5vh\">\u200bLe fruit d&rsquo;un travail de longue haleine qui se termine en toute convivialit\u00e9 !<\/p>\n<\/div>\n<\/div>\n\n\n\n<div class=\"wp-block-columns has-background is-layout-flex wp-container-core-columns-is-layout-2097dcb0 wp-block-columns-is-layout-flex\" style=\"border-radius:5px;background:linear-gradient(135deg,rgb(68,85,79) 0%,rgb(111,148,135) 100%);padding-top:var(--wp--preset--spacing--30);padding-right:var(--wp--preset--spacing--30);padding-bottom:var(--wp--preset--spacing--60);padding-left:var(--wp--preset--spacing--30)\">\n<div class=\"wp-block-column is-vertically-aligned-center is-layout-flow wp-block-column-is-layout-flow\" style=\"padding-right:0;padding-left:0\">\n<figure class=\"wp-block-image aligncenter size-large is-resized has-custom-border\" style=\"margin-top:var(--wp--preset--spacing--50)\"><img loading=\"lazy\" decoding=\"async\" width=\"1024\" height=\"768\" src=\"http:\/\/frw-pcdr.be\/houyet\/wp-content\/uploads\/ER3\/Houyet\/Img\/sites\/35\/GT-biodiversite-1024x768.webp\" alt=\"\" class=\"wp-image-1126\" style=\"border-top-left-radius:9px;border-top-right-radius:9px;border-bottom-left-radius:9px;border-bottom-right-radius:9px;aspect-ratio:1.7777777777777777;object-fit:cover;width:555px;height:auto\" srcset=\"https:\/\/frw-pcdr.be\/houyet\/wp-content\/uploads\/ER3\/Houyet\/Img\/sites\/35\/GT-biodiversite-1024x768.webp 1024w, https:\/\/frw-pcdr.be\/houyet\/wp-content\/uploads\/ER3\/Houyet\/Img\/sites\/35\/GT-biodiversite-300x225.webp 300w, https:\/\/frw-pcdr.be\/houyet\/wp-content\/uploads\/ER3\/Houyet\/Img\/sites\/35\/GT-biodiversite-768x576.webp 768w, https:\/\/frw-pcdr.be\/houyet\/wp-content\/uploads\/ER3\/Houyet\/Img\/sites\/35\/GT-biodiversite-1536x1152.webp 1536w, https:\/\/frw-pcdr.be\/houyet\/wp-content\/uploads\/ER3\/Houyet\/Img\/sites\/35\/GT-biodiversite-2048x1536.webp 2048w\" sizes=\"auto, (max-width: 1024px) 100vw, 1024px\" \/><\/figure>\n<\/div>\n\n\n\n<div class=\"wp-block-column is-layout-flow wp-block-column-is-layout-flow\" style=\"padding-left:0\">\n<h2 class=\"wp-block-heading has-ast-global-color-3-color has-text-color has-link-color wp-elements-5000b64d86acec22d06fee1312789d6d\" style=\"padding-top:var(--wp--preset--spacing--40);padding-right:1.5vh;padding-left:1.5vh\">Le groupe de travail BiodiverCit\u00e9 en action <\/h2>\n\n\n\n<h6 class=\"wp-block-heading has-ast-global-color-3-color has-text-color has-link-color wp-elements-5994b8edcac0a848da169bebc2426dc4\" style=\"padding-right:1.5vh;padding-left:1.5vh\">Novembre 2023 <\/h6>\n\n\n\n<hr class=\"wp-block-separator has-text-color has-ast-global-color-1-color has-alpha-channel-opacity has-ast-global-color-1-background-color has-background is-style-wide\" \/>\n\n\n\n<p class=\"has-ast-global-color-3-color has-text-color has-link-color wp-elements-642b113dde341425f734f7bd3bad23dd\" style=\"padding-right:1.5vh;padding-left:1.5vh\">Ce 25 novembre s&rsquo;est d\u00e9roul\u00e9e la distribution de (1000 !) plants dans le cadre de la semaine de l&rsquo;arbre 2023. Une belle occasion pour les membres du GT Biodiversit\u00e9 de pr\u00e9senter leurs projets et de se mettre en action afin de r\u00e9aliser des plantations !&nbsp;<\/p>\n<\/div>\n<\/div>\n\n\n\n<div class=\"wp-block-columns has-background is-layout-flex wp-container-core-columns-is-layout-2097dcb0 wp-block-columns-is-layout-flex\" style=\"border-radius:5px;background:linear-gradient(135deg,rgb(68,85,79) 0%,rgb(111,148,135) 100%);padding-top:var(--wp--preset--spacing--30);padding-right:var(--wp--preset--spacing--30);padding-bottom:var(--wp--preset--spacing--60);padding-left:var(--wp--preset--spacing--30)\">\n<div class=\"wp-block-column is-vertically-aligned-center is-layout-flow wp-block-column-is-layout-flow\" style=\"padding-right:0;padding-left:0\">\n<figure class=\"wp-block-image aligncenter size-large is-resized has-custom-border\" style=\"margin-top:25px;margin-right:var(--wp--preset--spacing--20);margin-bottom:0px\"><img loading=\"lazy\" decoding=\"async\" width=\"1024\" height=\"768\" src=\"http:\/\/frw-pcdr.be\/houyet\/wp-content\/uploads\/ER3\/Houyet\/Img\/sites\/35\/CLDR-sur-le-terrain-1024x768.webp\" alt=\"\" class=\"wp-image-1125\" style=\"border-top-left-radius:9px;border-top-right-radius:9px;border-bottom-left-radius:9px;border-bottom-right-radius:9px;aspect-ratio:1.7777777777777777;object-fit:cover;width:565px;height:auto\" srcset=\"https:\/\/frw-pcdr.be\/houyet\/wp-content\/uploads\/ER3\/Houyet\/Img\/sites\/35\/CLDR-sur-le-terrain-1024x768.webp 1024w, https:\/\/frw-pcdr.be\/houyet\/wp-content\/uploads\/ER3\/Houyet\/Img\/sites\/35\/CLDR-sur-le-terrain-300x225.webp 300w, https:\/\/frw-pcdr.be\/houyet\/wp-content\/uploads\/ER3\/Houyet\/Img\/sites\/35\/CLDR-sur-le-terrain-768x576.webp 768w, https:\/\/frw-pcdr.be\/houyet\/wp-content\/uploads\/ER3\/Houyet\/Img\/sites\/35\/CLDR-sur-le-terrain-1536x1152.webp 1536w, https:\/\/frw-pcdr.be\/houyet\/wp-content\/uploads\/ER3\/Houyet\/Img\/sites\/35\/CLDR-sur-le-terrain-2048x1536.webp 2048w\" sizes=\"auto, (max-width: 1024px) 100vw, 1024px\" \/><\/figure>\n<\/div>\n\n\n\n<div class=\"wp-block-column is-layout-flow wp-block-column-is-layout-flow\" style=\"padding-left:0\">\n<h2 class=\"wp-block-heading has-ast-global-color-3-color has-text-color has-link-color wp-elements-821b7ed69c32937e8761a0544fc0668f\" style=\"padding-top:var(--wp--preset--spacing--40);padding-right:1.5vh;padding-left:1.5vh\">La CLDR sur le terrain !  <\/h2>\n\n\n\n<h6 class=\"wp-block-heading has-ast-global-color-3-color has-text-color has-link-color wp-elements-88abc3df1f447af92594c8bfbf164ab3\" style=\"padding-right:1.5vh;padding-left:1.5vh\">Septembre 2023<\/h6>\n\n\n\n<hr class=\"wp-block-separator has-text-color has-ast-global-color-1-color has-alpha-channel-opacity has-ast-global-color-1-background-color has-background is-style-wide\" \/>\n\n\n\n<p class=\"has-ast-global-color-3-color has-text-color has-link-color wp-elements-ec828a714f37c9ffec5958ff68307d5d\" style=\"padding-right:1.5vh;padding-left:1.5vh\">Les membres de la Commission Locale de D\u00e9veloppement Rural (CLDR) se sont rendus sur le terrain dans le but de mieux identifier les besoins \u00e9mis par les citoyens lors des consultations villageoises r\u00e9alis\u00e9es fin 2022.<\/p>\n\n\n\n<div class=\"wp-block-buttons is-layout-flex wp-block-buttons-is-layout-flex\">\n<div class=\"wp-block-button\"><a class=\"wp-block-button__link wp-element-button\" href=\"https:\/\/frw-pcdr.be\/houyet\/comment-participer\/\">D\u00e9couvrir la composition de la CLDR <\/a><\/div>\n<\/div>\n<\/div>\n<\/div>\n\n\n\n<div class=\"wp-block-columns has-background is-layout-flex wp-container-core-columns-is-layout-2097dcb0 wp-block-columns-is-layout-flex\" style=\"border-radius:5px;background:linear-gradient(135deg,rgb(68,85,79) 0%,rgb(111,148,135) 100%);padding-top:var(--wp--preset--spacing--30);padding-right:var(--wp--preset--spacing--30);padding-bottom:var(--wp--preset--spacing--60);padding-left:var(--wp--preset--spacing--30)\">\n<div class=\"wp-block-column is-vertically-aligned-center is-layout-flow wp-block-column-is-layout-flow\" style=\"padding-right:0;padding-left:0\">\n<figure class=\"wp-block-image aligncenter size-full is-resized has-custom-border\" style=\"margin-top:var(--wp--preset--spacing--30);margin-bottom:var(--wp--preset--spacing--30)\"><img loading=\"lazy\" decoding=\"async\" width=\"768\" height=\"432\" src=\"http:\/\/frw-pcdr.be\/houyet\/wp-content\/uploads\/ER3\/Houyet\/Img\/sites\/35\/jeunes_orig.webp\" alt=\"\" class=\"wp-image-1139\" style=\"border-top-left-radius:9px;border-top-right-radius:9px;border-bottom-left-radius:9px;border-bottom-right-radius:9px;aspect-ratio:1.777786121958546;width:588px;height:auto\" srcset=\"https:\/\/frw-pcdr.be\/houyet\/wp-content\/uploads\/ER3\/Houyet\/Img\/sites\/35\/jeunes_orig.webp 768w, https:\/\/frw-pcdr.be\/houyet\/wp-content\/uploads\/ER3\/Houyet\/Img\/sites\/35\/jeunes_orig-300x169.webp 300w\" sizes=\"auto, (max-width: 768px) 100vw, 768px\" \/><\/figure>\n<\/div>\n\n\n\n<div class=\"wp-block-column is-layout-flow wp-block-column-is-layout-flow\" style=\"padding-left:0\">\n<h2 class=\"wp-block-heading has-ast-global-color-3-color has-text-color has-link-color wp-elements-a6442087d5b58cfcc09a9acc80dc411a\" style=\"padding-top:var(--wp--preset--spacing--40);padding-right:1.5vh;padding-left:1.5vh\">Les jeunes sont \u00e9galement consult\u00e9s ! <\/h2>\n\n\n\n<h6 class=\"wp-block-heading has-ast-global-color-3-color has-text-color has-link-color wp-elements-cbec3828ec315d0a30960dddca381994\" style=\"padding-right:1.5vh;padding-left:1.5vh\">Juillet 2023<\/h6>\n\n\n\n<hr class=\"wp-block-separator has-text-color has-ast-global-color-1-color has-alpha-channel-opacity has-ast-global-color-1-background-color has-background is-style-wide\" \/>\n\n\n\n<p class=\"has-ast-global-color-3-color has-text-color has-link-color wp-elements-5696d8d3060cb988ddcc096373a40e0c\" style=\"padding-right:1.5vh;padding-left:1.5vh\">Durant l\u2019\u00e9t\u00e9, les jeunes de 12 \u00e0 25 ans de la Commune de Houyet ont particip\u00e9 \u00e0 une consultation citoyenne afin d\u2019exprimer leurs besoins, leurs attentes et leur vision de l\u2019avenir de leur commune.<\/p>\n\n\n\n<p class=\"has-ast-global-color-3-color has-text-color has-link-color wp-elements-bb54069472d977ba4d36d4146c53ca69\" style=\"padding-right:1.5vh;padding-left:1.5vh\">Cette d\u00e9marche a permis de recueillir une parole essentielle pour construire les projets des prochaines ann\u00e9es et mieux r\u00e9pondre aux aspirations des jeunes g\u00e9n\u00e9rations.<\/p>\n\n\n\n<div class=\"wp-block-buttons is-layout-flex wp-block-buttons-is-layout-flex\" style=\"padding-right:2vh;padding-left:2vh\">\n<div class=\"wp-block-button\"><a class=\"wp-block-button__link wp-element-button\" href=\"https:\/\/frw-pcdr.be\/houyet\/wp-content\/uploads\/ER3\/Houyet\/Doc\/PCDR\/AnnexeII_Resultats_consultation_jeunes_Houyet.pdf\" target=\"_blank\" rel=\"noreferrer noopener\">D\u00e9couvrir les r\u00e9sultats de la consultation des jeunes<\/a><\/div>\n<\/div>\n<\/div>\n<\/div>\n\n\n\n<div class=\"wp-block-columns has-background is-layout-flex wp-container-core-columns-is-layout-2097dcb0 wp-block-columns-is-layout-flex\" style=\"border-radius:5px;background:linear-gradient(135deg,rgb(68,85,79) 0%,rgb(111,148,135) 100%);padding-top:var(--wp--preset--spacing--30);padding-right:var(--wp--preset--spacing--30);padding-bottom:var(--wp--preset--spacing--60);padding-left:var(--wp--preset--spacing--30)\">\n<div class=\"wp-block-column is-vertically-aligned-center is-layout-flow wp-block-column-is-layout-flow\" style=\"padding-right:0;padding-left:0\">\n<figure class=\"wp-block-image aligncenter size-large is-resized has-custom-border\"><img loading=\"lazy\" decoding=\"async\" width=\"1024\" height=\"516\" src=\"http:\/\/frw-pcdr.be\/houyet\/wp-content\/uploads\/ER3\/Houyet\/Img\/sites\/35\/2023-02-16-Retour-a-la-population-1024x516.webp\" alt=\"\" class=\"wp-image-1122\" style=\"border-top-left-radius:9px;border-top-right-radius:9px;border-bottom-left-radius:9px;border-bottom-right-radius:9px;aspect-ratio:1.9845174041945757;width:587px;height:auto\" srcset=\"https:\/\/frw-pcdr.be\/houyet\/wp-content\/uploads\/ER3\/Houyet\/Img\/sites\/35\/2023-02-16-Retour-a-la-population-1024x516.webp 1024w, https:\/\/frw-pcdr.be\/houyet\/wp-content\/uploads\/ER3\/Houyet\/Img\/sites\/35\/2023-02-16-Retour-a-la-population-300x151.webp 300w, https:\/\/frw-pcdr.be\/houyet\/wp-content\/uploads\/ER3\/Houyet\/Img\/sites\/35\/2023-02-16-Retour-a-la-population-768x387.webp 768w, https:\/\/frw-pcdr.be\/houyet\/wp-content\/uploads\/ER3\/Houyet\/Img\/sites\/35\/2023-02-16-Retour-a-la-population-1536x775.webp 1536w, https:\/\/frw-pcdr.be\/houyet\/wp-content\/uploads\/ER3\/Houyet\/Img\/sites\/35\/2023-02-16-Retour-a-la-population-2048x1033.webp 2048w\" sizes=\"auto, (max-width: 1024px) 100vw, 1024px\" \/><\/figure>\n<\/div>\n\n\n\n<div class=\"wp-block-column is-layout-flow wp-block-column-is-layout-flow\" style=\"padding-left:0\">\n<h2 class=\"wp-block-heading has-ast-global-color-3-color has-text-color has-link-color wp-elements-db557f415a5f2dfd09e01869f7b422bd\" style=\"padding-top:var(--wp--preset--spacing--40);padding-right:1.5vh;padding-left:1.5vh\">Retour sur les rencontres citoyennes <\/h2>\n\n\n\n<h6 class=\"wp-block-heading has-ast-global-color-3-color has-text-color has-link-color wp-elements-57793ad2b9e989b0bc7c10da32397b53\" style=\"padding-right:1.5vh;padding-left:1.5vh\">16 f\u00e9vrier 2023<\/h6>\n\n\n\n<hr class=\"wp-block-separator has-text-color has-ast-global-color-1-color has-alpha-channel-opacity has-ast-global-color-1-background-color has-background is-style-wide\" \/>\n\n\n\n<p class=\"has-ast-global-color-3-color has-text-color has-link-color wp-elements-c74d7c5055d594ea344f337f50d2a824\">Suite \u00e0 la consultation citoyenne organis\u00e9e dans les villages, cette rencontre a permis de pr\u00e9senter  :<\/p>\n\n\n\n<ul class=\"wp-block-list\">\n<li class=\"has-ast-global-color-3-color has-text-color has-link-color wp-elements-41718c2fc769fb44d254a108b5ce8f36\">La vision des habitants sur les forces et faiblesses de la Commune de Houyet<\/li>\n\n\n\n<li class=\"has-ast-global-color-3-color has-text-color has-link-color wp-elements-14e1e1ce05995c79e70a67328bab1460\">Le pr\u00e9-diagnostic territorial effectu\u00e9 par le bureau d\u2019\u00e9tude <strong>Un Tour d\u2019Avance<\/strong><\/li>\n\n\n\n<li class=\"has-ast-global-color-3-color has-text-color has-link-color wp-elements-29cb9e5ac39cb2d72ee88263fd8b287d\">Les dessins r\u00e9alis\u00e9s par les enfants des \u00e9coles et du Conseil communal des enfants, t\u00e9moignant de leur propre vision de la commune<\/li>\n\n\n\n<li class=\"has-ast-global-color-3-color has-text-color has-link-color wp-elements-aea38a724560bd450602cdafd7f4bfc0\">La mise \u00e0 l\u2019honneur des laur\u00e9ats du Budget participatif.<\/li>\n<\/ul>\n\n\n\n<p class=\"has-ast-global-color-3-color has-text-color has-link-color wp-elements-adf9a02261e722a21a3b371cde8d766a\">La soir\u00e9e a \u00e9galement \u00e9t\u00e9 l\u2019occasion d\u2019informer la population sur le renouvellement de la <strong>Commission Locale de D\u00e9veloppement Rural<\/strong>, via un appel \u00e0 candidatures, marquant une nouvelle \u00e9tape dans la dynamique participative de Houyet. Un moment riche en \u00e9changes, en id\u00e9es et en perspectives pour l\u2019avenir de la commune.<\/p>\n\n\n\n<div class=\"wp-block-buttons is-layout-flex wp-block-buttons-is-layout-flex\" style=\"padding-right:2vh;padding-left:2vh\"><\/div>\n<\/div>\n<\/div>\n\n\n\n<div class=\"wp-block-columns has-background is-layout-flex wp-container-core-columns-is-layout-2097dcb0 wp-block-columns-is-layout-flex\" style=\"border-radius:5px;background:linear-gradient(135deg,rgb(68,85,79) 0%,rgb(111,148,135) 100%);padding-top:var(--wp--preset--spacing--30);padding-right:var(--wp--preset--spacing--30);padding-bottom:var(--wp--preset--spacing--60);padding-left:var(--wp--preset--spacing--30)\">\n<div class=\"wp-block-column is-vertically-aligned-center is-layout-flow wp-block-column-is-layout-flow\" style=\"padding-right:0;padding-left:0\">\n<figure class=\"wp-block-image aligncenter size-full is-resized has-custom-border\" style=\"margin-top:var(--wp--preset--spacing--40);margin-bottom:var(--wp--preset--spacing--40)\"><img loading=\"lazy\" decoding=\"async\" width=\"566\" height=\"800\" src=\"http:\/\/frw-pcdr.be\/houyet\/wp-content\/uploads\/ER3\/Houyet\/Img\/sites\/35\/info-consult-houyet-jpg_orig.webp\" alt=\"\" class=\"wp-image-1128\" style=\"border-top-left-radius:9px;border-top-right-radius:9px;border-bottom-left-radius:9px;border-bottom-right-radius:9px;aspect-ratio:0.707516636968617;width:328px;height:auto\" srcset=\"https:\/\/frw-pcdr.be\/houyet\/wp-content\/uploads\/ER3\/Houyet\/Img\/sites\/35\/info-consult-houyet-jpg_orig.webp 566w, https:\/\/frw-pcdr.be\/houyet\/wp-content\/uploads\/ER3\/Houyet\/Img\/sites\/35\/info-consult-houyet-jpg_orig-212x300.webp 212w\" sizes=\"auto, (max-width: 566px) 100vw, 566px\" \/><\/figure>\n<\/div>\n\n\n\n<div class=\"wp-block-column is-layout-flow wp-block-column-is-layout-flow\" style=\"padding-left:0\">\n<h2 class=\"wp-block-heading has-ast-global-color-3-color has-text-color has-link-color wp-elements-2050350436823ebd1a252b401ac24b5e\" style=\"padding-top:var(--wp--preset--spacing--40);padding-right:1.5vh;padding-left:1.5vh\">Lancement d&rsquo;une nouvelle ODR ! <\/h2>\n\n\n\n<h6 class=\"wp-block-heading has-ast-global-color-3-color has-text-color has-link-color wp-elements-60c7b2ffe69bdd9cad8b459aac233896\" style=\"padding-right:1.5vh;padding-left:1.5vh\">Octobre 2022<\/h6>\n\n\n\n<hr class=\"wp-block-separator has-text-color has-ast-global-color-1-color has-alpha-channel-opacity has-ast-global-color-1-background-color has-background is-style-wide\" \/>\n\n\n\n<div style=\"height:4px\" aria-hidden=\"true\" class=\"wp-block-spacer\"><\/div>\n\n\n\n<p class=\"has-ast-global-color-3-color has-text-color has-link-color wp-elements-765f7a1cd9a6a61662c20614253816d1\" style=\"padding-right:1.5vh;padding-left:1.5vh\">La Commune de Houyet relance une Op\u00e9ration de D\u00e9veloppement Rural (ODR) \u00e0 la suite de celle qui s&rsquo;est termin\u00e9e en juin 2022 !<\/p>\n\n\n\n<p class=\"has-ast-global-color-3-color has-text-color has-link-color wp-elements-cad583f4369d01530f4c395c3c611de6\" style=\"padding-right:1.5vh;padding-left:1.5vh\">La premi\u00e8re \u00e9tape consiste \u00e0 rencontrer les citoyens pour connaitre leur opinion sur les forces et faiblesses de leur territoire.<\/p>\n\n\n\n<p class=\"has-ast-global-color-3-color has-text-color has-link-color wp-elements-074cf2b60318217b6a6b85885050b15a\" style=\"padding-right:1.5vh;padding-left:1.5vh\">Leur avis est essentiel pour \u00e9laborer un diagnostic complet et d\u00e9finir les enjeux du futur Programme de D\u00e9veloppement Rural (PCDR) en fonction d&rsquo;une \u00e9tude objective r\u00e9alis\u00e9e par l&rsquo;auteur de projet \u00ab\u00a0Un Tour d&rsquo;avance\u00a0\u00bb mais \u00e9galement le r\u00e9sultat des consultations citoyennes dont vous d\u00e9couvrirez les dates ci-contre !&nbsp;<\/p>\n\n\n\n<div class=\"wp-block-buttons is-layout-flex wp-block-buttons-is-layout-flex\" style=\"padding-right:2vh;padding-left:2vh\"><\/div>\n<\/div>\n<\/div>\n<\/div>\n\n\n\n<div style=\"height:40px\" aria-hidden=\"true\" class=\"wp-block-spacer\"><\/div>\n\n\n\n<div style=\"height:40px\" aria-hidden=\"true\" class=\"wp-block-spacer\"><\/div>\n\n\n\n<p><\/p>\n","protected":false},"excerpt":{"rendered":"<p>ACTUALIT\u00c9S Les derni\u00e8res infos relatives au PCDR de votre commune Projets en cours, inaugurations, r\u00e9unions&#8230; Le GT Patrimoine sur le [&hellip;]<\/p>\n","protected":false},"author":1,"featured_media":1067,"parent":0,"menu_order":1,"comment_status":"closed","ping_status":"closed","template":"","meta":{"site-sidebar-layout":"default","site-content-layout":"","ast-site-content-layout":"default","site-content-style":"default","site-sidebar-style":"default","ast-global-header-display":"","ast-banner-title-visibility":"","ast-main-header-display":"","ast-hfb-above-header-display":"","ast-hfb-below-header-display":"","ast-hfb-mobile-header-display":"","site-post-title":"disabled","ast-breadcrumbs-content":"","ast-featured-img":"disabled","footer-sml-layout":"","ast-disable-related-posts":"","theme-transparent-header-meta":"","adv-header-id-meta":"","stick-header-meta":"","header-above-stick-meta":"","header-main-stick-meta":"","header-below-stick-meta":"","astra-migrate-meta-layouts":"default","ast-page-background-enabled":"default","ast-page-background-meta":{"desktop":{"background-color":"var(--ast-global-color-5)","background-image":"","background-repeat":"repeat","background-position":"center center","background-size":"auto","background-attachment":"scroll","background-type":"","background-media":"","overlay-type":"","overlay-color":"","overlay-opacity":"","overlay-gradient":""},"tablet":{"background-color":"","background-image":"","background-repeat":"repeat","background-position":"center center","background-size":"auto","background-attachment":"scroll","background-type":"","background-media":"","overlay-type":"","overlay-color":"","overlay-opacity":"","overlay-gradient":""},"mobile":{"background-color":"","background-image":"","background-repeat":"repeat","background-position":"center center","background-size":"auto","background-attachment":"scroll","background-type":"","background-media":"","overlay-type":"","overlay-color":"","overlay-opacity":"","overlay-gradient":""}},"ast-content-background-meta":{"desktop":{"background-color":"var(--ast-global-color-4)","background-image":"","background-repeat":"repeat","background-position":"center center","background-size":"auto","background-attachment":"scroll","background-type":"","background-media":"","overlay-type":"","overlay-color":"","overlay-opacity":"","overlay-gradient":""},"tablet":{"background-color":"var(--ast-global-color-4)","background-image":"","background-repeat":"repeat","background-position":"center center","background-size":"auto","background-attachment":"scroll","background-type":"","background-media":"","overlay-type":"","overlay-color":"","overlay-opacity":"","overlay-gradient":""},"mobile":{"background-color":"var(--ast-global-color-4)","background-image":"","background-repeat":"repeat","background-position":"center center","background-size":"auto","background-attachment":"scroll","background-type":"","background-media":"","overlay-type":"","overlay-color":"","overlay-opacity":"","overlay-gradient":""}},"footnotes":""},"class_list":["post-330","page","type-page","status-publish","has-post-thumbnail","hentry"],"_links":{"self":[{"href":"https:\/\/frw-pcdr.be\/houyet\/wp-json\/wp\/v2\/pages\/330","targetHints":{"allow":["GET"]}}],"collection":[{"href":"https:\/\/frw-pcdr.be\/houyet\/wp-json\/wp\/v2\/pages"}],"about":[{"href":"https:\/\/frw-pcdr.be\/houyet\/wp-json\/wp\/v2\/types\/page"}],"author":[{"embeddable":true,"href":"https:\/\/frw-pcdr.be\/houyet\/wp-json\/wp\/v2\/users\/1"}],"replies":[{"embeddable":true,"href":"https:\/\/frw-pcdr.be\/houyet\/wp-json\/wp\/v2\/comments?post=330"}],"version-history":[{"count":37,"href":"https:\/\/frw-pcdr.be\/houyet\/wp-json\/wp\/v2\/pages\/330\/revisions"}],"predecessor-version":[{"id":1248,"href":"https:\/\/frw-pcdr.be\/houyet\/wp-json\/wp\/v2\/pages\/330\/revisions\/1248"}],"wp:featuredmedia":[{"embeddable":true,"href":"https:\/\/frw-pcdr.be\/houyet\/wp-json\/wp\/v2\/media\/1067"}],"wp:attachment":[{"href":"https:\/\/frw-pcdr.be\/houyet\/wp-json\/wp\/v2\/media?parent=330"}],"curies":[{"name":"wp","href":"https:\/\/api.w.org\/{rel}","templated":true}]}}