{"id":330,"date":"2025-10-29T10:49:31","date_gmt":"2025-10-29T09:49:31","guid":{"rendered":"https:\/\/frw-pcdr.be\/onhaye\/?page_id=330"},"modified":"2026-04-14T15:42:08","modified_gmt":"2026-04-14T13:42:08","slug":"actualites","status":"publish","type":"page","link":"https:\/\/frw-pcdr.be\/frameries\/actualites\/","title":{"rendered":"Actualit\u00e9s"},"content":{"rendered":"\n<div class=\"wp-block-group alignfull is-layout-constrained wp-container-core-group-is-layout-ce46af0e wp-block-group-is-layout-constrained\" style=\"padding-top:0;padding-right:3vw;padding-bottom:3vw;padding-left:3vw\">\n<h1 class=\"wp-block-heading has-text-align-left has-ast-global-color-0-color has-text-color has-link-color wp-elements-4a5e537b25b355149cbbd5be494b8a72\" style=\"margin-top:3rem;padding-top:0;padding-right:1.5vh;padding-bottom:0;padding-left:1.5vh;font-size:3.5vh;letter-spacing:0px\">ACTUALIT\u00c9S<\/h1>\n\n\n\n<h2 class=\"wp-block-heading has-text-align-left has-ast-global-color-1-color has-text-color has-link-color wp-elements-dbd4d0fac0b27ddf9730ade8dcde6000\" style=\"margin-top:var(--wp--preset--spacing--50);margin-right:0;margin-bottom:0;margin-left:0;padding-top:0;padding-right:2vh;padding-bottom:0;padding-left:2vh\">Les derni\u00e8res infos relatives au PCDR de votre commune<\/h2>\n\n\n\n<p style=\"margin-top:var(--wp--preset--spacing--40);margin-bottom:var(--wp--preset--spacing--40);padding-right:2vh;padding-left:2vh\">Projets en cours, inaugurations, r\u00e9unions&#8230;<\/p>\n<\/div>\n\n\n\n<div class=\"wp-block-group alignfull is-layout-constrained wp-block-group-is-layout-constrained\" style=\"margin-bottom:0;padding-top:0rem;padding-bottom:0rem\">\n<div class=\"wp-block-columns has-background is-layout-flex wp-container-core-columns-is-layout-d825d998 wp-block-columns-is-layout-flex\" style=\"border-radius:5px;background:linear-gradient(135deg,rgb(68,85,79) 0%,rgb(111,148,135) 100%);padding-top:var(--wp--preset--spacing--30);padding-right:var(--wp--preset--spacing--30);padding-bottom:var(--wp--preset--spacing--30);padding-left:var(--wp--preset--spacing--30)\">\n<div class=\"wp-block-column is-vertically-aligned-center is-layout-flow wp-block-column-is-layout-flow\" style=\"padding-right:0;padding-left:0\">\n<figure class=\"wp-block-image aligncenter size-full is-resized\"><img loading=\"lazy\" decoding=\"async\" width=\"2000\" height=\"2000\" src=\"http:\/\/frw-pcdr.be\/frameries\/wp-content\/uploads\/ER1\/Frameries\/Img\/sites\/24\/Points-de-vue-sur-Sars-la-Bruyere.webp\" alt=\"Montage de photos d\u2019une visite de terrain \u00e0 Sars\u2011la\u2011Bruy\u00e8re\u202f: plusieurs groupes de personnes observent le paysage rural, avec le titre \u00ab\u202fPoints de vue sur Sars\u2011la\u2011Bruy\u00e8re\u202f\u00bb et des logos de partenaires.\" class=\"wp-image-1146\" style=\"width:675px;height:auto\" srcset=\"https:\/\/frw-pcdr.be\/frameries\/wp-content\/uploads\/ER1\/Frameries\/Img\/sites\/24\/Points-de-vue-sur-Sars-la-Bruyere.webp 2000w, https:\/\/frw-pcdr.be\/frameries\/wp-content\/uploads\/ER1\/Frameries\/Img\/sites\/24\/Points-de-vue-sur-Sars-la-Bruyere-300x300.webp 300w, https:\/\/frw-pcdr.be\/frameries\/wp-content\/uploads\/ER1\/Frameries\/Img\/sites\/24\/Points-de-vue-sur-Sars-la-Bruyere-1024x1024.webp 1024w, https:\/\/frw-pcdr.be\/frameries\/wp-content\/uploads\/ER1\/Frameries\/Img\/sites\/24\/Points-de-vue-sur-Sars-la-Bruyere-150x150.webp 150w, https:\/\/frw-pcdr.be\/frameries\/wp-content\/uploads\/ER1\/Frameries\/Img\/sites\/24\/Points-de-vue-sur-Sars-la-Bruyere-768x768.webp 768w, https:\/\/frw-pcdr.be\/frameries\/wp-content\/uploads\/ER1\/Frameries\/Img\/sites\/24\/Points-de-vue-sur-Sars-la-Bruyere-1536x1536.webp 1536w\" sizes=\"auto, (max-width: 2000px) 100vw, 2000px\" \/><\/figure>\n<\/div>\n\n\n\n<div class=\"wp-block-column is-layout-flow wp-block-column-is-layout-flow\" style=\"padding-left:0\">\n<h2 class=\"wp-block-heading has-ast-global-color-3-color has-text-color has-link-color wp-elements-f3515f08a31bcc284d82d1774083dcc4\" style=\"padding-top:var(--wp--preset--spacing--40);padding-right:1.5vh;padding-left:1.5vh\">\ud83c\udf3fDes projets concrets pour la nature \u00e0 Frameries !<\/h2>\n\n\n\n<h6 class=\"wp-block-heading has-ast-global-color-3-color has-text-color has-link-color wp-elements-7e801903b0738b94a3abec6cc9e21cac\" style=\"padding-right:1.5vh;padding-left:1.5vh\">14\/04\/26<\/h6>\n\n\n\n<hr class=\"wp-block-separator has-text-color has-ast-global-color-1-color has-alpha-channel-opacity has-ast-global-color-1-background-color has-background is-style-wide\" \/>\n\n\n\n<p class=\"has-ast-global-color-3-color has-text-color has-link-color wp-elements-0a09eac30f2ce56d88da92a61e550a59\" style=\"padding-right:1.5vh;padding-left:1.5vh\">L\u2019\u00e9laboration du PCDR de Frameries se poursuit activement \ud83d\udcaa<br>Ce samedi, les membres de la CLDR se sont rendus \u00e0 Sars-la-Bruy\u00e8re pour analyser les cours d\u2019eau, aux c\u00f4t\u00e9s de la commune de Frameries, du bureau d\u2019\u00e9tude ARCEA et du Contrat de rivi\u00e8re Haine.<\/p>\n\n\n\n<p class=\"has-ast-global-color-3-color has-text-color has-link-color wp-elements-c82323e7953cade20d72c684aa4301fd\" style=\"padding-right:1.5vh;padding-left:1.5vh\">\ud83d\udc40 Une immersion sur le terrain qui leur a permis :<br>\u2714\ufe0f de visualiser des am\u00e9nagements concrets<br>\u2714\ufe0f de mieux comprendre les enjeux li\u00e9s \u00e0 l\u2019eau<br>\u2714\ufe0f de d\u00e9couvrir la rem\u00e9andration des cours d\u2019eau, une solution pour renforcer la biodiversit\u00e9<\/p>\n<\/div>\n<\/div>\n\n\n\n<div style=\"height:40px\" aria-hidden=\"true\" class=\"wp-block-spacer\"><\/div>\n<\/div>\n\n\n\n<div class=\"wp-block-group alignfull is-layout-constrained wp-block-group-is-layout-constrained\" style=\"margin-bottom:0;padding-top:0rem;padding-bottom:0rem\">\n<div class=\"wp-block-columns has-background is-layout-flex wp-container-core-columns-is-layout-d825d998 wp-block-columns-is-layout-flex\" style=\"border-radius:5px;background:linear-gradient(135deg,rgb(68,85,79) 0%,rgb(111,148,135) 100%);padding-top:var(--wp--preset--spacing--30);padding-right:var(--wp--preset--spacing--30);padding-bottom:var(--wp--preset--spacing--30);padding-left:var(--wp--preset--spacing--30)\">\n<div class=\"wp-block-column is-vertically-aligned-center is-layout-flow wp-block-column-is-layout-flow\" style=\"padding-right:0;padding-left:0\">\n<figure class=\"wp-block-image size-full is-resized\"><img loading=\"lazy\" decoding=\"async\" width=\"2048\" height=\"1365\" src=\"https:\/\/frw-pcdr.be\/frameries\/wp-content\/uploads\/ER1\/Frameries\/Img\/sites\/24\/consult_ecole-edited.webp\" alt=\"\" class=\"wp-image-1114\" style=\"width:854px;height:auto\" srcset=\"https:\/\/frw-pcdr.be\/frameries\/wp-content\/uploads\/ER1\/Frameries\/Img\/sites\/24\/consult_ecole-edited.webp 2048w, https:\/\/frw-pcdr.be\/frameries\/wp-content\/uploads\/ER1\/Frameries\/Img\/sites\/24\/consult_ecole-edited-300x200.webp 300w, https:\/\/frw-pcdr.be\/frameries\/wp-content\/uploads\/ER1\/Frameries\/Img\/sites\/24\/consult_ecole-edited-1024x683.webp 1024w, https:\/\/frw-pcdr.be\/frameries\/wp-content\/uploads\/ER1\/Frameries\/Img\/sites\/24\/consult_ecole-edited-768x512.webp 768w, https:\/\/frw-pcdr.be\/frameries\/wp-content\/uploads\/ER1\/Frameries\/Img\/sites\/24\/consult_ecole-edited-1536x1024.webp 1536w\" sizes=\"auto, (max-width: 2048px) 100vw, 2048px\" \/><\/figure>\n<\/div>\n\n\n\n<div class=\"wp-block-column is-layout-flow wp-block-column-is-layout-flow\" style=\"padding-left:0\">\n<h2 class=\"wp-block-heading has-ast-global-color-3-color has-text-color has-link-color wp-elements-163b1591ce712861d7ca7ab309bf383c\" style=\"padding-top:var(--wp--preset--spacing--40);padding-right:1.5vh;padding-left:1.5vh\">Consultation dans les \u00e9coles : quel serait votre village id\u00e9al ?<\/h2>\n\n\n\n<h6 class=\"wp-block-heading has-ast-global-color-3-color has-text-color has-link-color wp-elements-4184f97eddd6053ec7d11fc5b17dbcb2\" style=\"padding-right:1.5vh;padding-left:1.5vh\">19\/11\/25<\/h6>\n\n\n\n<hr class=\"wp-block-separator has-text-color has-ast-global-color-1-color has-alpha-channel-opacity has-ast-global-color-1-background-color has-background is-style-wide\" \/>\n\n\n\n<p class=\"has-ast-global-color-3-color has-text-color has-link-color wp-elements-f25cfa6aaead7670a60ee5aea230c282\" style=\"padding-right:1.5vh;padding-left:1.5vh\">La Commune de Frameries entre dans la derni\u00e8re ligne droite de l&rsquo;\u00e9laboration de son Programme communale de D\u00e9veloppement rural. <img loading=\"lazy\" decoding=\"async\" height=\"16\" width=\"16\" src=\"https:\/\/static.xx.fbcdn.net\/images\/emoji.php\/v9\/t7b\/1\/16\/1f44c.png\" alt=\"\ud83d\udc4c\"> Les projets qui y figurent profiteront directement aux adultes de demain. Des consultations ont donc \u00e9t\u00e9 men\u00e9es aupr\u00e8s d&rsquo;\u00e9l\u00e8ves de 5e et 6e primaires d&rsquo;\u00e9coles de l&rsquo;entit\u00e9. <img loading=\"lazy\" decoding=\"async\" height=\"16\" width=\"16\" src=\"https:\/\/static.xx.fbcdn.net\/images\/emoji.php\/v9\/t28\/1\/16\/1f3eb.png\" alt=\"\ud83c\udfeb\"><\/p>\n\n\n\n<p class=\"has-ast-global-color-3-color has-text-color has-link-color wp-elements-29e37039e55a38aea6220225bb1c0278\" style=\"padding-right:1.5vh;padding-left:1.5vh\">L&rsquo;objectif ? <img loading=\"lazy\" decoding=\"async\" height=\"16\" width=\"16\" alt=\"\ud83c\udfaf\" src=\"https:\/\/static.xx.fbcdn.net\/images\/emoji.php\/v9\/tb0\/1\/16\/1f3af.png\"> Leur permettre d&rsquo;appr\u00e9hender l&rsquo;am\u00e9nagement du territoire de leur village et \u00e9voquer des pistes de projets et actions inscrites dans le PCDR.<\/p>\n<\/div>\n<\/div>\n\n\n\n<div style=\"height:40px\" aria-hidden=\"true\" class=\"wp-block-spacer\"><\/div>\n<\/div>\n\n\n\n<div class=\"wp-block-group alignfull is-layout-constrained wp-block-group-is-layout-constrained\" style=\"margin-bottom:0;padding-top:0rem;padding-bottom:0rem\">\n<div class=\"wp-block-columns has-background is-layout-flex wp-container-core-columns-is-layout-13b3ba69 wp-block-columns-is-layout-flex\" style=\"border-radius:5px;background:linear-gradient(135deg,rgb(68,85,79) 0%,rgb(111,148,135) 100%);padding-top:var(--wp--preset--spacing--30);padding-right:var(--wp--preset--spacing--30);padding-bottom:var(--wp--preset--spacing--40);padding-left:var(--wp--preset--spacing--30)\">\n<div class=\"wp-block-column is-vertically-aligned-center is-layout-flow wp-block-column-is-layout-flow\" style=\"padding-right:0;padding-left:0\">\n<figure class=\"wp-block-image size-full\"><img loading=\"lazy\" decoding=\"async\" width=\"851\" height=\"315\" src=\"http:\/\/frw-pcdr.be\/frameries\/wp-content\/uploads\/ER1\/Frameries\/Img\/sites\/24\/pdv_frameries.jpg\" alt=\"\" class=\"wp-image-1090\" srcset=\"https:\/\/frw-pcdr.be\/frameries\/wp-content\/uploads\/ER1\/Frameries\/Img\/sites\/24\/pdv_frameries.jpg 851w, https:\/\/frw-pcdr.be\/frameries\/wp-content\/uploads\/ER1\/Frameries\/Img\/sites\/24\/pdv_frameries-300x111.jpg 300w, https:\/\/frw-pcdr.be\/frameries\/wp-content\/uploads\/ER1\/Frameries\/Img\/sites\/24\/pdv_frameries-768x284.jpg 768w\" sizes=\"auto, (max-width: 851px) 100vw, 851px\" \/><\/figure>\n<\/div>\n\n\n\n<div class=\"wp-block-column is-layout-flow wp-block-column-is-layout-flow\" style=\"padding-left:0\">\n<h2 class=\"wp-block-heading has-ast-global-color-3-color has-text-color has-link-color wp-elements-148b84dd94e979bf390e174d33e23044\" style=\"padding-top:var(--wp--preset--spacing--40);padding-right:1.5vh;padding-left:1.5vh\">Point de vue sur Frameries<\/h2>\n\n\n\n<h6 class=\"wp-block-heading has-ast-global-color-3-color has-text-color has-link-color wp-elements-d83295a6b768d14d4fce78d70e8361b2\" style=\"padding-right:1.5vh;padding-left:1.5vh\">01\/01\/25<\/h6>\n\n\n\n<hr class=\"wp-block-separator has-text-color has-ast-global-color-1-color has-alpha-channel-opacity has-ast-global-color-1-background-color has-background is-style-wide\" \/>\n\n\n\n<p class=\"has-ast-global-color-3-color has-text-color has-link-color wp-elements-669ea1983c52d76f7a5ab6d2d9ff5f1f\" style=\"padding-right:1.5vh;padding-left:1.5vh\">Cinq villages composent la commune de Frameries. Chaque \u00e9pisode est le reflet d&rsquo;une balade au c\u0153ur d&rsquo;un village. Il conjugue les impressions citoyennes avec les donn\u00e9es socio-\u00e9conomiques li\u00e9es au territoire.<br>Ces podcasts viennent nourrir l&rsquo;\u00e9laboration du Programme Communal de D\u00e9veloppement Rural (PCDR) de l&rsquo;entit\u00e9. Dans ce programme figureront des projets pour am\u00e9liorer le cadre de vie. Pour le r\u00e9aliser, la commune est accompagn\u00e9e du bureau d&rsquo;\u00e9tude ARCEA, de la Fondation Rurale de Wallonie et surtout des membres de la Commission Locale de D\u00e9veloppement Rural (CLDR). Celle-ci est compos\u00e9e majoritairement de citoyens b\u00e9n\u00e9voles.<\/p>\n\n\n\n<div class=\"wp-block-buttons is-layout-flex wp-block-buttons-is-layout-flex\" style=\"padding-right:2vh;padding-left:2vh\">\n<div class=\"wp-block-button\"><a class=\"wp-block-button__link wp-element-button\" href=\"https:\/\/frwbe-my.sharepoint.com\/:u:\/g\/personal\/r_vinche_frw_be\/IQAnPNL7k6i5RbDt_LuzPotvAQaO6diJRrs6Q5nC1T0Wpj8?e=jR1XvD\" target=\"_blank\" rel=\"noreferrer noopener\">Sars<\/a><\/div>\n\n\n\n<div class=\"wp-block-button\"><a class=\"wp-block-button__link wp-element-button\" href=\"https:\/\/frwbe-my.sharepoint.com\/:u:\/g\/personal\/r_vinche_frw_be\/IQDSHswg4O8KRJeuPu2eHF-2AVbnlUHa7kBFXyJVek0dMb4?e=1vdybS\" target=\"_blank\" rel=\"noreferrer noopener\">Noirchain<\/a><\/div>\n\n\n\n<div class=\"wp-block-button\"><a class=\"wp-block-button__link wp-element-button\" href=\"https:\/\/frwbe-my.sharepoint.com\/:u:\/g\/personal\/r_vinche_frw_be\/IQCkHT2xF_p7RqQWFvurUBW1AbZEBux1S9XtSJb0Rm55EbI?e=eapwt8\" target=\"_blank\" rel=\"noreferrer noopener\">Eugies<\/a><\/div>\n\n\n\n<div class=\"wp-block-button\"><a class=\"wp-block-button__link wp-element-button\" href=\"https:\/\/frwbe-my.sharepoint.com\/:u:\/g\/personal\/r_vinche_frw_be\/IQBZ8MYrQw1KQont29rI1NxTAW-v0yJyo7Sn70qrCrJzF2k?e=3uNcsN\" target=\"_blank\" rel=\"noreferrer noopener\">Frameries<\/a><\/div>\n\n\n\n<div class=\"wp-block-button\"><a class=\"wp-block-button__link wp-element-button\" href=\"https:\/\/frwbe-my.sharepoint.com\/:u:\/g\/personal\/r_vinche_frw_be\/IQAkFxbRfdRlTJnBqBxA0HW_AaTF3RDDre8GMWF1UFVt2QI?e=VkXqE5\" target=\"_blank\" rel=\"noreferrer noopener\">La Bouverie<\/a><\/div>\n\n\n\n<div class=\"wp-block-button\"><a class=\"wp-block-button__link wp-element-button\" href=\"https:\/\/frwbe-my.sharepoint.com\/:u:\/g\/personal\/r_vinche_frw_be\/IQCLshnJsBPOTZ7UO30wM1KNAdjBtPRm1OFI51RT30_V7aw?e=OaBSHX\" target=\"_blank\" rel=\"noreferrer noopener\">Conclusion<\/a><\/div>\n<\/div>\n<\/div>\n<\/div>\n\n\n\n<div style=\"height:40px\" aria-hidden=\"true\" class=\"wp-block-spacer\"><\/div>\n<\/div>\n\n\n\n<div class=\"wp-block-group alignfull is-layout-constrained wp-block-group-is-layout-constrained\" style=\"margin-bottom:0;padding-top:0rem;padding-bottom:0rem\">\n<div class=\"wp-block-columns has-background is-layout-flex wp-container-core-columns-is-layout-d825d998 wp-block-columns-is-layout-flex\" style=\"border-radius:5px;background:linear-gradient(135deg,rgb(68,85,79) 0%,rgb(111,148,135) 100%);padding-top:var(--wp--preset--spacing--30);padding-right:var(--wp--preset--spacing--30);padding-bottom:var(--wp--preset--spacing--30);padding-left:var(--wp--preset--spacing--30)\">\n<div class=\"wp-block-column is-vertically-aligned-center is-layout-flow wp-block-column-is-layout-flow\" style=\"padding-right:0;padding-left:0\">\n<figure class=\"wp-block-image size-large\"><img loading=\"lazy\" decoding=\"async\" width=\"1024\" height=\"684\" src=\"http:\/\/frw-pcdr.be\/frameries\/wp-content\/uploads\/ER1\/Frameries\/Img\/sites\/24\/SI_noirchain-1024x684.jpg\" alt=\"\" class=\"wp-image-1089\" srcset=\"https:\/\/frw-pcdr.be\/frameries\/wp-content\/uploads\/ER1\/Frameries\/Img\/sites\/24\/SI_noirchain-1024x684.jpg 1024w, https:\/\/frw-pcdr.be\/frameries\/wp-content\/uploads\/ER1\/Frameries\/Img\/sites\/24\/SI_noirchain-300x200.jpg 300w, https:\/\/frw-pcdr.be\/frameries\/wp-content\/uploads\/ER1\/Frameries\/Img\/sites\/24\/SI_noirchain-768x513.jpg 768w, https:\/\/frw-pcdr.be\/frameries\/wp-content\/uploads\/ER1\/Frameries\/Img\/sites\/24\/SI_noirchain.jpg 1100w\" sizes=\"auto, (max-width: 1024px) 100vw, 1024px\" \/><\/figure>\n<\/div>\n\n\n\n<div class=\"wp-block-column is-layout-flow wp-block-column-is-layout-flow\" style=\"padding-left:0\">\n<h2 class=\"wp-block-heading has-ast-global-color-3-color has-text-color has-link-color wp-elements-358ec02f4abcaf38fefdebc32d779e94\" style=\"padding-top:var(--wp--preset--spacing--40);padding-right:1.5vh;padding-left:1.5vh\">PV des s\u00e9ances d&rsquo;informations<\/h2>\n\n\n\n<h6 class=\"wp-block-heading has-ast-global-color-3-color has-text-color has-link-color wp-elements-2cba839831781718a6d86177b87c7087\" style=\"padding-right:1.5vh;padding-left:1.5vh\"><\/h6>\n\n\n\n<hr class=\"wp-block-separator has-text-color has-ast-global-color-1-color has-alpha-channel-opacity has-ast-global-color-1-background-color has-background is-style-wide\" \/>\n\n\n\n<p class=\"has-ast-global-color-3-color has-text-color has-link-color wp-elements-a24e043e4d6f1e0b183ce08d0e77bbae\" style=\"padding-right:1.5vh;padding-left:1.5vh\">Dans le cadre de l&rsquo;\u00e9laboration du PCDR de Frameries, 5 s\u00e9ances d&rsquo;information-consultation ont \u00e9t\u00e9 men\u00e9es sur la commune.&nbsp;<br>Les comptes-rendus de ces r\u00e9unions sont disponibles en ligne sur l&rsquo;onglet \u00ab\u00a0comment participer ?\u00a0\u00bb.<\/p>\n\n\n\n<div class=\"wp-block-buttons is-layout-flex wp-block-buttons-is-layout-flex\" style=\"padding-right:2vh;padding-left:2vh\">\n<div class=\"wp-block-button\"><a class=\"wp-block-button__link wp-element-button\" href=\"https:\/\/frw-pcdr.be\/frameries\/comment-participer\/\" target=\"_blank\" rel=\"noreferrer noopener\">Comment participer?<\/a><\/div>\n<\/div>\n<\/div>\n<\/div>\n<\/div>\n\n\n\n<div style=\"height:40px\" aria-hidden=\"true\" class=\"wp-block-spacer\"><\/div>\n\n\n\n<div style=\"height:40px\" aria-hidden=\"true\" class=\"wp-block-spacer\"><\/div>\n","protected":false},"excerpt":{"rendered":"<p>ACTUALIT\u00c9S Les derni\u00e8res infos relatives au PCDR de votre commune Projets en cours, inaugurations, r\u00e9unions&#8230; \ud83c\udf3fDes projets concrets pour la [&hellip;]<\/p>\n","protected":false},"author":1,"featured_media":1045,"parent":0,"menu_order":1,"comment_status":"closed","ping_status":"closed","template":"","meta":{"site-sidebar-layout":"default","site-content-layout":"","ast-site-content-layout":"default","site-content-style":"default","site-sidebar-style":"default","ast-global-header-display":"","ast-banner-title-visibility":"","ast-main-header-display":"","ast-hfb-above-header-display":"","ast-hfb-below-header-display":"","ast-hfb-mobile-header-display":"","site-post-title":"disabled","ast-breadcrumbs-content":"","ast-featured-img":"disabled","footer-sml-layout":"","ast-disable-related-posts":"","theme-transparent-header-meta":"","adv-header-id-meta":"","stick-header-meta":"","header-above-stick-meta":"","header-main-stick-meta":"","header-below-stick-meta":"","astra-migrate-meta-layouts":"default","ast-page-background-enabled":"default","ast-page-background-meta":{"desktop":{"background-color":"var(--ast-global-color-5)","background-image":"","background-repeat":"repeat","background-position":"center center","background-size":"auto","background-attachment":"scroll","background-type":"","background-media":"","overlay-type":"","overlay-color":"","overlay-opacity":"","overlay-gradient":""},"tablet":{"background-color":"","background-image":"","background-repeat":"repeat","background-position":"center center","background-size":"auto","background-attachment":"scroll","background-type":"","background-media":"","overlay-type":"","overlay-color":"","overlay-opacity":"","overlay-gradient":""},"mobile":{"background-color":"","background-image":"","background-repeat":"repeat","background-position":"center center","background-size":"auto","background-attachment":"scroll","background-type":"","background-media":"","overlay-type":"","overlay-color":"","overlay-opacity":"","overlay-gradient":""}},"ast-content-background-meta":{"desktop":{"background-color":"var(--ast-global-color-4)","background-image":"","background-repeat":"repeat","background-position":"center center","background-size":"auto","background-attachment":"scroll","background-type":"","background-media":"","overlay-type":"","overlay-color":"","overlay-opacity":"","overlay-gradient":""},"tablet":{"background-color":"var(--ast-global-color-4)","background-image":"","background-repeat":"repeat","background-position":"center center","background-size":"auto","background-attachment":"scroll","background-type":"","background-media":"","overlay-type":"","overlay-color":"","overlay-opacity":"","overlay-gradient":""},"mobile":{"background-color":"var(--ast-global-color-4)","background-image":"","background-repeat":"repeat","background-position":"center center","background-size":"auto","background-attachment":"scroll","background-type":"","background-media":"","overlay-type":"","overlay-color":"","overlay-opacity":"","overlay-gradient":""}},"footnotes":""},"class_list":["post-330","page","type-page","status-publish","has-post-thumbnail","hentry"],"_links":{"self":[{"href":"https:\/\/frw-pcdr.be\/frameries\/wp-json\/wp\/v2\/pages\/330","targetHints":{"allow":["GET"]}}],"collection":[{"href":"https:\/\/frw-pcdr.be\/frameries\/wp-json\/wp\/v2\/pages"}],"about":[{"href":"https:\/\/frw-pcdr.be\/frameries\/wp-json\/wp\/v2\/types\/page"}],"author":[{"embeddable":true,"href":"https:\/\/frw-pcdr.be\/frameries\/wp-json\/wp\/v2\/users\/1"}],"replies":[{"embeddable":true,"href":"https:\/\/frw-pcdr.be\/frameries\/wp-json\/wp\/v2\/comments?post=330"}],"version-history":[{"count":17,"href":"https:\/\/frw-pcdr.be\/frameries\/wp-json\/wp\/v2\/pages\/330\/revisions"}],"predecessor-version":[{"id":1153,"href":"https:\/\/frw-pcdr.be\/frameries\/wp-json\/wp\/v2\/pages\/330\/revisions\/1153"}],"wp:featuredmedia":[{"embeddable":true,"href":"https:\/\/frw-pcdr.be\/frameries\/wp-json\/wp\/v2\/media\/1045"}],"wp:attachment":[{"href":"https:\/\/frw-pcdr.be\/frameries\/wp-json\/wp\/v2\/media?parent=330"}],"curies":[{"name":"wp","href":"https:\/\/api.w.org\/{rel}","templated":true}]}}