{"id":9,"date":"2025-10-21T17:16:36","date_gmt":"2025-10-21T15:16:36","guid":{"rendered":"https:\/\/frw-pcdr.be\/onhaye\/?page_id=9"},"modified":"2026-07-08T14:50:47","modified_gmt":"2026-07-08T12:50:47","slug":"les-realisations","status":"publish","type":"page","link":"https:\/\/frw-pcdr.be\/estaimpuis\/les-realisations\/","title":{"rendered":"Les r\u00e9alisations"},"content":{"rendered":"\n<div class=\"wp-block-group alignfull has-ast-global-color-3-background-color has-background is-layout-constrained wp-container-core-group-is-layout-7d049ab9 wp-block-group-is-layout-constrained\" style=\"margin-top:0;margin-bottom:0;padding-top:var(--wp--preset--spacing--60);padding-right:3vw;padding-bottom:var(--wp--preset--spacing--50);padding-left:3vw\">\n<h1 class=\"wp-block-heading has-ast-global-color-0-color has-text-color has-link-color wp-elements-14a7137f7fcb5b615cd65c93dd7455c9\" style=\"padding-top:0;padding-right:1.5vh;padding-bottom:0;padding-left:1.5vh;font-size:3.5vh;letter-spacing:0px\">En cours<\/h1>\n\n\n\n<hr class=\"wp-block-separator has-text-color has-ast-global-color-1-color has-alpha-channel-opacity has-ast-global-color-1-background-color has-background is-style-wide\" \/>\n\n\n\n<div class=\"wp-block-columns is-layout-flex wp-container-core-columns-is-layout-79bbd8cc wp-block-columns-is-layout-flex\" style=\"padding-right:0;padding-left:0\">\n<div class=\"wp-block-column is-layout-flow wp-block-column-is-layout-flow\">\n<h2 class=\"wp-block-heading\" style=\"margin-right:1.5vh;margin-left:1.5vh\">N\u00e9chin &#8211; Site du Patronage<\/h2>\n\n\n\n<p class=\"wp-block-paragraph\" style=\"margin-top:0.5rem;margin-right:1.5vh;margin-bottom:0.5rem;margin-left:1.5vh\">Ce projet fait l&rsquo;objet d&rsquo;une convention de d\u00e9veloppement rural et englobe 3 fiches du PCDR : <\/p>\n\n\n\n<ul class=\"wp-block-list\">\n<li>Construction d&rsquo;une halle pouvant accueillir un march\u00e9 de produits du terroir<\/li>\n\n\n\n<li>Cr\u00e9er une maison rurale<\/li>\n\n\n\n<li>Avoir une offre de qualit\u00e9 en mati\u00e8re de logements publics<\/li>\n<\/ul>\n\n\n\n<div class=\"wp-block-buttons is-content-justification-left is-layout-flex wp-container-core-buttons-is-layout-b4028dec wp-block-buttons-is-layout-flex\" style=\"padding-right:1.5vh;padding-left:1.5vh\">\n<div class=\"wp-block-button\"><a class=\"wp-block-button__link wp-element-button\" href=\"https:\/\/frw-pcdr.be\/estaimpuis\/wp-content\/uploads\/ER1\/Estaimpuis\/Doc\/Realisations\/FP_Actualisee_site_patronage.pdf\" target=\"_blank\" rel=\"noreferrer noopener\">Fiche-projet actualis\u00e9e<\/a><\/div>\n<\/div>\n\n\n\n<figure class=\"wp-block-image size-large\"><img loading=\"lazy\" decoding=\"async\" width=\"1024\" height=\"683\" src=\"http:\/\/frw-pcdr.be\/estaimpuis\/wp-content\/uploads\/ER1\/Estaimpuis\/Img\/sites\/72\/Patronage23-1024x683.webp\" alt=\"B\u00e2timents ruraux et clocher d\u2019\u00e9glise vu depuis un champ verdoyant.\" class=\"wp-image-1074\" srcset=\"https:\/\/frw-pcdr.be\/estaimpuis\/wp-content\/uploads\/ER1\/Estaimpuis\/Img\/sites\/72\/Patronage23-1024x683.webp 1024w, https:\/\/frw-pcdr.be\/estaimpuis\/wp-content\/uploads\/ER1\/Estaimpuis\/Img\/sites\/72\/Patronage23-300x200.webp 300w, https:\/\/frw-pcdr.be\/estaimpuis\/wp-content\/uploads\/ER1\/Estaimpuis\/Img\/sites\/72\/Patronage23-768x512.webp 768w, https:\/\/frw-pcdr.be\/estaimpuis\/wp-content\/uploads\/ER1\/Estaimpuis\/Img\/sites\/72\/Patronage23-1536x1024.webp 1536w, https:\/\/frw-pcdr.be\/estaimpuis\/wp-content\/uploads\/ER1\/Estaimpuis\/Img\/sites\/72\/Patronage23-2048x1365.webp 2048w\" sizes=\"auto, (max-width: 1024px) 100vw, 1024px\" \/><\/figure>\n<\/div>\n\n\n\n<div class=\"wp-block-column is-layout-flow wp-block-column-is-layout-flow\">\n<h2 class=\"wp-block-heading\" style=\"margin-right:1.5vh;margin-left:1.5vh\">Estaimbourg &#8211; Cr\u00e9er un atelier rural<\/h2>\n\n\n\n<p class=\"wp-block-paragraph\" style=\"margin-top:0.5rem;margin-right:1.5vh;margin-bottom:0.5rem;margin-left:1.5vh\">Un atelier rural est un b\u00e2timent communal pouvant accueillir une ou plusieurs entreprises au sein d&rsquo;une commune rurale. Lou\u00e9 pour une dur\u00e9e limit\u00e9e, il a pour objectifs de faciliter le lancement de jeunes entreprises en leur \u00e9vitant un premier investissement lourd.<\/p>\n\n\n\n<p class=\"wp-block-paragraph\" style=\"margin-top:0.5rem;margin-right:1.5vh;margin-bottom:0.5rem;margin-left:1.5vh\">Ce projet fait l&rsquo;objet d&rsquo;une convention de d\u00e9veloppement rural.<\/p>\n\n\n\n<div class=\"wp-block-buttons is-content-justification-left is-layout-flex wp-container-core-buttons-is-layout-b4028dec wp-block-buttons-is-layout-flex\" style=\"padding-right:1.5vh;padding-left:1.5vh\">\n<div class=\"wp-block-button\"><a class=\"wp-block-button__link wp-element-button\" href=\"https:\/\/frw-pcdr.be\/estaimpuis\/wp-content\/uploads\/ER1\/Estaimpuis\/Doc\/PCDR\/Partie_IV.pdf#Page=121\" target=\"_blank\" rel=\"noreferrer noopener\">Vers la partie V<\/a><\/div>\n<\/div>\n\n\n\n<figure class=\"wp-block-image size-large\"><img loading=\"lazy\" decoding=\"async\" width=\"1024\" height=\"683\" src=\"http:\/\/frw-pcdr.be\/estaimpuis\/wp-content\/uploads\/ER1\/Estaimpuis\/Img\/sites\/72\/Atelier-rural-1024x683.webp\" alt=\"B\u00e2timent industriel en briques avec porte m\u00e9tallique dans une zone d\u2019activit\u00e9.\" class=\"wp-image-1052\" srcset=\"https:\/\/frw-pcdr.be\/estaimpuis\/wp-content\/uploads\/ER1\/Estaimpuis\/Img\/sites\/72\/Atelier-rural-1024x683.webp 1024w, https:\/\/frw-pcdr.be\/estaimpuis\/wp-content\/uploads\/ER1\/Estaimpuis\/Img\/sites\/72\/Atelier-rural-300x200.webp 300w, https:\/\/frw-pcdr.be\/estaimpuis\/wp-content\/uploads\/ER1\/Estaimpuis\/Img\/sites\/72\/Atelier-rural-768x512.webp 768w, https:\/\/frw-pcdr.be\/estaimpuis\/wp-content\/uploads\/ER1\/Estaimpuis\/Img\/sites\/72\/Atelier-rural-1536x1024.webp 1536w, https:\/\/frw-pcdr.be\/estaimpuis\/wp-content\/uploads\/ER1\/Estaimpuis\/Img\/sites\/72\/Atelier-rural-2048x1365.webp 2048w\" sizes=\"auto, (max-width: 1024px) 100vw, 1024px\" \/><\/figure>\n<\/div>\n\n\n\n<div class=\"wp-block-column is-layout-flow wp-block-column-is-layout-flow\" style=\"padding-right:0;padding-left:0\">\n<h2 class=\"wp-block-heading\" style=\"margin-right:1.5vh;margin-left:1.5vh\">Saint-L\u00e9ger &#8211; Avoir une offre de qualit\u00e9 en mati\u00e8re de logements adapt\u00e9s aux personnes \u00e2g\u00e9es<\/h2>\n\n\n\n<p class=\"wp-block-paragraph\" style=\"margin-top:0.5rem;margin-right:1.5vh;margin-bottom:0.5rem;margin-left:1.5vh\">Le projet pr\u00e9voit la cr\u00e9ation \u00e0 Saint-L\u00e9ger de 5 logements adapt\u00e9s aux personnes \u00e2g\u00e9es. Le projet fait l&rsquo;objet d&rsquo;une&nbsp;convention de D\u00e9veloppement rural et devrait \u00eatre finalis\u00e9 en 2026.<\/p>\n\n\n\n<div class=\"wp-block-buttons is-content-justification-left is-layout-flex wp-container-core-buttons-is-layout-b4028dec wp-block-buttons-is-layout-flex\" style=\"padding-right:1.5vh;padding-left:1.5vh\">\n<div class=\"wp-block-button\"><a class=\"wp-block-button__link wp-element-button\" href=\"https:\/\/frw-pcdr.be\/estaimpuis\/wp-content\/uploads\/ER1\/Estaimpuis\/Doc\/PCDR\/Partie_IV.pdf#Page=131\" target=\"_blank\" rel=\"noreferrer noopener\">Vers la partie V<\/a><\/div>\n<\/div>\n\n\n\n<figure class=\"wp-block-image size-large\"><img loading=\"lazy\" decoding=\"async\" width=\"1024\" height=\"641\" src=\"http:\/\/frw-pcdr.be\/estaimpuis\/wp-content\/uploads\/ER1\/Estaimpuis\/Img\/sites\/72\/logement-vieux-1024x641.webp\" alt=\"B\u00e2timent en briques en construction avec panneau de projet de logements publics.\" class=\"wp-image-1071\" srcset=\"https:\/\/frw-pcdr.be\/estaimpuis\/wp-content\/uploads\/ER1\/Estaimpuis\/Img\/sites\/72\/logement-vieux-1024x641.webp 1024w, https:\/\/frw-pcdr.be\/estaimpuis\/wp-content\/uploads\/ER1\/Estaimpuis\/Img\/sites\/72\/logement-vieux-300x188.webp 300w, https:\/\/frw-pcdr.be\/estaimpuis\/wp-content\/uploads\/ER1\/Estaimpuis\/Img\/sites\/72\/logement-vieux-768x481.webp 768w, https:\/\/frw-pcdr.be\/estaimpuis\/wp-content\/uploads\/ER1\/Estaimpuis\/Img\/sites\/72\/logement-vieux-1536x961.webp 1536w, https:\/\/frw-pcdr.be\/estaimpuis\/wp-content\/uploads\/ER1\/Estaimpuis\/Img\/sites\/72\/logement-vieux-2048x1282.webp 2048w\" sizes=\"auto, (max-width: 1024px) 100vw, 1024px\" \/><\/figure>\n<\/div>\n<\/div>\n\n\n\n<hr class=\"wp-block-separator has-text-color has-ast-global-color-1-color has-alpha-channel-opacity has-ast-global-color-1-background-color has-background is-style-wide\" \/>\n\n\n\n<div class=\"wp-block-columns is-layout-flex wp-container-core-columns-is-layout-79bbd8cc wp-block-columns-is-layout-flex\" style=\"padding-right:0;padding-left:0\">\n<div class=\"wp-block-column is-layout-flow wp-block-column-is-layout-flow\">\n<h2 class=\"wp-block-heading\" style=\"margin-right:1.5vh;margin-left:1.5vh\">Information et sensibilisation aux r\u00e8gles d&rsquo;urbanisme<\/h2>\n\n\n\n<p class=\"wp-block-paragraph\" style=\"margin-top:0.5rem;margin-right:1.5vh;margin-bottom:0.5rem;margin-left:1.5vh\">Le projet consiste \u00e0 informer et sensibiliser les citoyens \u00e0 une d\u00e9marche urbanistique de qualit\u00e9 lors de la construction ou de la transformation d&rsquo;immeubles.<\/p>\n\n\n\n<div class=\"wp-block-buttons is-content-justification-left is-layout-flex wp-container-core-buttons-is-layout-b4028dec wp-block-buttons-is-layout-flex\" style=\"padding-right:1.5vh;padding-left:1.5vh\">\n<div class=\"wp-block-button\"><a class=\"wp-block-button__link wp-element-button\" href=\"https:\/\/frw-pcdr.be\/estaimpuis\/wp-content\/uploads\/ER1\/Estaimpuis\/Doc\/PCDR\/Partie_IV.pdf#Page=5\" target=\"_blank\" rel=\"noreferrer noopener\">Vers la partie V<\/a><\/div>\n<\/div>\n\n\n\n<figure class=\"wp-block-image size-large\"><img decoding=\"async\" src=\"https:\/\/frw-pcdr.be\/estaimpuis\/wp-content\/uploads\/ER1\/Estaimpuis\/Img\/sites\/72\/43-edited.webp\" alt=\"Table ronde avec ordinateur portable, smartphone, journaux et tasse de caf\u00e9 pr\u00e8s d\u2019une fen\u00eatre.\" class=\"wp-image-1137\" \/><\/figure>\n<\/div>\n\n\n\n<div class=\"wp-block-column is-layout-flow wp-block-column-is-layout-flow\">\n<h2 class=\"wp-block-heading\" style=\"margin-right:1.5vh;margin-left:1.5vh\">Mettre en \u0153uvre des actions en faveur de la biodiversit\u00e9<\/h2>\n\n\n\n<p class=\"wp-block-paragraph\" style=\"margin-top:0.5rem;margin-right:1.5vh;margin-bottom:0.5rem;margin-left:1.5vh\">Le projet consiste \u00e0 sensibiliser les estaimpuisiens au potentiel de biodiversit\u00e9 de leur territoire afin de le conserver et de le renforcer<\/p>\n\n\n\n<div class=\"wp-block-buttons is-content-justification-left is-layout-flex wp-container-core-buttons-is-layout-b4028dec wp-block-buttons-is-layout-flex\" style=\"padding-right:1.5vh;padding-left:1.5vh\">\n<div class=\"wp-block-button\"><a class=\"wp-block-button__link wp-element-button\" href=\"https:\/\/frw-pcdr.be\/estaimpuis\/wp-content\/uploads\/ER1\/Estaimpuis\/Doc\/PCDR\/Partie_IV.pdf#Page=13\" target=\"_blank\" rel=\"noreferrer noopener\">Vers la partie V<\/a><\/div>\n<\/div>\n\n\n\n<figure class=\"wp-block-image size-large\"><img loading=\"lazy\" decoding=\"async\" width=\"960\" height=\"720\" src=\"https:\/\/frw-pcdr.be\/estaimpuis\/wp-content\/uploads\/ER1\/Estaimpuis\/Img\/sites\/72\/biodiv-2-edited.webp\" alt=\"All\u00e9e de jardin naturel avec herbes hautes et fleurs sauvages.\" class=\"wp-image-1138\" srcset=\"https:\/\/frw-pcdr.be\/estaimpuis\/wp-content\/uploads\/ER1\/Estaimpuis\/Img\/sites\/72\/biodiv-2-edited.webp 960w, https:\/\/frw-pcdr.be\/estaimpuis\/wp-content\/uploads\/ER1\/Estaimpuis\/Img\/sites\/72\/biodiv-2-edited-300x225.webp 300w, https:\/\/frw-pcdr.be\/estaimpuis\/wp-content\/uploads\/ER1\/Estaimpuis\/Img\/sites\/72\/biodiv-2-edited-768x576.webp 768w\" sizes=\"auto, (max-width: 960px) 100vw, 960px\" \/><\/figure>\n<\/div>\n\n\n\n<div class=\"wp-block-column is-layout-flow wp-block-column-is-layout-flow\" style=\"padding-right:0;padding-left:0\">\n<h2 class=\"wp-block-heading\" style=\"margin-right:1.5vh;margin-left:1.5vh\">Accompagner les agriculteurs dans une d\u00e9marche de diversification agricole<\/h2>\n\n\n\n<p class=\"wp-block-paragraph\" style=\"margin-top:0.5rem;margin-right:1.5vh;margin-bottom:0.5rem;margin-left:1.5vh\">Le projet consiste \u00e0 aider les agriculteurs \u00e0 am\u00e9liorer leurs savoir-faire, \u00e0 pr\u00e9server leur \u00ab outil de travail \u00bb, \u00e0 am\u00e9liorer leurs revenus tout en r\u00e9pondant \u00e0 des demandes locales.\u200b<\/p>\n\n\n\n<div class=\"wp-block-buttons is-content-justification-left is-layout-flex wp-container-core-buttons-is-layout-b4028dec wp-block-buttons-is-layout-flex\" style=\"padding-right:1.5vh;padding-left:1.5vh\">\n<div class=\"wp-block-button\"><a class=\"wp-block-button__link wp-element-button\" href=\"https:\/\/frw-pcdr.be\/estaimpuis\/wp-content\/uploads\/ER1\/Estaimpuis\/Doc\/PCDR\/Partie_IV.pdf#Page=17\" target=\"_blank\" rel=\"noreferrer noopener\">Vers la partie V<\/a><\/div>\n<\/div>\n\n\n\n<figure class=\"wp-block-image size-large\"><img loading=\"lazy\" decoding=\"async\" width=\"1920\" height=\"1280\" src=\"https:\/\/frw-pcdr.be\/estaimpuis\/wp-content\/uploads\/ER1\/Estaimpuis\/Img\/sites\/72\/Estaimpuis-Header-edited.webp\" alt=\"Paysage rural \u00e0 Estaimpuis : prairie verdoyante au premier plan, troupeau de vaches, ferme aux toitures rouges et alignement d\u2019arbres en arri\u00e8re-plan sous ciel bleu.\" class=\"wp-image-1177\" srcset=\"https:\/\/frw-pcdr.be\/estaimpuis\/wp-content\/uploads\/ER1\/Estaimpuis\/Img\/sites\/72\/Estaimpuis-Header-edited.webp 1920w, https:\/\/frw-pcdr.be\/estaimpuis\/wp-content\/uploads\/ER1\/Estaimpuis\/Img\/sites\/72\/Estaimpuis-Header-edited-300x200.webp 300w, https:\/\/frw-pcdr.be\/estaimpuis\/wp-content\/uploads\/ER1\/Estaimpuis\/Img\/sites\/72\/Estaimpuis-Header-edited-1024x683.webp 1024w, https:\/\/frw-pcdr.be\/estaimpuis\/wp-content\/uploads\/ER1\/Estaimpuis\/Img\/sites\/72\/Estaimpuis-Header-edited-768x512.webp 768w, https:\/\/frw-pcdr.be\/estaimpuis\/wp-content\/uploads\/ER1\/Estaimpuis\/Img\/sites\/72\/Estaimpuis-Header-edited-1536x1024.webp 1536w\" sizes=\"auto, (max-width: 1920px) 100vw, 1920px\" \/><\/figure>\n<\/div>\n<\/div>\n\n\n\n<hr class=\"wp-block-separator has-text-color has-ast-global-color-1-color has-alpha-channel-opacity has-ast-global-color-1-background-color has-background is-style-wide\" \/>\n\n\n\n<div class=\"wp-block-columns is-layout-flex wp-container-core-columns-is-layout-79bbd8cc wp-block-columns-is-layout-flex\" style=\"padding-right:0;padding-left:0\">\n<div class=\"wp-block-column is-layout-flow wp-block-column-is-layout-flow\">\n<h2 class=\"wp-block-heading\" style=\"margin-right:1.5vh;margin-left:1.5vh\">Se d\u00e9placer autrement&nbsp;<\/h2>\n\n\n\n<p class=\"wp-block-paragraph\" style=\"margin-top:0.5rem;margin-right:1.5vh;margin-bottom:0.5rem;margin-left:1.5vh\">Ce projet est un compl\u00e9ment \u00e0 la fiche \u00ab R\u00e9aliser un r\u00e9seau de liaisons utiles \u00bb. Il vise \u00e0 d\u00e9velopper et am\u00e9liorer l\u2019acc\u00e8s aux transports en commun, \u00e0 favoriser les d\u00e9placements \u00ab doux \u00bb (\u00e0 pied, \u00e0 v\u00e9lo,\u2026),&#8230;<\/p>\n\n\n\n<div class=\"wp-block-buttons is-content-justification-left is-layout-flex wp-container-core-buttons-is-layout-b4028dec wp-block-buttons-is-layout-flex\" style=\"padding-right:1.5vh;padding-left:1.5vh\">\n<div class=\"wp-block-button\"><a class=\"wp-block-button__link wp-element-button\" href=\"https:\/\/frw-pcdr.be\/estaimpuis\/wp-content\/uploads\/ER1\/Estaimpuis\/Doc\/PCDR\/Partie_IV.pdf#Page=45\" target=\"_blank\" rel=\"noreferrer noopener\">Vers la partie V<\/a><\/div>\n<\/div>\n\n\n\n<figure class=\"wp-block-image size-full\"><img loading=\"lazy\" decoding=\"async\" width=\"640\" height=\"424\" src=\"http:\/\/frw-pcdr.be\/estaimpuis\/wp-content\/uploads\/ER1\/Estaimpuis\/Img\/sites\/72\/mobiite.jpg\" alt=\"Trois personnes \u00e0 v\u00e9lo circulent sur un chemin de terre au milieu d\u2019un paysage herbeux, avec des sacs \u00e0 dos, sous un ciel d\u00e9gag\u00e9.\" class=\"wp-image-1142\" srcset=\"https:\/\/frw-pcdr.be\/estaimpuis\/wp-content\/uploads\/ER1\/Estaimpuis\/Img\/sites\/72\/mobiite.jpg 640w, https:\/\/frw-pcdr.be\/estaimpuis\/wp-content\/uploads\/ER1\/Estaimpuis\/Img\/sites\/72\/mobiite-300x199.jpg 300w\" sizes=\"auto, (max-width: 640px) 100vw, 640px\" \/><\/figure>\n<\/div>\n\n\n\n<div class=\"wp-block-column is-layout-flow wp-block-column-is-layout-flow\">\n<h2 class=\"wp-block-heading\" style=\"margin-right:1.5vh;margin-left:1.5vh\">Sensibiliser \u00e0 l&rsquo;impact \u00e9nerg\u00e9tique<\/h2>\n\n\n\n<p class=\"wp-block-paragraph\" style=\"margin-top:0.5rem;margin-right:1.5vh;margin-bottom:0.5rem;margin-left:1.5vh\">Le projet consiste \u00e0 sensibiliser les habitants \u00e0 l\u2019impact \u00e9nerg\u00e9tique de leur mode de vie sur leur environnement et sur leur budget et de les accompagner dans leurs d\u00e9marches d\u2019\u00e9conomie d\u2019\u00e9nergie.<\/p>\n\n\n\n<div class=\"wp-block-buttons is-content-justification-left is-layout-flex wp-container-core-buttons-is-layout-b4028dec wp-block-buttons-is-layout-flex\" style=\"padding-right:1.5vh;padding-left:1.5vh\">\n<div class=\"wp-block-button\"><a class=\"wp-block-button__link wp-element-button\" href=\"https:\/\/frw-pcdr.be\/estaimpuis\/wp-content\/uploads\/ER1\/Estaimpuis\/Doc\/PCDR\/Partie_IV.pdf#Page=53\" target=\"_blank\" rel=\"noreferrer noopener\">Vers la partie V<\/a><\/div>\n<\/div>\n\n\n\n<figure class=\"wp-block-image size-large\"><img loading=\"lazy\" decoding=\"async\" width=\"1200\" height=\"800\" src=\"https:\/\/frw-pcdr.be\/estaimpuis\/wp-content\/uploads\/ER1\/Estaimpuis\/Img\/sites\/72\/nrj-estaim-edited-1.webp\" alt=\"Ampoule pos\u00e9e sur une surface en bois\" class=\"wp-image-1179\" srcset=\"https:\/\/frw-pcdr.be\/estaimpuis\/wp-content\/uploads\/ER1\/Estaimpuis\/Img\/sites\/72\/nrj-estaim-edited-1.webp 1200w, https:\/\/frw-pcdr.be\/estaimpuis\/wp-content\/uploads\/ER1\/Estaimpuis\/Img\/sites\/72\/nrj-estaim-edited-1-300x200.webp 300w, https:\/\/frw-pcdr.be\/estaimpuis\/wp-content\/uploads\/ER1\/Estaimpuis\/Img\/sites\/72\/nrj-estaim-edited-1-1024x683.webp 1024w, https:\/\/frw-pcdr.be\/estaimpuis\/wp-content\/uploads\/ER1\/Estaimpuis\/Img\/sites\/72\/nrj-estaim-edited-1-768x512.webp 768w\" sizes=\"auto, (max-width: 1200px) 100vw, 1200px\" \/><\/figure>\n<\/div>\n\n\n\n<div class=\"wp-block-column is-layout-flow wp-block-column-is-layout-flow\" style=\"padding-right:0;padding-left:0\">\n<h2 class=\"wp-block-heading\" style=\"margin-right:1.5vh;margin-left:1.5vh\">Mettre en valeur les patrimoines de l&rsquo;entit\u00e9<\/h2>\n\n\n\n<p class=\"wp-block-paragraph\" style=\"margin-top:0.5rem;margin-right:1.5vh;margin-bottom:0.5rem;margin-left:1.5vh\">Ce projet consiste \u00e0 mener diff\u00e9rentes actions de mise en valeur des patrimoines de l\u2019entit\u00e9.<br>La sensibilisation citoyenne est \u00e9galement un axe du projet.<\/p>\n\n\n\n<div class=\"wp-block-buttons is-content-justification-left is-layout-flex wp-container-core-buttons-is-layout-b4028dec wp-block-buttons-is-layout-flex\" style=\"padding-right:1.5vh;padding-left:1.5vh\">\n<div class=\"wp-block-button\"><a class=\"wp-block-button__link wp-element-button\" href=\"https:\/\/frw-pcdr.be\/estaimpuis\/wp-content\/uploads\/ER1\/Estaimpuis\/Doc\/PCDR\/Partie_IV.pdf#Page=55\" target=\"_blank\" rel=\"noreferrer noopener\">Vers la partie V<\/a><\/div>\n<\/div>\n\n\n\n<figure class=\"wp-block-image size-full\"><img loading=\"lazy\" decoding=\"async\" width=\"1345\" height=\"759\" src=\"http:\/\/frw-pcdr.be\/estaimpuis\/wp-content\/uploads\/ER1\/Estaimpuis\/Img\/sites\/72\/FP16-Templiers-2018-Lameuse.Be_.jpg\" alt=\"Participants en costumes m\u00e9di\u00e9vaux lors d\u2019une reconstitution historique en plein air.\" class=\"wp-image-1063\" srcset=\"https:\/\/frw-pcdr.be\/estaimpuis\/wp-content\/uploads\/ER1\/Estaimpuis\/Img\/sites\/72\/FP16-Templiers-2018-Lameuse.Be_.jpg 1345w, https:\/\/frw-pcdr.be\/estaimpuis\/wp-content\/uploads\/ER1\/Estaimpuis\/Img\/sites\/72\/FP16-Templiers-2018-Lameuse.Be_-300x169.jpg 300w, https:\/\/frw-pcdr.be\/estaimpuis\/wp-content\/uploads\/ER1\/Estaimpuis\/Img\/sites\/72\/FP16-Templiers-2018-Lameuse.Be_-1024x578.jpg 1024w, https:\/\/frw-pcdr.be\/estaimpuis\/wp-content\/uploads\/ER1\/Estaimpuis\/Img\/sites\/72\/FP16-Templiers-2018-Lameuse.Be_-768x433.jpg 768w\" sizes=\"auto, (max-width: 1345px) 100vw, 1345px\" \/><\/figure>\n<\/div>\n<\/div>\n\n\n\n<hr class=\"wp-block-separator has-text-color has-ast-global-color-1-color has-alpha-channel-opacity has-ast-global-color-1-background-color has-background is-style-wide\" \/>\n\n\n\n<div class=\"wp-block-columns is-layout-flex wp-container-core-columns-is-layout-79bbd8cc wp-block-columns-is-layout-flex\" style=\"padding-right:0;padding-left:0\">\n<div class=\"wp-block-column is-layout-flow wp-block-column-is-layout-flow\">\n<h2 class=\"wp-block-heading\" style=\"margin-right:1.5vh;margin-left:1.5vh\">Valoriser les produits du terroir<\/h2>\n\n\n\n<p class=\"wp-block-paragraph\" style=\"margin-top:0.5rem;margin-right:1.5vh;margin-bottom:0.5rem;margin-left:1.5vh\">Ce projet a pour but de mieux faire conna\u00eetre les productions locales et d&rsquo;en favoriser l&rsquo;acc\u00e8s, par exemple via l\u2019organisation d\u2019achats group\u00e9s.<\/p>\n\n\n\n<div class=\"wp-block-buttons is-content-justification-left is-layout-flex wp-container-core-buttons-is-layout-b4028dec wp-block-buttons-is-layout-flex\" style=\"padding-right:1.5vh;padding-left:1.5vh\">\n<div class=\"wp-block-button\"><a class=\"wp-block-button__link wp-element-button\" href=\"https:\/\/frw-pcdr.be\/estaimpuis\/wp-content\/uploads\/ER1\/Estaimpuis\/Doc\/PCDR\/Partie_IV.pdf#Page=59\" target=\"_blank\" rel=\"noreferrer noopener\">Vers la partie V<\/a><\/div>\n<\/div>\n\n\n\n<figure class=\"wp-block-image size-large\"><img loading=\"lazy\" decoding=\"async\" width=\"1024\" height=\"683\" src=\"http:\/\/frw-pcdr.be\/estaimpuis\/wp-content\/uploads\/ER1\/Estaimpuis\/Img\/sites\/72\/FP-18-Esta-1024x683.webp\" alt=\"Cagettes de l\u00e9gumes frais (blettes, salades, radis) sur un \u00e9tal de march\u00e9.\" class=\"wp-image-1058\" srcset=\"https:\/\/frw-pcdr.be\/estaimpuis\/wp-content\/uploads\/ER1\/Estaimpuis\/Img\/sites\/72\/FP-18-Esta-1024x683.webp 1024w, https:\/\/frw-pcdr.be\/estaimpuis\/wp-content\/uploads\/ER1\/Estaimpuis\/Img\/sites\/72\/FP-18-Esta-300x200.webp 300w, https:\/\/frw-pcdr.be\/estaimpuis\/wp-content\/uploads\/ER1\/Estaimpuis\/Img\/sites\/72\/FP-18-Esta-768x512.webp 768w, https:\/\/frw-pcdr.be\/estaimpuis\/wp-content\/uploads\/ER1\/Estaimpuis\/Img\/sites\/72\/FP-18-Esta-1536x1024.webp 1536w, https:\/\/frw-pcdr.be\/estaimpuis\/wp-content\/uploads\/ER1\/Estaimpuis\/Img\/sites\/72\/FP-18-Esta-2048x1365.webp 2048w\" sizes=\"auto, (max-width: 1024px) 100vw, 1024px\" \/><\/figure>\n<\/div>\n\n\n\n<div class=\"wp-block-column is-layout-flow wp-block-column-is-layout-flow\">\n<h2 class=\"wp-block-heading\" style=\"margin-right:1.5vh;margin-left:1.5vh\">Sensibiliser \u00e0 la propret\u00e9<\/h2>\n\n\n\n<p class=\"wp-block-paragraph\" style=\"margin-top:0.5rem;margin-right:1.5vh;margin-bottom:0.5rem;margin-left:1.5vh\">Le projet consiste \u00e0 am\u00e9liorer la propret\u00e9 des lieux publics via des campagnes de sensibilisation destin\u00e9es \u00e0 tous.<\/p>\n\n\n\n<div class=\"wp-block-buttons is-content-justification-left is-layout-flex wp-container-core-buttons-is-layout-b4028dec wp-block-buttons-is-layout-flex\" style=\"padding-right:1.5vh;padding-left:1.5vh\">\n<div class=\"wp-block-button\"><a class=\"wp-block-button__link wp-element-button\" href=\"https:\/\/frw-pcdr.be\/estaimpuis\/wp-content\/uploads\/ER1\/Estaimpuis\/Doc\/PCDR\/Partie_IV.pdf#Page=67\" target=\"_blank\" rel=\"noreferrer noopener\">Vers la partie V<\/a><\/div>\n<\/div>\n\n\n\n<figure class=\"wp-block-image size-large\"><img loading=\"lazy\" decoding=\"async\" width=\"1024\" height=\"683\" src=\"http:\/\/frw-pcdr.be\/estaimpuis\/wp-content\/uploads\/ER1\/Estaimpuis\/Img\/sites\/72\/FP-19-Esta-1024x683.webp\" alt=\"Main lan\u00e7ant une canette dans un canal bord\u00e9 d\u2019arbres, geste de pollution de l\u2019environnement.\" class=\"wp-image-1059\" srcset=\"https:\/\/frw-pcdr.be\/estaimpuis\/wp-content\/uploads\/ER1\/Estaimpuis\/Img\/sites\/72\/FP-19-Esta-1024x683.webp 1024w, https:\/\/frw-pcdr.be\/estaimpuis\/wp-content\/uploads\/ER1\/Estaimpuis\/Img\/sites\/72\/FP-19-Esta-300x200.webp 300w, https:\/\/frw-pcdr.be\/estaimpuis\/wp-content\/uploads\/ER1\/Estaimpuis\/Img\/sites\/72\/FP-19-Esta-768x512.webp 768w, https:\/\/frw-pcdr.be\/estaimpuis\/wp-content\/uploads\/ER1\/Estaimpuis\/Img\/sites\/72\/FP-19-Esta-1536x1024.webp 1536w, https:\/\/frw-pcdr.be\/estaimpuis\/wp-content\/uploads\/ER1\/Estaimpuis\/Img\/sites\/72\/FP-19-Esta-2048x1365.webp 2048w\" sizes=\"auto, (max-width: 1024px) 100vw, 1024px\" \/><\/figure>\n<\/div>\n\n\n\n<div class=\"wp-block-column is-layout-flow wp-block-column-is-layout-flow\" style=\"padding-right:0;padding-left:0\">\n<h2 class=\"wp-block-heading\" style=\"margin-right:1.5vh;margin-left:1.5vh\">Cr\u00e9er un \u00e9v\u00e9nement f\u00e9d\u00e9rateur<\/h2>\n\n\n\n<p class=\"wp-block-paragraph\" style=\"margin-top:0.5rem;margin-right:1.5vh;margin-bottom:0.5rem;margin-left:1.5vh\">Ce projet consiste \u00e0 cr\u00e9er une activit\u00e9 commune et f\u00e9d\u00e9ratrice entre les associations et la population des 7 villages.\u00a0<\/p>\n\n\n\n<div class=\"wp-block-buttons is-content-justification-left is-layout-flex wp-container-core-buttons-is-layout-b4028dec wp-block-buttons-is-layout-flex\" style=\"padding-right:1.5vh;padding-left:1.5vh\">\n<div class=\"wp-block-button\"><a class=\"wp-block-button__link wp-element-button\" href=\"https:\/\/frw-pcdr.be\/estaimpuis\/wp-content\/uploads\/ER1\/Estaimpuis\/Doc\/PCDR\/Partie_IV.pdf#Page=91\" target=\"_blank\" rel=\"noreferrer noopener\">Vers la partie V<\/a><\/div>\n<\/div>\n\n\n\n<figure class=\"wp-block-image size-full\"><img loading=\"lazy\" decoding=\"async\" width=\"2560\" height=\"1707\" src=\"http:\/\/frw-pcdr.be\/estaimpuis\/wp-content\/uploads\/ER1\/Estaimpuis\/Img\/sites\/72\/fp17-salon-saveurs-et-natur-scaled.webp\" alt=\"Stand de march\u00e9 avec produits artisanaux et \u00e9changes entre visiteurs et exposants.\" class=\"wp-image-1064\" srcset=\"https:\/\/frw-pcdr.be\/estaimpuis\/wp-content\/uploads\/ER1\/Estaimpuis\/Img\/sites\/72\/fp17-salon-saveurs-et-natur-scaled.webp 2560w, https:\/\/frw-pcdr.be\/estaimpuis\/wp-content\/uploads\/ER1\/Estaimpuis\/Img\/sites\/72\/fp17-salon-saveurs-et-natur-300x200.webp 300w, https:\/\/frw-pcdr.be\/estaimpuis\/wp-content\/uploads\/ER1\/Estaimpuis\/Img\/sites\/72\/fp17-salon-saveurs-et-natur-1024x683.webp 1024w, https:\/\/frw-pcdr.be\/estaimpuis\/wp-content\/uploads\/ER1\/Estaimpuis\/Img\/sites\/72\/fp17-salon-saveurs-et-natur-768x512.webp 768w, https:\/\/frw-pcdr.be\/estaimpuis\/wp-content\/uploads\/ER1\/Estaimpuis\/Img\/sites\/72\/fp17-salon-saveurs-et-natur-1536x1024.webp 1536w, https:\/\/frw-pcdr.be\/estaimpuis\/wp-content\/uploads\/ER1\/Estaimpuis\/Img\/sites\/72\/fp17-salon-saveurs-et-natur-2048x1366.webp 2048w\" sizes=\"auto, (max-width: 2560px) 100vw, 2560px\" \/><\/figure>\n<\/div>\n<\/div>\n\n\n\n<hr class=\"wp-block-separator has-text-color has-ast-global-color-1-color has-alpha-channel-opacity has-ast-global-color-1-background-color has-background is-style-wide\" \/>\n\n\n\n<div class=\"wp-block-columns is-layout-flex wp-container-core-columns-is-layout-79bbd8cc wp-block-columns-is-layout-flex\" style=\"padding-right:0;padding-left:0\">\n<div class=\"wp-block-column is-layout-flow wp-block-column-is-layout-flow\">\n<h2 class=\"wp-block-heading\" style=\"margin-right:1.5vh;margin-left:1.5vh\">\u200bRed\u00e9couvrir l&rsquo;importance des contacts humains en milieu rural<\/h2>\n\n\n\n<p class=\"wp-block-paragraph\" style=\"margin-top:0.5rem;margin-right:1.5vh;margin-bottom:0.5rem;margin-left:1.5vh\">Le projet a pour but de favoriser le respect d\u2019autrui en am\u00e9liorant la qualit\u00e9 des \u00e9changes entre les personnes et les groupes sociaux via diff\u00e9rentes manifestations.<\/p>\n\n\n\n<div class=\"wp-block-buttons is-content-justification-left is-layout-flex wp-container-core-buttons-is-layout-b4028dec wp-block-buttons-is-layout-flex\" style=\"padding-right:1.5vh;padding-left:1.5vh\">\n<div class=\"wp-block-button\"><a class=\"wp-block-button__link wp-element-button\" href=\"https:\/\/frw-pcdr.be\/estaimpuis\/wp-content\/uploads\/ER1\/Estaimpuis\/Doc\/PCDR\/Partie_IV.pdf#Page=73\" target=\"_blank\" rel=\"noreferrer noopener\">Vers la partie V<\/a><\/div>\n<\/div>\n\n\n\n<figure class=\"wp-block-image size-full\"><img loading=\"lazy\" decoding=\"async\" width=\"620\" height=\"310\" src=\"http:\/\/frw-pcdr.be\/estaimpuis\/wp-content\/uploads\/ER1\/Estaimpuis\/Img\/sites\/72\/27-commerce.jpg\" alt=\"March\u00e9 de plein air avec des stands de fruits et l\u00e9gumes. Des vendeurs disposent des produits dans des caisses tandis que des personnes portant des masques attendent devant la table pour acheter, dans un village avec des b\u00e2timents en pierre en arri\u00e8re-plan\" class=\"wp-image-1048\" srcset=\"https:\/\/frw-pcdr.be\/estaimpuis\/wp-content\/uploads\/ER1\/Estaimpuis\/Img\/sites\/72\/27-commerce.jpg 620w, https:\/\/frw-pcdr.be\/estaimpuis\/wp-content\/uploads\/ER1\/Estaimpuis\/Img\/sites\/72\/27-commerce-300x150.jpg 300w\" sizes=\"auto, (max-width: 620px) 100vw, 620px\" \/><\/figure>\n<\/div>\n\n\n\n<div class=\"wp-block-column is-layout-flow wp-block-column-is-layout-flow\">\n<h2 class=\"wp-block-heading\" style=\"margin-right:1.5vh;margin-left:1.5vh\">Cr\u00e9er un caf\u00e9 litt\u00e9raire<\/h2>\n\n\n\n<p class=\"wp-block-paragraph\" style=\"margin-top:0.5rem;margin-right:1.5vh;margin-bottom:0.5rem;margin-left:1.5vh\">Le projet a pour but la cr\u00e9ation d\u2019une activit\u00e9 \u00abcaf\u00e9 litt\u00e9raire \u00bb, c\u2019est-\u00e0-dire o\u00f9 on parle de litt\u00e9rature, \u00e9change des id\u00e9es, \u00e9coute des extraits de livres lus par des com\u00e9diens, assiste \u00e0 des spectacles tout en d\u00e9gustant un caf\u00e9, ou une autre boisson. <\/p>\n\n\n\n<div class=\"wp-block-buttons is-content-justification-left is-layout-flex wp-container-core-buttons-is-layout-b4028dec wp-block-buttons-is-layout-flex\" style=\"padding-right:1.5vh;padding-left:1.5vh\">\n<div class=\"wp-block-button\"><a class=\"wp-block-button__link wp-element-button\" href=\"https:\/\/frw-pcdr.be\/estaimpuis\/wp-content\/uploads\/ER1\/Estaimpuis\/Doc\/PCDR\/Partie_IV.pdf#Page=87\" target=\"_blank\" rel=\"noreferrer noopener\">Vers la partie V<\/a><\/div>\n<\/div>\n\n\n\n<figure class=\"wp-block-image size-large\"><img loading=\"lazy\" decoding=\"async\" width=\"2560\" height=\"1920\" src=\"https:\/\/frw-pcdr.be\/estaimpuis\/wp-content\/uploads\/ER1\/Estaimpuis\/Img\/sites\/72\/FP-25-Esta-edited-scaled.webp\" alt=\"Livre ouvert avec notes \u00e0 c\u00f4t\u00e9 et tasse de caf\u00e9 sur fond blanc minimaliste.\" class=\"wp-image-1145\" srcset=\"https:\/\/frw-pcdr.be\/estaimpuis\/wp-content\/uploads\/ER1\/Estaimpuis\/Img\/sites\/72\/FP-25-Esta-edited-scaled.webp 2560w, https:\/\/frw-pcdr.be\/estaimpuis\/wp-content\/uploads\/ER1\/Estaimpuis\/Img\/sites\/72\/FP-25-Esta-edited-300x225.webp 300w, https:\/\/frw-pcdr.be\/estaimpuis\/wp-content\/uploads\/ER1\/Estaimpuis\/Img\/sites\/72\/FP-25-Esta-edited-1024x768.webp 1024w, https:\/\/frw-pcdr.be\/estaimpuis\/wp-content\/uploads\/ER1\/Estaimpuis\/Img\/sites\/72\/FP-25-Esta-edited-768x576.webp 768w, https:\/\/frw-pcdr.be\/estaimpuis\/wp-content\/uploads\/ER1\/Estaimpuis\/Img\/sites\/72\/FP-25-Esta-edited-1536x1152.webp 1536w, https:\/\/frw-pcdr.be\/estaimpuis\/wp-content\/uploads\/ER1\/Estaimpuis\/Img\/sites\/72\/FP-25-Esta-edited-2048x1536.webp 2048w\" sizes=\"auto, (max-width: 2560px) 100vw, 2560px\" \/><\/figure>\n<\/div>\n\n\n\n<div class=\"wp-block-column is-layout-flow wp-block-column-is-layout-flow\" style=\"padding-right:0;padding-left:0\">\n<h2 class=\"wp-block-heading\" style=\"margin-right:1.5vh;margin-left:1.5vh\">Red\u00e9couvrir l&rsquo;importance de l&rsquo;agriculture en milieu rural<\/h2>\n\n\n\n<p class=\"wp-block-paragraph\" style=\"margin-top:0.5rem;margin-right:1.5vh;margin-bottom:0.5rem;margin-left:1.5vh\">Le projet vise \u00e0 d\u00e9velopper, avec les agriculteurs, un panel d\u2019outils de sensibilisation et de communication afin de permettre aux habitants de d\u00e9couvrir ou red\u00e9couvrir les enjeux, contraintes et pratiques du monde agricole.<\/p>\n\n\n\n<div class=\"wp-block-buttons is-content-justification-left is-layout-flex wp-container-core-buttons-is-layout-b4028dec wp-block-buttons-is-layout-flex\" style=\"padding-right:1.5vh;padding-left:1.5vh\">\n<div class=\"wp-block-button\"><a class=\"wp-block-button__link wp-element-button\" href=\"https:\/\/frw-pcdr.be\/estaimpuis\/wp-content\/uploads\/ER1\/Estaimpuis\/Doc\/PCDR\/Partie_IV.pdf#Page=71\" target=\"_blank\" rel=\"noreferrer noopener\">Vers la partie V<\/a><\/div>\n<\/div>\n\n\n\n<figure class=\"wp-block-image size-large\"><img loading=\"lazy\" decoding=\"async\" width=\"1024\" height=\"768\" src=\"http:\/\/frw-pcdr.be\/estaimpuis\/wp-content\/uploads\/ER1\/Estaimpuis\/Img\/sites\/72\/Estaimpuis-Header-1024x768.webp\" alt=\"Paysage rural \u00e0 Estaimpuis : prairie verdoyante au premier plan, troupeau de vaches, ferme aux toitures rouges et alignement d\u2019arbres en arri\u00e8re-plan sous ciel bleu.\" class=\"wp-image-1084\" srcset=\"https:\/\/frw-pcdr.be\/estaimpuis\/wp-content\/uploads\/ER1\/Estaimpuis\/Img\/sites\/72\/Estaimpuis-Header-1024x768.webp 1024w, https:\/\/frw-pcdr.be\/estaimpuis\/wp-content\/uploads\/ER1\/Estaimpuis\/Img\/sites\/72\/Estaimpuis-Header-300x225.webp 300w, https:\/\/frw-pcdr.be\/estaimpuis\/wp-content\/uploads\/ER1\/Estaimpuis\/Img\/sites\/72\/Estaimpuis-Header-768x576.webp 768w, https:\/\/frw-pcdr.be\/estaimpuis\/wp-content\/uploads\/ER1\/Estaimpuis\/Img\/sites\/72\/Estaimpuis-Header-1536x1152.webp 1536w, https:\/\/frw-pcdr.be\/estaimpuis\/wp-content\/uploads\/ER1\/Estaimpuis\/Img\/sites\/72\/Estaimpuis-Header.webp 1920w\" sizes=\"auto, (max-width: 1024px) 100vw, 1024px\" \/><\/figure>\n<\/div>\n<\/div>\n\n\n\n<hr class=\"wp-block-separator has-text-color has-ast-global-color-1-color has-alpha-channel-opacity has-ast-global-color-1-background-color has-background is-style-wide\" \/>\n\n\n\n<div class=\"wp-block-columns is-layout-flex wp-container-core-columns-is-layout-79bbd8cc wp-block-columns-is-layout-flex\" style=\"padding-right:0;padding-left:0\">\n<div class=\"wp-block-column is-layout-flow wp-block-column-is-layout-flow\">\n<h2 class=\"wp-block-heading\" style=\"margin-right:1.5vh;margin-left:1.5vh\">Assurer une offre de qualit\u00e9 en mati\u00e8re de commerce local<\/h2>\n\n\n\n<p class=\"wp-block-paragraph\" style=\"margin-top:0.5rem;margin-right:1.5vh;margin-bottom:0.5rem;margin-left:1.5vh\">Le projet vise \u00e0 maintenir et d\u00e9velopper le commerce existant mettant en place des&nbsp;actions de valorisation et de communication.<\/p>\n\n\n\n<div class=\"wp-block-buttons is-content-justification-left is-layout-flex wp-container-core-buttons-is-layout-b4028dec wp-block-buttons-is-layout-flex\" style=\"padding-right:1.5vh;padding-left:1.5vh\">\n<div class=\"wp-block-button\"><a class=\"wp-block-button__link wp-element-button\" href=\"https:\/\/frw-pcdr.be\/estaimpuis\/wp-content\/uploads\/ER1\/Estaimpuis\/Doc\/PCDR\/Partie_IV.pdf#Page=95\" target=\"_blank\" rel=\"noreferrer noopener\">Vers la partie V<\/a><\/div>\n<\/div>\n\n\n\n<figure class=\"wp-block-image size-full\"><img loading=\"lazy\" decoding=\"async\" width=\"1200\" height=\"900\" src=\"https:\/\/frw-pcdr.be\/estaimpuis\/wp-content\/uploads\/ER1\/Estaimpuis\/Img\/sites\/72\/28echange-edited.webp\" alt=\"Main tenant un portefeuille cuir marron entre les mains.\" class=\"wp-image-1148\" srcset=\"https:\/\/frw-pcdr.be\/estaimpuis\/wp-content\/uploads\/ER1\/Estaimpuis\/Img\/sites\/72\/28echange-edited.webp 1200w, https:\/\/frw-pcdr.be\/estaimpuis\/wp-content\/uploads\/ER1\/Estaimpuis\/Img\/sites\/72\/28echange-edited-300x225.webp 300w, https:\/\/frw-pcdr.be\/estaimpuis\/wp-content\/uploads\/ER1\/Estaimpuis\/Img\/sites\/72\/28echange-edited-1024x768.webp 1024w, https:\/\/frw-pcdr.be\/estaimpuis\/wp-content\/uploads\/ER1\/Estaimpuis\/Img\/sites\/72\/28echange-edited-768x576.webp 768w\" sizes=\"auto, (max-width: 1200px) 100vw, 1200px\" \/><\/figure>\n<\/div>\n\n\n\n<div class=\"wp-block-column is-layout-flow wp-block-column-is-layout-flow\">\n<h2 class=\"wp-block-heading\" style=\"margin-right:1.5vh;margin-left:1.5vh\">Dynamiser le Ch\u00e2teau de Bourgogne en p\u00f4le d&rsquo;attraction<\/h2>\n\n\n\n<p class=\"wp-block-paragraph\" style=\"margin-top:0.5rem;margin-right:1.5vh;margin-bottom:0.5rem;margin-left:1.5vh\">Le projet a pour but d&rsquo;am\u00e9liorer l\u2019offre pr\u00e9sente au Ch\u00e2teau de Bourgogne en terme d&rsquo;accueil des visiteurs et d&rsquo;activit\u00e9s.<\/p>\n\n\n\n<div class=\"wp-block-buttons is-content-justification-left is-layout-flex wp-container-core-buttons-is-layout-b4028dec wp-block-buttons-is-layout-flex\" style=\"padding-right:1.5vh;padding-left:1.5vh\">\n<div class=\"wp-block-button\"><a class=\"wp-block-button__link wp-element-button\" href=\"https:\/\/frw-pcdr.be\/estaimpuis\/wp-content\/uploads\/ER1\/Estaimpuis\/Doc\/PCDR\/Partie_IV.pdf#Page=103\" target=\"_blank\" rel=\"noreferrer noopener\">Vers la partie V<\/a><\/div>\n<\/div>\n\n\n\n<figure class=\"wp-block-image size-large\"><img loading=\"lazy\" decoding=\"async\" width=\"1024\" height=\"768\" src=\"http:\/\/frw-pcdr.be\/estaimpuis\/wp-content\/uploads\/ER1\/Estaimpuis\/Img\/sites\/72\/Chateau-de-Bourgogne-Estaimbourg-1024x768.webp\" alt=\"Ch\u00e2teau en briques avec tourelles, bord\u00e9 d\u2019un \u00e9tang arbor\u00e9 avec fontaine.\" class=\"wp-image-1055\" srcset=\"https:\/\/frw-pcdr.be\/estaimpuis\/wp-content\/uploads\/ER1\/Estaimpuis\/Img\/sites\/72\/Chateau-de-Bourgogne-Estaimbourg-1024x768.webp 1024w, https:\/\/frw-pcdr.be\/estaimpuis\/wp-content\/uploads\/ER1\/Estaimpuis\/Img\/sites\/72\/Chateau-de-Bourgogne-Estaimbourg-300x225.webp 300w, https:\/\/frw-pcdr.be\/estaimpuis\/wp-content\/uploads\/ER1\/Estaimpuis\/Img\/sites\/72\/Chateau-de-Bourgogne-Estaimbourg-768x576.webp 768w, https:\/\/frw-pcdr.be\/estaimpuis\/wp-content\/uploads\/ER1\/Estaimpuis\/Img\/sites\/72\/Chateau-de-Bourgogne-Estaimbourg-1536x1152.webp 1536w, https:\/\/frw-pcdr.be\/estaimpuis\/wp-content\/uploads\/ER1\/Estaimpuis\/Img\/sites\/72\/Chateau-de-Bourgogne-Estaimbourg-2048x1536.webp 2048w\" sizes=\"auto, (max-width: 1024px) 100vw, 1024px\" \/><\/figure>\n<\/div>\n\n\n\n<div class=\"wp-block-column is-layout-flow wp-block-column-is-layout-flow\" style=\"padding-right:0;padding-left:0\">\n<h2 class=\"wp-block-heading\" style=\"margin-right:1.5vh;margin-left:1.5vh\">Dynamiser le Canal de l&rsquo;Espierres en p\u00f4le d&rsquo;attraction durable<\/h2>\n\n\n\n<p class=\"wp-block-paragraph\" style=\"margin-top:0.5rem;margin-right:1.5vh;margin-bottom:0.5rem;margin-left:1.5vh\">Le projet a pour but de d\u00e9velopper le potentiel de loisirs qu&rsquo;est le canal de l&rsquo;Espierres<\/p>\n\n\n\n<div class=\"wp-block-buttons is-content-justification-left is-layout-flex wp-container-core-buttons-is-layout-b4028dec wp-block-buttons-is-layout-flex\" style=\"padding-right:1.5vh;padding-left:1.5vh\">\n<div class=\"wp-block-button\"><a class=\"wp-block-button__link wp-element-button\" href=\"https:\/\/frw-pcdr.be\/estaimpuis\/wp-content\/uploads\/ER1\/Estaimpuis\/Doc\/PCDR\/Partie_IV.pdf#Page=109\" target=\"_blank\" rel=\"noreferrer noopener\">Vers la partie V<\/a><\/div>\n<\/div>\n\n\n\n<figure class=\"wp-block-image size-full\"><img loading=\"lazy\" decoding=\"async\" width=\"2560\" height=\"1707\" src=\"http:\/\/frw-pcdr.be\/estaimpuis\/wp-content\/uploads\/ER1\/Estaimpuis\/Img\/sites\/72\/FP-31-Esta-scaled.webp\" alt=\"Canal bord\u00e9 d\u2019arbres align\u00e9s avec chemin de promenade au c\u0153ur de paysages agricoles.\" class=\"wp-image-1061\" srcset=\"https:\/\/frw-pcdr.be\/estaimpuis\/wp-content\/uploads\/ER1\/Estaimpuis\/Img\/sites\/72\/FP-31-Esta-scaled.webp 2560w, https:\/\/frw-pcdr.be\/estaimpuis\/wp-content\/uploads\/ER1\/Estaimpuis\/Img\/sites\/72\/FP-31-Esta-300x200.webp 300w, https:\/\/frw-pcdr.be\/estaimpuis\/wp-content\/uploads\/ER1\/Estaimpuis\/Img\/sites\/72\/FP-31-Esta-1024x683.webp 1024w, https:\/\/frw-pcdr.be\/estaimpuis\/wp-content\/uploads\/ER1\/Estaimpuis\/Img\/sites\/72\/FP-31-Esta-768x512.webp 768w, https:\/\/frw-pcdr.be\/estaimpuis\/wp-content\/uploads\/ER1\/Estaimpuis\/Img\/sites\/72\/FP-31-Esta-1536x1024.webp 1536w, https:\/\/frw-pcdr.be\/estaimpuis\/wp-content\/uploads\/ER1\/Estaimpuis\/Img\/sites\/72\/FP-31-Esta-2048x1365.webp 2048w\" sizes=\"auto, (max-width: 2560px) 100vw, 2560px\" \/><\/figure>\n<\/div>\n<\/div>\n\n\n\n<hr class=\"wp-block-separator has-text-color has-ast-global-color-1-color has-alpha-channel-opacity has-ast-global-color-1-background-color has-background is-style-wide\" \/>\n\n\n\n<div class=\"wp-block-columns is-layout-flex wp-container-core-columns-is-layout-79bbd8cc wp-block-columns-is-layout-flex\" style=\"padding-right:0;padding-left:0\">\n<div class=\"wp-block-column is-layout-flow wp-block-column-is-layout-flow\">\n<h2 class=\"wp-block-heading\" style=\"margin-right:1.5vh;margin-left:1.5vh\">Renforcer les services r\u00e9cr\u00e9atifs<\/h2>\n\n\n\n<p class=\"wp-block-paragraph\" style=\"margin-top:0.5rem;margin-right:1.5vh;margin-bottom:0.5rem;margin-left:1.5vh\">Ce&nbsp;projet consiste \u00e0 implanter dans les c\u0153urs de villages des petits \u00e9quipements destin\u00e9s aux enfants, des plus jeunes aux ados.<\/p>\n\n\n\n<div class=\"wp-block-buttons is-content-justification-left is-layout-flex wp-container-core-buttons-is-layout-b4028dec wp-block-buttons-is-layout-flex\" style=\"padding-right:1.5vh;padding-left:1.5vh\">\n<div class=\"wp-block-button\"><a class=\"wp-block-button__link wp-element-button\" href=\"https:\/\/frw-pcdr.be\/estaimpuis\/wp-content\/uploads\/ER1\/Estaimpuis\/Doc\/PCDR\/Partie_IV.pdf#Page=143\" target=\"_blank\" rel=\"noreferrer noopener\">Vers la partie V<\/a><\/div>\n<\/div>\n\n\n\n<figure class=\"wp-block-image size-full\"><img loading=\"lazy\" decoding=\"async\" width=\"2560\" height=\"1465\" src=\"http:\/\/frw-pcdr.be\/estaimpuis\/wp-content\/uploads\/ER1\/Estaimpuis\/Img\/sites\/72\/FP-42-Esta-scaled.webp\" alt=\"Terrain de sport ext\u00e9rieur avec structures de jeu et terrain de basket en zone rurale.\" class=\"wp-image-1062\" srcset=\"https:\/\/frw-pcdr.be\/estaimpuis\/wp-content\/uploads\/ER1\/Estaimpuis\/Img\/sites\/72\/FP-42-Esta-scaled.webp 2560w, https:\/\/frw-pcdr.be\/estaimpuis\/wp-content\/uploads\/ER1\/Estaimpuis\/Img\/sites\/72\/FP-42-Esta-300x172.webp 300w, https:\/\/frw-pcdr.be\/estaimpuis\/wp-content\/uploads\/ER1\/Estaimpuis\/Img\/sites\/72\/FP-42-Esta-1024x586.webp 1024w, https:\/\/frw-pcdr.be\/estaimpuis\/wp-content\/uploads\/ER1\/Estaimpuis\/Img\/sites\/72\/FP-42-Esta-768x440.webp 768w, https:\/\/frw-pcdr.be\/estaimpuis\/wp-content\/uploads\/ER1\/Estaimpuis\/Img\/sites\/72\/FP-42-Esta-1536x879.webp 1536w, https:\/\/frw-pcdr.be\/estaimpuis\/wp-content\/uploads\/ER1\/Estaimpuis\/Img\/sites\/72\/FP-42-Esta-2048x1172.webp 2048w\" sizes=\"auto, (max-width: 2560px) 100vw, 2560px\" \/><\/figure>\n<\/div>\n\n\n\n<div class=\"wp-block-column is-layout-flow wp-block-column-is-layout-flow\">\n<h2 class=\"wp-block-heading\" style=\"margin-right:1.5vh;margin-left:1.5vh\">Avoir une offre de qualit\u00e9 en mati\u00e8re de services \u00e0 la personne<\/h2>\n\n\n\n<p class=\"wp-block-paragraph\" style=\"margin-top:0.5rem;margin-right:1.5vh;margin-bottom:0.5rem;margin-left:1.5vh\">Ce projet pr\u00e9voit la mise en place de plusieurs services \u00e0 la personnes et notamment la cr\u00e9ation d\u2019une halte-garderie, compl\u00e9mentaire \u00e0 la cr\u00e8che communale, d&rsquo;un service d\u2019\u00e9crivains-publics ou encore la lutte contre l\u2019analphab\u00e9tisme<\/p>\n\n\n\n<div class=\"wp-block-buttons is-content-justification-left is-layout-flex wp-container-core-buttons-is-layout-b4028dec wp-block-buttons-is-layout-flex\" style=\"padding-right:1.5vh;padding-left:1.5vh\">\n<div class=\"wp-block-button\"><a class=\"wp-block-button__link wp-element-button\" href=\"https:\/\/frw-pcdr.be\/estaimpuis\/wp-content\/uploads\/ER1\/Estaimpuis\/Doc\/PCDR\/Partie_IV.pdf#Page=145\" target=\"_blank\" rel=\"noreferrer noopener\">Vers la partie V<\/a><\/div>\n<\/div>\n\n\n\n<figure class=\"wp-block-image size-large\"><img loading=\"lazy\" decoding=\"async\" width=\"1200\" height=\"800\" src=\"https:\/\/frw-pcdr.be\/estaimpuis\/wp-content\/uploads\/ER1\/Estaimpuis\/Img\/sites\/72\/comm-edited-1.webp\" alt=\"Personne travaillant sur un ordinateur de bureau dans un espace int\u00e9rieur lumineux.\" class=\"wp-image-1181\" srcset=\"https:\/\/frw-pcdr.be\/estaimpuis\/wp-content\/uploads\/ER1\/Estaimpuis\/Img\/sites\/72\/comm-edited-1.webp 1200w, https:\/\/frw-pcdr.be\/estaimpuis\/wp-content\/uploads\/ER1\/Estaimpuis\/Img\/sites\/72\/comm-edited-1-300x200.webp 300w, https:\/\/frw-pcdr.be\/estaimpuis\/wp-content\/uploads\/ER1\/Estaimpuis\/Img\/sites\/72\/comm-edited-1-1024x683.webp 1024w, https:\/\/frw-pcdr.be\/estaimpuis\/wp-content\/uploads\/ER1\/Estaimpuis\/Img\/sites\/72\/comm-edited-1-768x512.webp 768w\" sizes=\"auto, (max-width: 1200px) 100vw, 1200px\" \/><\/figure>\n<\/div>\n\n\n\n<div class=\"wp-block-column is-layout-flow wp-block-column-is-layout-flow\" style=\"padding-right:0;padding-left:0\">\n<h2 class=\"wp-block-heading\" style=\"margin-right:1.5vh;margin-left:1.5vh\">Communiquer pour que les Estaimpuisiens s&rsquo;approprient les d\u00e9marches communales<\/h2>\n\n\n\n<p class=\"wp-block-paragraph\" style=\"margin-top:0.5rem;margin-right:1.5vh;margin-bottom:0.5rem;margin-left:1.5vh\">Le projet vise \u00e0 d\u00e9velopper et structurer les outils de communication dont disposent les autorit\u00e9s communales.<\/p>\n\n\n\n<div class=\"wp-block-buttons is-content-justification-left is-layout-flex wp-container-core-buttons-is-layout-b4028dec wp-block-buttons-is-layout-flex\" style=\"padding-right:1.5vh;padding-left:1.5vh\">\n<div class=\"wp-block-button\"><a class=\"wp-block-button__link wp-element-button\" href=\"https:\/\/frw-pcdr.be\/estaimpuis\/wp-content\/uploads\/ER1\/Estaimpuis\/Doc\/PCDR\/Partie_IV.pdf#Page=149\" target=\"_blank\" rel=\"noreferrer noopener\">Vers la partie V<\/a><\/div>\n<\/div>\n\n\n\n<figure class=\"wp-block-image size-full\"><img loading=\"lazy\" decoding=\"async\" width=\"1100\" height=\"631\" src=\"http:\/\/frw-pcdr.be\/estaimpuis\/wp-content\/uploads\/ER1\/Estaimpuis\/Img\/sites\/72\/fp44-2.jpg\" alt=\"Illustration de personnes \u00e9changeant avec bulles de dialogue, symbole de communication.\" class=\"wp-image-1065\" srcset=\"https:\/\/frw-pcdr.be\/estaimpuis\/wp-content\/uploads\/ER1\/Estaimpuis\/Img\/sites\/72\/fp44-2.jpg 1100w, https:\/\/frw-pcdr.be\/estaimpuis\/wp-content\/uploads\/ER1\/Estaimpuis\/Img\/sites\/72\/fp44-2-300x172.jpg 300w, https:\/\/frw-pcdr.be\/estaimpuis\/wp-content\/uploads\/ER1\/Estaimpuis\/Img\/sites\/72\/fp44-2-1024x587.jpg 1024w, https:\/\/frw-pcdr.be\/estaimpuis\/wp-content\/uploads\/ER1\/Estaimpuis\/Img\/sites\/72\/fp44-2-768x441.jpg 768w\" sizes=\"auto, (max-width: 1100px) 100vw, 1100px\" \/><\/figure>\n<\/div>\n<\/div>\n\n\n\n<hr class=\"wp-block-separator has-text-color has-ast-global-color-1-color has-alpha-channel-opacity has-ast-global-color-1-background-color has-background is-style-wide\" \/>\n\n\n\n<div class=\"wp-block-columns is-layout-flex wp-container-core-columns-is-layout-79bbd8cc wp-block-columns-is-layout-flex\" style=\"padding-right:0;padding-left:0\">\n<div class=\"wp-block-column is-layout-flow wp-block-column-is-layout-flow\">\n<h2 class=\"wp-block-heading\" style=\"margin-right:1.5vh;margin-left:1.5vh\">Communiquer pour que les Estaimpuisiens s&rsquo;approprient leur vie associative<\/h2>\n\n\n\n<p class=\"wp-block-paragraph\" style=\"margin-top:0.5rem;margin-right:1.5vh;margin-bottom:0.5rem;margin-left:1.5vh\">Le projet vise \u00e0 am\u00e9liorer l\u2019information entre les associations et aupr\u00e8s des habitants.<\/p>\n\n\n\n<div class=\"wp-block-buttons is-content-justification-left is-layout-flex wp-container-core-buttons-is-layout-b4028dec wp-block-buttons-is-layout-flex\" style=\"padding-right:1.5vh;padding-left:1.5vh\">\n<div class=\"wp-block-button\"><a class=\"wp-block-button__link wp-element-button\" href=\"https:\/\/frw-pcdr.be\/estaimpuis\/wp-content\/uploads\/ER1\/Estaimpuis\/Doc\/PCDR\/Partie_IV.pdf#Page=153\" target=\"_blank\" rel=\"noreferrer noopener\">Vers la partie V<\/a><\/div>\n<\/div>\n\n\n\n<figure class=\"wp-block-image size-full\"><img loading=\"lazy\" decoding=\"async\" width=\"500\" height=\"282\" src=\"http:\/\/frw-pcdr.be\/estaimpuis\/wp-content\/uploads\/ER1\/Estaimpuis\/Img\/sites\/72\/contact-H.jpg\" alt=\"Personnes en tenue traditionnelle bleue se saluant lors d\u2019un \u00e9v\u00e9nement festif.\" class=\"wp-image-1057\" srcset=\"https:\/\/frw-pcdr.be\/estaimpuis\/wp-content\/uploads\/ER1\/Estaimpuis\/Img\/sites\/72\/contact-H.jpg 500w, https:\/\/frw-pcdr.be\/estaimpuis\/wp-content\/uploads\/ER1\/Estaimpuis\/Img\/sites\/72\/contact-H-300x169.jpg 300w\" sizes=\"auto, (max-width: 500px) 100vw, 500px\" \/><\/figure>\n<\/div>\n\n\n\n<div class=\"wp-block-column is-layout-flow wp-block-column-is-layout-flow\">\n<h2 class=\"wp-block-heading\" style=\"margin-right:1.5vh;margin-left:1.5vh\">Installer des panneaux d&rsquo;informations<\/h2>\n\n\n\n<p class=\"wp-block-paragraph\" style=\"margin-top:0.5rem;margin-right:1.5vh;margin-bottom:0.5rem;margin-left:1.5vh\">Le projet vise \u00e0 mettre en place des panneaux d\u2019information dans chaque village.\u200b<\/p>\n\n\n\n<div class=\"wp-block-buttons is-content-justification-left is-layout-flex wp-container-core-buttons-is-layout-b4028dec wp-block-buttons-is-layout-flex\" style=\"padding-right:1.5vh;padding-left:1.5vh\">\n<div class=\"wp-block-button\"><a class=\"wp-block-button__link wp-element-button\" href=\"https:\/\/frw-pcdr.be\/estaimpuis\/wp-content\/uploads\/ER1\/Estaimpuis\/Doc\/PCDR\/Partie_IV.pdf#Page=157\" target=\"_blank\" rel=\"noreferrer noopener\">Vers la partie V<\/a><\/div>\n<\/div>\n\n\n\n<figure class=\"wp-block-image size-large\"><img loading=\"lazy\" decoding=\"async\" width=\"1024\" height=\"768\" src=\"http:\/\/frw-pcdr.be\/estaimpuis\/wp-content\/uploads\/ER1\/Estaimpuis\/Img\/sites\/72\/FP47-panneau-1024x768.webp\" alt=\"All\u00e9e gravillonn\u00e9e bord\u00e9e de haies avec panneau d\u2019information sur Saint\u2011L\u00e9ger et b\u00e2timents en briques \u00e0 l\u2019arri\u00e8re.\" class=\"wp-image-1066\" srcset=\"https:\/\/frw-pcdr.be\/estaimpuis\/wp-content\/uploads\/ER1\/Estaimpuis\/Img\/sites\/72\/FP47-panneau-1024x768.webp 1024w, https:\/\/frw-pcdr.be\/estaimpuis\/wp-content\/uploads\/ER1\/Estaimpuis\/Img\/sites\/72\/FP47-panneau-300x225.webp 300w, https:\/\/frw-pcdr.be\/estaimpuis\/wp-content\/uploads\/ER1\/Estaimpuis\/Img\/sites\/72\/FP47-panneau-768x576.webp 768w, https:\/\/frw-pcdr.be\/estaimpuis\/wp-content\/uploads\/ER1\/Estaimpuis\/Img\/sites\/72\/FP47-panneau-1536x1152.webp 1536w, https:\/\/frw-pcdr.be\/estaimpuis\/wp-content\/uploads\/ER1\/Estaimpuis\/Img\/sites\/72\/FP47-panneau-2048x1536.webp 2048w\" sizes=\"auto, (max-width: 1024px) 100vw, 1024px\" \/><\/figure>\n<\/div>\n\n\n\n<div class=\"wp-block-column is-layout-flow wp-block-column-is-layout-flow\" style=\"padding-right:0;padding-left:0\">\n<h2 class=\"wp-block-heading\" style=\"margin-right:1.5vh;margin-left:1.5vh\">Coordonner pour mieux communiquer<\/h2>\n\n\n\n<p class=\"wp-block-paragraph\" style=\"margin-top:0.5rem;margin-right:1.5vh;margin-bottom:0.5rem;margin-left:1.5vh\">L&rsquo;objectif est de mener une politique de communication encore&nbsp;plus efficace et de r\u00e9former et&nbsp;coordonner tous ces cr\u00e9neaux d\u2019informations existants.<\/p>\n\n\n\n<div class=\"wp-block-buttons is-content-justification-left is-layout-flex wp-container-core-buttons-is-layout-b4028dec wp-block-buttons-is-layout-flex\" style=\"padding-right:1.5vh;padding-left:1.5vh\">\n<div class=\"wp-block-button\"><a class=\"wp-block-button__link wp-element-button\" href=\"https:\/\/frw-pcdr.be\/estaimpuis\/wp-content\/uploads\/ER1\/Estaimpuis\/Doc\/PCDR\/Partie_IV.pdf#Page=161\" target=\"_blank\" rel=\"noreferrer noopener\">Vers la partie V<\/a><\/div>\n<\/div>\n\n\n\n<figure class=\"wp-block-image size-full\"><img loading=\"lazy\" decoding=\"async\" width=\"1100\" height=\"631\" src=\"http:\/\/frw-pcdr.be\/estaimpuis\/wp-content\/uploads\/ER1\/Estaimpuis\/Img\/sites\/72\/fp44-2.jpg\" alt=\"Illustration de personnes \u00e9changeant avec bulles de dialogue, symbole de communication.\" class=\"wp-image-1065\" srcset=\"https:\/\/frw-pcdr.be\/estaimpuis\/wp-content\/uploads\/ER1\/Estaimpuis\/Img\/sites\/72\/fp44-2.jpg 1100w, https:\/\/frw-pcdr.be\/estaimpuis\/wp-content\/uploads\/ER1\/Estaimpuis\/Img\/sites\/72\/fp44-2-300x172.jpg 300w, https:\/\/frw-pcdr.be\/estaimpuis\/wp-content\/uploads\/ER1\/Estaimpuis\/Img\/sites\/72\/fp44-2-1024x587.jpg 1024w, https:\/\/frw-pcdr.be\/estaimpuis\/wp-content\/uploads\/ER1\/Estaimpuis\/Img\/sites\/72\/fp44-2-768x441.jpg 768w\" sizes=\"auto, (max-width: 1100px) 100vw, 1100px\" \/><\/figure>\n<\/div>\n<\/div>\n\n\n\n<div style=\"height:20px\" aria-hidden=\"true\" class=\"wp-block-spacer\"><\/div>\n<\/div>\n\n\n\n<div class=\"wp-block-group alignfull has-background is-layout-constrained wp-container-core-group-is-layout-d5a8284b wp-block-group-is-layout-constrained\" style=\"background:linear-gradient(181deg,rgb(68,85,79) 0%,rgb(111,148,135) 100%);padding-top:var(--wp--preset--spacing--60);padding-right:3vw;padding-bottom:var(--wp--preset--spacing--50);padding-left:3vw\">\n<h1 class=\"wp-block-heading has-ast-global-color-3-color has-text-color has-link-color wp-elements-007cadb0cffd688496fe49ffde4a8e37\" style=\"padding-top:0;padding-right:1.5vh;padding-bottom:0;padding-left:1.5vh;font-size:3.5vh;letter-spacing:0px\">Termin\u00e9es<\/h1>\n\n\n\n<hr class=\"wp-block-separator has-text-color has-ast-global-color-1-color has-alpha-channel-opacity has-ast-global-color-1-background-color has-background is-style-wide\" \/>\n\n\n\n<div class=\"wp-block-columns is-layout-flex wp-container-core-columns-is-layout-79bbd8cc wp-block-columns-is-layout-flex\" style=\"padding-right:0;padding-left:0\">\n<div class=\"wp-block-column is-layout-flow wp-block-column-is-layout-flow\" style=\"padding-right:0;padding-left:0\">\n<h2 class=\"wp-block-heading has-ast-global-color-3-color has-text-color has-link-color wp-elements-b08ecf51bba2fa178c38564a0563f839\" style=\"margin-right:1.5vh;margin-left:1.5vh\">N\u00e9chin &#8211; Mettre en \u0153uvre une op\u00e9ration \u00ab\u00a0portes et c\u0153ur du village<\/h2>\n\n\n\n<p class=\"has-ast-global-color-3-color has-text-color has-link-color wp-elements-0a1316c2604ebb8a8b7522ac8fbf8f38 wp-block-paragraph\" style=\"margin-top:0.5rem;margin-right:1.5vh;margin-bottom:0.5rem;margin-left:1.5vh\">Le &nbsp;projet consiste \u00e0 am\u00e9nager le c\u0153ur du village de N\u00e9chin et les entr\u00e9es de village pour cr\u00e9er des zones de convivialit\u00e9 et ralentir la vitesse de la circulation automobile. Il a fait l&rsquo;objet d&rsquo;une convention d\u00e9veloppement rural et a \u00e9t\u00e9 inaugur\u00e9 en 2019.<\/p>\n\n\n\n<div class=\"wp-block-buttons is-content-justification-left is-layout-flex wp-container-core-buttons-is-layout-b4028dec wp-block-buttons-is-layout-flex\" style=\"padding-right:1.5vh;padding-left:1.5vh\">\n<div class=\"wp-block-button\"><a class=\"wp-block-button__link wp-element-button\" href=\"https:\/\/frw-pcdr.be\/estaimpuis\/wp-content\/uploads\/ER1\/Estaimpuis\/Doc\/PCDR\/Partie_IV.pdf#Page=33\" target=\"_blank\" rel=\"noreferrer noopener\">Vers la partie V<\/a><\/div>\n<\/div>\n\n\n\n<figure class=\"wp-block-image size-large\"><img loading=\"lazy\" decoding=\"async\" width=\"1024\" height=\"768\" src=\"http:\/\/frw-pcdr.be\/estaimpuis\/wp-content\/uploads\/ER1\/Estaimpuis\/Img\/sites\/72\/Place-Nechin-1024x768.webp\" alt=\"\u00c9glise en pierre et carrefour de village avec maisons en briques et voitures stationn\u00e9es.\" class=\"wp-image-1076\" srcset=\"https:\/\/frw-pcdr.be\/estaimpuis\/wp-content\/uploads\/ER1\/Estaimpuis\/Img\/sites\/72\/Place-Nechin-1024x768.webp 1024w, https:\/\/frw-pcdr.be\/estaimpuis\/wp-content\/uploads\/ER1\/Estaimpuis\/Img\/sites\/72\/Place-Nechin-300x225.webp 300w, https:\/\/frw-pcdr.be\/estaimpuis\/wp-content\/uploads\/ER1\/Estaimpuis\/Img\/sites\/72\/Place-Nechin-768x576.webp 768w, https:\/\/frw-pcdr.be\/estaimpuis\/wp-content\/uploads\/ER1\/Estaimpuis\/Img\/sites\/72\/Place-Nechin-1536x1152.webp 1536w, https:\/\/frw-pcdr.be\/estaimpuis\/wp-content\/uploads\/ER1\/Estaimpuis\/Img\/sites\/72\/Place-Nechin-2048x1536.webp 2048w\" sizes=\"auto, (max-width: 1024px) 100vw, 1024px\" \/><\/figure>\n<\/div>\n\n\n\n<div class=\"wp-block-column is-layout-flow wp-block-column-is-layout-flow\">\n<h2 class=\"wp-block-heading has-ast-global-color-3-color has-text-color has-link-color wp-elements-9c379d6c6fdf540223af852acbaa9156\" style=\"margin-top:0;margin-right:1.5vh;margin-bottom:0;margin-left:1.5vh\">Bailleul &#8211; Mettre en \u0153uvre une op\u00e9ration portes et c\u0153ur du village<\/h2>\n\n\n\n<p class=\"has-ast-global-color-3-color has-text-color has-link-color wp-elements-ed4517decabc03bb78f6c1325e50b721 wp-block-paragraph\" style=\"margin-top:0.5rem;margin-right:1.5vh;margin-bottom:0.5rem;margin-left:1.5vh\">L&rsquo;objectif du projet \u00e9tait d&rsquo;avoir&nbsp;une r\u00e9flexion globale sur les portes et le c\u0153ur de village de Bailleul, d\u2019aboutir \u00e0 un am\u00e9nagement ad\u00e9quat des lieux en tenant compte des besoins de la dynamique locale<\/p>\n\n\n\n<p class=\"has-ast-global-color-3-color has-text-color has-link-color wp-elements-280d5252b91f1095a6e9970bcfacaa1e wp-block-paragraph\" style=\"margin-top:0.5rem;margin-right:1.5vh;margin-bottom:0.5rem;margin-left:1.5vh\">Il a \u00e9t\u00e9 retenu dans le cadre de l&rsquo;appel \u00e0 projet \u00ab\u00a0Am\u00e9liorer le cadre de vie des citoyens et augmenter l\u2019attractivit\u00e9 des lieux de centralit\u00e9s de nos communes\u00a0\u00bb<br>et a \u00e9t\u00e9 inaugur\u00e9 en 2021 (remplacer par meilleure photo)<\/p>\n\n\n\n<div class=\"wp-block-buttons is-content-justification-left is-layout-flex wp-container-core-buttons-is-layout-b4028dec wp-block-buttons-is-layout-flex\" style=\"padding-right:1.5vh;padding-left:1.5vh\">\n<div class=\"wp-block-button\"><a class=\"wp-block-button__link wp-element-button\" href=\"https:\/\/frw-pcdr.be\/estaimpuis\/wp-content\/uploads\/ER1\/Estaimpuis\/Doc\/PCDR\/Partie_IV.pdf#Page=21\" target=\"_blank\" rel=\"noreferrer noopener\">Vers la partie V<\/a><\/div>\n<\/div>\n\n\n\n<figure class=\"wp-block-image size-full\"><img loading=\"lazy\" decoding=\"async\" width=\"1372\" height=\"656\" src=\"http:\/\/frw-pcdr.be\/estaimpuis\/wp-content\/uploads\/ER1\/Estaimpuis\/Img\/sites\/72\/place-baileul-random-Modifie.webp\" alt=\"Place de village pav\u00e9e avec b\u00e2timent en pierre \u00e0 gauche, maisons en briques, quelques voitures et grands pots de fleurs verts sous un ciel nuageux.\" class=\"wp-image-1140\" srcset=\"https:\/\/frw-pcdr.be\/estaimpuis\/wp-content\/uploads\/ER1\/Estaimpuis\/Img\/sites\/72\/place-baileul-random-Modifie.webp 1372w, https:\/\/frw-pcdr.be\/estaimpuis\/wp-content\/uploads\/ER1\/Estaimpuis\/Img\/sites\/72\/place-baileul-random-Modifie-300x143.webp 300w, https:\/\/frw-pcdr.be\/estaimpuis\/wp-content\/uploads\/ER1\/Estaimpuis\/Img\/sites\/72\/place-baileul-random-Modifie-1024x490.webp 1024w, https:\/\/frw-pcdr.be\/estaimpuis\/wp-content\/uploads\/ER1\/Estaimpuis\/Img\/sites\/72\/place-baileul-random-Modifie-768x367.webp 768w\" sizes=\"auto, (max-width: 1372px) 100vw, 1372px\" \/><\/figure>\n<\/div>\n\n\n\n<div class=\"wp-block-column is-layout-flow wp-block-column-is-layout-flow\">\n<h2 class=\"wp-block-heading has-ast-global-color-3-color has-text-color has-link-color wp-elements-7f05fb595be0d90a4e3957e6f76b386a\" style=\"margin-right:1.5vh;margin-left:1.5vh\">Saint-L\u00e9ger &#8211; Mettre en \u0153uvre une op\u00e9ration portes et c\u0153ur du village<\/h2>\n\n\n\n<p class=\"has-ast-global-color-3-color has-text-color has-link-color wp-elements-a164d5d60a2a6ad798f47e359ecf594c wp-block-paragraph\" style=\"margin-top:0.5rem;margin-right:1.5vh;margin-bottom:0.5rem;margin-left:1.5vh\">Le projet se basera sur la vision commune propre \u00e0 l\u2019entit\u00e9 d\u2019Estaimpuis des am\u00e9nagements d\u00e9termin\u00e9e lors de l\u2019\u00e9tude des autres c\u0153urs de village et consistera \u00e0 avoir une r\u00e9flexion globale sur les portes et le c\u0153ur de village de Saint-L\u00e9ger et d\u2019identifier les travaux \u00e0 r\u00e9aliser.<\/p>\n\n\n\n<p class=\"has-ast-global-color-3-color has-text-color has-link-color wp-elements-22f1461df9db6df9d8dfdc220263f24d wp-block-paragraph\" style=\"margin-top:0.5rem;margin-right:1.5vh;margin-bottom:0.5rem;margin-left:1.5vh\">Le projet a \u00e9t\u00e9 retenu dans le cadre de l&rsquo;appel \u00e0 projet \u00ab\u00a0Coeur de village\u00a0\u00bb et inaugur\u00e9 en 2026<\/p>\n\n\n\n<div class=\"wp-block-buttons is-content-justification-left is-layout-flex wp-container-core-buttons-is-layout-b4028dec wp-block-buttons-is-layout-flex\" style=\"padding-right:1.5vh;padding-left:1.5vh\">\n<div class=\"wp-block-button\"><a class=\"wp-block-button__link wp-element-button\" href=\"https:\/\/frw-pcdr.be\/estaimpuis\/wp-content\/uploads\/ER1\/Estaimpuis\/Doc\/PCDR\/Partie_IV.pdf#Page=25\" target=\"_blank\" rel=\"noreferrer noopener\">Vers la partie V<\/a><\/div>\n<\/div>\n\n\n\n<figure class=\"wp-block-image size-large\"><img loading=\"lazy\" decoding=\"async\" width=\"1024\" height=\"768\" src=\"http:\/\/frw-pcdr.be\/estaimpuis\/wp-content\/uploads\/ER1\/Estaimpuis\/Img\/sites\/72\/Place-St-Leger-1024x768.webp\" alt=\"Place de village avec b\u00e2timents en briques, stationnement et voirie am\u00e9nag\u00e9e.\" class=\"wp-image-1077\" srcset=\"https:\/\/frw-pcdr.be\/estaimpuis\/wp-content\/uploads\/ER1\/Estaimpuis\/Img\/sites\/72\/Place-St-Leger-1024x768.webp 1024w, https:\/\/frw-pcdr.be\/estaimpuis\/wp-content\/uploads\/ER1\/Estaimpuis\/Img\/sites\/72\/Place-St-Leger-300x225.webp 300w, https:\/\/frw-pcdr.be\/estaimpuis\/wp-content\/uploads\/ER1\/Estaimpuis\/Img\/sites\/72\/Place-St-Leger-768x576.webp 768w, https:\/\/frw-pcdr.be\/estaimpuis\/wp-content\/uploads\/ER1\/Estaimpuis\/Img\/sites\/72\/Place-St-Leger-1536x1152.webp 1536w, https:\/\/frw-pcdr.be\/estaimpuis\/wp-content\/uploads\/ER1\/Estaimpuis\/Img\/sites\/72\/Place-St-Leger-2048x1536.webp 2048w\" sizes=\"auto, (max-width: 1024px) 100vw, 1024px\" \/><\/figure>\n<\/div>\n<\/div>\n\n\n\n<hr class=\"wp-block-separator has-text-color has-ast-global-color-1-color has-alpha-channel-opacity has-ast-global-color-1-background-color has-background is-style-wide\" \/>\n\n\n\n<div class=\"wp-block-columns is-layout-flex wp-container-core-columns-is-layout-79bbd8cc wp-block-columns-is-layout-flex\" style=\"padding-right:0;padding-left:0\">\n<div class=\"wp-block-column is-layout-flow wp-block-column-is-layout-flow\">\n<h2 class=\"wp-block-heading has-ast-global-color-3-color has-text-color has-link-color wp-elements-3f5d07b3e75ef3484fba2ce1c5de5e74\" style=\"margin-top:0;margin-right:1.5vh;margin-bottom:0;margin-left:1.5vh\">Cr\u00e9er une Maison de Jeunes et d\u00e9centraliser certaines de leurs activit\u00e9s<\/h2>\n\n\n\n<p class=\"has-ast-global-color-3-color has-text-color has-link-color wp-elements-ce7fec442c20fcbbea0f5b5c994d1dc6 wp-block-paragraph\" style=\"margin-top:0.5rem;margin-right:1.5vh;margin-bottom:0.5rem;margin-left:1.5vh\">Le projet vise \u00e0 favoriser l\u2019acc\u00e8s des jeunes \u00e0 l\u2019offre d\u2019activit\u00e9s d\u00e9j\u00e0 bien pr\u00e9sente sur l\u2019entit\u00e9. La Maison de jeunes d&rsquo;Estaimpuis a \u00e9t\u00e9 inaugur\u00e9e en d\u00e9cembre 2015 \u00e0 Leers-Nord.<\/p>\n\n\n\n<div class=\"wp-block-buttons is-content-justification-left is-layout-flex wp-container-core-buttons-is-layout-b4028dec wp-block-buttons-is-layout-flex\" style=\"padding-right:1.5vh;padding-left:1.5vh\">\n<div class=\"wp-block-button\"><a class=\"wp-block-button__link wp-element-button\" href=\"https:\/\/frw-pcdr.be\/estaimpuis\/wp-content\/uploads\/ER1\/Estaimpuis\/Doc\/PCDR\/Partie_IV.pdf#Page=139\" target=\"_blank\" rel=\"noreferrer noopener\">Vers la partie V<\/a><\/div>\n<\/div>\n\n\n\n<figure class=\"wp-block-image size-full\"><img loading=\"lazy\" decoding=\"async\" width=\"925\" height=\"520\" src=\"http:\/\/frw-pcdr.be\/estaimpuis\/wp-content\/uploads\/ER1\/Estaimpuis\/Img\/sites\/72\/MJ.jpg\" alt=\"Groupe d\u2019enfants et adultes participant \u00e0 une activit\u00e9 collective autour d\u2019une table.\" class=\"wp-image-1120\" srcset=\"https:\/\/frw-pcdr.be\/estaimpuis\/wp-content\/uploads\/ER1\/Estaimpuis\/Img\/sites\/72\/MJ.jpg 925w, https:\/\/frw-pcdr.be\/estaimpuis\/wp-content\/uploads\/ER1\/Estaimpuis\/Img\/sites\/72\/MJ-300x169.jpg 300w, https:\/\/frw-pcdr.be\/estaimpuis\/wp-content\/uploads\/ER1\/Estaimpuis\/Img\/sites\/72\/MJ-768x432.jpg 768w\" sizes=\"auto, (max-width: 925px) 100vw, 925px\" \/><\/figure>\n<\/div>\n\n\n\n<div class=\"wp-block-column is-layout-flow wp-block-column-is-layout-flow\">\n<h2 class=\"wp-block-heading has-ast-global-color-3-color has-text-color has-link-color wp-elements-c4041db40dc5bc3b751d6f347f01f3bc\" style=\"margin-right:1.5vh;margin-left:1.5vh\">R\u00e9aliser un r\u00e9seau de liaisons utiles<\/h2>\n\n\n\n<p class=\"has-ast-global-color-3-color has-text-color has-link-color wp-elements-503b37e3fb071fbe336ab76eb523baee wp-block-paragraph\" style=\"margin-top:0.5rem;margin-right:1.5vh;margin-bottom:0.5rem;margin-left:1.5vh\">Le projet vise \u00e0 favoriser la mobilit\u00e9 douce pour faciliter l&rsquo;acc\u00e8s aux commerces, aux services ou aux espaces collectifs via l\u2019am\u00e9lioration du r\u00e9seau de chemin et sentiers. Grace \u00e0 l&rsquo;implication d&rsquo;un groupe de citoyens, ce r\u00e9seau  a vu le jour en 2024.<\/p>\n\n\n\n<div class=\"wp-block-buttons is-content-justification-left is-layout-flex wp-container-core-buttons-is-layout-b4028dec wp-block-buttons-is-layout-flex\" style=\"padding-right:1.5vh;padding-left:1.5vh\">\n<div class=\"wp-block-button\"><a class=\"wp-block-button__link wp-element-button\" href=\"https:\/\/frw-pcdr.be\/estaimpuis\/wp-content\/uploads\/ER1\/Estaimpuis\/Doc\/PCDR\/Partie_IV.pdf#Page=41\" target=\"_blank\" rel=\"noreferrer noopener\">Vers la partie V<\/a><\/div>\n<\/div>\n\n\n\n<figure class=\"wp-block-image size-full\"><img loading=\"lazy\" decoding=\"async\" width=\"599\" height=\"450\" src=\"http:\/\/frw-pcdr.be\/estaimpuis\/wp-content\/uploads\/ER1\/Estaimpuis\/Img\/sites\/72\/balisage.jpg\" alt=\"Panneau directionnel \u00ab\u202fEstaimbourg \/ Bailleul\u202f\u00bb fix\u00e9 sur un poteau en milieu rural.\" class=\"wp-image-1053\" srcset=\"https:\/\/frw-pcdr.be\/estaimpuis\/wp-content\/uploads\/ER1\/Estaimpuis\/Img\/sites\/72\/balisage.jpg 599w, https:\/\/frw-pcdr.be\/estaimpuis\/wp-content\/uploads\/ER1\/Estaimpuis\/Img\/sites\/72\/balisage-300x225.jpg 300w\" sizes=\"auto, (max-width: 599px) 100vw, 599px\" \/><\/figure>\n<\/div>\n\n\n\n<div class=\"wp-block-column is-layout-flow wp-block-column-is-layout-flow\" style=\"padding-right:0;padding-left:0\">\n<h2 class=\"wp-block-heading has-ast-global-color-3-color has-text-color has-link-color wp-elements-3ac22a01b8faeae5af8246e96b5d4dae\" style=\"margin-right:1.5vh;margin-left:1.5vh\">Bailleul &#8211; Cr\u00e9er une maison de village<\/h2>\n\n\n\n<p class=\"has-ast-global-color-3-color has-text-color has-link-color wp-elements-ae5c866d68b353db11be221bb7b98f39 wp-block-paragraph\" style=\"margin-top:0.5rem;margin-right:1.5vh;margin-bottom:0.5rem;margin-left:1.5vh\">Le projet consistait \u00e0 am\u00e9nager une infrastructure qui permette de renforcer l\u2019attractivit\u00e9 du noyau villageois et de dynamiser la vie associative locale. Il a fait l&rsquo;objet d&rsquo;une convention d\u00e9veloppement rural et a \u00e9t\u00e9 inaugur\u00e9 en 2018.<\/p>\n\n\n\n<div class=\"wp-block-buttons is-content-justification-left is-layout-flex wp-container-core-buttons-is-layout-b4028dec wp-block-buttons-is-layout-flex\" style=\"padding-right:1.5vh;padding-left:1.5vh\">\n<div class=\"wp-block-button\"><a class=\"wp-block-button__link wp-element-button\" href=\"https:\/\/frw-pcdr.be\/estaimpuis\/wp-content\/uploads\/ER1\/Estaimpuis\/Doc\/PCDR\/Partie_IV.pdf#Page=83\" target=\"_blank\" rel=\"noreferrer noopener\">Vers la partie V<\/a><\/div>\n<\/div>\n\n\n\n<figure class=\"wp-block-image size-large\"><img loading=\"lazy\" decoding=\"async\" width=\"1024\" height=\"684\" src=\"http:\/\/frw-pcdr.be\/estaimpuis\/wp-content\/uploads\/ER1\/Estaimpuis\/Img\/sites\/72\/MV-Bailleul-1024x684.webp\" alt=\"Groupe de personnes rassembl\u00e9es devant un b\u00e2timent moderne lors d\u2019un \u00e9v\u00e9nement convivial ext\u00e9rieur.\" class=\"wp-image-1073\" srcset=\"https:\/\/frw-pcdr.be\/estaimpuis\/wp-content\/uploads\/ER1\/Estaimpuis\/Img\/sites\/72\/MV-Bailleul-1024x684.webp 1024w, https:\/\/frw-pcdr.be\/estaimpuis\/wp-content\/uploads\/ER1\/Estaimpuis\/Img\/sites\/72\/MV-Bailleul-300x201.webp 300w, https:\/\/frw-pcdr.be\/estaimpuis\/wp-content\/uploads\/ER1\/Estaimpuis\/Img\/sites\/72\/MV-Bailleul-768x513.webp 768w, https:\/\/frw-pcdr.be\/estaimpuis\/wp-content\/uploads\/ER1\/Estaimpuis\/Img\/sites\/72\/MV-Bailleul-1536x1027.webp 1536w, https:\/\/frw-pcdr.be\/estaimpuis\/wp-content\/uploads\/ER1\/Estaimpuis\/Img\/sites\/72\/MV-Bailleul-2048x1369.webp 2048w\" sizes=\"auto, (max-width: 1024px) 100vw, 1024px\" \/><\/figure>\n<\/div>\n<\/div>\n\n\n\n<div class=\"wp-block-columns is-layout-flex wp-container-core-columns-is-layout-79bbd8cc wp-block-columns-is-layout-flex\" style=\"padding-right:0;padding-left:0\">\n<div class=\"wp-block-column is-layout-flow wp-block-column-is-layout-flow\"><\/div>\n\n\n\n<div class=\"wp-block-column is-layout-flow wp-block-column-is-layout-flow\"><\/div>\n\n\n\n<div class=\"wp-block-column is-layout-flow wp-block-column-is-layout-flow\" style=\"padding-right:0;padding-left:0\"><\/div>\n<\/div>\n\n\n\n<hr class=\"wp-block-separator has-text-color has-ast-global-color-1-color has-alpha-channel-opacity has-ast-global-color-1-background-color has-background is-style-wide\" \/>\n<\/div>\n\n\n\n<div style=\"height:50px\" aria-hidden=\"true\" class=\"wp-block-spacer\"><\/div>\n\n\n\n<p class=\"has-text-align-center has-ast-global-color-2-color has-text-color has-link-color wp-elements-557f917ff42630a8877ee262e7df4b06 wp-block-paragraph\" style=\"padding-right:3vh;padding-left:3vh\"><strong>Envie de d\u00e9couvrir d\u2019autres projets et mesurer l\u2019\u00e9tendue des champs d\u2019action du d\u00e9veloppement rural ? Rendez-vous sur&#8230;<\/strong><\/p>\n\n\n\n<div class=\"wp-block-buttons is-content-justification-center is-layout-flex wp-container-core-buttons-is-layout-3e41869c wp-block-buttons-is-layout-flex\">\n<div class=\"wp-block-button\"><a class=\"wp-block-button__link wp-element-button\" href=\"https:\/\/www.frw.be\/des-projets-pour\/\" target=\"_blank\" rel=\"noreferrer noopener\"><strong>FRW &#8211; Des projets pour&#8230;<\/strong><\/a><\/div>\n<\/div>\n\n\n\n<div style=\"height:50px\" aria-hidden=\"true\" class=\"wp-block-spacer\"><\/div>\n","protected":false},"excerpt":{"rendered":"<p>En cours N\u00e9chin &#8211; Site du Patronage Ce projet fait l&rsquo;objet d&rsquo;une convention de d\u00e9veloppement rural et englobe 3 fiches [&hellip;]<\/p>\n","protected":false},"author":1,"featured_media":1084,"parent":0,"menu_order":3,"comment_status":"closed","ping_status":"closed","template":"","meta":{"site-sidebar-layout":"default","site-content-layout":"","ast-site-content-layout":"default","site-content-style":"default","site-sidebar-style":"default","ast-global-header-display":"","ast-banner-title-visibility":"","ast-main-header-display":"","ast-hfb-above-header-display":"","ast-hfb-below-header-display":"","ast-hfb-mobile-header-display":"","site-post-title":"disabled","ast-breadcrumbs-content":"","ast-featured-img":"disabled","footer-sml-layout":"","ast-disable-related-posts":"","theme-transparent-header-meta":"","adv-header-id-meta":"","stick-header-meta":"","header-above-stick-meta":"","header-main-stick-meta":"","header-below-stick-meta":"","astra-migrate-meta-layouts":"default","ast-page-background-enabled":"default","ast-page-background-meta":{"desktop":{"background-color":"var(--ast-global-color-5)","background-image":"","background-repeat":"repeat","background-position":"center center","background-size":"auto","background-attachment":"scroll","background-type":"","background-media":"","overlay-type":"","overlay-color":"","overlay-opacity":"","overlay-gradient":""},"tablet":{"background-color":"","background-image":"","background-repeat":"repeat","background-position":"center center","background-size":"auto","background-attachment":"scroll","background-type":"","background-media":"","overlay-type":"","overlay-color":"","overlay-opacity":"","overlay-gradient":""},"mobile":{"background-color":"","background-image":"","background-repeat":"repeat","background-position":"center center","background-size":"auto","background-attachment":"scroll","background-type":"","background-media":"","overlay-type":"","overlay-color":"","overlay-opacity":"","overlay-gradient":""}},"ast-content-background-meta":{"desktop":{"background-color":"var(--ast-global-color-4)","background-image":"","background-repeat":"repeat","background-position":"center center","background-size":"auto","background-attachment":"scroll","background-type":"","background-media":"","overlay-type":"","overlay-color":"","overlay-opacity":"","overlay-gradient":""},"tablet":{"background-color":"var(--ast-global-color-4)","background-image":"","background-repeat":"repeat","background-position":"center center","background-size":"auto","background-attachment":"scroll","background-type":"","background-media":"","overlay-type":"","overlay-color":"","overlay-opacity":"","overlay-gradient":""},"mobile":{"background-color":"var(--ast-global-color-4)","background-image":"","background-repeat":"repeat","background-position":"center center","background-size":"auto","background-attachment":"scroll","background-type":"","background-media":"","overlay-type":"","overlay-color":"","overlay-opacity":"","overlay-gradient":""}},"footnotes":""},"class_list":["post-9","page","type-page","status-publish","has-post-thumbnail","hentry"],"_links":{"self":[{"href":"https:\/\/frw-pcdr.be\/estaimpuis\/wp-json\/wp\/v2\/pages\/9","targetHints":{"allow":["GET"]}}],"collection":[{"href":"https:\/\/frw-pcdr.be\/estaimpuis\/wp-json\/wp\/v2\/pages"}],"about":[{"href":"https:\/\/frw-pcdr.be\/estaimpuis\/wp-json\/wp\/v2\/types\/page"}],"author":[{"embeddable":true,"href":"https:\/\/frw-pcdr.be\/estaimpuis\/wp-json\/wp\/v2\/users\/1"}],"replies":[{"embeddable":true,"href":"https:\/\/frw-pcdr.be\/estaimpuis\/wp-json\/wp\/v2\/comments?post=9"}],"version-history":[{"count":15,"href":"https:\/\/frw-pcdr.be\/estaimpuis\/wp-json\/wp\/v2\/pages\/9\/revisions"}],"predecessor-version":[{"id":1182,"href":"https:\/\/frw-pcdr.be\/estaimpuis\/wp-json\/wp\/v2\/pages\/9\/revisions\/1182"}],"wp:featuredmedia":[{"embeddable":true,"href":"https:\/\/frw-pcdr.be\/estaimpuis\/wp-json\/wp\/v2\/media\/1084"}],"wp:attachment":[{"href":"https:\/\/frw-pcdr.be\/estaimpuis\/wp-json\/wp\/v2\/media?parent=9"}],"curies":[{"name":"wp","href":"https:\/\/api.w.org\/{rel}","templated":true}]}}