{"id":9,"date":"2025-10-21T17:16:36","date_gmt":"2025-10-21T15:16:36","guid":{"rendered":"https:\/\/frw-pcdr.be\/onhaye\/?page_id=9"},"modified":"2026-07-08T14:20:23","modified_gmt":"2026-07-08T12:20:23","slug":"les-realisations","status":"publish","type":"page","link":"https:\/\/frw-pcdr.be\/ellezelles\/les-realisations\/","title":{"rendered":"Les r\u00e9alisations"},"content":{"rendered":"\n<div class=\"wp-block-group alignfull has-ast-global-color-3-background-color has-background is-layout-constrained wp-container-core-group-is-layout-7d049ab9 wp-block-group-is-layout-constrained\" style=\"margin-top:0;margin-bottom:0;padding-top:var(--wp--preset--spacing--60);padding-right:3vw;padding-bottom:var(--wp--preset--spacing--50);padding-left:3vw\">\n<h1 class=\"wp-block-heading has-ast-global-color-0-color has-text-color has-link-color wp-elements-14a7137f7fcb5b615cd65c93dd7455c9\" style=\"padding-top:0;padding-right:1.5vh;padding-bottom:0;padding-left:1.5vh;font-size:3.5vh;letter-spacing:0px\">En cours<\/h1>\n\n\n\n<hr class=\"wp-block-separator has-text-color has-ast-global-color-1-color has-alpha-channel-opacity has-ast-global-color-1-background-color has-background is-style-wide\" \/>\n\n\n\n<div class=\"wp-block-columns is-layout-flex wp-container-core-columns-is-layout-79bbd8cc wp-block-columns-is-layout-flex\" style=\"padding-right:0;padding-left:0\">\n<div class=\"wp-block-column is-layout-flow wp-block-column-is-layout-flow\">\n<h2 class=\"wp-block-heading\" style=\"margin-right:1.5vh;margin-left:1.5vh\">Am\u00e9nager le centre de Wodecq<\/h2>\n\n\n\n<p class=\"wp-block-paragraph\" style=\"margin-top:0.5rem;margin-right:1.5vh;margin-bottom:0.5rem;margin-left:1.5vh\">Le centre du village pose deux probl\u00e8mes principaux : <br>-La place actuelle pr\u00e9sente un espace tr\u00e8s min\u00e9ralis\u00e9 d\u00e9di\u00e9 surtout au stationnement, peu convivial et non s\u00e9curis\u00e9 ;<br>-Le manque d\u2019espace de stationnement est criant lors de manifestations.<\/p>\n\n\n\n<p class=\"wp-block-paragraph\" style=\"margin-top:0.5rem;margin-right:1.5vh;margin-bottom:0.5rem;margin-left:1.5vh\">Le projet pr\u00e9voit donc dans un 1er temps de solutionner les soucis de stationnement ponctuels pour que ceux-ci n\u2019occultent pas la r\u00e9flexion sur l\u2019am\u00e9nagement pr\u00e9vu dans le cadre de la demande de convention en D\u00e9veloppement Rural<\/p>\n\n\n\n<div class=\"wp-block-buttons is-content-justification-left is-layout-flex wp-container-core-buttons-is-layout-b4028dec wp-block-buttons-is-layout-flex\" style=\"padding-right:1.5vh;padding-left:1.5vh\">\n<div class=\"wp-block-button\"><a class=\"wp-block-button__link wp-element-button\" href=\"https:\/\/frw-pcdr.be\/ellezelles\/wp-content\/uploads\/ER1\/Ellezelles\/Doc\/PCDR\/Ellezelles_PCDR_P5.pdf#Page=29\" target=\"_blank\" rel=\"noreferrer noopener\">Vers la partie V<\/a><\/div>\n<\/div>\n\n\n\n<figure class=\"wp-block-image size-large\"><img loading=\"lazy\" decoding=\"async\" width=\"1024\" height=\"684\" src=\"http:\/\/frw-pcdr.be\/ellezelles\/wp-content\/uploads\/ER1\/Ellezelles\/Img\/sites\/70\/20-Wodecq-1024x684.webp\" alt=\"\" class=\"wp-image-1087\" srcset=\"https:\/\/frw-pcdr.be\/ellezelles\/wp-content\/uploads\/ER1\/Ellezelles\/Img\/sites\/70\/20-Wodecq-1024x684.webp 1024w, https:\/\/frw-pcdr.be\/ellezelles\/wp-content\/uploads\/ER1\/Ellezelles\/Img\/sites\/70\/20-Wodecq-300x201.webp 300w, https:\/\/frw-pcdr.be\/ellezelles\/wp-content\/uploads\/ER1\/Ellezelles\/Img\/sites\/70\/20-Wodecq-768x513.webp 768w, https:\/\/frw-pcdr.be\/ellezelles\/wp-content\/uploads\/ER1\/Ellezelles\/Img\/sites\/70\/20-Wodecq-1536x1027.webp 1536w, https:\/\/frw-pcdr.be\/ellezelles\/wp-content\/uploads\/ER1\/Ellezelles\/Img\/sites\/70\/20-Wodecq-2048x1369.webp 2048w\" sizes=\"auto, (max-width: 1024px) 100vw, 1024px\" \/><\/figure>\n<\/div>\n\n\n\n<div class=\"wp-block-column is-layout-flow wp-block-column-is-layout-flow\">\n<h2 class=\"wp-block-heading\" style=\"margin-right:1.5vh;margin-left:1.5vh\">Mettre en \u00e9vidence le petit patrimoine<\/h2>\n\n\n\n<p class=\"wp-block-paragraph\" style=\"margin-top:0.5rem;margin-right:1.5vh;margin-bottom:0.5rem;margin-left:1.5vh\">Le projet consiste notamment  \u00e0 conserver la m\u00e9moire du petit patrimoine populaire du territoire d\u2019Ellezelles, architectural et religieux. Pour cela, il est propos\u00e9, \u00e0 la lumi\u00e8re d\u2019un inventaire pr\u00e9alable,de restaurer le patrimoine d\u00e9grad\u00e9 et d&rsquo;en r\u00e9aliser une mise en valeur, notamment touristique<\/p>\n\n\n\n<div class=\"wp-block-buttons is-content-justification-left is-layout-flex wp-container-core-buttons-is-layout-b4028dec wp-block-buttons-is-layout-flex\" style=\"padding-right:1.5vh;padding-left:1.5vh\">\n<div class=\"wp-block-button\"><a class=\"wp-block-button__link wp-element-button\" href=\"https:\/\/frw-pcdr.be\/ellezelles\/wp-content\/uploads\/ER1\/Ellezelles\/Doc\/PCDR\/Ellezelles_PCDR_P5.pdf#Page=91\" target=\"_blank\" rel=\"noreferrer noopener\">Vers la partie V<\/a><\/div>\n<\/div>\n\n\n\n<figure class=\"wp-block-image size-large\"><img loading=\"lazy\" decoding=\"async\" width=\"1024\" height=\"768\" src=\"http:\/\/frw-pcdr.be\/ellezelles\/wp-content\/uploads\/ER1\/Ellezelles\/Img\/sites\/70\/Petit-pat-1024x768.webp\" alt=\"\" class=\"wp-image-1089\" srcset=\"https:\/\/frw-pcdr.be\/ellezelles\/wp-content\/uploads\/ER1\/Ellezelles\/Img\/sites\/70\/Petit-pat-1024x768.webp 1024w, https:\/\/frw-pcdr.be\/ellezelles\/wp-content\/uploads\/ER1\/Ellezelles\/Img\/sites\/70\/Petit-pat-300x225.webp 300w, https:\/\/frw-pcdr.be\/ellezelles\/wp-content\/uploads\/ER1\/Ellezelles\/Img\/sites\/70\/Petit-pat-768x576.webp 768w, https:\/\/frw-pcdr.be\/ellezelles\/wp-content\/uploads\/ER1\/Ellezelles\/Img\/sites\/70\/Petit-pat-1536x1152.webp 1536w, https:\/\/frw-pcdr.be\/ellezelles\/wp-content\/uploads\/ER1\/Ellezelles\/Img\/sites\/70\/Petit-pat-2048x1536.webp 2048w\" sizes=\"auto, (max-width: 1024px) 100vw, 1024px\" \/><\/figure>\n<\/div>\n\n\n\n<div class=\"wp-block-column is-layout-flow wp-block-column-is-layout-flow\" style=\"padding-right:0;padding-left:0\">\n<h2 class=\"wp-block-heading\" style=\"margin-right:1.5vh;margin-left:1.5vh\">D\u00e9velopper le maillage \u00e9cologique<\/h2>\n\n\n\n<p class=\"wp-block-paragraph\" style=\"margin-top:0.5rem;margin-right:1.5vh;margin-bottom:0.5rem;margin-left:1.5vh\">L&rsquo;objectif de ce projet est de d\u00e9finir et de mettre en place des actions afin de renforcer le r\u00e9seau \u00e9cologique d\u2019Ellezelles, d\u00e9velopper au mieux les liaisons vertes et bleues, r\u00e9tablir des connexions entre les diff\u00e9rents milieux d\u2019int\u00e9r\u00eat biologique terrestres et aquatiques favorisant la restauration et la<br>pr\u00e9servation de la biodiversit\u00e9.<\/p>\n\n\n\n<div class=\"wp-block-buttons is-content-justification-left is-layout-flex wp-container-core-buttons-is-layout-b4028dec wp-block-buttons-is-layout-flex\" style=\"padding-right:1.5vh;padding-left:1.5vh\">\n<div class=\"wp-block-button\"><a class=\"wp-block-button__link wp-element-button\" href=\"https:\/\/frw-pcdr.be\/ellezelles\/wp-content\/uploads\/ER1\/Ellezelles\/Doc\/PCDR\/Ellezelles_PCDR_P5.pdf#Page=10\" target=\"_blank\" rel=\"noreferrer noopener\">Vers la partie V<\/a><\/div>\n<\/div>\n\n\n\n<figure class=\"wp-block-image size-large\"><img loading=\"lazy\" decoding=\"async\" width=\"1024\" height=\"685\" src=\"http:\/\/frw-pcdr.be\/ellezelles\/wp-content\/uploads\/ER1\/Ellezelles\/Img\/sites\/70\/Biodiv-1024x685.webp\" alt=\"\" class=\"wp-image-1090\" srcset=\"https:\/\/frw-pcdr.be\/ellezelles\/wp-content\/uploads\/ER1\/Ellezelles\/Img\/sites\/70\/Biodiv-1024x685.webp 1024w, https:\/\/frw-pcdr.be\/ellezelles\/wp-content\/uploads\/ER1\/Ellezelles\/Img\/sites\/70\/Biodiv-300x201.webp 300w, https:\/\/frw-pcdr.be\/ellezelles\/wp-content\/uploads\/ER1\/Ellezelles\/Img\/sites\/70\/Biodiv-768x513.webp 768w, https:\/\/frw-pcdr.be\/ellezelles\/wp-content\/uploads\/ER1\/Ellezelles\/Img\/sites\/70\/Biodiv-1536x1027.webp 1536w, https:\/\/frw-pcdr.be\/ellezelles\/wp-content\/uploads\/ER1\/Ellezelles\/Img\/sites\/70\/Biodiv-2048x1369.webp 2048w\" sizes=\"auto, (max-width: 1024px) 100vw, 1024px\" \/><\/figure>\n<\/div>\n<\/div>\n\n\n\n<div style=\"height:20px\" aria-hidden=\"true\" class=\"wp-block-spacer\"><\/div>\n<\/div>\n\n\n\n<div style=\"height:50px\" aria-hidden=\"true\" class=\"wp-block-spacer\"><\/div>\n\n\n\n<p class=\"has-text-align-center has-ast-global-color-2-color has-text-color has-link-color wp-elements-557f917ff42630a8877ee262e7df4b06 wp-block-paragraph\" style=\"padding-right:3vh;padding-left:3vh\"><strong>Envie de d\u00e9couvrir d\u2019autres projets et mesurer l\u2019\u00e9tendue des champs d\u2019action du d\u00e9veloppement rural ? Rendez-vous sur&#8230;<\/strong><\/p>\n\n\n\n<div class=\"wp-block-buttons is-content-justification-center is-layout-flex wp-container-core-buttons-is-layout-3e41869c wp-block-buttons-is-layout-flex\">\n<div class=\"wp-block-button\"><a class=\"wp-block-button__link wp-element-button\" href=\"https:\/\/www.frw.be\/des-projets-pour\/\" target=\"_blank\" rel=\"noreferrer noopener\"><strong>FRW &#8211; Des projets pour&#8230;<\/strong><\/a><\/div>\n<\/div>\n\n\n\n<div style=\"height:50px\" aria-hidden=\"true\" class=\"wp-block-spacer\"><\/div>\n\n\n\n<p class=\"wp-block-paragraph\"><\/p>\n","protected":false},"excerpt":{"rendered":"<p>En cours Am\u00e9nager le centre de Wodecq Le centre du village pose deux probl\u00e8mes principaux : -La place actuelle pr\u00e9sente [&hellip;]<\/p>\n","protected":false},"author":1,"featured_media":1047,"parent":0,"menu_order":3,"comment_status":"closed","ping_status":"closed","template":"","meta":{"site-sidebar-layout":"default","site-content-layout":"","ast-site-content-layout":"default","site-content-style":"default","site-sidebar-style":"default","ast-global-header-display":"","ast-banner-title-visibility":"","ast-main-header-display":"","ast-hfb-above-header-display":"","ast-hfb-below-header-display":"","ast-hfb-mobile-header-display":"","site-post-title":"disabled","ast-breadcrumbs-content":"","ast-featured-img":"disabled","footer-sml-layout":"","ast-disable-related-posts":"","theme-transparent-header-meta":"","adv-header-id-meta":"","stick-header-meta":"","header-above-stick-meta":"","header-main-stick-meta":"","header-below-stick-meta":"","astra-migrate-meta-layouts":"default","ast-page-background-enabled":"default","ast-page-background-meta":{"desktop":{"background-color":"var(--ast-global-color-5)","background-image":"","background-repeat":"repeat","background-position":"center center","background-size":"auto","background-attachment":"scroll","background-type":"","background-media":"","overlay-type":"","overlay-color":"","overlay-opacity":"","overlay-gradient":""},"tablet":{"background-color":"","background-image":"","background-repeat":"repeat","background-position":"center center","background-size":"auto","background-attachment":"scroll","background-type":"","background-media":"","overlay-type":"","overlay-color":"","overlay-opacity":"","overlay-gradient":""},"mobile":{"background-color":"","background-image":"","background-repeat":"repeat","background-position":"center center","background-size":"auto","background-attachment":"scroll","background-type":"","background-media":"","overlay-type":"","overlay-color":"","overlay-opacity":"","overlay-gradient":""}},"ast-content-background-meta":{"desktop":{"background-color":"var(--ast-global-color-4)","background-image":"","background-repeat":"repeat","background-position":"center center","background-size":"auto","background-attachment":"scroll","background-type":"","background-media":"","overlay-type":"","overlay-color":"","overlay-opacity":"","overlay-gradient":""},"tablet":{"background-color":"var(--ast-global-color-4)","background-image":"","background-repeat":"repeat","background-position":"center center","background-size":"auto","background-attachment":"scroll","background-type":"","background-media":"","overlay-type":"","overlay-color":"","overlay-opacity":"","overlay-gradient":""},"mobile":{"background-color":"var(--ast-global-color-4)","background-image":"","background-repeat":"repeat","background-position":"center center","background-size":"auto","background-attachment":"scroll","background-type":"","background-media":"","overlay-type":"","overlay-color":"","overlay-opacity":"","overlay-gradient":""}},"footnotes":""},"class_list":["post-9","page","type-page","status-publish","has-post-thumbnail","hentry"],"_links":{"self":[{"href":"https:\/\/frw-pcdr.be\/ellezelles\/wp-json\/wp\/v2\/pages\/9","targetHints":{"allow":["GET"]}}],"collection":[{"href":"https:\/\/frw-pcdr.be\/ellezelles\/wp-json\/wp\/v2\/pages"}],"about":[{"href":"https:\/\/frw-pcdr.be\/ellezelles\/wp-json\/wp\/v2\/types\/page"}],"author":[{"embeddable":true,"href":"https:\/\/frw-pcdr.be\/ellezelles\/wp-json\/wp\/v2\/users\/1"}],"replies":[{"embeddable":true,"href":"https:\/\/frw-pcdr.be\/ellezelles\/wp-json\/wp\/v2\/comments?post=9"}],"version-history":[{"count":5,"href":"https:\/\/frw-pcdr.be\/ellezelles\/wp-json\/wp\/v2\/pages\/9\/revisions"}],"predecessor-version":[{"id":1091,"href":"https:\/\/frw-pcdr.be\/ellezelles\/wp-json\/wp\/v2\/pages\/9\/revisions\/1091"}],"wp:featuredmedia":[{"embeddable":true,"href":"https:\/\/frw-pcdr.be\/ellezelles\/wp-json\/wp\/v2\/media\/1047"}],"wp:attachment":[{"href":"https:\/\/frw-pcdr.be\/ellezelles\/wp-json\/wp\/v2\/media?parent=9"}],"curies":[{"name":"wp","href":"https:\/\/api.w.org\/{rel}","templated":true}]}}