{"id":330,"date":"2025-10-29T10:49:31","date_gmt":"2025-10-29T09:49:31","guid":{"rendered":"https:\/\/frw-pcdr.be\/onhaye\/?page_id=330"},"modified":"2026-04-03T10:28:14","modified_gmt":"2026-04-03T08:28:14","slug":"actualites","status":"publish","type":"page","link":"https:\/\/frw-pcdr.be\/ciney\/actualites\/","title":{"rendered":"Actualit\u00e9s"},"content":{"rendered":"\n<div class=\"wp-block-group alignfull is-layout-constrained wp-container-core-group-is-layout-ce46af0e wp-block-group-is-layout-constrained\" style=\"padding-top:0;padding-right:3vw;padding-bottom:3vw;padding-left:3vw\">\n<h1 class=\"wp-block-heading has-text-align-left has-ast-global-color-0-color has-text-color has-link-color wp-elements-4a5e537b25b355149cbbd5be494b8a72\" style=\"margin-top:3rem;padding-top:0;padding-right:1.5vh;padding-bottom:0;padding-left:1.5vh;font-size:3.5vh;letter-spacing:0px\">ACTUALIT\u00c9S<\/h1>\n\n\n\n<h2 class=\"wp-block-heading has-text-align-left has-ast-global-color-1-color has-text-color has-link-color wp-elements-dbd4d0fac0b27ddf9730ade8dcde6000\" style=\"margin-top:var(--wp--preset--spacing--50);margin-right:0;margin-bottom:0;margin-left:0;padding-top:0;padding-right:2vh;padding-bottom:0;padding-left:2vh\">Les derni\u00e8res infos relatives au PCDR de votre commune<\/h2>\n\n\n\n<p style=\"margin-top:var(--wp--preset--spacing--40);margin-bottom:var(--wp--preset--spacing--40);padding-right:2vh;padding-left:2vh\">Projets en cours, inaugurations, r\u00e9unions&#8230;<\/p>\n<\/div>\n\n\n\n<div class=\"wp-block-group alignfull is-layout-constrained wp-block-group-is-layout-constrained\" style=\"margin-bottom:0;padding-top:0rem;padding-bottom:0rem\">\n<div class=\"wp-block-columns has-background is-layout-flex wp-container-core-columns-is-layout-2097dcb0 wp-block-columns-is-layout-flex\" style=\"border-radius:5px;background:linear-gradient(135deg,rgb(68,85,79) 0%,rgb(111,148,135) 100%);padding-top:var(--wp--preset--spacing--30);padding-right:var(--wp--preset--spacing--30);padding-bottom:var(--wp--preset--spacing--60);padding-left:var(--wp--preset--spacing--30)\">\n<div class=\"wp-block-column is-vertically-aligned-center is-layout-flow wp-block-column-is-layout-flow\" style=\"padding-right:0;padding-left:0\">\n<figure class=\"wp-block-image aligncenter size-large is-resized has-custom-border\" style=\"margin-top:var(--wp--preset--spacing--60);margin-right:var(--wp--preset--spacing--20);margin-bottom:var(--wp--preset--spacing--20);margin-left:var(--wp--preset--spacing--20)\"><img loading=\"lazy\" decoding=\"async\" width=\"768\" height=\"1024\" src=\"http:\/\/frw-pcdr.be\/ciney\/wp-content\/uploads\/ER3\/Ciney\/Img\/sites\/25\/2025-10-15-Agriculteurs-sur-le-place-dYchippe-768x1024.webp\" alt=\"\" class=\"wp-image-1123\" style=\"border-top-left-radius:9px;border-top-right-radius:9px;border-bottom-left-radius:9px;border-bottom-right-radius:9px;aspect-ratio:1.7777777777777777;object-fit:cover;width:555px;height:auto\" srcset=\"https:\/\/frw-pcdr.be\/ciney\/wp-content\/uploads\/ER3\/Ciney\/Img\/sites\/25\/2025-10-15-Agriculteurs-sur-le-place-dYchippe-768x1024.webp 768w, https:\/\/frw-pcdr.be\/ciney\/wp-content\/uploads\/ER3\/Ciney\/Img\/sites\/25\/2025-10-15-Agriculteurs-sur-le-place-dYchippe-225x300.webp 225w, https:\/\/frw-pcdr.be\/ciney\/wp-content\/uploads\/ER3\/Ciney\/Img\/sites\/25\/2025-10-15-Agriculteurs-sur-le-place-dYchippe-1152x1536.webp 1152w, https:\/\/frw-pcdr.be\/ciney\/wp-content\/uploads\/ER3\/Ciney\/Img\/sites\/25\/2025-10-15-Agriculteurs-sur-le-place-dYchippe.webp 1536w\" sizes=\"auto, (max-width: 768px) 100vw, 768px\" \/><\/figure>\n<\/div>\n\n\n\n<div class=\"wp-block-column is-layout-flow wp-block-column-is-layout-flow\" style=\"padding-left:0\">\n<h2 class=\"wp-block-heading has-ast-global-color-3-color has-text-color has-link-color wp-elements-a74110b6a3043bf34e059a65e1f7440d\" style=\"padding-top:var(--wp--preset--spacing--40);padding-right:1.5vh;padding-left:1.5vh\">La premi\u00e8re convention accord\u00e9e !<\/h2>\n\n\n\n<h6 class=\"wp-block-heading has-ast-global-color-3-color has-text-color has-link-color wp-elements-86fef206b4db37d2f153cce501c5e350\" style=\"padding-right:1.5vh;padding-left:1.5vh\">D\u00e9cembre 2025<\/h6>\n\n\n\n<hr class=\"wp-block-separator has-text-color has-ast-global-color-1-color has-alpha-channel-opacity has-ast-global-color-1-background-color has-background is-style-wide\" \/>\n\n\n\n<p class=\"has-ast-global-color-3-color has-text-color has-link-color wp-elements-1bea7a09699d43d6feeaae36f3852dc7\" style=\"padding-right:1.5vh;padding-left:1.5vh\">Le gouvernement wallon a octroy\u00e9 une premi\u00e8re convention dans le cadre du PCDR de Ciney, qui permettra de financer l&rsquo;am\u00e9nagement de la place d&rsquo;Ychippe. <\/p>\n\n\n\n<div class=\"wp-block-buttons is-layout-flex wp-block-buttons-is-layout-flex\" style=\"padding-right:2vh;padding-left:2vh\">\n<div class=\"wp-block-button\"><a class=\"wp-block-button__link wp-element-button\" href=\"https:\/\/frw-pcdr.be\/ciney\/les-realisations\/\">Retrouvez le d\u00e9tail du projet ici<\/a><\/div>\n<\/div>\n<\/div>\n<\/div>\n\n\n\n<hr class=\"wp-block-separator has-alpha-channel-opacity\" \/>\n\n\n\n<div class=\"wp-block-columns has-background is-layout-flex wp-container-core-columns-is-layout-2097dcb0 wp-block-columns-is-layout-flex\" style=\"border-radius:5px;background:linear-gradient(135deg,rgb(68,85,79) 0%,rgb(111,148,135) 100%);padding-top:var(--wp--preset--spacing--30);padding-right:var(--wp--preset--spacing--30);padding-bottom:var(--wp--preset--spacing--60);padding-left:var(--wp--preset--spacing--30)\">\n<div class=\"wp-block-column is-vertically-aligned-center is-layout-flow wp-block-column-is-layout-flow\" style=\"padding-right:0;padding-left:0\">\n<figure class=\"wp-block-image aligncenter size-large is-resized has-custom-border\" style=\"margin-top:var(--wp--preset--spacing--60)\"><img loading=\"lazy\" decoding=\"async\" width=\"1024\" height=\"768\" src=\"http:\/\/frw-pcdr.be\/ciney\/wp-content\/uploads\/ER3\/Ciney\/Img\/sites\/25\/2025-09-10-GT-Biodiversite-5-1024x768.webp\" alt=\"Groupe de personnes dans un jardin fleuri, entour\u00e9 de plantes et de fleurs vari\u00e9es. En arri\u00e8re-plan, un b\u00e2timent en briques et un ciel partiellement nuageux.\" class=\"wp-image-1152\" style=\"border-top-left-radius:9px;border-top-right-radius:9px;border-bottom-left-radius:9px;border-bottom-right-radius:9px;aspect-ratio:1.7777777777777777;object-fit:cover;width:572px;height:auto\" srcset=\"https:\/\/frw-pcdr.be\/ciney\/wp-content\/uploads\/ER3\/Ciney\/Img\/sites\/25\/2025-09-10-GT-Biodiversite-5-1024x768.webp 1024w, https:\/\/frw-pcdr.be\/ciney\/wp-content\/uploads\/ER3\/Ciney\/Img\/sites\/25\/2025-09-10-GT-Biodiversite-5-300x225.webp 300w, https:\/\/frw-pcdr.be\/ciney\/wp-content\/uploads\/ER3\/Ciney\/Img\/sites\/25\/2025-09-10-GT-Biodiversite-5-768x576.webp 768w, https:\/\/frw-pcdr.be\/ciney\/wp-content\/uploads\/ER3\/Ciney\/Img\/sites\/25\/2025-09-10-GT-Biodiversite-5-1536x1152.webp 1536w, https:\/\/frw-pcdr.be\/ciney\/wp-content\/uploads\/ER3\/Ciney\/Img\/sites\/25\/2025-09-10-GT-Biodiversite-5.webp 2048w\" sizes=\"auto, (max-width: 1024px) 100vw, 1024px\" \/><\/figure>\n<\/div>\n\n\n\n<div class=\"wp-block-column is-layout-flow wp-block-column-is-layout-flow\" style=\"padding-left:0\">\n<h2 class=\"wp-block-heading has-ast-global-color-3-color has-text-color has-link-color wp-elements-d0f8c3f352661e57707ceb048c42c592\" style=\"padding-top:var(--wp--preset--spacing--40);padding-right:1.5vh;padding-left:1.5vh\">Cr\u00e9ation du groupe de travail Biodiversit\u00e9 !<\/h2>\n\n\n\n<hr class=\"wp-block-separator has-text-color has-ast-global-color-1-color has-alpha-channel-opacity has-ast-global-color-1-background-color has-background is-style-wide\" \/>\n\n\n\n<h6 class=\"wp-block-heading has-ast-global-color-3-color has-text-color has-link-color wp-elements-692990732dc144ca3a0acb4ce2204aa8\" style=\"padding-right:1.5vh;padding-left:1.5vh\">Mai 2025<\/h6>\n\n\n\n<p class=\"has-ast-global-color-3-color has-text-color has-link-color wp-elements-05da2a6332601dda8622cc8f8ffc58f1\" style=\"padding-right:1.5vh;padding-left:1.5vh\">Les membres de la CLDR et les citoyens volontaires mettent en \u0153uvre des projets en faveur de la biodiversit\u00e9 sur l&rsquo;ensemble du territoire communal.<\/p>\n\n\n\n<div class=\"wp-block-buttons is-layout-flex wp-block-buttons-is-layout-flex\" style=\"padding-right:2vh;padding-left:2vh\"><\/div>\n<\/div>\n<\/div>\n\n\n\n<hr class=\"wp-block-separator has-alpha-channel-opacity\" \/>\n\n\n\n<div class=\"wp-block-columns alignfull has-background is-layout-flex wp-container-core-columns-is-layout-2097dcb0 wp-block-columns-is-layout-flex\" style=\"border-radius:5px;background:linear-gradient(135deg,rgb(68,85,79) 0%,rgb(111,148,135) 100%);padding-top:var(--wp--preset--spacing--30);padding-right:var(--wp--preset--spacing--30);padding-bottom:var(--wp--preset--spacing--60);padding-left:var(--wp--preset--spacing--30)\">\n<div class=\"wp-block-column is-vertically-aligned-center is-layout-flow wp-block-column-is-layout-flow\" style=\"padding-right:0;padding-left:0\">\n<figure class=\"wp-block-image aligncenter size-large is-resized has-custom-border\" style=\"margin-top:var(--wp--preset--spacing--40);margin-right:var(--wp--preset--spacing--20);margin-bottom:0\"><img loading=\"lazy\" decoding=\"async\" width=\"1024\" height=\"768\" src=\"https:\/\/frw-pcdr.be\/ciney\/wp-content\/uploads\/ER3\/Ciney\/Img\/sites\/25\/2024-04-24-Photos-membres-CLDR-approbation-PCDR--1024x768.webp\" alt=\"\" class=\"wp-image-1117\" style=\"border-radius:27px;aspect-ratio:16\/9;object-fit:cover;width:584px;height:auto\" srcset=\"https:\/\/frw-pcdr.be\/ciney\/wp-content\/uploads\/ER3\/Ciney\/Img\/sites\/25\/2024-04-24-Photos-membres-CLDR-approbation-PCDR--1024x768.webp 1024w, https:\/\/frw-pcdr.be\/ciney\/wp-content\/uploads\/ER3\/Ciney\/Img\/sites\/25\/2024-04-24-Photos-membres-CLDR-approbation-PCDR--300x225.webp 300w, https:\/\/frw-pcdr.be\/ciney\/wp-content\/uploads\/ER3\/Ciney\/Img\/sites\/25\/2024-04-24-Photos-membres-CLDR-approbation-PCDR--768x576.webp 768w, https:\/\/frw-pcdr.be\/ciney\/wp-content\/uploads\/ER3\/Ciney\/Img\/sites\/25\/2024-04-24-Photos-membres-CLDR-approbation-PCDR--1536x1152.webp 1536w, https:\/\/frw-pcdr.be\/ciney\/wp-content\/uploads\/ER3\/Ciney\/Img\/sites\/25\/2024-04-24-Photos-membres-CLDR-approbation-PCDR-.webp 2048w\" sizes=\"auto, (max-width: 1024px) 100vw, 1024px\" \/><\/figure>\n<\/div>\n\n\n\n<div class=\"wp-block-column is-layout-flow wp-block-column-is-layout-flow\" style=\"padding-left:0\">\n<h2 class=\"wp-block-heading has-ast-global-color-3-color has-text-color has-link-color wp-elements-4a7c92d79b540cc147762bc30e09814a\" style=\"padding-top:var(--wp--preset--spacing--40);padding-right:1.5vh;padding-left:1.5vh\">Le PCDR de Ciney a \u00e9t\u00e9 approuv\u00e9 par le Gouvernement Wallon  !&nbsp;<\/h2>\n\n\n\n<h6 class=\"wp-block-heading has-ast-global-color-3-color has-text-color has-link-color wp-elements-6676661a2c75d058e5a742c861a4811b\" style=\"padding-right:1.5vh;padding-left:1.5vh\">15 mai 2025<\/h6>\n\n\n\n<hr class=\"wp-block-separator has-text-color has-ast-global-color-1-color has-alpha-channel-opacity has-ast-global-color-1-background-color has-background is-style-wide\" \/>\n\n\n\n<p class=\"has-ast-global-color-3-color has-text-color has-link-color wp-elements-6450430a48a4e50145c0ef0fe6a0e758\" style=\"padding-right:1.5vh;padding-left:1.5vh\">La Commission Locale de D\u00e9veloppement Rural (CLDR) a donc 10 ans pour mettre les projets en oeuvre : merci \u00e0 elle !&nbsp;<\/p>\n\n\n\n<div class=\"wp-block-buttons is-layout-flex wp-block-buttons-is-layout-flex\" style=\"padding-right:2vh;padding-left:2vh\"><\/div>\n<\/div>\n<\/div>\n\n\n\n<hr class=\"wp-block-separator has-alpha-channel-opacity\" \/>\n\n\n\n<div class=\"wp-block-columns alignfull has-background is-layout-flex wp-container-core-columns-is-layout-2097dcb0 wp-block-columns-is-layout-flex\" style=\"border-radius:5px;background:linear-gradient(135deg,rgb(68,85,79) 0%,rgb(111,148,135) 100%);padding-top:var(--wp--preset--spacing--30);padding-right:var(--wp--preset--spacing--30);padding-bottom:var(--wp--preset--spacing--60);padding-left:var(--wp--preset--spacing--30)\">\n<div class=\"wp-block-column is-vertically-aligned-center is-layout-flow wp-block-column-is-layout-flow\" style=\"padding-right:0;padding-left:0\">\n<figure class=\"wp-block-image aligncenter size-full is-resized has-custom-border\" style=\"margin-top:var(--wp--preset--spacing--50)\"><img loading=\"lazy\" decoding=\"async\" width=\"800\" height=\"600\" src=\"http:\/\/frw-pcdr.be\/ciney\/wp-content\/uploads\/ER3\/Ciney\/Img\/sites\/25\/CLDR3.webp\" alt=\"Groupe de participants rassembl\u00e9s en ext\u00e9rieur sur une route, \u00e9coutant une pr\u00e9sentation devant un panneau d\u2019affichage. Un car est stationn\u00e9 \u00e0 proximit\u00e9, paysage verdoyant en arri\u00e8re-plan sous un ciel nuageux.\" class=\"wp-image-1156\" style=\"border-top-left-radius:9px;border-top-right-radius:9px;border-bottom-left-radius:9px;border-bottom-right-radius:9px;aspect-ratio:1.7777777777777777;object-fit:cover;width:583px;height:auto\" srcset=\"https:\/\/frw-pcdr.be\/ciney\/wp-content\/uploads\/ER3\/Ciney\/Img\/sites\/25\/CLDR3.webp 800w, https:\/\/frw-pcdr.be\/ciney\/wp-content\/uploads\/ER3\/Ciney\/Img\/sites\/25\/CLDR3-300x225.webp 300w, https:\/\/frw-pcdr.be\/ciney\/wp-content\/uploads\/ER3\/Ciney\/Img\/sites\/25\/CLDR3-768x576.webp 768w\" sizes=\"auto, (max-width: 800px) 100vw, 800px\" \/><\/figure>\n<\/div>\n\n\n\n<div class=\"wp-block-column is-layout-flow wp-block-column-is-layout-flow\" style=\"padding-left:0\">\n<h2 class=\"wp-block-heading has-ast-global-color-3-color has-text-color has-link-color wp-elements-ac902f3bb3639222be558980043ebc73\" style=\"padding-top:var(--wp--preset--spacing--40);padding-right:1.5vh;padding-left:1.5vh\">La Commission Locale de D\u00e9veloppement Rural travaille pour vous ! <\/h2>\n\n\n\n<h6 class=\"wp-block-heading has-ast-global-color-3-color has-text-color has-link-color wp-elements-ef18474a96ae32bc5b585ca8f2a30730\" style=\"padding-right:1.5vh;padding-left:1.5vh\">2023 &#8211; 2024<\/h6>\n\n\n\n<hr class=\"wp-block-separator has-text-color has-ast-global-color-1-color has-alpha-channel-opacity has-ast-global-color-1-background-color has-background is-style-wide\" \/>\n\n\n\n<p class=\"has-ast-global-color-3-color has-text-color has-link-color wp-elements-6273eb056a155277b83372b4927b9951\" style=\"padding-right:1.5vh;padding-left:1.5vh\">Depuis quelques mois, les membres de la Commission Locale de D\u00e9veloppement Rural travaillent pour vous avec pour mission de d\u00e9finir les objectifs et la strat\u00e9gie \u00e0 mettre en oeuvre sur le territoire dans les 10 prochaines ann\u00e9es. Les r\u00e9sultats seront disponibles via ce site en septembre 2023.&nbsp;&nbsp;<\/p>\n\n\n\n<div class=\"wp-block-buttons is-layout-flex wp-block-buttons-is-layout-flex\" style=\"padding-right:2vh;padding-left:2vh\"><\/div>\n<\/div>\n<\/div>\n\n\n\n<hr class=\"wp-block-separator has-alpha-channel-opacity\" \/>\n\n\n\n<div class=\"wp-block-columns alignfull has-background is-layout-flex wp-container-core-columns-is-layout-2097dcb0 wp-block-columns-is-layout-flex\" style=\"border-radius:5px;background:linear-gradient(135deg,rgb(68,85,79) 0%,rgb(111,148,135) 100%);padding-top:var(--wp--preset--spacing--30);padding-right:var(--wp--preset--spacing--30);padding-bottom:var(--wp--preset--spacing--60);padding-left:var(--wp--preset--spacing--30)\">\n<div class=\"wp-block-column is-vertically-aligned-center is-layout-flow wp-block-column-is-layout-flow\" style=\"padding-right:0;padding-left:0\">\n<figure class=\"wp-block-image aligncenter size-large is-resized has-custom-border\" style=\"margin-top:var(--wp--preset--spacing--50);margin-right:var(--wp--preset--spacing--30);margin-bottom:var(--wp--preset--spacing--30)\"><img loading=\"lazy\" decoding=\"async\" width=\"1024\" height=\"739\" src=\"http:\/\/frw-pcdr.be\/ciney\/wp-content\/uploads\/ER3\/Ciney\/Img\/sites\/25\/Consultation-des-enfants-CINEY-3-1024x739.webp\" alt=\"Dessin d\u00e9taill\u00e9 d\u2019un village imagin\u00e9 par des enfants, incluant b\u00e2timents, zones de loisirs, animaux et routes.\" class=\"wp-image-1127\" style=\"border-radius:42px;aspect-ratio:1.7777777777777777;object-fit:cover;width:596px;height:auto\" srcset=\"https:\/\/frw-pcdr.be\/ciney\/wp-content\/uploads\/ER3\/Ciney\/Img\/sites\/25\/Consultation-des-enfants-CINEY-3-1024x739.webp 1024w, https:\/\/frw-pcdr.be\/ciney\/wp-content\/uploads\/ER3\/Ciney\/Img\/sites\/25\/Consultation-des-enfants-CINEY-3-300x217.webp 300w, https:\/\/frw-pcdr.be\/ciney\/wp-content\/uploads\/ER3\/Ciney\/Img\/sites\/25\/Consultation-des-enfants-CINEY-3-768x555.webp 768w, https:\/\/frw-pcdr.be\/ciney\/wp-content\/uploads\/ER3\/Ciney\/Img\/sites\/25\/Consultation-des-enfants-CINEY-3-1536x1109.webp 1536w, https:\/\/frw-pcdr.be\/ciney\/wp-content\/uploads\/ER3\/Ciney\/Img\/sites\/25\/Consultation-des-enfants-CINEY-3-2048x1479.webp 2048w\" sizes=\"auto, (max-width: 1024px) 100vw, 1024px\" \/><\/figure>\n<\/div>\n\n\n\n<div class=\"wp-block-column is-layout-flow wp-block-column-is-layout-flow\" style=\"padding-left:0\">\n<h2 class=\"wp-block-heading has-ast-global-color-3-color has-text-color has-link-color wp-elements-2a9202c3c07939c7a49698fae307ebeb\" style=\"padding-top:var(--wp--preset--spacing--40);padding-right:1.5vh;padding-left:1.5vh\">Consultation des enfants<\/h2>\n\n\n\n<h6 class=\"wp-block-heading has-ast-global-color-3-color has-text-color has-link-color wp-elements-f6fa53e6656167bd6303ff0985c40781\" style=\"padding-right:1.5vh;padding-left:1.5vh\">Printemps 2022<\/h6>\n\n\n\n<hr class=\"wp-block-separator has-text-color has-ast-global-color-1-color has-alpha-channel-opacity has-ast-global-color-1-background-color has-background is-style-wide\" \/>\n\n\n\n<p class=\"has-ast-global-color-3-color has-text-color has-link-color wp-elements-289f28fd0d25736a745c588e5efbb0e6\" style=\"padding-right:1.5vh;padding-left:1.5vh\">Dans le cadre de l&rsquo;\u00e9laboration de son PCDR, la Commune de Ciney, accompagn\u00e9e de la Fondation Rurale de Wallonie, a consult\u00e9 les enfants de 5\u00e8me et 6\u00e8me primaires afin qu&rsquo;ils puissent s&rsquo;exprimer sur la question suivante : \u00ab\u00a0Quel est mon village id\u00e9al ?\u00a0\u00bb ainsi sur leurs besoins et leurs envies pour les prochaines ann\u00e9es. Au total, 148 enfants ont ainsi pu s&rsquo;exprimer et rendre un avis qui sera pris en compte dans l&rsquo;\u00e9laboration du PCDR de la Commune de Ciney.&nbsp;<\/p>\n\n\n\n<div class=\"wp-block-buttons is-layout-flex wp-block-buttons-is-layout-flex\" style=\"padding-right:2vh;padding-left:2vh\"><\/div>\n<\/div>\n<\/div>\n<\/div>\n\n\n\n<hr class=\"wp-block-separator has-alpha-channel-opacity\" \/>\n\n\n\n<div class=\"wp-block-group alignfull is-layout-constrained wp-block-group-is-layout-constrained\" style=\"margin-bottom:0;padding-top:0rem;padding-bottom:0rem\">\n<div class=\"wp-block-columns has-background is-layout-flex wp-container-core-columns-is-layout-2097dcb0 wp-block-columns-is-layout-flex\" style=\"border-radius:5px;background:linear-gradient(135deg,rgb(68,85,79) 0%,rgb(111,148,135) 100%);padding-top:var(--wp--preset--spacing--30);padding-right:var(--wp--preset--spacing--30);padding-bottom:var(--wp--preset--spacing--60);padding-left:var(--wp--preset--spacing--30)\">\n<div class=\"wp-block-column is-vertically-aligned-center is-layout-flow wp-block-column-is-layout-flow\" style=\"padding-right:0;padding-left:0\">\n<figure class=\"wp-block-image aligncenter size-large is-resized has-custom-border\" style=\"margin-top:var(--wp--preset--spacing--50)\"><img loading=\"lazy\" decoding=\"async\" width=\"1024\" height=\"768\" src=\"http:\/\/frw-pcdr.be\/ciney\/wp-content\/uploads\/ER3\/Ciney\/Img\/sites\/25\/IC_Haversin-1024x768.webp\" alt=\"S\u00e9ance d\u2019information dans une salle communale \u00e0 Haversin, habitants assis face \u00e0 un \u00e9cran de projection, intervenant debout devant la sc\u00e8ne.\" class=\"wp-image-1120\" style=\"border-top-left-radius:9px;border-top-right-radius:9px;border-bottom-left-radius:9px;border-bottom-right-radius:9px;aspect-ratio:16\/9;object-fit:cover;width:543px;height:auto\" srcset=\"https:\/\/frw-pcdr.be\/ciney\/wp-content\/uploads\/ER3\/Ciney\/Img\/sites\/25\/IC_Haversin-1024x768.webp 1024w, https:\/\/frw-pcdr.be\/ciney\/wp-content\/uploads\/ER3\/Ciney\/Img\/sites\/25\/IC_Haversin-300x225.webp 300w, https:\/\/frw-pcdr.be\/ciney\/wp-content\/uploads\/ER3\/Ciney\/Img\/sites\/25\/IC_Haversin-768x576.webp 768w, https:\/\/frw-pcdr.be\/ciney\/wp-content\/uploads\/ER3\/Ciney\/Img\/sites\/25\/IC_Haversin-1536x1152.webp 1536w, https:\/\/frw-pcdr.be\/ciney\/wp-content\/uploads\/ER3\/Ciney\/Img\/sites\/25\/IC_Haversin-2048x1536.webp 2048w\" sizes=\"auto, (max-width: 1024px) 100vw, 1024px\" \/><\/figure>\n<\/div>\n\n\n\n<div class=\"wp-block-column is-layout-flow wp-block-column-is-layout-flow\" style=\"padding-left:0\">\n<h2 class=\"wp-block-heading has-ast-global-color-3-color has-text-color has-link-color wp-elements-0c36742333471f248471a36b5a293e1f\" style=\"padding-top:var(--wp--preset--spacing--40);padding-right:1.5vh;padding-left:1.5vh\">La consultation de la population est termin\u00e9e ! <\/h2>\n\n\n\n<h6 class=\"wp-block-heading has-ast-global-color-3-color has-text-color has-link-color wp-elements-7604fbba6ef66a30a8f2e9deed52abf6\" style=\"padding-right:1.5vh;padding-left:1.5vh\">Mars 2022<\/h6>\n\n\n\n<hr class=\"wp-block-separator has-text-color has-ast-global-color-1-color has-alpha-channel-opacity has-ast-global-color-1-background-color has-background is-style-wide\" \/>\n\n\n\n<p class=\"has-ast-global-color-3-color has-text-color has-link-color wp-elements-23130843c85a7b32399e1fec8c45bfe2\" style=\"padding-right:1.5vh;padding-left:1.5vh\">Entre le premier f\u00e9vrier et le 31 mars 2022, 574&nbsp;Cinaciennes et Cinaciens ont particip\u00e9 \u00e0 la consultation organis\u00e9e par la Ville de Ciney, avec l&rsquo;accompagnement de la Fondation Rurale de Wallonie. Ces rencontres avaient pour objectifs de pouvoir \u00e9laborer le Programme Communale de D\u00e9veloppement Rurale (PCDR) de la Commune, en prenant compte l&rsquo;avis des citoyens et de leur r\u00e9alit\u00e9. <\/p>\n\n\n\n<div class=\"wp-block-buttons is-layout-flex wp-block-buttons-is-layout-flex\" style=\"padding-right:2vh;padding-left:2vh\"><\/div>\n<\/div>\n<\/div>\n\n\n\n<hr class=\"wp-block-separator has-alpha-channel-opacity\" \/>\n\n\n\n<div class=\"wp-block-columns has-background is-layout-flex wp-container-core-columns-is-layout-2097dcb0 wp-block-columns-is-layout-flex\" style=\"border-radius:5px;background:linear-gradient(135deg,rgb(68,85,79) 0%,rgb(111,148,135) 100%);padding-top:var(--wp--preset--spacing--30);padding-right:var(--wp--preset--spacing--30);padding-bottom:var(--wp--preset--spacing--60);padding-left:var(--wp--preset--spacing--30)\">\n<div class=\"wp-block-column is-vertically-aligned-center is-layout-flow wp-block-column-is-layout-flow\" style=\"padding-right:0;padding-left:0\">\n<figure class=\"wp-block-image aligncenter size-large is-resized has-custom-border\"><img loading=\"lazy\" decoding=\"async\" width=\"724\" height=\"1024\" src=\"https:\/\/frw-pcdr.be\/ciney\/wp-content\/uploads\/ER3\/Ciney\/Img\/sites\/25\/Venez-jouer-un-role-pour-votre-village-ok-002-724x1024.webp\" alt=\"\" class=\"wp-image-1132\" style=\"border-radius:25px;width:490px;height:auto\" srcset=\"https:\/\/frw-pcdr.be\/ciney\/wp-content\/uploads\/ER3\/Ciney\/Img\/sites\/25\/Venez-jouer-un-role-pour-votre-village-ok-002-724x1024.webp 724w, https:\/\/frw-pcdr.be\/ciney\/wp-content\/uploads\/ER3\/Ciney\/Img\/sites\/25\/Venez-jouer-un-role-pour-votre-village-ok-002-212x300.webp 212w, https:\/\/frw-pcdr.be\/ciney\/wp-content\/uploads\/ER3\/Ciney\/Img\/sites\/25\/Venez-jouer-un-role-pour-votre-village-ok-002-768x1086.webp 768w, https:\/\/frw-pcdr.be\/ciney\/wp-content\/uploads\/ER3\/Ciney\/Img\/sites\/25\/Venez-jouer-un-role-pour-votre-village-ok-002-1086x1536.webp 1086w, https:\/\/frw-pcdr.be\/ciney\/wp-content\/uploads\/ER3\/Ciney\/Img\/sites\/25\/Venez-jouer-un-role-pour-votre-village-ok-002-1448x2048.webp 1448w, https:\/\/frw-pcdr.be\/ciney\/wp-content\/uploads\/ER3\/Ciney\/Img\/sites\/25\/Venez-jouer-un-role-pour-votre-village-ok-002.webp 1587w\" sizes=\"auto, (max-width: 724px) 100vw, 724px\" \/><\/figure>\n<\/div>\n\n\n\n<div class=\"wp-block-column is-layout-flow wp-block-column-is-layout-flow\" style=\"padding-left:0\">\n<h2 class=\"wp-block-heading has-ast-global-color-3-color has-text-color has-link-color wp-elements-9b7e413f140c2d47a40a8c38d4ae7fba\" style=\"padding-top:var(--wp--preset--spacing--40);padding-right:1.5vh;padding-left:1.5vh\">Lancement de soir\u00e9es de consultations de la population ! <\/h2>\n\n\n\n<h6 class=\"wp-block-heading has-ast-global-color-3-color has-text-color has-link-color wp-elements-6ec9e574ba608bed71c494c31ecbed70\" style=\"padding-right:1.5vh;padding-left:1.5vh\">Janvier 2022<\/h6>\n\n\n\n<hr class=\"wp-block-separator has-text-color has-ast-global-color-1-color has-alpha-channel-opacity has-ast-global-color-1-background-color has-background is-style-wide\" \/>\n\n\n\n<p class=\"has-ast-global-color-3-color has-text-color has-link-color wp-elements-31f6e206772a874a5508da2f7a09c4e7\" style=\"padding-right:1.5vh;padding-left:1.5vh\">Dans le cadre de l&rsquo;\u00e9laboration du PCDR de la Commune, des soir\u00e9es de consultation de la population sont programm\u00e9es dans chacun des villages de la commune d\u00e8s ce mois de f\u00e9vrier. Participez \u00e0 l\u2019une ou l\u2019autre d\u2019entre elles et partagez vos id\u00e9es, vos besoins et vos attentes. Toutes les r\u00e9unions d\u00e9buteront \u00e0 20h00. <\/p>\n\n\n\n<p class=\"has-ast-global-color-3-color has-text-color has-link-color wp-elements-b08d69fe1649a15008133dd0d15c90d4\" style=\"padding-right:1.5vh;padding-left:1.5vh\">1er f\u00e9vrier : Ach\u00eane \u2013 Salle du foot<\/p>\n\n\n\n<p class=\"has-ast-global-color-3-color has-text-color has-link-color wp-elements-07dba6e0389c7c4681eec93d80c04f51\" style=\"padding-right:1.5vh;padding-left:1.5vh\">3 f\u00e9vrier : Biron &#8211; Eglise<\/p>\n\n\n\n<p class=\"has-ast-global-color-3-color has-text-color has-link-color wp-elements-b7c299fde4cdbcb1b099c0932cca08bf\" style=\"padding-right:1.5vh;padding-left:1.5vh\">8 f\u00e9vrier : Braibant-Halloy \u2013 Salle Union<\/p>\n\n\n\n<p class=\"has-ast-global-color-3-color has-text-color has-link-color wp-elements-d8948b677a1644c71037a82c71952fed\" style=\"padding-right:1.5vh;padding-left:1.5vh\">10 f\u00e9vrier : Chapois-Ychippe \u2013 Salle des F\u00eates<\/p>\n\n\n\n<p class=\"has-ast-global-color-3-color has-text-color has-link-color wp-elements-f8f95046080656bcefeb16e3ac308388\" style=\"padding-right:1.5vh;padding-left:1.5vh\">15 f\u00e9vrier : Chevetogne-Enhet \u2013 Salle du foot<\/p>\n\n\n\n<p class=\"has-ast-global-color-3-color has-text-color has-link-color wp-elements-374767dd73b925f12ca5a5f8df664e7a\" style=\"padding-right:1.5vh;padding-left:1.5vh\">17 f\u00e9vrier : Ciney-Emptinal \u2013 Salle polyvalente Cecoco<\/p>\n\n\n\n<p class=\"has-ast-global-color-3-color has-text-color has-link-color wp-elements-73210356fe057e1ba5d93b1b087a5c48\" style=\"padding-right:1.5vh;padding-left:1.5vh\">22 f\u00e9vrier : Conneux-Conjoux-Reux &#8211; Eglise<\/p>\n\n\n\n<p class=\"has-ast-global-color-3-color has-text-color has-link-color wp-elements-6e7cd2060a773663ab96309e0067e8d2\" style=\"padding-right:1.5vh;padding-left:1.5vh\">24 f\u00e9vrier : Haversin-Haid \u2013 Salle La Traverse<\/p>\n\n\n\n<p class=\"has-ast-global-color-3-color has-text-color has-link-color wp-elements-b90b46ef030e42cc5e96a03ae4f5602b\" style=\"padding-right:1.5vh;padding-left:1.5vh\">8 mars : Leignon-Corbion-Barcenal \u2013 Ecole communale<\/p>\n\n\n\n<p class=\"has-ast-global-color-3-color has-text-color has-link-color wp-elements-19a78cb8736bed6b8315006ff7c90e02\" style=\"padding-right:1.5vh;padding-left:1.5vh\">10 mars : Serinchamps-Les Basses \u2013 Eglise<\/p>\n\n\n\n<p class=\"has-ast-global-color-3-color has-text-color has-link-color wp-elements-ed61a58e002cbcaeee82061efdcf3280\" style=\"padding-right:1.5vh;padding-left:1.5vh\">15 mars : Pessoux-Jann\u00e9e \u2013 Salle des F\u00eates<\/p>\n\n\n\n<p class=\"has-ast-global-color-3-color has-text-color has-link-color wp-elements-12ac254e173dd12e40d0d2c595fb2660\" style=\"padding-right:1.5vh;padding-left:1.5vh\">17 mars : Sovet-Vincon-Senenne-Jet-Croix-Reuleau &#8211; Salle Saint-Hubert<\/p>\n<\/div>\n<\/div>\n\n\n\n<hr class=\"wp-block-separator has-alpha-channel-opacity\" \/>\n\n\n\n<div class=\"wp-block-columns has-background is-layout-flex wp-container-core-columns-is-layout-2097dcb0 wp-block-columns-is-layout-flex\" style=\"border-radius:5px;background:linear-gradient(135deg,rgb(68,85,79) 0%,rgb(111,148,135) 100%);padding-top:var(--wp--preset--spacing--30);padding-right:var(--wp--preset--spacing--30);padding-bottom:var(--wp--preset--spacing--60);padding-left:var(--wp--preset--spacing--30)\">\n<div class=\"wp-block-column is-vertically-aligned-center is-layout-flow wp-block-column-is-layout-flow\" style=\"padding-right:0;padding-left:0\">\n<figure class=\"wp-block-image aligncenter size-full is-resized has-custom-border\"><img loading=\"lazy\" decoding=\"async\" width=\"412\" height=\"582\" src=\"http:\/\/frw-pcdr.be\/ciney\/wp-content\/uploads\/ER3\/Ciney\/Img\/sites\/25\/Partie-1_Ciney-.webp\" alt=\"\" class=\"wp-image-1158\" style=\"border-radius:20px;width:322px;height:auto\" srcset=\"https:\/\/frw-pcdr.be\/ciney\/wp-content\/uploads\/ER3\/Ciney\/Img\/sites\/25\/Partie-1_Ciney-.webp 412w, https:\/\/frw-pcdr.be\/ciney\/wp-content\/uploads\/ER3\/Ciney\/Img\/sites\/25\/Partie-1_Ciney--212x300.webp 212w\" sizes=\"auto, (max-width: 412px) 100vw, 412px\" \/><\/figure>\n<\/div>\n\n\n\n<div class=\"wp-block-column is-layout-flow wp-block-column-is-layout-flow\" style=\"padding-left:0\">\n<h2 class=\"wp-block-heading has-ast-global-color-3-color has-text-color has-link-color wp-elements-bf72bb57e5b749d2b79708d1cd16495f\" style=\"padding-top:var(--wp--preset--spacing--40);padding-right:1.5vh;padding-left:1.5vh\">Le diagnostique du territoire est maintenant effectu\u00e9 ! <\/h2>\n\n\n\n<h6 class=\"wp-block-heading has-ast-global-color-3-color has-text-color has-link-color wp-elements-35d60470e47a5f092553f0d3270d385c\" style=\"padding-right:1.5vh;padding-left:1.5vh\">Mai 2021<\/h6>\n\n\n\n<hr class=\"wp-block-separator has-text-color has-ast-global-color-1-color has-alpha-channel-opacity has-ast-global-color-1-background-color has-background is-style-wide\" \/>\n\n\n\n<p class=\"has-ast-global-color-3-color has-text-color has-link-color wp-elements-7520fff4379896bac3a69d35b550368d\" style=\"padding-right:1.5vh;padding-left:1.5vh\">Une analyse socio-\u00e9conomique objective du territoire a \u00e9t\u00e9 r\u00e9alis\u00e9e par le bureau d&rsquo;\u00e9tude DR(EA)\u00b2M. Celle-ci a pu donner toute une s\u00e9rie d&rsquo;enseignements sur les besoins des citoyens. Dans une seconde phase, ceux-ci seront prochainement invit\u00e9s \u00e0 partager leur ressenti sur le territoire lors de consultations villageoises. <\/p>\n\n\n\n<div class=\"wp-block-buttons is-layout-flex wp-block-buttons-is-layout-flex\" style=\"padding-right:2vh;padding-left:2vh\">\n<div class=\"wp-block-button\"><a class=\"wp-block-button__link wp-element-button\" href=\"https:\/\/frw-pcdr.be\/ciney\/le-pcdr\/\">Retrouver cette analyse ici<\/a><\/div>\n<\/div>\n<\/div>\n<\/div>\n\n\n\n<hr class=\"wp-block-separator has-alpha-channel-opacity\" \/>\n\n\n\n<div class=\"wp-block-columns has-background is-layout-flex wp-container-core-columns-is-layout-2097dcb0 wp-block-columns-is-layout-flex\" style=\"border-radius:5px;background:linear-gradient(135deg,rgb(68,85,79) 0%,rgb(111,148,135) 100%);padding-top:var(--wp--preset--spacing--30);padding-right:var(--wp--preset--spacing--30);padding-bottom:var(--wp--preset--spacing--60);padding-left:var(--wp--preset--spacing--30)\">\n<div class=\"wp-block-column is-vertically-aligned-center is-layout-flow wp-block-column-is-layout-flow\" style=\"padding-right:0;padding-left:0\">\n<figure class=\"wp-block-image aligncenter size-large is-resized has-custom-border\" style=\"margin-top:var(--wp--preset--spacing--40)\"><img loading=\"lazy\" decoding=\"async\" width=\"1024\" height=\"683\" src=\"https:\/\/frw-pcdr.be\/ciney\/wp-content\/uploads\/ER3\/Ciney\/Img\/sites\/25\/GW.webp\" alt=\"\" class=\"wp-image-1128\" style=\"border-radius:12px;width:369px;height:auto\" srcset=\"https:\/\/frw-pcdr.be\/ciney\/wp-content\/uploads\/ER3\/Ciney\/Img\/sites\/25\/GW.webp 1024w, https:\/\/frw-pcdr.be\/ciney\/wp-content\/uploads\/ER3\/Ciney\/Img\/sites\/25\/GW-300x200.webp 300w, https:\/\/frw-pcdr.be\/ciney\/wp-content\/uploads\/ER3\/Ciney\/Img\/sites\/25\/GW-768x512.webp 768w\" sizes=\"auto, (max-width: 1024px) 100vw, 1024px\" \/><\/figure>\n<\/div>\n\n\n\n<div class=\"wp-block-column is-layout-flow wp-block-column-is-layout-flow\" style=\"padding-left:0\">\n<h2 class=\"wp-block-heading has-ast-global-color-3-color has-text-color has-link-color wp-elements-759298b11c1f374ee131f60414cb6963\" style=\"padding-top:var(--wp--preset--spacing--40);padding-right:1.5vh;padding-left:1.5vh\">Lancement d&rsquo;une nouvelle ODR \u00e0 Ciney ! <\/h2>\n\n\n\n<h6 class=\"wp-block-heading has-ast-global-color-3-color has-text-color has-link-color wp-elements-35d60470e47a5f092553f0d3270d385c\" style=\"padding-right:1.5vh;padding-left:1.5vh\">Mai 2021<\/h6>\n\n\n\n<hr class=\"wp-block-separator has-text-color has-ast-global-color-1-color has-alpha-channel-opacity has-ast-global-color-1-background-color has-background is-style-wide\" \/>\n\n\n\n<p class=\"has-ast-global-color-3-color has-text-color has-link-color wp-elements-5a67f6ee29f2dc8e0bdba4c639365027\" style=\"padding-right:1.5vh;padding-left:1.5vh\">La Fondation Rurale de Wallonie a \u00e9t\u00e9 officiellement d\u00e9sign\u00e9e par Madame C\u00e9line Tellier, ministre de l&rsquo;environnement, pour accompagner la Commune de Ciney dans le cadre de son op\u00e9ration de d\u00e9veloppement rurale.<\/p>\n\n\n\n<div class=\"wp-block-buttons is-layout-flex wp-block-buttons-is-layout-flex\" style=\"padding-right:2vh;padding-left:2vh\"><\/div>\n<\/div>\n<\/div>\n<\/div>\n\n\n\n<div style=\"height:40px\" aria-hidden=\"true\" class=\"wp-block-spacer\"><\/div>\n\n\n\n<div style=\"height:40px\" aria-hidden=\"true\" class=\"wp-block-spacer\"><\/div>\n\n\n\n<p><\/p>\n","protected":false},"excerpt":{"rendered":"<p>ACTUALIT\u00c9S Les derni\u00e8res infos relatives au PCDR de votre commune Projets en cours, inaugurations, r\u00e9unions&#8230; La premi\u00e8re convention accord\u00e9e ! [&hellip;]<\/p>\n","protected":false},"author":1,"featured_media":1048,"parent":0,"menu_order":1,"comment_status":"closed","ping_status":"closed","template":"","meta":{"site-sidebar-layout":"default","site-content-layout":"","ast-site-content-layout":"default","site-content-style":"default","site-sidebar-style":"default","ast-global-header-display":"","ast-banner-title-visibility":"","ast-main-header-display":"","ast-hfb-above-header-display":"","ast-hfb-below-header-display":"","ast-hfb-mobile-header-display":"","site-post-title":"disabled","ast-breadcrumbs-content":"","ast-featured-img":"disabled","footer-sml-layout":"","ast-disable-related-posts":"","theme-transparent-header-meta":"","adv-header-id-meta":"","stick-header-meta":"","header-above-stick-meta":"","header-main-stick-meta":"","header-below-stick-meta":"","astra-migrate-meta-layouts":"default","ast-page-background-enabled":"default","ast-page-background-meta":{"desktop":{"background-color":"var(--ast-global-color-5)","background-image":"","background-repeat":"repeat","background-position":"center center","background-size":"auto","background-attachment":"scroll","background-type":"","background-media":"","overlay-type":"","overlay-color":"","overlay-opacity":"","overlay-gradient":""},"tablet":{"background-color":"","background-image":"","background-repeat":"repeat","background-position":"center center","background-size":"auto","background-attachment":"scroll","background-type":"","background-media":"","overlay-type":"","overlay-color":"","overlay-opacity":"","overlay-gradient":""},"mobile":{"background-color":"","background-image":"","background-repeat":"repeat","background-position":"center center","background-size":"auto","background-attachment":"scroll","background-type":"","background-media":"","overlay-type":"","overlay-color":"","overlay-opacity":"","overlay-gradient":""}},"ast-content-background-meta":{"desktop":{"background-color":"var(--ast-global-color-4)","background-image":"","background-repeat":"repeat","background-position":"center center","background-size":"auto","background-attachment":"scroll","background-type":"","background-media":"","overlay-type":"","overlay-color":"","overlay-opacity":"","overlay-gradient":""},"tablet":{"background-color":"var(--ast-global-color-4)","background-image":"","background-repeat":"repeat","background-position":"center center","background-size":"auto","background-attachment":"scroll","background-type":"","background-media":"","overlay-type":"","overlay-color":"","overlay-opacity":"","overlay-gradient":""},"mobile":{"background-color":"var(--ast-global-color-4)","background-image":"","background-repeat":"repeat","background-position":"center center","background-size":"auto","background-attachment":"scroll","background-type":"","background-media":"","overlay-type":"","overlay-color":"","overlay-opacity":"","overlay-gradient":""}},"footnotes":""},"class_list":["post-330","page","type-page","status-publish","has-post-thumbnail","hentry"],"_links":{"self":[{"href":"https:\/\/frw-pcdr.be\/ciney\/wp-json\/wp\/v2\/pages\/330","targetHints":{"allow":["GET"]}}],"collection":[{"href":"https:\/\/frw-pcdr.be\/ciney\/wp-json\/wp\/v2\/pages"}],"about":[{"href":"https:\/\/frw-pcdr.be\/ciney\/wp-json\/wp\/v2\/types\/page"}],"author":[{"embeddable":true,"href":"https:\/\/frw-pcdr.be\/ciney\/wp-json\/wp\/v2\/users\/1"}],"replies":[{"embeddable":true,"href":"https:\/\/frw-pcdr.be\/ciney\/wp-json\/wp\/v2\/comments?post=330"}],"version-history":[{"count":31,"href":"https:\/\/frw-pcdr.be\/ciney\/wp-json\/wp\/v2\/pages\/330\/revisions"}],"predecessor-version":[{"id":1216,"href":"https:\/\/frw-pcdr.be\/ciney\/wp-json\/wp\/v2\/pages\/330\/revisions\/1216"}],"wp:featuredmedia":[{"embeddable":true,"href":"https:\/\/frw-pcdr.be\/ciney\/wp-json\/wp\/v2\/media\/1048"}],"wp:attachment":[{"href":"https:\/\/frw-pcdr.be\/ciney\/wp-json\/wp\/v2\/media?parent=330"}],"curies":[{"name":"wp","href":"https:\/\/api.w.org\/{rel}","templated":true}]}}