{"id":9,"date":"2025-10-21T17:16:36","date_gmt":"2025-10-21T15:16:36","guid":{"rendered":"https:\/\/frw-pcdr.be\/onhaye\/?page_id=9"},"modified":"2026-01-26T15:11:29","modified_gmt":"2026-01-26T14:11:29","slug":"les-realisations","status":"publish","type":"page","link":"https:\/\/frw-pcdr.be\/brugelette\/les-realisations\/","title":{"rendered":"Les r\u00e9alisations"},"content":{"rendered":"\n<div class=\"wp-block-group alignfull has-ast-global-color-3-background-color has-background is-layout-constrained wp-container-core-group-is-layout-c7ccc7fa wp-block-group-is-layout-constrained\" style=\"margin-top:0;margin-bottom:0;padding-top:var(--wp--preset--spacing--60);padding-right:3vw;padding-bottom:var(--wp--preset--spacing--50);padding-left:3vw\">\n<h1 class=\"wp-block-heading has-ast-global-color-0-color has-text-color has-link-color wp-elements-14a7137f7fcb5b615cd65c93dd7455c9\" style=\"padding-top:0;padding-right:1.5vh;padding-bottom:0;padding-left:1.5vh;font-size:3.5vh;letter-spacing:0px\">En cours<\/h1>\n\n\n\n<hr class=\"wp-block-separator has-text-color has-ast-global-color-1-color has-alpha-channel-opacity has-ast-global-color-1-background-color has-background is-style-wide\" \/>\n\n\n\n<div class=\"wp-block-columns is-layout-flex wp-container-core-columns-is-layout-a531a0f7 wp-block-columns-is-layout-flex\" style=\"padding-right:0;padding-left:0\">\n<div class=\"wp-block-column is-layout-flow wp-block-column-is-layout-flow\">\n<h2 class=\"wp-block-heading\" style=\"margin-right:1.5vh;margin-left:1.5vh\">Gages &#8211; R\u00e9habiliter l&rsquo;ancienne \u00e9cole communale en Maison de village et logements<\/h2>\n\n\n\n<p style=\"margin-top:0.5rem;margin-right:1.5vh;margin-bottom:0.5rem;margin-left:1.5vh\">L&rsquo;ambition du projet est de proposer un espace polyvalent de rencontre et de convivialit\u00e9 capable d&rsquo;accueillir les diverses activit\u00e9s villageoises et des associations locales actives sur le territoire de Gages.<\/p>\n\n\n\n<div class=\"wp-block-buttons is-content-justification-left is-layout-flex wp-container-core-buttons-is-layout-4395d7bd wp-block-buttons-is-layout-flex\" style=\"padding-right:1.5vh;padding-left:1.5vh\">\n<div class=\"wp-block-button\"><a class=\"wp-block-button__link wp-element-button\" href=\"https:\/\/frw-pcdr.be\/brugelette\/wp-content\/uploads\/ER1\/Brugelette\/Doc\/Realisations\/Gages_fiche_actu.pdf\" target=\"_blank\" rel=\"noreferrer noopener\">Fiche-projet actualis\u00e9e<\/a><\/div>\n<\/div>\n\n\n\n<figure class=\"wp-block-image size-large\"><img loading=\"lazy\" decoding=\"async\" width=\"1024\" height=\"768\" src=\"http:\/\/frw-pcdr.be\/brugelette\/wp-content\/uploads\/ER1\/Brugelette\/Img\/sites\/32\/FPCT05GAGES-Ancienne-maison-communale-1024x768.webp\" alt=\"\" class=\"wp-image-1080\" srcset=\"https:\/\/frw-pcdr.be\/brugelette\/wp-content\/uploads\/ER1\/Brugelette\/Img\/sites\/32\/FPCT05GAGES-Ancienne-maison-communale-1024x768.webp 1024w, https:\/\/frw-pcdr.be\/brugelette\/wp-content\/uploads\/ER1\/Brugelette\/Img\/sites\/32\/FPCT05GAGES-Ancienne-maison-communale-300x225.webp 300w, https:\/\/frw-pcdr.be\/brugelette\/wp-content\/uploads\/ER1\/Brugelette\/Img\/sites\/32\/FPCT05GAGES-Ancienne-maison-communale-768x576.webp 768w, https:\/\/frw-pcdr.be\/brugelette\/wp-content\/uploads\/ER1\/Brugelette\/Img\/sites\/32\/FPCT05GAGES-Ancienne-maison-communale-1536x1152.webp 1536w, https:\/\/frw-pcdr.be\/brugelette\/wp-content\/uploads\/ER1\/Brugelette\/Img\/sites\/32\/FPCT05GAGES-Ancienne-maison-communale-2048x1536.webp 2048w\" sizes=\"auto, (max-width: 1024px) 100vw, 1024px\" \/><\/figure>\n<\/div>\n\n\n\n<div class=\"wp-block-column is-layout-flow wp-block-column-is-layout-flow\">\n<h2 class=\"wp-block-heading\" style=\"margin-right:1.5vh;margin-left:1.5vh\">Cr\u00e9er des logements \u00ab\u00a0tremplin\u00a0\u00bb pour jeunes m\u00e9nages<\/h2>\n\n\n\n<p style=\"margin-top:0.5rem;margin-right:1.5vh;margin-bottom:0.5rem;margin-left:1.5vh\">Des logements tremplins sont pr\u00e9vus dans le projet de r\u00e9habilitation de la Maison de village de Gages. Ce type de logement permet aux jeunes m\u00e9nages de r\u00e9aliser des \u00e9conomies pour leur permettre, end\u00e9ans quelques ann\u00e9es, de s&rsquo;installer d\u00e9finitivement dans la commune en acqu\u00e9rant ou en construisant un logement.<\/p>\n\n\n\n<div class=\"wp-block-buttons is-content-justification-left is-layout-flex wp-container-core-buttons-is-layout-4395d7bd wp-block-buttons-is-layout-flex\" style=\"padding-right:1.5vh;padding-left:1.5vh\">\n<div class=\"wp-block-button\"><a class=\"wp-block-button__link wp-element-button\" href=\"https:\/\/frw-pcdr.be\/brugelette\/wp-content\/uploads\/ER1\/Brugelette\/Doc\/PCDR\/Brugelette_Partie_V.pdf#Page=100\" target=\"_blank\" rel=\"noreferrer noopener\">Vers la partie V<\/a><\/div>\n<\/div>\n\n\n\n<figure class=\"wp-block-image size-large\"><img loading=\"lazy\" decoding=\"async\" width=\"1024\" height=\"498\" src=\"http:\/\/frw-pcdr.be\/brugelette\/wp-content\/uploads\/ER1\/Brugelette\/Img\/sites\/32\/LT06-BRUGELETTE-PCDR-CT05-Gages-2023-09-Vue3D-1024x498.webp\" alt=\"\" class=\"wp-image-1081\" srcset=\"https:\/\/frw-pcdr.be\/brugelette\/wp-content\/uploads\/ER1\/Brugelette\/Img\/sites\/32\/LT06-BRUGELETTE-PCDR-CT05-Gages-2023-09-Vue3D-1024x498.webp 1024w, https:\/\/frw-pcdr.be\/brugelette\/wp-content\/uploads\/ER1\/Brugelette\/Img\/sites\/32\/LT06-BRUGELETTE-PCDR-CT05-Gages-2023-09-Vue3D-300x146.webp 300w, https:\/\/frw-pcdr.be\/brugelette\/wp-content\/uploads\/ER1\/Brugelette\/Img\/sites\/32\/LT06-BRUGELETTE-PCDR-CT05-Gages-2023-09-Vue3D-768x374.webp 768w, https:\/\/frw-pcdr.be\/brugelette\/wp-content\/uploads\/ER1\/Brugelette\/Img\/sites\/32\/LT06-BRUGELETTE-PCDR-CT05-Gages-2023-09-Vue3D-1536x747.webp 1536w, https:\/\/frw-pcdr.be\/brugelette\/wp-content\/uploads\/ER1\/Brugelette\/Img\/sites\/32\/LT06-BRUGELETTE-PCDR-CT05-Gages-2023-09-Vue3D.webp 1685w\" sizes=\"auto, (max-width: 1024px) 100vw, 1024px\" \/><\/figure>\n<\/div>\n\n\n\n<div class=\"wp-block-column is-layout-flow wp-block-column-is-layout-flow\" style=\"padding-right:0;padding-left:0\">\n<h2 class=\"wp-block-heading\" style=\"margin-right:1.5vh;margin-left:1.5vh\">Structurer les d\u00e9placements au fil de la Dendre et s&rsquo;accrocher au r\u00e9seau intercommunal<\/h2>\n\n\n\n<p style=\"margin-top:0.5rem;margin-right:1.5vh;margin-bottom:0.5rem;margin-left:1.5vh\">Le projet vise \u00e0 am\u00e9nager un axe structurant, un itin\u00e9raire lent \u00e0 vocation quotidienne et touristique, au fil de la Dendre et de la Dendrelette pour relier l&rsquo;ensemble des villages et espaces publics majeurs de la Commune.<\/p>\n\n\n\n<div class=\"wp-block-buttons is-content-justification-left is-layout-flex wp-container-core-buttons-is-layout-4395d7bd wp-block-buttons-is-layout-flex\" style=\"padding-right:1.5vh;padding-left:1.5vh\">\n<div class=\"wp-block-button\"><a class=\"wp-block-button__link wp-element-button\" href=\"https:\/\/frw-pcdr.be\/brugelette\/wp-content\/uploads\/ER1\/Brugelette\/Doc\/Realisations\/Liaison_GagesBrugelette_fiche_actu.pdf\" target=\"_blank\" rel=\"noreferrer noopener\">Fiche-projet actualis\u00e9e<\/a><\/div>\n<\/div>\n\n\n\n<figure class=\"wp-block-image size-large\"><img loading=\"lazy\" decoding=\"async\" width=\"1024\" height=\"685\" src=\"http:\/\/frw-pcdr.be\/brugelette\/wp-content\/uploads\/ER1\/Brugelette\/Img\/sites\/32\/FP-CT02-Brug-1024x685.webp\" alt=\"\" class=\"wp-image-1083\" srcset=\"https:\/\/frw-pcdr.be\/brugelette\/wp-content\/uploads\/ER1\/Brugelette\/Img\/sites\/32\/FP-CT02-Brug-1024x685.webp 1024w, https:\/\/frw-pcdr.be\/brugelette\/wp-content\/uploads\/ER1\/Brugelette\/Img\/sites\/32\/FP-CT02-Brug-300x201.webp 300w, https:\/\/frw-pcdr.be\/brugelette\/wp-content\/uploads\/ER1\/Brugelette\/Img\/sites\/32\/FP-CT02-Brug-768x513.webp 768w, https:\/\/frw-pcdr.be\/brugelette\/wp-content\/uploads\/ER1\/Brugelette\/Img\/sites\/32\/FP-CT02-Brug-1536x1027.webp 1536w, https:\/\/frw-pcdr.be\/brugelette\/wp-content\/uploads\/ER1\/Brugelette\/Img\/sites\/32\/FP-CT02-Brug.webp 2000w\" sizes=\"auto, (max-width: 1024px) 100vw, 1024px\" \/><\/figure>\n<\/div>\n<\/div>\n\n\n\n<hr class=\"wp-block-separator has-text-color has-ast-global-color-1-color has-alpha-channel-opacity has-ast-global-color-1-background-color has-background is-style-wide\" \/>\n\n\n\n<div class=\"wp-block-columns is-layout-flex wp-container-core-columns-is-layout-a531a0f7 wp-block-columns-is-layout-flex\" style=\"padding-right:0;padding-left:0\">\n<div class=\"wp-block-column is-layout-flow wp-block-column-is-layout-flow\">\n<h2 class=\"wp-block-heading\" style=\"margin-right:1.5vh;margin-left:1.5vh\">Renforcer la centralit\u00e9 de Brugelette par la r\u00e9alisation d&rsquo;un sch\u00e9ma d&rsquo;orientation local<\/h2>\n\n\n\n<p style=\"margin-top:0.5rem;margin-right:1.5vh;margin-bottom:0.5rem;margin-left:1.5vh\">Le projet vise&nbsp; \u00e0 mettre en place un outil d&rsquo;orientation, de gestion et de programmation du d\u00e9veloppement du centre de l&rsquo;entit\u00e9 de Brugelette dont l&rsquo;objectif sera de : <\/p>\n\n\n\n<p style=\"margin-top:0.5rem;margin-right:1.5vh;margin-bottom:0.5rem;margin-left:1.5vh\">-Assurer le r\u00f4le de centralit\u00e9 et maintenir voire relancer une dynamique sociale et \u00e9conomique au centre-bourg<\/p>\n\n\n\n<p style=\"margin-top:0.5rem;margin-right:1.5vh;margin-bottom:0.5rem;margin-left:1.5vh\">-(Re)structurer et densifier le centre de Brugelette<\/p>\n\n\n\n<p style=\"margin-top:0.5rem;margin-right:1.5vh;margin-bottom:0.5rem;margin-left:1.5vh\">-Coordonner et phaser les diff\u00e9rents projets en cours<\/p>\n\n\n\n<div class=\"wp-block-buttons is-content-justification-left is-layout-flex wp-container-core-buttons-is-layout-4395d7bd wp-block-buttons-is-layout-flex\" style=\"padding-right:1.5vh;padding-left:1.5vh\">\n<div class=\"wp-block-button\"><a class=\"wp-block-button__link wp-element-button\" href=\"https:\/\/frw-pcdr.be\/brugelette\/wp-content\/uploads\/ER1\/Brugelette\/Doc\/PCDR\/Brugelette_Partie_V.pdf#Page=3\" target=\"_blank\" rel=\"noreferrer noopener\">Vers la partie V<\/a><\/div>\n<\/div>\n\n\n\n<figure class=\"wp-block-image aligncenter size-full is-resized\"><img loading=\"lazy\" decoding=\"async\" width=\"640\" height=\"427\" src=\"http:\/\/frw-pcdr.be\/brugelette\/wp-content\/uploads\/ER1\/Brugelette\/Img\/sites\/32\/Orientation-Brugelette-ct01.jpg\" alt=\"\" class=\"wp-image-1082\" style=\"width:544px;height:auto\" srcset=\"https:\/\/frw-pcdr.be\/brugelette\/wp-content\/uploads\/ER1\/Brugelette\/Img\/sites\/32\/Orientation-Brugelette-ct01.jpg 640w, https:\/\/frw-pcdr.be\/brugelette\/wp-content\/uploads\/ER1\/Brugelette\/Img\/sites\/32\/Orientation-Brugelette-ct01-300x200.jpg 300w\" sizes=\"auto, (max-width: 640px) 100vw, 640px\" \/><\/figure>\n<\/div>\n\n\n\n<div class=\"wp-block-column is-layout-flow wp-block-column-is-layout-flow\">\n<h2 class=\"wp-block-heading\" style=\"margin-right:1.5vh;margin-left:1.5vh\">Cr\u00e9er une structure d&rsquo;accueil dans le parc communal de Brugelette &#8211; Am\u00e9nager les espaces publics comme \u00e9l\u00e9ments de liaison entre les polarit\u00e9s et la Dendre<\/h2>\n\n\n\n<p style=\"margin-top:0.5rem;margin-right:1.5vh;margin-bottom:0.5rem;margin-left:1.5vh\">Le projet vise la valorisation du parc communal (jardin \u00e9quip\u00e9 au regard de la strat\u00e9gie) au centre de Brugelette, infrastructure publique majeure de la commune largement reconnue par la population, notamment par l&rsquo;installation d&rsquo;un kiosque.<\/p>\n\n\n\n<div class=\"wp-block-buttons is-content-justification-left is-layout-flex wp-container-core-buttons-is-layout-4395d7bd wp-block-buttons-is-layout-flex\" style=\"padding-right:1.5vh;padding-left:1.5vh\">\n<div class=\"wp-block-button\"><a class=\"wp-block-button__link wp-element-button\" href=\"https:\/\/frw-pcdr.be\/brugelette\/wp-content\/uploads\/ER1\/Brugelette\/Doc\/PCDR\/Brugelette_Partie_V.pdf#Page=65\" target=\"_blank\" rel=\"noreferrer noopener\">Vers la partie V<\/a><\/div>\n<\/div>\n\n\n\n<figure class=\"wp-block-image size-large\"><img loading=\"lazy\" decoding=\"async\" width=\"1024\" height=\"685\" src=\"http:\/\/frw-pcdr.be\/brugelette\/wp-content\/uploads\/ER1\/Brugelette\/Img\/sites\/32\/parc-communal-1024x685.webp\" alt=\"\" class=\"wp-image-1090\" srcset=\"https:\/\/frw-pcdr.be\/brugelette\/wp-content\/uploads\/ER1\/Brugelette\/Img\/sites\/32\/parc-communal-1024x685.webp 1024w, https:\/\/frw-pcdr.be\/brugelette\/wp-content\/uploads\/ER1\/Brugelette\/Img\/sites\/32\/parc-communal-300x201.webp 300w, https:\/\/frw-pcdr.be\/brugelette\/wp-content\/uploads\/ER1\/Brugelette\/Img\/sites\/32\/parc-communal-768x514.webp 768w, https:\/\/frw-pcdr.be\/brugelette\/wp-content\/uploads\/ER1\/Brugelette\/Img\/sites\/32\/parc-communal.webp 1500w\" sizes=\"auto, (max-width: 1024px) 100vw, 1024px\" \/><\/figure>\n<\/div>\n\n\n\n<div class=\"wp-block-column is-layout-flow wp-block-column-is-layout-flow\" style=\"padding-right:0;padding-left:0\">\n<h2 class=\"wp-block-heading\" style=\"margin-right:1.5vh;margin-left:1.5vh\">Place d&rsquo;Attre &#8211; Am\u00e9nager les espaces publics comme \u00e9l\u00e9ments de liaison entre les polarit\u00e9s et la Dendre <\/h2>\n\n\n\n<p style=\"margin-top:0.5rem;margin-right:1.5vh;margin-bottom:0.5rem;margin-left:1.5vh\">Dans la foul\u00e9e des am\u00e9nagements de coeur de village et d&rsquo;espaces publics au fil de la Dendre, il est pr\u00e9vu de renforcer la convivialit\u00e9 de la place d&rsquo;Attre, lien entre la maison de village, l&rsquo;\u00e9glise, le jeu de balle pelote et le ch\u00e2teau.<\/p>\n\n\n\n<div class=\"wp-block-buttons is-content-justification-left is-layout-flex wp-container-core-buttons-is-layout-4395d7bd wp-block-buttons-is-layout-flex\" style=\"padding-right:1.5vh;padding-left:1.5vh\">\n<div class=\"wp-block-button\"><a class=\"wp-block-button__link wp-element-button\" href=\"https:\/\/frw-pcdr.be\/brugelette\/wp-content\/uploads\/ER1\/Brugelette\/Doc\/PCDR\/Brugelette_Partie_V.pdf#Page=98\" target=\"_blank\" rel=\"noreferrer noopener\">Vers la partie V<\/a><\/div>\n<\/div>\n\n\n\n<div style=\"height:7px\" aria-hidden=\"true\" class=\"wp-block-spacer\"><\/div>\n\n\n\n<figure class=\"wp-block-image size-large\"><img loading=\"lazy\" decoding=\"async\" width=\"1024\" height=\"768\" src=\"http:\/\/frw-pcdr.be\/brugelette\/wp-content\/uploads\/ER1\/Brugelette\/Img\/sites\/32\/FP-LT01-ATTRE-Rue-de-lObelisque-place-du-jeu-de-balle-2-lt01-1024x768.webp\" alt=\"\" class=\"wp-image-1085\" srcset=\"https:\/\/frw-pcdr.be\/brugelette\/wp-content\/uploads\/ER1\/Brugelette\/Img\/sites\/32\/FP-LT01-ATTRE-Rue-de-lObelisque-place-du-jeu-de-balle-2-lt01-1024x768.webp 1024w, https:\/\/frw-pcdr.be\/brugelette\/wp-content\/uploads\/ER1\/Brugelette\/Img\/sites\/32\/FP-LT01-ATTRE-Rue-de-lObelisque-place-du-jeu-de-balle-2-lt01-300x225.webp 300w, https:\/\/frw-pcdr.be\/brugelette\/wp-content\/uploads\/ER1\/Brugelette\/Img\/sites\/32\/FP-LT01-ATTRE-Rue-de-lObelisque-place-du-jeu-de-balle-2-lt01-768x576.webp 768w, https:\/\/frw-pcdr.be\/brugelette\/wp-content\/uploads\/ER1\/Brugelette\/Img\/sites\/32\/FP-LT01-ATTRE-Rue-de-lObelisque-place-du-jeu-de-balle-2-lt01-1536x1152.webp 1536w, https:\/\/frw-pcdr.be\/brugelette\/wp-content\/uploads\/ER1\/Brugelette\/Img\/sites\/32\/FP-LT01-ATTRE-Rue-de-lObelisque-place-du-jeu-de-balle-2-lt01.webp 2000w\" sizes=\"auto, (max-width: 1024px) 100vw, 1024px\" \/><\/figure>\n<\/div>\n<\/div>\n\n\n\n<hr class=\"wp-block-separator has-text-color has-ast-global-color-1-color has-alpha-channel-opacity has-ast-global-color-1-background-color has-background is-style-wide\" \/>\n\n\n\n<div class=\"wp-block-columns is-layout-flex wp-container-core-columns-is-layout-a531a0f7 wp-block-columns-is-layout-flex\" style=\"padding-right:0;padding-left:0\">\n<div class=\"wp-block-column is-layout-flow wp-block-column-is-layout-flow\">\n<h2 class=\"wp-block-heading\" style=\"margin-right:1.5vh;margin-left:1.5vh\">Proposer des actions favorables \u00e0 l&rsquo;environnement<\/h2>\n\n\n\n<p>Le projet consiste \u00e0 organiser des actions de sensibilisation de la population brugelettoise \u00e0 la gestion des d\u00e9chets, au compostage, \u00e0 l&rsquo;utilisation rationnelle de l&rsquo;\u00e9nergie, de l&rsquo;eau, aux \u00e9nergies renouvelables.<\/p>\n\n\n\n<div class=\"wp-block-buttons is-content-justification-left is-layout-flex wp-container-core-buttons-is-layout-4395d7bd wp-block-buttons-is-layout-flex\" style=\"padding-right:1.5vh;padding-left:1.5vh\">\n<div class=\"wp-block-button\"><a class=\"wp-block-button__link wp-element-button\" href=\"https:\/\/frw-pcdr.be\/brugelette\/wp-content\/uploads\/ER1\/Brugelette\/Doc\/PCDR\/Brugelette_Partie_V.pdf#Page=95\" target=\"_blank\" rel=\"noreferrer noopener\">Vers la partie V<\/a><\/div>\n<\/div>\n\n\n\n<figure class=\"wp-block-image size-large\"><img loading=\"lazy\" decoding=\"async\" width=\"1024\" height=\"685\" src=\"http:\/\/frw-pcdr.be\/brugelette\/wp-content\/uploads\/ER1\/Brugelette\/Img\/sites\/32\/Arbre-1024x685.webp\" alt=\"\" class=\"wp-image-1089\" srcset=\"https:\/\/frw-pcdr.be\/brugelette\/wp-content\/uploads\/ER1\/Brugelette\/Img\/sites\/32\/Arbre-1024x685.webp 1024w, https:\/\/frw-pcdr.be\/brugelette\/wp-content\/uploads\/ER1\/Brugelette\/Img\/sites\/32\/Arbre-300x201.webp 300w, https:\/\/frw-pcdr.be\/brugelette\/wp-content\/uploads\/ER1\/Brugelette\/Img\/sites\/32\/Arbre-768x513.webp 768w, https:\/\/frw-pcdr.be\/brugelette\/wp-content\/uploads\/ER1\/Brugelette\/Img\/sites\/32\/Arbre-1536x1027.webp 1536w, https:\/\/frw-pcdr.be\/brugelette\/wp-content\/uploads\/ER1\/Brugelette\/Img\/sites\/32\/Arbre.webp 2000w\" sizes=\"auto, (max-width: 1024px) 100vw, 1024px\" \/><\/figure>\n<\/div>\n\n\n\n<div class=\"wp-block-column is-layout-flow wp-block-column-is-layout-flow\">\n<h2 class=\"wp-block-heading\" style=\"margin-right:1.5vh;margin-left:1.5vh\">R\u00e9habiliter la Chapelle des Carmes en Maison rurale<\/h2>\n\n\n\n<p style=\"margin-top:0.5rem;margin-right:1.5vh;margin-bottom:0.5rem;margin-left:1.5vh\">Il est propos\u00e9 de mutualiser les investissements et de rassembler en un seul lieu les espaces indispensables pour la culture, la convivialit\u00e9 et l&rsquo;\u00e9panouissement de chacun permettant de r\u00e9pondre aux attentes des citoyens tout en visant une optimisation des \u00e9quipements de proximit\u00e9 en lien avec les \u00e9changes supra-communaux.<\/p>\n\n\n\n<div class=\"wp-block-buttons is-content-justification-left is-layout-flex wp-container-core-buttons-is-layout-4395d7bd wp-block-buttons-is-layout-flex\" style=\"padding-right:1.5vh;padding-left:1.5vh\">\n<div class=\"wp-block-button\"><a class=\"wp-block-button__link wp-element-button\" href=\"https:\/\/frw-pcdr.be\/brugelette\/wp-content\/uploads\/ER1\/Brugelette\/Doc\/PCDR\/Brugelette_Partie_V.pdf#Page=103\" target=\"_blank\" rel=\"noreferrer noopener\">Vers la partie V<\/a><\/div>\n<\/div>\n\n\n\n<figure class=\"wp-block-image aligncenter size-large is-resized\"><img loading=\"lazy\" decoding=\"async\" width=\"1024\" height=\"683\" src=\"http:\/\/frw-pcdr.be\/brugelette\/wp-content\/uploads\/ER1\/Brugelette\/Img\/sites\/32\/20251120-Brugelette_Chapelle-des-Carmes-53-1024x683.webp\" alt=\"\" class=\"wp-image-1105\" style=\"width:412px;height:auto\" srcset=\"https:\/\/frw-pcdr.be\/brugelette\/wp-content\/uploads\/ER1\/Brugelette\/Img\/sites\/32\/20251120-Brugelette_Chapelle-des-Carmes-53-1024x683.webp 1024w, https:\/\/frw-pcdr.be\/brugelette\/wp-content\/uploads\/ER1\/Brugelette\/Img\/sites\/32\/20251120-Brugelette_Chapelle-des-Carmes-53-300x200.webp 300w, https:\/\/frw-pcdr.be\/brugelette\/wp-content\/uploads\/ER1\/Brugelette\/Img\/sites\/32\/20251120-Brugelette_Chapelle-des-Carmes-53-768x512.webp 768w, https:\/\/frw-pcdr.be\/brugelette\/wp-content\/uploads\/ER1\/Brugelette\/Img\/sites\/32\/20251120-Brugelette_Chapelle-des-Carmes-53-1536x1024.webp 1536w, https:\/\/frw-pcdr.be\/brugelette\/wp-content\/uploads\/ER1\/Brugelette\/Img\/sites\/32\/20251120-Brugelette_Chapelle-des-Carmes-53-2048x1366.webp 2048w\" sizes=\"auto, (max-width: 1024px) 100vw, 1024px\" \/><\/figure>\n<\/div>\n\n\n\n<div class=\"wp-block-column is-layout-flow wp-block-column-is-layout-flow\" style=\"padding-right:0;padding-left:0\">\n<h2 class=\"wp-block-heading\" style=\"margin-right:1.5vh;margin-left:1.5vh\">Mettre sur pied une activit\u00e9 f\u00e9d\u00e9ratrice pour la commune de Brugelette&nbsp;<\/h2>\n\n\n\n<p style=\"margin-top:0.5rem;margin-right:1.5vh;margin-bottom:0.5rem;margin-left:1.5vh\">Le projet vise \u00e0 organiser des activit\u00e9s de placemaking autour de la Dendre et sur les places publiques nouvellement am\u00e9nag\u00e9es. Plus largement, il vise \u00e0 promouvoir l&rsquo;int\u00e9gration des habitants par des activit\u00e9s ludiques et interactives.<\/p>\n\n\n\n<div class=\"wp-block-buttons is-content-justification-left is-layout-flex wp-container-core-buttons-is-layout-4395d7bd wp-block-buttons-is-layout-flex\" style=\"padding-right:1.5vh;padding-left:1.5vh\">\n<div class=\"wp-block-button\"><a class=\"wp-block-button__link wp-element-button\" href=\"https:\/\/frw-pcdr.be\/brugelette\/wp-content\/uploads\/ER1\/Brugelette\/Doc\/PCDR\/Brugelette_Partie_V.pdf#Page=18\" target=\"_blank\" rel=\"noreferrer noopener\">Vers la partie V<\/a><\/div>\n<\/div>\n\n\n\n<figure class=\"wp-block-image size-large\"><img loading=\"lazy\" decoding=\"async\" width=\"1024\" height=\"576\" src=\"http:\/\/frw-pcdr.be\/brugelette\/wp-content\/uploads\/ER1\/Brugelette\/Img\/sites\/32\/FP-CT-03-Brug-1024x576.webp\" alt=\"\" class=\"wp-image-1086\" srcset=\"https:\/\/frw-pcdr.be\/brugelette\/wp-content\/uploads\/ER1\/Brugelette\/Img\/sites\/32\/FP-CT-03-Brug-1024x576.webp 1024w, https:\/\/frw-pcdr.be\/brugelette\/wp-content\/uploads\/ER1\/Brugelette\/Img\/sites\/32\/FP-CT-03-Brug-300x169.webp 300w, https:\/\/frw-pcdr.be\/brugelette\/wp-content\/uploads\/ER1\/Brugelette\/Img\/sites\/32\/FP-CT-03-Brug-768x432.webp 768w, https:\/\/frw-pcdr.be\/brugelette\/wp-content\/uploads\/ER1\/Brugelette\/Img\/sites\/32\/FP-CT-03-Brug-1536x864.webp 1536w, https:\/\/frw-pcdr.be\/brugelette\/wp-content\/uploads\/ER1\/Brugelette\/Img\/sites\/32\/FP-CT-03-Brug-2048x1152.webp 2048w\" sizes=\"auto, (max-width: 1024px) 100vw, 1024px\" \/><\/figure>\n<\/div>\n<\/div>\n\n\n\n<div style=\"height:20px\" aria-hidden=\"true\" class=\"wp-block-spacer\"><\/div>\n<\/div>\n\n\n\n<hr class=\"wp-block-separator has-text-color has-ast-global-color-1-color has-alpha-channel-opacity has-ast-global-color-1-background-color has-background is-style-wide\" \/>\n\n\n\n<div class=\"wp-block-group alignfull has-background is-layout-constrained wp-container-core-group-is-layout-b1a27b7e wp-block-group-is-layout-constrained\" style=\"background:linear-gradient(181deg,rgb(68,85,79) 0%,rgb(111,148,135) 100%);padding-top:var(--wp--preset--spacing--60);padding-right:3vw;padding-bottom:var(--wp--preset--spacing--50);padding-left:3vw\">\n<h1 class=\"wp-block-heading has-ast-global-color-3-color has-text-color has-link-color wp-elements-007cadb0cffd688496fe49ffde4a8e37\" style=\"padding-top:0;padding-right:1.5vh;padding-bottom:0;padding-left:1.5vh;font-size:3.5vh;letter-spacing:0px\">Termin\u00e9es<\/h1>\n\n\n\n<hr class=\"wp-block-separator has-text-color has-ast-global-color-1-color has-alpha-channel-opacity has-ast-global-color-1-background-color has-background is-style-wide\" \/>\n\n\n\n<div class=\"wp-block-columns is-layout-flex wp-container-core-columns-is-layout-a531a0f7 wp-block-columns-is-layout-flex\" style=\"padding-right:0;padding-left:0\">\n<div class=\"wp-block-column is-layout-flow wp-block-column-is-layout-flow\">\n<h2 class=\"wp-block-heading has-ast-global-color-3-color has-text-color has-link-color wp-elements-1f0195efbea1d801270963107c42b474\" style=\"margin-top:0;margin-right:1.5vh;margin-bottom:0;margin-left:1.5vh\">Attre &#8211; R\u00e9habiliter l&rsquo;ancienne cure en Maison de village et logements<\/h2>\n\n\n\n<p class=\"has-ast-global-color-3-color has-text-color has-link-color wp-elements-605b42270442f51d0b800c15b79cf363\" style=\"margin-top:0.5rem;margin-right:1.5vh;margin-bottom:0.5rem;margin-left:1.5vh\">L&rsquo;ambition du projet est de proposer un espace polyvalent de rencontre et de convivialit\u00e9 capable d&rsquo;accueillir les diverses activit\u00e9s villageoises et des associations locales culturelles et sportives actives sur le territoire de Brugelette. Le projet visera \u00e9galement la cr\u00e9ation de deux logements d&rsquo;insertion.<\/p>\n\n\n\n<p class=\"has-ast-global-color-3-color has-text-color has-link-color wp-elements-5054baae5b6dc2a1e752b17df6ba7361\" style=\"margin-top:0.5rem;margin-right:1.5vh;margin-bottom:0.5rem;margin-left:1.5vh\">La Maison de village d&rsquo;Attre a \u00e9t\u00e9 inaugur\u00e9 le 08 d\u00e9cembre 2023.<\/p>\n\n\n\n<div class=\"wp-block-buttons is-content-justification-left is-layout-flex wp-container-core-buttons-is-layout-4395d7bd wp-block-buttons-is-layout-flex\" style=\"padding-right:1.5vh;padding-left:1.5vh\">\n<div class=\"wp-block-button\"><a class=\"wp-block-button__link wp-element-button\" href=\"https:\/\/frw-pcdr.be\/brugelette\/wp-content\/uploads\/ER1\/Brugelette\/Doc\/PCDR\/Brugelette_Partie_V.pdf#Page=23\" target=\"_blank\" rel=\"noreferrer noopener\">Vers la partie V<\/a><\/div>\n<\/div>\n\n\n\n<figure class=\"wp-block-image size-large\"><img loading=\"lazy\" decoding=\"async\" width=\"2560\" height=\"1707\" src=\"https:\/\/frw-pcdr.be\/brugelette\/wp-content\/uploads\/ER1\/Brugelette\/Img\/sites\/32\/CT04-BRUGELETTE-MdVAttre-2023-09-1-edited-scaled.webp\" alt=\"\" class=\"wp-image-1141\" srcset=\"https:\/\/frw-pcdr.be\/brugelette\/wp-content\/uploads\/ER1\/Brugelette\/Img\/sites\/32\/CT04-BRUGELETTE-MdVAttre-2023-09-1-edited-scaled.webp 2560w, https:\/\/frw-pcdr.be\/brugelette\/wp-content\/uploads\/ER1\/Brugelette\/Img\/sites\/32\/CT04-BRUGELETTE-MdVAttre-2023-09-1-edited-300x200.webp 300w, https:\/\/frw-pcdr.be\/brugelette\/wp-content\/uploads\/ER1\/Brugelette\/Img\/sites\/32\/CT04-BRUGELETTE-MdVAttre-2023-09-1-edited-1024x683.webp 1024w, https:\/\/frw-pcdr.be\/brugelette\/wp-content\/uploads\/ER1\/Brugelette\/Img\/sites\/32\/CT04-BRUGELETTE-MdVAttre-2023-09-1-edited-768x512.webp 768w, https:\/\/frw-pcdr.be\/brugelette\/wp-content\/uploads\/ER1\/Brugelette\/Img\/sites\/32\/CT04-BRUGELETTE-MdVAttre-2023-09-1-edited-1536x1024.webp 1536w, https:\/\/frw-pcdr.be\/brugelette\/wp-content\/uploads\/ER1\/Brugelette\/Img\/sites\/32\/CT04-BRUGELETTE-MdVAttre-2023-09-1-edited-2048x1366.webp 2048w\" sizes=\"auto, (max-width: 2560px) 100vw, 2560px\" \/><\/figure>\n<\/div>\n\n\n\n<div class=\"wp-block-column is-layout-flow wp-block-column-is-layout-flow\">\n<h2 class=\"wp-block-heading has-ast-global-color-3-color has-text-color has-link-color wp-elements-6e6903b965f165dcad0d12295adad77e\" style=\"margin-right:1.5vh;margin-left:1.5vh\">C\u0153ur de Brugelette &#8211; Am\u00e9nager les espaces publics comme \u00e9l\u00e9ments de liaison entre les polarit\u00e9s et la Dendre<\/h2>\n\n\n\n<p class=\"has-ast-global-color-3-color has-text-color has-link-color wp-elements-fe1a2efad5a60ee262543184e67bce59\" style=\"margin-top:0.5rem;margin-right:1.5vh;margin-bottom:0.5rem;margin-left:1.5vh\">Le projet vise prioritairement la requalification de la Grand&rsquo;Place de Brugelette et \u00e0 plus long terme dans ses prolongements sur les voiries attenantes et ce, pour faire le lien jusqu&rsquo;\u00e0 la Dendre, le quartier de la Sucrerie et la Place de la R\u00e9sistance et au Sud avec la halte ferroviaire <\/p>\n\n\n\n<div class=\"wp-block-buttons is-content-justification-left is-layout-flex wp-container-core-buttons-is-layout-4395d7bd wp-block-buttons-is-layout-flex\" style=\"padding-right:1.5vh;padding-left:1.5vh\">\n<div class=\"wp-block-button\"><a class=\"wp-block-button__link wp-element-button\" href=\"https:\/\/frw-pcdr.be\/brugelette\/wp-content\/uploads\/ER1\/Brugelette\/Doc\/PCDR\/Brugelette_Partie_V.pdf#Page=36\" target=\"_blank\" rel=\"noreferrer noopener\">Vers la partie V<\/a><\/div>\n<\/div>\n\n\n\n<figure class=\"wp-block-image size-large is-resized\"><img loading=\"lazy\" decoding=\"async\" width=\"1024\" height=\"683\" src=\"http:\/\/frw-pcdr.be\/brugelette\/wp-content\/uploads\/ER1\/Brugelette\/Img\/sites\/32\/BRUGELETTE-photo-accueil-1024x683.webp\" alt=\"Rassemblement de personnes sur une place publique bord\u00e9e de b\u00e2timents, lors d\u2019un \u00e9v\u00e9nement en plein air.\" class=\"wp-image-1046\" style=\"width:436px;height:auto\" srcset=\"https:\/\/frw-pcdr.be\/brugelette\/wp-content\/uploads\/ER1\/Brugelette\/Img\/sites\/32\/BRUGELETTE-photo-accueil-1024x683.webp 1024w, https:\/\/frw-pcdr.be\/brugelette\/wp-content\/uploads\/ER1\/Brugelette\/Img\/sites\/32\/BRUGELETTE-photo-accueil-300x200.webp 300w, https:\/\/frw-pcdr.be\/brugelette\/wp-content\/uploads\/ER1\/Brugelette\/Img\/sites\/32\/BRUGELETTE-photo-accueil-768x512.webp 768w, https:\/\/frw-pcdr.be\/brugelette\/wp-content\/uploads\/ER1\/Brugelette\/Img\/sites\/32\/BRUGELETTE-photo-accueil-1536x1024.webp 1536w, https:\/\/frw-pcdr.be\/brugelette\/wp-content\/uploads\/ER1\/Brugelette\/Img\/sites\/32\/BRUGELETTE-photo-accueil.webp 1920w\" sizes=\"auto, (max-width: 1024px) 100vw, 1024px\" \/><\/figure>\n<\/div>\n\n\n\n<div class=\"wp-block-column is-layout-flow wp-block-column-is-layout-flow\" style=\"padding-right:0;padding-left:0\">\n<h2 class=\"wp-block-heading has-ast-global-color-3-color has-text-color has-link-color wp-elements-df0af7d6c02c8b0d5c53704224af5217\" style=\"margin-right:1.5vh;margin-left:1.5vh\"><\/h2>\n\n\n\n<p class=\"has-ast-global-color-3-color has-text-color has-link-color wp-elements-5890f17c62306059c4a67130ec01876d\" style=\"margin-top:0.5rem;margin-right:1.5vh;margin-bottom:0.5rem;margin-left:1.5vh\"><\/p>\n\n\n\n<div class=\"wp-block-buttons is-content-justification-left is-layout-flex wp-container-core-buttons-is-layout-4395d7bd wp-block-buttons-is-layout-flex\" style=\"padding-right:1.5vh;padding-left:1.5vh\"><\/div>\n\n\n<\/div>\n<\/div>\n<\/div>\n\n\n\n<div style=\"height:50px\" aria-hidden=\"true\" class=\"wp-block-spacer\"><\/div>\n\n\n\n<p class=\"has-text-align-center has-ast-global-color-2-color has-text-color has-link-color wp-elements-557f917ff42630a8877ee262e7df4b06\" style=\"padding-right:3vh;padding-left:3vh\"><strong>Envie de d\u00e9couvrir d\u2019autres projets et mesurer l\u2019\u00e9tendue des champs d\u2019action du d\u00e9veloppement rural ? Rendez-vous sur&#8230;<\/strong><\/p>\n\n\n\n<div class=\"wp-block-buttons is-content-justification-center is-layout-flex wp-container-core-buttons-is-layout-a89b3969 wp-block-buttons-is-layout-flex\">\n<div class=\"wp-block-button\"><a class=\"wp-block-button__link wp-element-button\" href=\"https:\/\/www.frw.be\/des-projets-pour\/\" target=\"_blank\" rel=\"noreferrer noopener\"><strong>FRW &#8211; Des projets pour&#8230;<\/strong><\/a><\/div>\n<\/div>\n\n\n\n<div style=\"height:50px\" aria-hidden=\"true\" class=\"wp-block-spacer\"><\/div>\n","protected":false},"excerpt":{"rendered":"<p>En cours Gages &#8211; R\u00e9habiliter l&rsquo;ancienne \u00e9cole communale en Maison de village et logements L&rsquo;ambition du projet est de proposer [&hellip;]<\/p>\n","protected":false},"author":1,"featured_media":1046,"parent":0,"menu_order":3,"comment_status":"closed","ping_status":"closed","template":"","meta":{"site-sidebar-layout":"default","site-content-layout":"","ast-site-content-layout":"default","site-content-style":"default","site-sidebar-style":"default","ast-global-header-display":"","ast-banner-title-visibility":"","ast-main-header-display":"","ast-hfb-above-header-display":"","ast-hfb-below-header-display":"","ast-hfb-mobile-header-display":"","site-post-title":"disabled","ast-breadcrumbs-content":"","ast-featured-img":"disabled","footer-sml-layout":"","ast-disable-related-posts":"","theme-transparent-header-meta":"","adv-header-id-meta":"","stick-header-meta":"","header-above-stick-meta":"","header-main-stick-meta":"","header-below-stick-meta":"","astra-migrate-meta-layouts":"default","ast-page-background-enabled":"default","ast-page-background-meta":{"desktop":{"background-color":"var(--ast-global-color-5)","background-image":"","background-repeat":"repeat","background-position":"center center","background-size":"auto","background-attachment":"scroll","background-type":"","background-media":"","overlay-type":"","overlay-color":"","overlay-opacity":"","overlay-gradient":""},"tablet":{"background-color":"","background-image":"","background-repeat":"repeat","background-position":"center center","background-size":"auto","background-attachment":"scroll","background-type":"","background-media":"","overlay-type":"","overlay-color":"","overlay-opacity":"","overlay-gradient":""},"mobile":{"background-color":"","background-image":"","background-repeat":"repeat","background-position":"center center","background-size":"auto","background-attachment":"scroll","background-type":"","background-media":"","overlay-type":"","overlay-color":"","overlay-opacity":"","overlay-gradient":""}},"ast-content-background-meta":{"desktop":{"background-color":"var(--ast-global-color-4)","background-image":"","background-repeat":"repeat","background-position":"center center","background-size":"auto","background-attachment":"scroll","background-type":"","background-media":"","overlay-type":"","overlay-color":"","overlay-opacity":"","overlay-gradient":""},"tablet":{"background-color":"var(--ast-global-color-4)","background-image":"","background-repeat":"repeat","background-position":"center center","background-size":"auto","background-attachment":"scroll","background-type":"","background-media":"","overlay-type":"","overlay-color":"","overlay-opacity":"","overlay-gradient":""},"mobile":{"background-color":"var(--ast-global-color-4)","background-image":"","background-repeat":"repeat","background-position":"center center","background-size":"auto","background-attachment":"scroll","background-type":"","background-media":"","overlay-type":"","overlay-color":"","overlay-opacity":"","overlay-gradient":""}},"footnotes":""},"class_list":["post-9","page","type-page","status-publish","has-post-thumbnail","hentry"],"_links":{"self":[{"href":"https:\/\/frw-pcdr.be\/brugelette\/wp-json\/wp\/v2\/pages\/9","targetHints":{"allow":["GET"]}}],"collection":[{"href":"https:\/\/frw-pcdr.be\/brugelette\/wp-json\/wp\/v2\/pages"}],"about":[{"href":"https:\/\/frw-pcdr.be\/brugelette\/wp-json\/wp\/v2\/types\/page"}],"author":[{"embeddable":true,"href":"https:\/\/frw-pcdr.be\/brugelette\/wp-json\/wp\/v2\/users\/1"}],"replies":[{"embeddable":true,"href":"https:\/\/frw-pcdr.be\/brugelette\/wp-json\/wp\/v2\/comments?post=9"}],"version-history":[{"count":18,"href":"https:\/\/frw-pcdr.be\/brugelette\/wp-json\/wp\/v2\/pages\/9\/revisions"}],"predecessor-version":[{"id":1144,"href":"https:\/\/frw-pcdr.be\/brugelette\/wp-json\/wp\/v2\/pages\/9\/revisions\/1144"}],"wp:featuredmedia":[{"embeddable":true,"href":"https:\/\/frw-pcdr.be\/brugelette\/wp-json\/wp\/v2\/media\/1046"}],"wp:attachment":[{"href":"https:\/\/frw-pcdr.be\/brugelette\/wp-json\/wp\/v2\/media?parent=9"}],"curies":[{"name":"wp","href":"https:\/\/api.w.org\/{rel}","templated":true}]}}