{"id":330,"date":"2025-10-29T10:49:31","date_gmt":"2025-10-29T09:49:31","guid":{"rendered":"https:\/\/frw-pcdr.be\/onhaye\/?page_id=330"},"modified":"2026-04-30T09:08:30","modified_gmt":"2026-04-30T07:08:30","slug":"actualites","status":"publish","type":"page","link":"https:\/\/frw-pcdr.be\/brugelette\/actualites\/","title":{"rendered":"Actualit\u00e9s"},"content":{"rendered":"\n<div class=\"wp-block-group alignfull is-layout-constrained wp-container-core-group-is-layout-ce46af0e wp-block-group-is-layout-constrained\" style=\"padding-top:0;padding-right:3vw;padding-bottom:3vw;padding-left:3vw\">\n<h1 class=\"wp-block-heading has-text-align-left has-ast-global-color-0-color has-text-color has-link-color wp-elements-4a5e537b25b355149cbbd5be494b8a72\" style=\"margin-top:3rem;padding-top:0;padding-right:1.5vh;padding-bottom:0;padding-left:1.5vh;font-size:3.5vh;letter-spacing:0px\">ACTUALIT\u00c9S<\/h1>\n\n\n\n<h2 class=\"wp-block-heading has-text-align-left has-ast-global-color-1-color has-text-color has-link-color wp-elements-dbd4d0fac0b27ddf9730ade8dcde6000\" style=\"margin-top:var(--wp--preset--spacing--50);margin-right:0;margin-bottom:0;margin-left:0;padding-top:0;padding-right:2vh;padding-bottom:0;padding-left:2vh\">Les derni\u00e8res infos relatives au PCDR de votre commune<\/h2>\n\n\n\n<p style=\"margin-top:var(--wp--preset--spacing--40);margin-bottom:var(--wp--preset--spacing--40);padding-right:2vh;padding-left:2vh\">Projets en cours, inaugurations, r\u00e9unions&#8230;<\/p>\n<\/div>\n\n\n\n<div class=\"wp-block-group alignfull is-layout-constrained wp-block-group-is-layout-constrained\" style=\"margin-bottom:0;padding-top:0rem;padding-bottom:0rem\">\n<div class=\"wp-block-columns has-background is-layout-flex wp-container-core-columns-is-layout-2097dcb0 wp-block-columns-is-layout-flex\" style=\"border-radius:5px;background:linear-gradient(135deg,rgb(68,85,79) 0%,rgb(111,148,135) 100%);padding-top:var(--wp--preset--spacing--30);padding-right:var(--wp--preset--spacing--30);padding-bottom:var(--wp--preset--spacing--60);padding-left:var(--wp--preset--spacing--30)\">\n<div class=\"wp-block-column is-vertically-aligned-center is-layout-flow wp-block-column-is-layout-flow\" style=\"padding-right:0;padding-left:0\">\n<figure class=\"wp-block-image size-large is-resized\"><img loading=\"lazy\" decoding=\"async\" width=\"1024\" height=\"724\" src=\"http:\/\/frw-pcdr.be\/brugelette\/wp-content\/uploads\/ER1\/Brugelette\/Img\/sites\/32\/BRUGELETTE-Itineraires-Promenade-2025-2026-1024x724.webp\" alt=\"Carte de Brugelette, reprenant les diff\u00e9rents trajets de balade\" class=\"wp-image-1160\" style=\"width:853px;height:auto\" srcset=\"https:\/\/frw-pcdr.be\/brugelette\/wp-content\/uploads\/ER1\/Brugelette\/Img\/sites\/32\/BRUGELETTE-Itineraires-Promenade-2025-2026-1024x724.webp 1024w, https:\/\/frw-pcdr.be\/brugelette\/wp-content\/uploads\/ER1\/Brugelette\/Img\/sites\/32\/BRUGELETTE-Itineraires-Promenade-2025-2026-300x212.webp 300w, https:\/\/frw-pcdr.be\/brugelette\/wp-content\/uploads\/ER1\/Brugelette\/Img\/sites\/32\/BRUGELETTE-Itineraires-Promenade-2025-2026-768x543.webp 768w, https:\/\/frw-pcdr.be\/brugelette\/wp-content\/uploads\/ER1\/Brugelette\/Img\/sites\/32\/BRUGELETTE-Itineraires-Promenade-2025-2026-1536x1086.webp 1536w, https:\/\/frw-pcdr.be\/brugelette\/wp-content\/uploads\/ER1\/Brugelette\/Img\/sites\/32\/BRUGELETTE-Itineraires-Promenade-2025-2026.webp 2000w\" sizes=\"auto, (max-width: 1024px) 100vw, 1024px\" \/><\/figure>\n<\/div>\n\n\n\n<div class=\"wp-block-column is-layout-flow wp-block-column-is-layout-flow\" style=\"padding-left:0\">\n<h2 class=\"wp-block-heading has-ast-global-color-3-color has-text-color has-link-color wp-elements-69fac97ef4a76b8662f79235db2649ef\" style=\"padding-top:var(--wp--preset--spacing--40);padding-right:1.5vh;padding-left:1.5vh\">Itin\u00e9raires de promenade<\/h2>\n\n\n\n<h6 class=\"wp-block-heading has-ast-global-color-3-color has-text-color has-link-color wp-elements-2327a2e48eb3dbfa7b53517c17fe8f7f\" style=\"padding-right:1.5vh;padding-left:1.5vh\"><em>Printemps 2026<\/em><\/h6>\n\n\n\n<hr class=\"wp-block-separator has-text-color has-ast-global-color-1-color has-alpha-channel-opacity has-ast-global-color-1-background-color has-background is-style-wide\" \/>\n\n\n\n<p class=\"has-ast-global-color-3-color has-text-color has-link-color wp-elements-d4ea39d927b9b7d8617b9b1ba6c03a67\" style=\"padding-right:1.5vh;padding-left:1.5vh\">Les membres du groupe \u00ab\u00a0Sentier\u00a0\u00bb sont fiers de vous pr\u00e9senter leurs itin\u00e9raires de promenade pour l&rsquo;entit\u00e9. Pour chaque village, une balade vous est propos\u00e9e afin d&rsquo;en d\u00e9couvrir les \u00e9l\u00e9ments sp\u00e9cifiques !<br>Des liaisons vous sont aussi propos\u00e9es entre les diff\u00e9rents villages si vous souhaitez enchainer les balades. Au total, 25,9KM de promenade vous sont propos\u00e9es afin de d\u00e9couvrir la commune de Brugelette.<br><\/p>\n\n\n\n<div class=\"wp-block-buttons is-layout-flex wp-block-buttons-is-layout-flex\" style=\"padding-right:2vh;padding-left:2vh\">\n<div class=\"wp-block-button\"><a class=\"wp-block-button__link wp-element-button\" href=\"https:\/\/www.brugelette.be\/loisirs\/tourisme\/se-balader\" target=\"_blank\" rel=\"noreferrer noopener\">D\u00e9couvrez les balades<\/a><\/div>\n<\/div>\n<\/div>\n<\/div>\n\n\n\n<div style=\"height:40px\" aria-hidden=\"true\" class=\"wp-block-spacer\"><\/div>\n<\/div>\n\n\n\n<div class=\"wp-block-group alignfull is-layout-constrained wp-block-group-is-layout-constrained\" style=\"margin-bottom:0;padding-top:0rem;padding-bottom:0rem\">\n<div class=\"wp-block-columns has-background is-layout-flex wp-container-core-columns-is-layout-2097dcb0 wp-block-columns-is-layout-flex\" style=\"border-radius:5px;background:linear-gradient(135deg,rgb(68,85,79) 0%,rgb(111,148,135) 100%);padding-top:var(--wp--preset--spacing--30);padding-right:var(--wp--preset--spacing--30);padding-bottom:var(--wp--preset--spacing--60);padding-left:var(--wp--preset--spacing--30)\">\n<div class=\"wp-block-column is-vertically-aligned-center is-layout-flow wp-block-column-is-layout-flow\" style=\"padding-right:0;padding-left:0\">\n<figure class=\"wp-block-image size-large is-resized\"><img loading=\"lazy\" decoding=\"async\" width=\"1300\" height=\"867\" src=\"https:\/\/frw-pcdr.be\/brugelette\/wp-content\/uploads\/ER1\/Brugelette\/Img\/sites\/32\/20220316_091519-edited.webp\" alt=\"Chemin enherb\u00e9 au milieu de deux champs\" class=\"wp-image-1119\" style=\"width:853px;height:auto\" srcset=\"https:\/\/frw-pcdr.be\/brugelette\/wp-content\/uploads\/ER1\/Brugelette\/Img\/sites\/32\/20220316_091519-edited.webp 1300w, https:\/\/frw-pcdr.be\/brugelette\/wp-content\/uploads\/ER1\/Brugelette\/Img\/sites\/32\/20220316_091519-edited-300x200.webp 300w, https:\/\/frw-pcdr.be\/brugelette\/wp-content\/uploads\/ER1\/Brugelette\/Img\/sites\/32\/20220316_091519-edited-1024x683.webp 1024w, https:\/\/frw-pcdr.be\/brugelette\/wp-content\/uploads\/ER1\/Brugelette\/Img\/sites\/32\/20220316_091519-edited-768x512.webp 768w\" sizes=\"auto, (max-width: 1300px) 100vw, 1300px\" \/><\/figure>\n<\/div>\n\n\n\n<div class=\"wp-block-column is-layout-flow wp-block-column-is-layout-flow\" style=\"padding-left:0\">\n<h2 class=\"wp-block-heading has-ast-global-color-3-color has-text-color has-link-color wp-elements-081bf85022d8c125936921eaf143d53b\" style=\"padding-top:var(--wp--preset--spacing--40);padding-right:1.5vh;padding-left:1.5vh\">Liaison Gages-Brugelette : obtention de la convention faisabilit\u00e9<\/h2>\n\n\n\n<h6 class=\"wp-block-heading has-ast-global-color-3-color has-text-color has-link-color wp-elements-c52b4ba2c1eb406dbccc4be63059c506\" style=\"padding-right:1.5vh;padding-left:1.5vh\"><em>04 d\u00e9cembre 2025<\/em><\/h6>\n\n\n\n<hr class=\"wp-block-separator has-text-color has-ast-global-color-1-color has-alpha-channel-opacity has-ast-global-color-1-background-color has-background is-style-wide\" \/>\n\n\n\n<p class=\"has-ast-global-color-3-color has-text-color has-link-color wp-elements-fab88bbf85013bbdd1380eb2a2ad6e78\" style=\"padding-right:1.5vh;padding-left:1.5vh\">Le Gouvernement Wallon a annonc\u00e9 l&rsquo;octroi de subside pour plusieurs projets dont le projet de liaison douce entre Gages et Brugelette. L&rsquo;objectif de ce projet est de cr\u00e9er une nouvelle liaison pour favoriser la mobilit\u00e9 douce et offrir aux citoyens des endroits s\u00e9curis\u00e9s, notamment aux abords des \u00e9coles ainsi que de la gare. <\/p>\n\n\n\n<div class=\"wp-block-buttons is-layout-flex wp-block-buttons-is-layout-flex\" style=\"padding-right:2vh;padding-left:2vh\">\n<div class=\"wp-block-button\"><a class=\"wp-block-button__link wp-element-button\" href=\"https:\/\/frw-pcdr.be\/brugelette\/wp-content\/uploads\/ER1\/Brugelette\/Doc\/Realisations\/Liaison_GagesBrugelette_fiche_actu.pdf\" target=\"_blank\" rel=\"noreferrer noopener\">D\u00e9couvrez la fiche-projet actualis\u00e9e<\/a><\/div>\n<\/div>\n<\/div>\n<\/div>\n\n\n\n<div style=\"height:40px\" aria-hidden=\"true\" class=\"wp-block-spacer\"><\/div>\n<\/div>\n\n\n\n<div class=\"wp-block-group alignfull is-layout-constrained wp-block-group-is-layout-constrained\" style=\"margin-bottom:0;padding-top:0rem;padding-bottom:0rem\">\n<div class=\"wp-block-columns has-background is-layout-flex wp-container-core-columns-is-layout-2097dcb0 wp-block-columns-is-layout-flex\" style=\"border-radius:5px;background:linear-gradient(135deg,rgb(68,85,79) 0%,rgb(111,148,135) 100%);padding-top:var(--wp--preset--spacing--30);padding-right:var(--wp--preset--spacing--30);padding-bottom:var(--wp--preset--spacing--60);padding-left:var(--wp--preset--spacing--30)\">\n<div class=\"wp-block-column is-vertically-aligned-center is-layout-flow wp-block-column-is-layout-flow\" style=\"padding-right:0;padding-left:0\">\n<figure class=\"wp-block-image size-large\"><img loading=\"lazy\" decoding=\"async\" width=\"2560\" height=\"1707\" src=\"https:\/\/frw-pcdr.be\/brugelette\/wp-content\/uploads\/ER1\/Brugelette\/Img\/sites\/32\/DSC_0756-edited-1-scaled.webp\" alt=\"\" class=\"wp-image-1116\" srcset=\"https:\/\/frw-pcdr.be\/brugelette\/wp-content\/uploads\/ER1\/Brugelette\/Img\/sites\/32\/DSC_0756-edited-1-scaled.webp 2560w, https:\/\/frw-pcdr.be\/brugelette\/wp-content\/uploads\/ER1\/Brugelette\/Img\/sites\/32\/DSC_0756-edited-1-300x200.webp 300w, https:\/\/frw-pcdr.be\/brugelette\/wp-content\/uploads\/ER1\/Brugelette\/Img\/sites\/32\/DSC_0756-edited-1-1024x683.webp 1024w, https:\/\/frw-pcdr.be\/brugelette\/wp-content\/uploads\/ER1\/Brugelette\/Img\/sites\/32\/DSC_0756-edited-1-768x512.webp 768w, https:\/\/frw-pcdr.be\/brugelette\/wp-content\/uploads\/ER1\/Brugelette\/Img\/sites\/32\/DSC_0756-edited-1-1536x1024.webp 1536w, https:\/\/frw-pcdr.be\/brugelette\/wp-content\/uploads\/ER1\/Brugelette\/Img\/sites\/32\/DSC_0756-edited-1-2048x1366.webp 2048w\" sizes=\"auto, (max-width: 2560px) 100vw, 2560px\" \/><\/figure>\n<\/div>\n\n\n\n<div class=\"wp-block-column is-layout-flow wp-block-column-is-layout-flow\" style=\"padding-left:0\">\n<h2 class=\"wp-block-heading has-ast-global-color-3-color has-text-color has-link-color wp-elements-6d3fa0c1090ab337b750970ecaace83f\" style=\"padding-top:var(--wp--preset--spacing--40);padding-right:1.5vh;padding-left:1.5vh\">\u00ab\u00a0Arbre, quel est ton nom ?\u00a0\u00bb<\/h2>\n\n\n\n<h6 class=\"wp-block-heading has-ast-global-color-3-color has-text-color has-link-color wp-elements-2cba839831781718a6d86177b87c7087\" style=\"padding-right:1.5vh;padding-left:1.5vh\"><\/h6>\n\n\n\n<hr class=\"wp-block-separator has-text-color has-ast-global-color-1-color has-alpha-channel-opacity has-ast-global-color-1-background-color has-background is-style-wide\" \/>\n\n\n\n<p class=\"has-ast-global-color-3-color has-text-color has-link-color wp-elements-57669664f9df96d33a7cc9b08a31d177\" style=\"padding-right:1.5vh;padding-left:1.5vh\">Issu de la volont\u00e9 de citoyens et subsidi\u00e9 via BiodiverCit\u00e9, la commune de Brugelette vous invite \u00e0 d\u00e9couvrir le parc communal et ses arbres au travers d&rsquo;une balade. Pour les familles, une brochure d&rsquo;animation vous invitera \u00e0 interagir avec les diff\u00e9rents \u00e9l\u00e9ments du parc.<br><br>Sous l&rsquo;impulsion d&rsquo;un citoyen, plusieurs artistes ont aussi mis \u00e0 disposition des \u0153uvres sur le th\u00e8me de l&rsquo;arbre qu&rsquo;ils vous invitent \u00e0 d\u00e9couvrir dans ce sentier virtuel \u00ab\u00a0Ar(bre)tiste\u00a0\u00bb<br><\/p>\n\n\n\n<div class=\"wp-block-buttons is-layout-flex wp-block-buttons-is-layout-flex\" style=\"padding-right:2vh;padding-left:2vh\">\n<div class=\"wp-block-button\"><a class=\"wp-block-button__link wp-element-button\" href=\"https:\/\/frw-pcdr.be\/brugelette\/wp-content\/uploads\/ER1\/Brugelette\/Doc\/Realisations\/Arbre_quel_est_ton_nom_Wordpress.pdf\" target=\"_blank\" rel=\"noreferrer noopener\">Toutes les infos<\/a><\/div>\n\n\n\n<div class=\"wp-block-button\"><a class=\"wp-block-button__link wp-element-button\" href=\"https:\/\/frw-pcdr.be\/brugelette\/wp-content\/uploads\/ER1\/Brugelette\/Doc\/Realisations\/Brochure_animation_nature.pdf\" target=\"_blank\" rel=\"noreferrer noopener\">Brochure d&rsquo;animation<\/a><\/div>\n\n\n\n<div class=\"wp-block-button\"><a class=\"wp-block-button__link wp-element-button\" href=\"https:\/\/frw-pcdr.be\/brugelette\/wp-content\/uploads\/ER1\/Brugelette\/Doc\/Realisations\/Arbretiste_Wordpress.pdf\" target=\"_blank\" rel=\"noreferrer noopener\">Ar(bre)tiste<\/a><\/div>\n<\/div>\n<\/div>\n<\/div>\n<\/div>\n\n\n\n<div style=\"height:40px\" aria-hidden=\"true\" class=\"wp-block-spacer\"><\/div>\n\n\n\n<div style=\"height:40px\" aria-hidden=\"true\" class=\"wp-block-spacer\"><\/div>\n","protected":false},"excerpt":{"rendered":"<p>ACTUALIT\u00c9S Les derni\u00e8res infos relatives au PCDR de votre commune Projets en cours, inaugurations, r\u00e9unions&#8230; Itin\u00e9raires de promenade Printemps 2026 [&hellip;]<\/p>\n","protected":false},"author":1,"featured_media":1046,"parent":0,"menu_order":1,"comment_status":"closed","ping_status":"closed","template":"","meta":{"site-sidebar-layout":"default","site-content-layout":"","ast-site-content-layout":"default","site-content-style":"default","site-sidebar-style":"default","ast-global-header-display":"","ast-banner-title-visibility":"","ast-main-header-display":"","ast-hfb-above-header-display":"","ast-hfb-below-header-display":"","ast-hfb-mobile-header-display":"","site-post-title":"disabled","ast-breadcrumbs-content":"","ast-featured-img":"disabled","footer-sml-layout":"","ast-disable-related-posts":"","theme-transparent-header-meta":"","adv-header-id-meta":"","stick-header-meta":"","header-above-stick-meta":"","header-main-stick-meta":"","header-below-stick-meta":"","astra-migrate-meta-layouts":"default","ast-page-background-enabled":"default","ast-page-background-meta":{"desktop":{"background-color":"var(--ast-global-color-5)","background-image":"","background-repeat":"repeat","background-position":"center center","background-size":"auto","background-attachment":"scroll","background-type":"","background-media":"","overlay-type":"","overlay-color":"","overlay-opacity":"","overlay-gradient":""},"tablet":{"background-color":"","background-image":"","background-repeat":"repeat","background-position":"center center","background-size":"auto","background-attachment":"scroll","background-type":"","background-media":"","overlay-type":"","overlay-color":"","overlay-opacity":"","overlay-gradient":""},"mobile":{"background-color":"","background-image":"","background-repeat":"repeat","background-position":"center center","background-size":"auto","background-attachment":"scroll","background-type":"","background-media":"","overlay-type":"","overlay-color":"","overlay-opacity":"","overlay-gradient":""}},"ast-content-background-meta":{"desktop":{"background-color":"var(--ast-global-color-4)","background-image":"","background-repeat":"repeat","background-position":"center center","background-size":"auto","background-attachment":"scroll","background-type":"","background-media":"","overlay-type":"","overlay-color":"","overlay-opacity":"","overlay-gradient":""},"tablet":{"background-color":"var(--ast-global-color-4)","background-image":"","background-repeat":"repeat","background-position":"center center","background-size":"auto","background-attachment":"scroll","background-type":"","background-media":"","overlay-type":"","overlay-color":"","overlay-opacity":"","overlay-gradient":""},"mobile":{"background-color":"var(--ast-global-color-4)","background-image":"","background-repeat":"repeat","background-position":"center center","background-size":"auto","background-attachment":"scroll","background-type":"","background-media":"","overlay-type":"","overlay-color":"","overlay-opacity":"","overlay-gradient":""}},"footnotes":""},"class_list":["post-330","page","type-page","status-publish","has-post-thumbnail","hentry"],"_links":{"self":[{"href":"https:\/\/frw-pcdr.be\/brugelette\/wp-json\/wp\/v2\/pages\/330","targetHints":{"allow":["GET"]}}],"collection":[{"href":"https:\/\/frw-pcdr.be\/brugelette\/wp-json\/wp\/v2\/pages"}],"about":[{"href":"https:\/\/frw-pcdr.be\/brugelette\/wp-json\/wp\/v2\/types\/page"}],"author":[{"embeddable":true,"href":"https:\/\/frw-pcdr.be\/brugelette\/wp-json\/wp\/v2\/users\/1"}],"replies":[{"embeddable":true,"href":"https:\/\/frw-pcdr.be\/brugelette\/wp-json\/wp\/v2\/comments?post=330"}],"version-history":[{"count":11,"href":"https:\/\/frw-pcdr.be\/brugelette\/wp-json\/wp\/v2\/pages\/330\/revisions"}],"predecessor-version":[{"id":1165,"href":"https:\/\/frw-pcdr.be\/brugelette\/wp-json\/wp\/v2\/pages\/330\/revisions\/1165"}],"wp:featuredmedia":[{"embeddable":true,"href":"https:\/\/frw-pcdr.be\/brugelette\/wp-json\/wp\/v2\/media\/1046"}],"wp:attachment":[{"href":"https:\/\/frw-pcdr.be\/brugelette\/wp-json\/wp\/v2\/media?parent=330"}],"curies":[{"name":"wp","href":"https:\/\/api.w.org\/{rel}","templated":true}]}}